{"id":9945,"date":"2025-04-03T17:55:12","date_gmt":"2025-04-03T15:55:12","guid":{"rendered":"https:\/\/www.acetaiamarchi.com\/recettes\/tranches-dananas-avec-condiment-balsamique\/"},"modified":"2025-11-18T14:02:23","modified_gmt":"2025-11-18T13:02:23","slug":"tranches-de-boeuf-avec-vinaigrette-balsamique","status":"publish","type":"page","link":"https:\/\/www.acetaiamarchi.com\/fr\/recettes\/tranches-de-boeuf-avec-vinaigrette-balsamique\/","title":{"rendered":"Tranches de b\u0153uf avec vinaigrette balsamique"},"content":{"rendered":"\t\t<div data-elementor-type=\"wp-page\" data-elementor-id=\"9945\" class=\"elementor elementor-9945 elementor-3401\" data-elementor-post-type=\"page\">\n\t\t\t\t<div class=\"elementor-element elementor-element-417036a5 e-flex e-con-boxed wpr-particle-no wpr-jarallax-no wpr-parallax-no wpr-sticky-section-no wpr-equal-height-no e-con e-parent\" data-id=\"417036a5\" data-element_type=\"container\" data-e-type=\"container\">\n\t\t\t\t\t<div class=\"e-con-inner\">\n\t\t\t\t<div class=\"elementor-element elementor-element-5839e1d4 elementor-widget elementor-widget-spacer\" data-id=\"5839e1d4\" data-element_type=\"widget\" data-e-type=\"widget\" data-widget_type=\"spacer.default\">\n\t\t\t\t<div class=\"elementor-widget-container\">\n\t\t\t\t\t\t\t<div class=\"elementor-spacer\">\n\t\t\t<div class=\"elementor-spacer-inner\"><\/div>\n\t\t<\/div>\n\t\t\t\t\t\t<\/div>\n\t\t\t\t<\/div>\n\t\t\t\t\t<\/div>\n\t\t\t\t<\/div>\n\t\t<div class=\"elementor-element elementor-element-2f18388 elementor-hidden-desktop e-flex e-con-boxed wpr-particle-no wpr-jarallax-no wpr-parallax-no wpr-sticky-section-no wpr-equal-height-no e-con e-parent\" data-id=\"2f18388\" data-element_type=\"container\" data-e-type=\"container\">\n\t\t\t\t\t<div class=\"e-con-inner\">\n\t\t<div class=\"elementor-element elementor-element-3f4d5240 e-grid e-con-full elementor-hidden-desktop wpr-particle-no wpr-jarallax-no wpr-parallax-no wpr-sticky-section-no wpr-equal-height-no e-con e-child\" data-id=\"3f4d5240\" data-element_type=\"container\" data-e-type=\"container\">\n\t\t\t\t<div class=\"elementor-element elementor-element-51c512ab elementor-widget elementor-widget-breadcrumbs\" data-id=\"51c512ab\" data-element_type=\"widget\" data-e-type=\"widget\" data-widget_type=\"breadcrumbs.default\">\n\t\t\t\t<div class=\"elementor-widget-container\">\n\t\t\t\t\t<p id=\"breadcrumbs\"><span><span><a href=\"https:\/\/www.acetaiamarchi.com\/fr\/\">Home<\/a><\/span><\/span><\/p>\t\t\t\t<\/div>\n\t\t\t\t<\/div>\n\t\t\t\t<div class=\"elementor-element elementor-element-29766e06 elementor-widget elementor-widget-theme-post-featured-image elementor-widget-image\" data-id=\"29766e06\" data-element_type=\"widget\" data-e-type=\"widget\" data-widget_type=\"theme-post-featured-image.default\">\n\t\t\t\t<div class=\"elementor-widget-container\">\n\t\t\t\t\t\t\t\t\t\t\t\t\t\t\t<img fetchpriority=\"high\" decoding=\"async\" width=\"800\" height=\"600\" src=\"https:\/\/www.acetaiamarchi.com\/wp-content\/uploads\/2025\/04\/ricetta-ananas-con-aceto-balsamico-1-1024x768.jpg\" class=\"attachment-large size-large wp-image-3226\" alt=\"fettine ananas e aceto\" srcset=\"https:\/\/www.acetaiamarchi.com\/wp-content\/uploads\/2025\/04\/ricetta-ananas-con-aceto-balsamico-1-1024x768.jpg 1024w, https:\/\/www.acetaiamarchi.com\/wp-content\/uploads\/2025\/04\/ricetta-ananas-con-aceto-balsamico-1-600x450.jpg 600w, https:\/\/www.acetaiamarchi.com\/wp-content\/uploads\/2025\/04\/ricetta-ananas-con-aceto-balsamico-1-300x225.jpg 300w, https:\/\/www.acetaiamarchi.com\/wp-content\/uploads\/2025\/04\/ricetta-ananas-con-aceto-balsamico-1-768x576.jpg 768w, https:\/\/www.acetaiamarchi.com\/wp-content\/uploads\/2025\/04\/ricetta-ananas-con-aceto-balsamico-1.jpg 1032w\" sizes=\"(max-width: 800px) 100vw, 800px\" \/>\t\t\t\t\t\t\t\t\t\t\t\t\t\t\t<\/div>\n\t\t\t\t<\/div>\n\t\t\t\t<div class=\"elementor-element elementor-element-5002cc83 elementor-widget elementor-widget-heading\" data-id=\"5002cc83\" data-element_type=\"widget\" data-e-type=\"widget\" data-widget_type=\"heading.default\">\n\t\t\t\t<div class=\"elementor-widget-container\">\n\t\t\t\t\t<h4 class=\"elementor-heading-title elementor-size-default\">Ingr\u00e9dients :<\/h4>\t\t\t\t<\/div>\n\t\t\t\t<\/div>\n\t\t\t\t<div class=\"elementor-element elementor-element-7eefd5c6 elementor-widget elementor-widget-text-editor\" data-id=\"7eefd5c6\" data-element_type=\"widget\" data-e-type=\"widget\" data-widget_type=\"text-editor.default\">\n\t\t\t\t<div class=\"elementor-widget-container\">\n\t\t\t\t\t\t\t\t\t<ul><li>4 tranches d&rsquo;ananas<\/li><li>2 cuill\u00e8res \u00e0 soupe de miel<\/li><li>1 citron vert<\/li><li>1 cuill\u00e8re \u00e0 soupe de sucre en poudre<\/li><li>1 brin de menthe<\/li><li>1 cuill\u00e8re \u00e0 soupe de vinaigrette balsamique<\/li><\/ul>\t\t\t\t\t\t\t\t<\/div>\n\t\t\t\t<\/div>\n\t\t\t\t<\/div>\n\t\t\t\t\t<\/div>\n\t\t\t\t<\/div>\n\t\t<div class=\"elementor-element elementor-element-337e4c20 elementor-hidden-tablet elementor-hidden-mobile e-flex e-con-boxed wpr-particle-no wpr-jarallax-no wpr-parallax-no wpr-sticky-section-no wpr-equal-height-no e-con e-parent\" data-id=\"337e4c20\" data-element_type=\"container\" data-e-type=\"container\">\n\t\t\t\t\t<div class=\"e-con-inner\">\n\t\t<div class=\"elementor-element elementor-element-469483e8 e-grid e-con-boxed wpr-particle-no wpr-jarallax-no wpr-parallax-no wpr-sticky-section-no wpr-equal-height-no e-con e-child\" data-id=\"469483e8\" data-element_type=\"container\" data-e-type=\"container\">\n\t\t\t\t\t<div class=\"e-con-inner\">\n\t\t\t\t<div class=\"elementor-element elementor-element-5729db3f elementor-widget elementor-widget-theme-post-featured-image elementor-widget-image\" data-id=\"5729db3f\" data-element_type=\"widget\" data-e-type=\"widget\" data-widget_type=\"theme-post-featured-image.default\">\n\t\t\t\t<div class=\"elementor-widget-container\">\n\t\t\t\t\t\t\t\t\t\t\t\t\t\t\t<img fetchpriority=\"high\" decoding=\"async\" width=\"800\" height=\"600\" src=\"https:\/\/www.acetaiamarchi.com\/wp-content\/uploads\/2025\/04\/ricetta-ananas-con-aceto-balsamico-1-1024x768.jpg\" class=\"attachment-large size-large wp-image-3226\" alt=\"fettine ananas e aceto\" srcset=\"https:\/\/www.acetaiamarchi.com\/wp-content\/uploads\/2025\/04\/ricetta-ananas-con-aceto-balsamico-1-1024x768.jpg 1024w, https:\/\/www.acetaiamarchi.com\/wp-content\/uploads\/2025\/04\/ricetta-ananas-con-aceto-balsamico-1-600x450.jpg 600w, https:\/\/www.acetaiamarchi.com\/wp-content\/uploads\/2025\/04\/ricetta-ananas-con-aceto-balsamico-1-300x225.jpg 300w, https:\/\/www.acetaiamarchi.com\/wp-content\/uploads\/2025\/04\/ricetta-ananas-con-aceto-balsamico-1-768x576.jpg 768w, https:\/\/www.acetaiamarchi.com\/wp-content\/uploads\/2025\/04\/ricetta-ananas-con-aceto-balsamico-1.jpg 1032w\" sizes=\"(max-width: 800px) 100vw, 800px\" \/>\t\t\t\t\t\t\t\t\t\t\t\t\t\t\t<\/div>\n\t\t\t\t<\/div>\n\t\t<div class=\"elementor-element elementor-element-40c70114 e-con-full e-flex wpr-particle-no wpr-jarallax-no wpr-parallax-no wpr-sticky-section-no wpr-equal-height-no e-con e-child\" data-id=\"40c70114\" data-element_type=\"container\" data-e-type=\"container\">\n\t\t\t\t<div class=\"elementor-element elementor-element-62bb69b1 elementor-align-left elementor-widget elementor-widget-breadcrumbs\" data-id=\"62bb69b1\" data-element_type=\"widget\" data-e-type=\"widget\" data-widget_type=\"breadcrumbs.default\">\n\t\t\t\t<div class=\"elementor-widget-container\">\n\t\t\t\t\t<p id=\"breadcrumbs\"><span><span><a href=\"https:\/\/www.acetaiamarchi.com\/fr\/\">Home<\/a><\/span><\/span><\/p>\t\t\t\t<\/div>\n\t\t\t\t<\/div>\n\t\t\t\t<div class=\"elementor-element elementor-element-24ddf17d elementor-widget elementor-widget-heading\" data-id=\"24ddf17d\" data-element_type=\"widget\" data-e-type=\"widget\" data-widget_type=\"heading.default\">\n\t\t\t\t<div class=\"elementor-widget-container\">\n\t\t\t\t\t<h4 class=\"elementor-heading-title elementor-size-default\">Ingr\u00e9dients :<\/h4>\t\t\t\t<\/div>\n\t\t\t\t<\/div>\n\t\t\t\t<div class=\"elementor-element elementor-element-371b53ce elementor-widget elementor-widget-text-editor\" data-id=\"371b53ce\" data-element_type=\"widget\" data-e-type=\"widget\" data-widget_type=\"text-editor.default\">\n\t\t\t\t<div class=\"elementor-widget-container\">\n\t\t\t\t\t\t\t\t\t<ul><li>4 tranches d&rsquo;ananas<\/li><li>2 cuill\u00e8res \u00e0 soupe de miel<\/li><li>1 citron vert<\/li><li>1 cuill\u00e8re \u00e0 soupe de sucre en poudre<\/li><li>1 brin de menthe<\/li><li>1 cuill\u00e8re \u00e0 soupe de condiment balsamique<\/li><\/ul>\t\t\t\t\t\t\t\t<\/div>\n\t\t\t\t<\/div>\n\t\t\t\t<\/div>\n\t\t\t\t\t<\/div>\n\t\t\t\t<\/div>\n\t\t\t\t\t<\/div>\n\t\t\t\t<\/div>\n\t\t<div class=\"elementor-element elementor-element-1180f72c e-flex e-con-boxed wpr-particle-no wpr-jarallax-no wpr-parallax-no wpr-sticky-section-no wpr-equal-height-no e-con e-parent\" data-id=\"1180f72c\" data-element_type=\"container\" data-e-type=\"container\" data-settings=\"{&quot;background_background&quot;:&quot;classic&quot;}\">\n\t\t\t\t\t<div class=\"e-con-inner\">\n\t\t<div class=\"elementor-element elementor-element-7c2b157d e-con-full e-flex wpr-particle-no wpr-jarallax-no wpr-parallax-no wpr-sticky-section-no wpr-equal-height-no e-con e-child\" data-id=\"7c2b157d\" data-element_type=\"container\" data-e-type=\"container\">\n\t\t\t\t<div class=\"elementor-element elementor-element-19d5623 elementor-widget elementor-widget-heading\" data-id=\"19d5623\" data-element_type=\"widget\" data-e-type=\"widget\" data-widget_type=\"heading.default\">\n\t\t\t\t<div class=\"elementor-widget-container\">\n\t\t\t\t\t<h2 class=\"elementor-heading-title elementor-size-default\">Pr\u00e9paration<\/h2>\t\t\t\t<\/div>\n\t\t\t\t<\/div>\n\t\t\t\t<div class=\"elementor-element elementor-element-2682ff27 elementor-widget elementor-widget-text-editor\" data-id=\"2682ff27\" data-element_type=\"widget\" data-e-type=\"widget\" data-widget_type=\"text-editor.default\">\n\t\t\t\t<div class=\"elementor-widget-container\">\n\t\t\t\t\t\t\t\t\t<p>Pour pr\u00e9parer les tranches d&rsquo;ananas \u00e0 la vinaigrette balsamique, mettre le miel et le jus de citron vert dans un bol. Faites tremper l&rsquo;ananas pendant environ 10 minutes, afin qu&rsquo;il absorbe les saveurs et les ar\u00f4mes. Ensuite, faites griller l&rsquo;ananas.  <\/p><p>Dans un mixeur, m\u00e9langer le sucre et la menthe pour obtenir un sucre plus savoureux. Disposer les tranches sur une assiette et les napper de vinaigrette balsamique. Enfin, saupoudrer l&rsquo;ananas dans la vinaigrette balsamique avec le sucre de menthe.  <\/p>\t\t\t\t\t\t\t\t<\/div>\n\t\t\t\t<\/div>\n\t\t\t\t<\/div>\n\t\t\t\t\t<\/div>\n\t\t\t\t<\/div>\n\t\t<div class=\"elementor-element elementor-element-518dbe0 e-flex e-con-boxed wpr-particle-no wpr-jarallax-no wpr-parallax-no wpr-sticky-section-no wpr-equal-height-no e-con e-parent\" data-id=\"518dbe0\" data-element_type=\"container\" data-e-type=\"container\">\n\t\t\t\t\t<div class=\"e-con-inner\">\n\t\t\t\t<div class=\"elementor-element elementor-element-71f9d9db elementor-widget elementor-widget-heading\" data-id=\"71f9d9db\" data-element_type=\"widget\" data-e-type=\"widget\" data-widget_type=\"heading.default\">\n\t\t\t\t<div class=\"elementor-widget-container\">\n\t\t\t\t\t<h2 class=\"elementor-heading-title elementor-size-default\">Appairage recommand\u00e9<\/h2>\t\t\t\t<\/div>\n\t\t\t\t<\/div>\n\t\t\t\t\t<\/div>\n\t\t\t\t<\/div>\n\t\t<div class=\"elementor-element elementor-element-75f89005 e-flex e-con-boxed wpr-particle-no wpr-jarallax-no wpr-parallax-no wpr-sticky-section-no wpr-equal-height-no e-con e-parent\" data-id=\"75f89005\" data-element_type=\"container\" data-e-type=\"container\">\n\t\t\t\t\t<div class=\"e-con-inner\">\n\t\t<div class=\"elementor-element elementor-element-62a57a3a e-con-full e-flex wpr-particle-no wpr-jarallax-no wpr-parallax-no wpr-sticky-section-no wpr-equal-height-no e-con e-child\" data-id=\"62a57a3a\" data-element_type=\"container\" data-e-type=\"container\">\n\t\t\t\t<div class=\"elementor-element elementor-element-765f2178 elementor-widget__width-initial elementor-widget elementor-widget-image\" data-id=\"765f2178\" data-element_type=\"widget\" data-e-type=\"widget\" data-widget_type=\"image.default\">\n\t\t\t\t<div class=\"elementor-widget-container\">\n\t\t\t\t\t\t\t\t\t\t\t\t\t\t\t<img decoding=\"async\" width=\"800\" height=\"800\" src=\"https:\/\/www.acetaiamarchi.com\/wp-content\/uploads\/2025\/03\/Superiore-16-scatola-Condimento-Balsamico-Acetaia-Marchi-1024x1024.jpg\" class=\"attachment-large size-large wp-image-1133\" alt=\"Condimento Balsamico \u201cSuperiore 16&quot;\" srcset=\"https:\/\/www.acetaiamarchi.com\/wp-content\/uploads\/2025\/03\/Superiore-16-scatola-Condimento-Balsamico-Acetaia-Marchi-1024x1024.jpg 1024w, https:\/\/www.acetaiamarchi.com\/wp-content\/uploads\/2025\/03\/Superiore-16-scatola-Condimento-Balsamico-Acetaia-Marchi-300x300.jpg 300w, https:\/\/www.acetaiamarchi.com\/wp-content\/uploads\/2025\/03\/Superiore-16-scatola-Condimento-Balsamico-Acetaia-Marchi-100x100.jpg 100w, https:\/\/www.acetaiamarchi.com\/wp-content\/uploads\/2025\/03\/Superiore-16-scatola-Condimento-Balsamico-Acetaia-Marchi-600x600.jpg 600w, https:\/\/www.acetaiamarchi.com\/wp-content\/uploads\/2025\/03\/Superiore-16-scatola-Condimento-Balsamico-Acetaia-Marchi-150x150.jpg 150w, https:\/\/www.acetaiamarchi.com\/wp-content\/uploads\/2025\/03\/Superiore-16-scatola-Condimento-Balsamico-Acetaia-Marchi-768x768.jpg 768w, https:\/\/www.acetaiamarchi.com\/wp-content\/uploads\/2025\/03\/Superiore-16-scatola-Condimento-Balsamico-Acetaia-Marchi-1536x1536.jpg 1536w, https:\/\/www.acetaiamarchi.com\/wp-content\/uploads\/2025\/03\/Superiore-16-scatola-Condimento-Balsamico-Acetaia-Marchi.jpg 1600w\" sizes=\"(max-width: 800px) 100vw, 800px\" \/>\t\t\t\t\t\t\t\t\t\t\t\t\t\t\t<\/div>\n\t\t\t\t<\/div>\n\t\t\t\t<\/div>\n\t\t<div class=\"elementor-element elementor-element-4070f2b e-con-full e-flex wpr-particle-no wpr-jarallax-no wpr-parallax-no wpr-sticky-section-no wpr-equal-height-no e-con e-child\" data-id=\"4070f2b\" data-element_type=\"container\" data-e-type=\"container\">\n\t\t\t\t<div class=\"elementor-element elementor-element-4e7fab09 elementor-widget elementor-widget-text-editor\" data-id=\"4e7fab09\" data-element_type=\"widget\" data-e-type=\"widget\" data-widget_type=\"text-editor.default\">\n\t\t\t\t<div class=\"elementor-widget-container\">\n\t\t\t\t\t\t\t\t\t<p>Pour ce plat, nous recommandons une vinaigrette balsamique \u00ab\u00a0Superiore 16\u00a0\u00bb, qui est excellente sur les fruits.<\/p>\t\t\t\t\t\t\t\t<\/div>\n\t\t\t\t<\/div>\n\t\t<div class=\"elementor-element elementor-element-5e1245d5 e-con-full e-grid wpr-particle-no wpr-jarallax-no wpr-parallax-no wpr-sticky-section-no wpr-equal-height-no e-con e-child\" data-id=\"5e1245d5\" data-element_type=\"container\" data-e-type=\"container\">\n\t\t\t\t<div class=\"elementor-element elementor-element-8735329 elementor-widget elementor-widget-button\" data-id=\"8735329\" data-element_type=\"widget\" data-e-type=\"widget\" data-widget_type=\"button.default\">\n\t\t\t\t<div class=\"elementor-widget-container\">\n\t\t\t\t\t\t\t\t\t<div class=\"elementor-button-wrapper\">\n\t\t\t\t\t<a class=\"elementor-button elementor-button-link elementor-size-sm\" href=\"https:\/\/www.acetaiamarchi.com\/prodotto\/condimento-balsamico-superiore-16\/\">\n\t\t\t\t\t\t<span class=\"elementor-button-content-wrapper\">\n\t\t\t\t\t\t\t\t\t<span class=\"elementor-button-text\">D\u00e9couvrir le produit<\/span>\n\t\t\t\t\t<\/span>\n\t\t\t\t\t<\/a>\n\t\t\t\t<\/div>\n\t\t\t\t\t\t\t\t<\/div>\n\t\t\t\t<\/div>\n\t\t\t\t<div class=\"elementor-element elementor-element-683221d5 elementor-hidden-desktop elementor-hidden-tablet elementor-hidden-mobile elementor-widget elementor-widget-button\" data-id=\"683221d5\" data-element_type=\"widget\" data-e-type=\"widget\" data-widget_type=\"button.default\">\n\t\t\t\t<div class=\"elementor-widget-container\">\n\t\t\t\t\t\t\t\t\t<div class=\"elementor-button-wrapper\">\n\t\t\t\t\t<a class=\"elementor-button elementor-size-sm\" role=\"button\">\n\t\t\t\t\t\t<span class=\"elementor-button-content-wrapper\">\n\t\t\t\t\t\t\t\t\t<span class=\"elementor-button-text\">Acc\u00e9der \u00e0 la boutique en ligne<\/span>\n\t\t\t\t\t<\/span>\n\t\t\t\t\t<\/a>\n\t\t\t\t<\/div>\n\t\t\t\t\t\t\t\t<\/div>\n\t\t\t\t<\/div>\n\t\t\t\t<\/div>\n\t\t\t\t<\/div>\n\t\t\t\t\t<\/div>\n\t\t\t\t<\/div>\n\t\t\t\t<\/div>\n\t\t","protected":false},"excerpt":{"rendered":"<p>[vc_row row_height_percent=\u00a0\u00bb0&Prime; back_image=\u00a0\u00bb688&Prime; back_repeat=\u00a0\u00bbno-repeat\u00a0\u00bb back_attachment=\u00a0\u00bbfixed\u00a0\u00bb back_position=\u00a0\u00bbcenter center\u00a0\u00bb overlay_color=\u00a0\u00bbcolor-nhtu\u00a0\u00bb overlay_alpha=\u00a0\u00bb80&Prime; gutter_size=\u00a0\u00bb3&Prime; column_width_percent=\u00a0\u00bb100&Prime; shift_y=\u00a0\u00bb0&Prime; z_index=\u00a0\u00bb0&Prime;][vc_column column_width_percent=\u00a0\u00bb100&Prime; align_horizontal=\u00a0\u00bbalign_center\u00a0\u00bb gutter_size=\u00a0\u00bb3&Prime; overlay_alpha=\u00a0\u00bb80&Prime; shift_x=\u00a0\u00bb0&Prime; shift_y=\u00a0\u00bb0&Prime; shift_y_down=\u00a0\u00bb0&Prime; z_index=\u00a0\u00bb0&Prime; medium_width=\u00a0\u00bb0&Prime; mobile_width=\u00a0\u00bb0&Prime; width=\u00a0\u00bb1\/1&Prime; css=\u00a0\u00bb.vc_custom_1615557123723{padding-top: 100px !important;padding-bottom: 100px !important;}\u00a0\u00bb el_id=\u00a0\u00bbsecondi-piatti\u00a0\u00bb][vc_custom_heading heading_semantic=\u00a0\u00bbh3&Prime; text_size=\u00a0\u00bbfontsize-864287&Prime; text_color=\u00a0\u00bbcolor-xsdn\u00a0\u00bb css_animation=\u00a0\u00bbbottom-t-top\u00a0\u00bb]Plats principaux[\/vc_custom_heading][\/vc_column][\/vc_row][vc_row row_height_percent=\u00a0\u00bb0&Prime; back_color=\u00a0\u00bbcolor-lxmt\u00a0\u00bb overlay_alpha=\u00a0\u00bb50&Prime; equal_height=\u00a0\u00bbyes\u00a0\u00bb gutter_size=\u00a0\u00bb3&Prime; column_width_percent=\u00a0\u00bb100&Prime; shift_y=\u00a0\u00bb0&Prime; z_index=\u00a0\u00bb0&Prime; css=\u00a0\u00bb.vc_custom_1616587207483{padding-top: 15px !important;padding-right: 15px !important;padding-bottom: 15px !important;padding-left: 15px !important;}\u00a0\u00bb][vc_column column_width_percent=\u00a0\u00bb100&Prime; position_vertical=\u00a0\u00bbmiddle\u00a0\u00bb gutter_size=\u00a0\u00bb3&Prime; overlay_alpha=\u00a0\u00bb50&Prime; shift_x=\u00a0\u00bb0&Prime; shift_y=\u00a0\u00bb0&Prime; shift_y_down=\u00a0\u00bb0&Prime; z_index=\u00a0\u00bb0&Prime; medium_width=\u00a0\u00bb0&Prime; mobile_width=\u00a0\u00bb0&Prime; width=\u00a0\u00bb1\/2&Prime;][vc_single_image media=\u00a0\u00bb706&Prime; media_width_percent=\u00a0\u00bb100&Prime; media_ratio=\u00a0\u00bbfour-three\u00a0\u00bb shadow=\u00a0\u00bbyes\u00a0\u00bb shadow_weight=\u00a0\u00bbsm\u00a0\u00bb css_animation=\u00a0\u00bbleft-t-right\u00a0\u00bb lbox_skin=\u00a0\u00bbwhite\u00a0\u00bb lbox_dir=\u00a0\u00bbvertical\u00a0\u00bb][\/vc_column][vc_column column_width_percent=\u00a0\u00bb100&Prime; position_vertical=\u00a0\u00bbmiddle\u00a0\u00bb gutter_size=\u00a0\u00bb3&Prime; overlay_alpha=\u00a0\u00bb50&Prime; shift_x=\u00a0\u00bb0&Prime; shift_y=\u00a0\u00bb0&Prime; shift_y_down=\u00a0\u00bb0&Prime; z_index=\u00a0\u00bb0&Prime; medium_width=\u00a0\u00bb0&Prime; mobile_width=\u00a0\u00bb0&Prime; css_animation=\u00a0\u00bbright-t-left\u00a0\u00bb width=\u00a0\u00bb1\/2&Prime;][vc_custom_heading heading_semantic=\u00a0\u00bbh3&Prime; text_font=\u00a0\u00bbfont-555555&Prime; text_color=\u00a0\u00bbcolor-233255&Prime;]Tranches de b\u0153uf avec vinaigrette balsamique[\/vc_custom_heading][vc_column_text]La tagliata de b\u0153uf est un deuxi\u00e8me plat qui est d\u00e9j\u00e0 un gagnant en soi. Lorsqu&rsquo;on y ajoute le condiment au vinaigre balsamique d&rsquo;Acetaia Marchi, toutes les saveurs sont renforc\u00e9es, ce qui donne lieu \u00e0 une explosion de go\u00fbt. Si vous aimez le b\u0153uf en tranches, c&rsquo;est certainement un second plat que vous ne devez pas h\u00e9siter \u00e0 apporter \u00e0 la table. [\/vc_column_text][vc_row_inner row_inner_height_percent=\u00a0\u00bb0&Prime; overlay_alpha=\u00a0\u00bb50&Prime; gutter_size=\u00a0\u00bb3&Prime; shift_y=\u00a0\u00bb0&Prime; z_index=\u00a0\u00bb0&Prime; css=\u00a0\u00bb.vc_custom_1616587106210{margin-top: 20px !important;margin-bottom: 0px !important;border-right-width: 0px !important;border-left-width: 0px !important;}\u00a0\u00bb][vc_column_inner width=\u00a0\u00bb1\/3&Prime;][vc_column_text] INGR\u00c9DIENTS: 500 g de boeuf 30 g de Parmigiano Reggiano en flocons 3 cuill\u00e8res \u00e0 soupe d&rsquo;huile d&rsquo;olive extra vierge Un tas de fus\u00e9e sel Vinaigrette balsamique [\/vc_column_text][\/vc_column_inner][vc_column_inner width=\u00a0\u00bb2\/3&Prime;][vc_column_text] PR\u00c9PARATION: Pour pr\u00e9parer la tagliata di manzo con Condimento Balsamico, frottez d&rsquo;abord la viande avec du sel. Puis faites-le dorer 2 minutes par c\u00f4t\u00e9 \u00e0 feu vif, sur une po\u00eale tr\u00e8s chaude. Coupez imm\u00e9diatement la viande en tranches assez fines et placez-les sur une plaque de cuisson en essayant de ne pas trop les superposer. Faites cuire le plat pendant 4 \u00e0 6 minutes, ou seulement 2 minutes si vous voulez que la viande soit cuite saignante. Retirez la viande du four et disposez-la sur une assiette, en la d\u00e9corant \u00e0 votre guise de roquette, de parmesan, de vinaigre balsamique, de sel et d&rsquo;huile d&rsquo;olive extra vierge.[\/vc_column_text][\/vc_column_inner][\/vc_row_inner][\/vc_column][\/vc_row][vc_row row_height_percent=\u00a0\u00bb0&Prime; back_color=\u00a0\u00bbcolor-xsdn\u00a0\u00bb overlay_alpha=\u00a0\u00bb50&Prime; equal_height=\u00a0\u00bbyes\u00a0\u00bb gutter_size=\u00a0\u00bb3&Prime; column_width_percent=\u00a0\u00bb100&Prime; shift_y=\u00a0\u00bb0&Prime; z_index=\u00a0\u00bb0&Prime; css=\u00a0\u00bb.vc_custom_1614790775739{padding-top: 15px !important;padding-right: 15px !important;padding-bottom: 15px !important;padding-left: 15px !important;}\u00a0\u00bb][vc_column column_width_percent=\u00a0\u00bb100&Prime; position_vertical=\u00a0\u00bbmiddle\u00a0\u00bb gutter_size=\u00a0\u00bb3&Prime; overlay_alpha=\u00a0\u00bb50&Prime; shift_x=\u00a0\u00bb0&Prime; shift_y=\u00a0\u00bb0&Prime; shift_y_down=\u00a0\u00bb0&Prime; z_index=\u00a0\u00bb0&Prime; medium_width=\u00a0\u00bb0&Prime; mobile_width=\u00a0\u00bb0&Prime; css_animation=\u00a0\u00bbleft-t-right\u00a0\u00bb width=\u00a0\u00bb1\/2&Prime;][vc_custom_heading heading_semantic=\u00a0\u00bbh3&Prime; text_font=\u00a0\u00bbfont-555555&Prime; text_color=\u00a0\u00bbcolor-233255&Prime;]Association sugg\u00e9r\u00e9e[\/vc_custom_heading][vc_column_text]Avec les tranches de b\u0153uf, l&rsquo;assaisonnement balsamique \u00ab\u00a0Il pregiato 18&Prime; est id\u00e9al pour rehausser les saveurs de la viande gr\u00e2ce \u00e0 son go\u00fbt rond et plein, intense et enveloppant. Il pregiato 18 met en valeur le plat gr\u00e2ce \u00e0 ses parfums fruit\u00e9s et frais qui se combinent parfaitement avec les ar\u00f4mes de la viande.[\/vc_column_text][vc_button border_width=\u00a0\u00bb0&Prime; link=\u00a0\u00bburl:https%3A%2F%2Fwww.acetaiamarchi.com%2Ffr%2Fproduit%2Fil-pregiato-18-condiment-balsamique%2F|\u00a0\u00bb]D\u00e9couvrez le produit[\/vc_button][\/vc_column][vc_column column_width_percent=\u00a0\u00bb100&Prime; position_vertical=\u00a0\u00bbmiddle\u00a0\u00bb gutter_size=\u00a0\u00bb3&Prime; overlay_alpha=\u00a0\u00bb50&Prime; shift_x=\u00a0\u00bb0&Prime; shift_y=\u00a0\u00bb0&Prime; shift_y_down=\u00a0\u00bb0&Prime; z_index=\u00a0\u00bb0&Prime; medium_width=\u00a0\u00bb0&Prime; mobile_width=\u00a0\u00bb0&Prime; width=\u00a0\u00bb1\/2&Prime;][vc_single_image media=\u00a0\u00bb706&Prime; media_width_use_pixel=\u00a0\u00bbyes\u00a0\u00bb alignment=\u00a0\u00bbcenter\u00a0\u00bb shadow=\u00a0\u00bbyes\u00a0\u00bb css_animation=\u00a0\u00bbright-t-left\u00a0\u00bb media_width_pixel=\u00a0\u00bb500&Prime;][\/vc_column][\/vc_row]<\/p>\n","protected":false},"author":3,"featured_media":3226,"parent":4860,"menu_order":0,"comment_status":"closed","ping_status":"closed","template":"","meta":{"footnotes":""},"class_list":["post-9945","page","type-page","status-publish","has-post-thumbnail","hentry"],"yoast_head":"<!-- This site is optimized with the Yoast SEO plugin v27.4 - https:\/\/yoast.com\/product\/yoast-seo-wordpress\/ -->\n<title>Tranches de b\u0153uf avec vinaigrette balsamique | Acetaia Marchi<\/title>\n<meta name=\"description\" content=\"La tagliata de b\u0153uf est un second plat qui, en soi, conquiert d\u00e9j\u00e0. C&#039;est un second plat qu&#039;il ne faut pas h\u00e9siter \u00e0 mettre sur la table.\" \/>\n<meta name=\"robots\" content=\"index, follow, max-snippet:-1, max-image-preview:large, max-video-preview:-1\" \/>\n<link rel=\"canonical\" href=\"https:\/\/www.acetaiamarchi.com\/fr\/recettes\/tranches-de-boeuf-avec-vinaigrette-balsamique\/\" \/>\n<meta property=\"og:locale\" content=\"fr_FR\" \/>\n<meta property=\"og:type\" content=\"article\" \/>\n<meta property=\"og:title\" content=\"Tranches de b\u0153uf avec vinaigrette balsamique | Acetaia Marchi\" \/>\n<meta property=\"og:description\" content=\"La tagliata de b\u0153uf est un second plat qui, en soi, conquiert d\u00e9j\u00e0. C&#039;est un second plat qu&#039;il ne faut pas h\u00e9siter \u00e0 mettre sur la table.\" \/>\n<meta property=\"og:url\" content=\"https:\/\/www.acetaiamarchi.com\/fr\/recettes\/tranches-de-boeuf-avec-vinaigrette-balsamique\/\" \/>\n<meta property=\"og:site_name\" content=\"Acetaia Marchi\" \/>\n<meta property=\"article:modified_time\" content=\"2025-11-18T13:02:23+00:00\" \/>\n<meta property=\"og:image\" content=\"https:\/\/www.acetaiamarchi.com\/wp-content\/uploads\/2025\/04\/ricetta-ananas-con-aceto-balsamico-1.jpg\" \/>\n\t<meta property=\"og:image:width\" content=\"1032\" \/>\n\t<meta property=\"og:image:height\" content=\"774\" \/>\n\t<meta property=\"og:image:type\" content=\"image\/jpeg\" \/>\n<meta name=\"twitter:card\" content=\"summary_large_image\" \/>\n<meta name=\"twitter:label1\" content=\"Dur\u00e9e de lecture estim\u00e9e\" \/>\n\t<meta name=\"twitter:data1\" content=\"4 minutes\" \/>\n<script type=\"application\/ld+json\" class=\"yoast-schema-graph\">{\"@context\":\"https:\\\/\\\/schema.org\",\"@graph\":[{\"@type\":\"WebPage\",\"@id\":\"https:\\\/\\\/www.acetaiamarchi.com\\\/fr\\\/recettes\\\/tranches-de-boeuf-avec-vinaigrette-balsamique\\\/\",\"url\":\"https:\\\/\\\/www.acetaiamarchi.com\\\/fr\\\/recettes\\\/tranches-de-boeuf-avec-vinaigrette-balsamique\\\/\",\"name\":\"Tranches de b\u0153uf avec vinaigrette balsamique | Acetaia Marchi\",\"isPartOf\":{\"@id\":\"https:\\\/\\\/www.acetaiamarchi.com\\\/fr\\\/#website\"},\"primaryImageOfPage\":{\"@id\":\"https:\\\/\\\/www.acetaiamarchi.com\\\/fr\\\/recettes\\\/tranches-de-boeuf-avec-vinaigrette-balsamique\\\/#primaryimage\"},\"image\":{\"@id\":\"https:\\\/\\\/www.acetaiamarchi.com\\\/fr\\\/recettes\\\/tranches-de-boeuf-avec-vinaigrette-balsamique\\\/#primaryimage\"},\"thumbnailUrl\":\"https:\\\/\\\/www.acetaiamarchi.com\\\/wp-content\\\/uploads\\\/2025\\\/04\\\/ricetta-ananas-con-aceto-balsamico-1.jpg\",\"datePublished\":\"2025-04-03T15:55:12+00:00\",\"dateModified\":\"2025-11-18T13:02:23+00:00\",\"description\":\"La tagliata de b\u0153uf est un second plat qui, en soi, conquiert d\u00e9j\u00e0. C'est un second plat qu'il ne faut pas h\u00e9siter \u00e0 mettre sur la table.\",\"breadcrumb\":{\"@id\":\"https:\\\/\\\/www.acetaiamarchi.com\\\/fr\\\/recettes\\\/tranches-de-boeuf-avec-vinaigrette-balsamique\\\/#breadcrumb\"},\"inLanguage\":\"fr-FR\",\"potentialAction\":[{\"@type\":\"ReadAction\",\"target\":[\"https:\\\/\\\/www.acetaiamarchi.com\\\/fr\\\/recettes\\\/tranches-de-boeuf-avec-vinaigrette-balsamique\\\/\"]}]},{\"@type\":\"ImageObject\",\"inLanguage\":\"fr-FR\",\"@id\":\"https:\\\/\\\/www.acetaiamarchi.com\\\/fr\\\/recettes\\\/tranches-de-boeuf-avec-vinaigrette-balsamique\\\/#primaryimage\",\"url\":\"https:\\\/\\\/www.acetaiamarchi.com\\\/wp-content\\\/uploads\\\/2025\\\/04\\\/ricetta-ananas-con-aceto-balsamico-1.jpg\",\"contentUrl\":\"https:\\\/\\\/www.acetaiamarchi.com\\\/wp-content\\\/uploads\\\/2025\\\/04\\\/ricetta-ananas-con-aceto-balsamico-1.jpg\",\"width\":1032,\"height\":774,\"caption\":\"fettine ananas e aceto\"},{\"@type\":\"BreadcrumbList\",\"@id\":\"https:\\\/\\\/www.acetaiamarchi.com\\\/fr\\\/recettes\\\/tranches-de-boeuf-avec-vinaigrette-balsamique\\\/#breadcrumb\",\"itemListElement\":[{\"@type\":\"ListItem\",\"position\":1,\"name\":\"Home\",\"item\":\"https:\\\/\\\/www.acetaiamarchi.com\\\/fr\\\/\"},{\"@type\":\"ListItem\",\"position\":2,\"name\":\"Recettes\",\"item\":\"https:\\\/\\\/www.acetaiamarchi.com\\\/fr\\\/recettes\\\/\"},{\"@type\":\"ListItem\",\"position\":3,\"name\":\"Tranches de b\u0153uf avec vinaigrette balsamique\"}]},{\"@type\":\"WebSite\",\"@id\":\"https:\\\/\\\/www.acetaiamarchi.com\\\/fr\\\/#website\",\"url\":\"https:\\\/\\\/www.acetaiamarchi.com\\\/fr\\\/\",\"name\":\"Acetaia Marchi Srl\",\"description\":\"\",\"publisher\":{\"@id\":\"https:\\\/\\\/www.acetaiamarchi.com\\\/fr\\\/#organization\"},\"potentialAction\":[{\"@type\":\"SearchAction\",\"target\":{\"@type\":\"EntryPoint\",\"urlTemplate\":\"https:\\\/\\\/www.acetaiamarchi.com\\\/fr\\\/?s={search_term_string}\"},\"query-input\":{\"@type\":\"PropertyValueSpecification\",\"valueRequired\":true,\"valueName\":\"search_term_string\"}}],\"inLanguage\":\"fr-FR\"},{\"@type\":\"Organization\",\"@id\":\"https:\\\/\\\/www.acetaiamarchi.com\\\/fr\\\/#organization\",\"name\":\"Acetaia Marchi Srl\",\"url\":\"https:\\\/\\\/www.acetaiamarchi.com\\\/fr\\\/\",\"logo\":{\"@type\":\"ImageObject\",\"inLanguage\":\"fr-FR\",\"@id\":\"https:\\\/\\\/www.acetaiamarchi.com\\\/fr\\\/#\\\/schema\\\/logo\\\/image\\\/\",\"url\":\"https:\\\/\\\/acetaiamarchi.com\\\/wp-content\\\/uploads\\\/2025\\\/03\\\/Acetaia-Marchi-Srl-Logo.png\",\"contentUrl\":\"https:\\\/\\\/acetaiamarchi.com\\\/wp-content\\\/uploads\\\/2025\\\/03\\\/Acetaia-Marchi-Srl-Logo.png\",\"width\":2000,\"height\":2000,\"caption\":\"Acetaia Marchi Srl\"},\"image\":{\"@id\":\"https:\\\/\\\/www.acetaiamarchi.com\\\/fr\\\/#\\\/schema\\\/logo\\\/image\\\/\"}}]}<\/script>\n<!-- \/ Yoast SEO plugin. -->","yoast_head_json":{"title":"Tranches de b\u0153uf avec vinaigrette balsamique | Acetaia Marchi","description":"La tagliata de b\u0153uf est un second plat qui, en soi, conquiert d\u00e9j\u00e0. C'est un second plat qu'il ne faut pas h\u00e9siter \u00e0 mettre sur la table.","robots":{"index":"index","follow":"follow","max-snippet":"max-snippet:-1","max-image-preview":"max-image-preview:large","max-video-preview":"max-video-preview:-1"},"canonical":"https:\/\/www.acetaiamarchi.com\/fr\/recettes\/tranches-de-boeuf-avec-vinaigrette-balsamique\/","og_locale":"fr_FR","og_type":"article","og_title":"Tranches de b\u0153uf avec vinaigrette balsamique | Acetaia Marchi","og_description":"La tagliata de b\u0153uf est un second plat qui, en soi, conquiert d\u00e9j\u00e0. C'est un second plat qu'il ne faut pas h\u00e9siter \u00e0 mettre sur la table.","og_url":"https:\/\/www.acetaiamarchi.com\/fr\/recettes\/tranches-de-boeuf-avec-vinaigrette-balsamique\/","og_site_name":"Acetaia Marchi","article_modified_time":"2025-11-18T13:02:23+00:00","og_image":[{"width":1032,"height":774,"url":"https:\/\/www.acetaiamarchi.com\/wp-content\/uploads\/2025\/04\/ricetta-ananas-con-aceto-balsamico-1.jpg","type":"image\/jpeg"}],"twitter_card":"summary_large_image","twitter_misc":{"Dur\u00e9e de lecture estim\u00e9e":"4 minutes"},"schema":{"@context":"https:\/\/schema.org","@graph":[{"@type":"WebPage","@id":"https:\/\/www.acetaiamarchi.com\/fr\/recettes\/tranches-de-boeuf-avec-vinaigrette-balsamique\/","url":"https:\/\/www.acetaiamarchi.com\/fr\/recettes\/tranches-de-boeuf-avec-vinaigrette-balsamique\/","name":"Tranches de b\u0153uf avec vinaigrette balsamique | Acetaia Marchi","isPartOf":{"@id":"https:\/\/www.acetaiamarchi.com\/fr\/#website"},"primaryImageOfPage":{"@id":"https:\/\/www.acetaiamarchi.com\/fr\/recettes\/tranches-de-boeuf-avec-vinaigrette-balsamique\/#primaryimage"},"image":{"@id":"https:\/\/www.acetaiamarchi.com\/fr\/recettes\/tranches-de-boeuf-avec-vinaigrette-balsamique\/#primaryimage"},"thumbnailUrl":"https:\/\/www.acetaiamarchi.com\/wp-content\/uploads\/2025\/04\/ricetta-ananas-con-aceto-balsamico-1.jpg","datePublished":"2025-04-03T15:55:12+00:00","dateModified":"2025-11-18T13:02:23+00:00","description":"La tagliata de b\u0153uf est un second plat qui, en soi, conquiert d\u00e9j\u00e0. C'est un second plat qu'il ne faut pas h\u00e9siter \u00e0 mettre sur la table.","breadcrumb":{"@id":"https:\/\/www.acetaiamarchi.com\/fr\/recettes\/tranches-de-boeuf-avec-vinaigrette-balsamique\/#breadcrumb"},"inLanguage":"fr-FR","potentialAction":[{"@type":"ReadAction","target":["https:\/\/www.acetaiamarchi.com\/fr\/recettes\/tranches-de-boeuf-avec-vinaigrette-balsamique\/"]}]},{"@type":"ImageObject","inLanguage":"fr-FR","@id":"https:\/\/www.acetaiamarchi.com\/fr\/recettes\/tranches-de-boeuf-avec-vinaigrette-balsamique\/#primaryimage","url":"https:\/\/www.acetaiamarchi.com\/wp-content\/uploads\/2025\/04\/ricetta-ananas-con-aceto-balsamico-1.jpg","contentUrl":"https:\/\/www.acetaiamarchi.com\/wp-content\/uploads\/2025\/04\/ricetta-ananas-con-aceto-balsamico-1.jpg","width":1032,"height":774,"caption":"fettine ananas e aceto"},{"@type":"BreadcrumbList","@id":"https:\/\/www.acetaiamarchi.com\/fr\/recettes\/tranches-de-boeuf-avec-vinaigrette-balsamique\/#breadcrumb","itemListElement":[{"@type":"ListItem","position":1,"name":"Home","item":"https:\/\/www.acetaiamarchi.com\/fr\/"},{"@type":"ListItem","position":2,"name":"Recettes","item":"https:\/\/www.acetaiamarchi.com\/fr\/recettes\/"},{"@type":"ListItem","position":3,"name":"Tranches de b\u0153uf avec vinaigrette balsamique"}]},{"@type":"WebSite","@id":"https:\/\/www.acetaiamarchi.com\/fr\/#website","url":"https:\/\/www.acetaiamarchi.com\/fr\/","name":"Acetaia Marchi Srl","description":"","publisher":{"@id":"https:\/\/www.acetaiamarchi.com\/fr\/#organization"},"potentialAction":[{"@type":"SearchAction","target":{"@type":"EntryPoint","urlTemplate":"https:\/\/www.acetaiamarchi.com\/fr\/?s={search_term_string}"},"query-input":{"@type":"PropertyValueSpecification","valueRequired":true,"valueName":"search_term_string"}}],"inLanguage":"fr-FR"},{"@type":"Organization","@id":"https:\/\/www.acetaiamarchi.com\/fr\/#organization","name":"Acetaia Marchi Srl","url":"https:\/\/www.acetaiamarchi.com\/fr\/","logo":{"@type":"ImageObject","inLanguage":"fr-FR","@id":"https:\/\/www.acetaiamarchi.com\/fr\/#\/schema\/logo\/image\/","url":"https:\/\/acetaiamarchi.com\/wp-content\/uploads\/2025\/03\/Acetaia-Marchi-Srl-Logo.png","contentUrl":"https:\/\/acetaiamarchi.com\/wp-content\/uploads\/2025\/03\/Acetaia-Marchi-Srl-Logo.png","width":2000,"height":2000,"caption":"Acetaia Marchi Srl"},"image":{"@id":"https:\/\/www.acetaiamarchi.com\/fr\/#\/schema\/logo\/image\/"}}]}},"_links":{"self":[{"href":"https:\/\/www.acetaiamarchi.com\/fr\/wp-json\/wp\/v2\/pages\/9945","targetHints":{"allow":["GET"]}}],"collection":[{"href":"https:\/\/www.acetaiamarchi.com\/fr\/wp-json\/wp\/v2\/pages"}],"about":[{"href":"https:\/\/www.acetaiamarchi.com\/fr\/wp-json\/wp\/v2\/types\/page"}],"author":[{"embeddable":true,"href":"https:\/\/www.acetaiamarchi.com\/fr\/wp-json\/wp\/v2\/users\/3"}],"replies":[{"embeddable":true,"href":"https:\/\/www.acetaiamarchi.com\/fr\/wp-json\/wp\/v2\/comments?post=9945"}],"version-history":[{"count":3,"href":"https:\/\/www.acetaiamarchi.com\/fr\/wp-json\/wp\/v2\/pages\/9945\/revisions"}],"predecessor-version":[{"id":11318,"href":"https:\/\/www.acetaiamarchi.com\/fr\/wp-json\/wp\/v2\/pages\/9945\/revisions\/11318"}],"up":[{"embeddable":true,"href":"https:\/\/www.acetaiamarchi.com\/fr\/wp-json\/wp\/v2\/pages\/4860"}],"wp:featuredmedia":[{"embeddable":true,"href":"https:\/\/www.acetaiamarchi.com\/fr\/wp-json\/wp\/v2\/media\/3226"}],"wp:attachment":[{"href":"https:\/\/www.acetaiamarchi.com\/fr\/wp-json\/wp\/v2\/media?parent=9945"}],"curies":[{"name":"wp","href":"https:\/\/api.w.org\/{rel}","templated":true}]}}