{"id":4988,"date":"2025-02-24T12:14:40","date_gmt":"2025-02-24T11:14:40","guid":{"rendered":"https:\/\/www.acetaiamarchi.com\/experiences\/"},"modified":"2026-03-30T18:03:33","modified_gmt":"2026-03-30T16:03:33","slug":"experiences","status":"publish","type":"page","link":"https:\/\/www.acetaiamarchi.com\/fr\/experiences\/","title":{"rendered":"Exp\u00e9riences"},"content":{"rendered":"\t\t<div data-elementor-type=\"wp-page\" data-elementor-id=\"4988\" class=\"elementor elementor-4988 elementor-29\" data-elementor-post-type=\"page\">\n\t\t\t\t<div class=\"elementor-element elementor-element-f3106a2 animated-slow e-flex e-con-boxed wpr-particle-no wpr-jarallax-no wpr-parallax-no wpr-sticky-section-no wpr-equal-height-no elementor-invisible e-con e-parent\" data-id=\"f3106a2\" data-element_type=\"container\" data-e-type=\"container\" data-settings=\"{&quot;background_background&quot;:&quot;classic&quot;,&quot;animation&quot;:&quot;fadeIn&quot;}\">\n\t\t\t\t\t<div class=\"e-con-inner\">\n\t\t\t\t<div class=\"elementor-element elementor-element-c758591 elementor-invisible elementor-widget elementor-widget-heading\" data-id=\"c758591\" data-element_type=\"widget\" data-e-type=\"widget\" data-settings=\"{&quot;_animation&quot;:&quot;fadeIn&quot;}\" data-widget_type=\"heading.default\">\n\t\t\t\t<div class=\"elementor-widget-container\">\n\t\t\t\t\t<h2 class=\"elementor-heading-title elementor-size-default\">Nos exp\u00e9riences dans les vinaigreries<\/h2>\t\t\t\t<\/div>\n\t\t\t\t<\/div>\n\t\t\t\t\t<\/div>\n\t\t\t\t<\/div>\n\t\t<div class=\"elementor-element elementor-element-a5b8a98 e-flex e-con-boxed wpr-particle-no wpr-jarallax-no wpr-parallax-no wpr-sticky-section-no wpr-equal-height-no e-con e-parent\" data-id=\"a5b8a98\" data-element_type=\"container\" data-e-type=\"container\">\n\t\t\t\t\t<div class=\"e-con-inner\">\n\t\t<div class=\"elementor-element elementor-element-26884a8 e-con-full e-flex wpr-particle-no wpr-jarallax-no wpr-parallax-no wpr-sticky-section-no wpr-equal-height-no e-con e-child\" data-id=\"26884a8\" data-element_type=\"container\" data-e-type=\"container\">\n\t\t\t\t<div class=\"elementor-element elementor-element-0169ba3 elementor-invisible elementor-widget elementor-widget-heading\" data-id=\"0169ba3\" data-element_type=\"widget\" data-e-type=\"widget\" data-settings=\"{&quot;_animation&quot;:&quot;fadeInLeft&quot;}\" data-widget_type=\"heading.default\">\n\t\t\t\t<div class=\"elementor-widget-container\">\n\t\t\t\t\t<h2 class=\"elementor-heading-title elementor-size-default\">Toutes les exp\u00e9riences<\/h2>\t\t\t\t<\/div>\n\t\t\t\t<\/div>\n\t\t\t\t<div class=\"elementor-element elementor-element-e72f868 elementor-invisible elementor-widget elementor-widget-video\" data-id=\"e72f868\" data-element_type=\"widget\" data-e-type=\"widget\" data-settings=\"{&quot;video_type&quot;:&quot;hosted&quot;,&quot;autoplay&quot;:&quot;yes&quot;,&quot;mute&quot;:&quot;yes&quot;,&quot;_animation&quot;:&quot;fadeInLeft&quot;,&quot;controls&quot;:&quot;yes&quot;}\" data-widget_type=\"video.default\">\n\t\t\t\t<div class=\"elementor-widget-container\">\n\t\t\t\t\t\t\t<div class=\"e-hosted-video elementor-wrapper elementor-open-inline\">\n\t\t\t\t\t<video class=\"elementor-video\" src=\"https:\/\/www.acetaiamarchi.com\/wp-content\/uploads\/2025\/03\/2522-5067-41bd-aaa4-9e1788ebbbac.webm\" autoplay=\"\" controls=\"\" muted=\"muted\" controlsList=\"nodownload\"><\/video>\n\t\t\t\t<\/div>\n\t\t\t\t\t\t<\/div>\n\t\t\t\t<\/div>\n\t\t\t\t<\/div>\n\t\t<div class=\"elementor-element elementor-element-e5b4eac e-con-full e-flex wpr-particle-no wpr-jarallax-no wpr-parallax-no wpr-sticky-section-no wpr-equal-height-no e-con e-child\" data-id=\"e5b4eac\" data-element_type=\"container\" data-e-type=\"container\">\n\t\t<div class=\"elementor-element elementor-element-bef69c4 e-con-full e-flex wpr-particle-no wpr-jarallax-no wpr-parallax-no wpr-sticky-section-no wpr-equal-height-no elementor-invisible e-con e-child\" data-id=\"bef69c4\" data-element_type=\"container\" data-e-type=\"container\" data-settings=\"{&quot;animation&quot;:&quot;fadeInRight&quot;}\">\n\t\t<div class=\"elementor-element elementor-element-d73a970 e-con-full e-flex wpr-particle-no wpr-jarallax-no wpr-parallax-no wpr-sticky-section-no wpr-equal-height-no e-con e-child\" data-id=\"d73a970\" data-element_type=\"container\" data-e-type=\"container\">\n\t\t\t\t<div class=\"elementor-element elementor-element-47a3410 elementor-widget elementor-widget-heading\" data-id=\"47a3410\" data-element_type=\"widget\" data-e-type=\"widget\" data-widget_type=\"heading.default\">\n\t\t\t\t<div class=\"elementor-widget-container\">\n\t\t\t\t\t<h5 class=\"elementor-heading-title elementor-size-default\">CLASSIQUE<\/h5>\t\t\t\t<\/div>\n\t\t\t\t<\/div>\n\t\t\t\t<div class=\"elementor-element elementor-element-aaf49dc elementor-widget elementor-widget-text-editor\" data-id=\"aaf49dc\" data-element_type=\"widget\" data-e-type=\"widget\" data-widget_type=\"text-editor.default\">\n\t\t\t\t<div class=\"elementor-widget-container\">\n\t\t\t\t\t\t\t\t\t<p>\u20ac 18,00<\/p>\t\t\t\t\t\t\t\t<\/div>\n\t\t\t\t<\/div>\n\t\t\t\t<div class=\"elementor-element elementor-element-f956fa2 elementor-widget elementor-widget-text-editor\" data-id=\"f956fa2\" data-element_type=\"widget\" data-e-type=\"widget\" data-widget_type=\"text-editor.default\">\n\t\t\t\t<div class=\"elementor-widget-container\">\n\t\t\t\t\t\t\t\t\t<p>une personne<\/p>\t\t\t\t\t\t\t\t<\/div>\n\t\t\t\t<\/div>\n\t\t\t\t<div class=\"elementor-element elementor-element-a3e6476 elementor-align-center elementor-widget elementor-widget-button\" data-id=\"a3e6476\" data-element_type=\"widget\" data-e-type=\"widget\" data-widget_type=\"button.default\">\n\t\t\t\t<div class=\"elementor-widget-container\">\n\t\t\t\t\t\t\t\t\t<div class=\"elementor-button-wrapper\">\n\t\t\t\t\t<a class=\"elementor-button elementor-button-link elementor-size-sm\" href=\"https:\/\/www.acetaiamarchi.com\/fr\/experiences\/classique\/\">\n\t\t\t\t\t\t<span class=\"elementor-button-content-wrapper\">\n\t\t\t\t\t\t\t\t\t<span class=\"elementor-button-text\">Aller \u00e0 la visite<\/span>\n\t\t\t\t\t<\/span>\n\t\t\t\t\t<\/a>\n\t\t\t\t<\/div>\n\t\t\t\t\t\t\t\t<\/div>\n\t\t\t\t<\/div>\n\t\t\t\t<\/div>\n\t\t<div class=\"elementor-element elementor-element-4e03873 e-con-full e-flex wpr-particle-no wpr-jarallax-no wpr-parallax-no wpr-sticky-section-no wpr-equal-height-no e-con e-child\" data-id=\"4e03873\" data-element_type=\"container\" data-e-type=\"container\">\n\t\t\t\t<div class=\"elementor-element elementor-element-6b8b9c7 elementor-widget elementor-widget-text-editor\" data-id=\"6b8b9c7\" data-element_type=\"widget\" data-e-type=\"widget\" data-widget_type=\"text-editor.default\">\n\t\t\t\t<div class=\"elementor-widget-container\">\n\t\t\t\t\t\t\t\t\t<p>Dur\u00e9e : 1 heure<\/p><p><strong>Prix de la visite avec d\u00e9gustation de vinaigre balsamique de Mod\u00e8ne IGP et de vinaigre balsamique traditionnel de Mod\u00e8ne AOP :<\/strong><\/p><p><strong>\u00e0 partir de 2 personnes : \u20ac 18.00<\/strong> <strong>chacun.<\/strong><\/p><p><strong>Du lundi au vendredi <\/strong>, les visites guid\u00e9es commencent \u00e0 l&rsquo;heure pr\u00e9vue.<\/p><div><p><strong>Samedi (uniquement dans la p\u00e9riode du 01\/04 au 31\/10)<\/strong><\/p><p><strong>En fonction des r\u00e9servations effectu\u00e9es, les visites peuvent se d\u00e9rouler en deux langues :<\/strong><br><b><i>9 H 45 : <\/i><\/b>allemand ; italien<br><b><i>10H30 : ANGLAIS <\/i><\/b>anglais ; fran\u00e7ais<\/p><\/div><p>La ponctualit\u00e9 est appr\u00e9ci\u00e9e.<\/p>\t\t\t\t\t\t\t\t<\/div>\n\t\t\t\t<\/div>\n\t\t\t\t<\/div>\n\t\t\t\t<\/div>\n\t\t<div class=\"elementor-element elementor-element-02e2252 e-con-full e-flex wpr-particle-no wpr-jarallax-no wpr-parallax-no wpr-sticky-section-no wpr-equal-height-no elementor-invisible e-con e-child\" data-id=\"02e2252\" data-element_type=\"container\" data-e-type=\"container\" data-settings=\"{&quot;animation&quot;:&quot;fadeInRight&quot;}\">\n\t\t<div class=\"elementor-element elementor-element-76efa39 e-con-full e-flex wpr-particle-no wpr-jarallax-no wpr-parallax-no wpr-sticky-section-no wpr-equal-height-no elementor-invisible e-con e-child\" data-id=\"76efa39\" data-element_type=\"container\" data-e-type=\"container\" data-settings=\"{&quot;animation&quot;:&quot;fadeInRight&quot;}\">\n\t\t\t\t<div class=\"elementor-element elementor-element-52f2f44 elementor-widget elementor-widget-heading\" data-id=\"52f2f44\" data-element_type=\"widget\" data-e-type=\"widget\" data-widget_type=\"heading.default\">\n\t\t\t\t<div class=\"elementor-widget-container\">\n\t\t\t\t\t<h5 class=\"elementor-heading-title elementor-size-default\">PRESTIGE<\/h5>\t\t\t\t<\/div>\n\t\t\t\t<\/div>\n\t\t\t\t<div class=\"elementor-element elementor-element-358aa22 elementor-widget elementor-widget-text-editor\" data-id=\"358aa22\" data-element_type=\"widget\" data-e-type=\"widget\" data-widget_type=\"text-editor.default\">\n\t\t\t\t<div class=\"elementor-widget-container\">\n\t\t\t\t\t\t\t\t\t<p>\u20ac 25,00<\/p>\t\t\t\t\t\t\t\t<\/div>\n\t\t\t\t<\/div>\n\t\t\t\t<div class=\"elementor-element elementor-element-db01297 elementor-widget elementor-widget-text-editor\" data-id=\"db01297\" data-element_type=\"widget\" data-e-type=\"widget\" data-widget_type=\"text-editor.default\">\n\t\t\t\t<div class=\"elementor-widget-container\">\n\t\t\t\t\t\t\t\t\t<p>une personne<\/p>\t\t\t\t\t\t\t\t<\/div>\n\t\t\t\t<\/div>\n\t\t\t\t<div class=\"elementor-element elementor-element-28ee9b3 elementor-align-center elementor-widget elementor-widget-button\" data-id=\"28ee9b3\" data-element_type=\"widget\" data-e-type=\"widget\" data-widget_type=\"button.default\">\n\t\t\t\t<div class=\"elementor-widget-container\">\n\t\t\t\t\t\t\t\t\t<div class=\"elementor-button-wrapper\">\n\t\t\t\t\t<a class=\"elementor-button elementor-button-link elementor-size-sm\" href=\"https:\/\/www.acetaiamarchi.com\/fr\/experiences\/prestige\/\">\n\t\t\t\t\t\t<span class=\"elementor-button-content-wrapper\">\n\t\t\t\t\t\t\t\t\t<span class=\"elementor-button-text\">Aller \u00e0 la visite<\/span>\n\t\t\t\t\t<\/span>\n\t\t\t\t\t<\/a>\n\t\t\t\t<\/div>\n\t\t\t\t\t\t\t\t<\/div>\n\t\t\t\t<\/div>\n\t\t\t\t<\/div>\n\t\t<div class=\"elementor-element elementor-element-d75a387 e-con-full e-flex wpr-particle-no wpr-jarallax-no wpr-parallax-no wpr-sticky-section-no wpr-equal-height-no e-con e-child\" data-id=\"d75a387\" data-element_type=\"container\" data-e-type=\"container\">\n\t\t\t\t<div class=\"elementor-element elementor-element-1d7c5c2 elementor-widget elementor-widget-text-editor\" data-id=\"1d7c5c2\" data-element_type=\"widget\" data-e-type=\"widget\" data-widget_type=\"text-editor.default\">\n\t\t\t\t<div class=\"elementor-widget-container\">\n\t\t\t\t\t\t\t\t\t<p>Dur\u00e9e : 1,5 heure<\/p><p><strong>Prix de la visite avec d\u00e9gustation de vinaigre balsamique de Mod\u00e8ne IGP et de vinaigre balsamique traditionnel de Mod\u00e8ne AOP et d&rsquo;autres produits typiques de Mod\u00e8ne :<\/strong><\/p><p><strong>\u00e0 partir de 2 personnes : \u20ac 25.00 par personne.<br><\/strong><\/p><p><strong>Du lundi au vendredi<br><\/strong><strong><em>FRAN\u00c7AIS :<\/em> <\/strong>9:30 ;<br><em><strong>ANGLAIS :<\/strong><\/em> 16:00<\/p><p>Contactez-nous sur <a class=\"cursor-init\" href=\"mailto:tours@acetaiamarchi.com\">tours@acetaiamarchi.com<\/a><br>ou appelez-nous :<br><a href=\"tel:+390594822139\">+39 059 4822139<\/a> ou <a class=\"cursor-init\" href=\"tel:+393282283193\">+39 328 2283193<\/a><\/p><p>La ponctualit\u00e9 est appr\u00e9ci\u00e9e.<\/p>\t\t\t\t\t\t\t\t<\/div>\n\t\t\t\t<\/div>\n\t\t\t\t<\/div>\n\t\t\t\t<\/div>\n\t\t<div class=\"elementor-element elementor-element-87452d0 e-con-full e-flex wpr-particle-no wpr-jarallax-no wpr-parallax-no wpr-sticky-section-no wpr-equal-height-no elementor-invisible e-con e-child\" data-id=\"87452d0\" data-element_type=\"container\" data-e-type=\"container\" data-settings=\"{&quot;animation&quot;:&quot;fadeInRight&quot;}\">\n\t\t<div class=\"elementor-element elementor-element-209aa08 e-con-full e-flex wpr-particle-no wpr-jarallax-no wpr-parallax-no wpr-sticky-section-no wpr-equal-height-no e-con e-child\" data-id=\"209aa08\" data-element_type=\"container\" data-e-type=\"container\">\n\t\t\t\t<div class=\"elementor-element elementor-element-1dfced7 elementor-widget elementor-widget-heading\" data-id=\"1dfced7\" data-element_type=\"widget\" data-e-type=\"widget\" data-widget_type=\"heading.default\">\n\t\t\t\t<div class=\"elementor-widget-container\">\n\t\t\t\t\t<h5 class=\"elementor-heading-title elementor-size-default\">EXP\u00c9RIENCES POUR LES GROUPES<\/h5>\t\t\t\t<\/div>\n\t\t\t\t<\/div>\n\t\t\t\t<div class=\"elementor-element elementor-element-cce1677 elementor-widget elementor-widget-text-editor\" data-id=\"cce1677\" data-element_type=\"widget\" data-e-type=\"widget\" data-widget_type=\"text-editor.default\">\n\t\t\t\t<div class=\"elementor-widget-container\">\n\t\t\t\t\t\t\t\t\t<p>Contactez-nous pour conna\u00eetre les disponibilit\u00e9s et obtenir un devis personnalis\u00e9<\/p>\t\t\t\t\t\t\t\t<\/div>\n\t\t\t\t<\/div>\n\t\t\t\t<\/div>\n\t\t<div class=\"elementor-element elementor-element-6c18f98 e-con-full e-flex wpr-particle-no wpr-jarallax-no wpr-parallax-no wpr-sticky-section-no wpr-equal-height-no e-con e-child\" data-id=\"6c18f98\" data-element_type=\"container\" data-e-type=\"container\">\n\t\t\t\t<div class=\"elementor-element elementor-element-b34a706 elementor-align-center elementor-widget elementor-widget-button\" data-id=\"b34a706\" data-element_type=\"widget\" data-e-type=\"widget\" data-widget_type=\"button.default\">\n\t\t\t\t<div class=\"elementor-widget-container\">\n\t\t\t\t\t\t\t\t\t<div class=\"elementor-button-wrapper\">\n\t\t\t\t\t<a class=\"elementor-button elementor-button-link elementor-size-sm\" href=\"https:\/\/www.acetaiamarchi.com\/experience-visita-acetaia-mode\/experience-gruppi-visita-acetaia-modena\/\">\n\t\t\t\t\t\t<span class=\"elementor-button-content-wrapper\">\n\t\t\t\t\t\t\t\t\t<span class=\"elementor-button-text\">Aller \u00e0 la visite<\/span>\n\t\t\t\t\t<\/span>\n\t\t\t\t\t<\/a>\n\t\t\t\t<\/div>\n\t\t\t\t\t\t\t\t<\/div>\n\t\t\t\t<\/div>\n\t\t\t\t<\/div>\n\t\t\t\t<\/div>\n\t\t\t\t<\/div>\n\t\t\t\t\t<\/div>\n\t\t\t\t<\/div>\n\t\t<div class=\"elementor-element elementor-element-94c7583 e-flex e-con-boxed wpr-particle-no wpr-jarallax-no wpr-parallax-no wpr-sticky-section-no wpr-equal-height-no e-con e-parent\" data-id=\"94c7583\" data-element_type=\"container\" data-e-type=\"container\" data-settings=\"{&quot;background_background&quot;:&quot;classic&quot;}\">\n\t\t\t\t\t<div class=\"e-con-inner\">\n\t\t<div class=\"elementor-element elementor-element-54e5c6f e-con-full e-flex wpr-particle-no wpr-jarallax-no wpr-parallax-no wpr-sticky-section-no wpr-equal-height-no elementor-invisible e-con e-child\" data-id=\"54e5c6f\" data-element_type=\"container\" data-e-type=\"container\" data-settings=\"{&quot;animation&quot;:&quot;fadeInLeft&quot;}\">\n\t\t\t\t<div class=\"elementor-element elementor-element-52032d2 elementor-widget elementor-widget-heading\" data-id=\"52032d2\" data-element_type=\"widget\" data-e-type=\"widget\" data-widget_type=\"heading.default\">\n\t\t\t\t<div class=\"elementor-widget-container\">\n\t\t\t\t\t<h2 class=\"elementor-heading-title elementor-size-default\">\nAcetaia Marchi vous attend<\/h2>\t\t\t\t<\/div>\n\t\t\t\t<\/div>\n\t\t\t\t<div class=\"elementor-element elementor-element-5b54a0b elementor-widget elementor-widget-text-editor\" data-id=\"5b54a0b\" data-element_type=\"widget\" data-e-type=\"widget\" data-widget_type=\"text-editor.default\">\n\t\t\t\t<div class=\"elementor-widget-container\">\n\t\t\t\t\t\t\t\t\t<p>Un voyage sensoriel \u00e0 la d\u00e9couverte de nos produits. Gr\u00e2ce \u00e0 nos visites guid\u00e9es, en effet, vous pourrez <strong>vivre une exp\u00e9rience inoubliable<\/strong> \u00e0 l&rsquo;int\u00e9rieur des espaces o\u00f9 est pr\u00e9par\u00e9 un produit embl\u00e9matique de Mod\u00e8ne. De la promenade relaxante dans le vignoble, si le temps le permet, aux salles o\u00f9 se d\u00e9roule le vieillissement du vinaigre balsamique, laissez-vous emporter par notre tradition s\u00e9culaire.<\/p><p>A deux pas <strong>de Mod\u00e8ne<\/strong>, notre vinaigrerie est tr\u00e8s facile d&rsquo;acc\u00e8s, m\u00eame \u00e0 v\u00e9lo. En outre, nous disposons d&rsquo;un <strong>vaste parking pour les bus et les camping-cars<\/strong> \u00e0 l&rsquo;int\u00e9rieur de notre \u00e9tablissement, ainsi que de <strong>stations de recharge<\/strong> pratiques <strong>pour les voitures \u00e9lectriques.<\/strong> Alors, qu&rsquo;attendez-vous ?<\/p>\t\t\t\t\t\t\t\t<\/div>\n\t\t\t\t<\/div>\n\t\t\t\t<\/div>\n\t\t<div class=\"elementor-element elementor-element-9b0287c e-con-full e-flex wpr-particle-no wpr-jarallax-no wpr-parallax-no wpr-sticky-section-no wpr-equal-height-no elementor-invisible e-con e-child\" data-id=\"9b0287c\" data-element_type=\"container\" data-e-type=\"container\" data-settings=\"{&quot;animation&quot;:&quot;fadeInRight&quot;}\">\n\t\t\t\t<div class=\"elementor-element elementor-element-f9308a8 elementor-widget elementor-widget-image\" data-id=\"f9308a8\" data-element_type=\"widget\" data-e-type=\"widget\" data-widget_type=\"image.default\">\n\t\t\t\t<div class=\"elementor-widget-container\">\n\t\t\t\t\t\t\t\t\t\t\t\t\t\t\t<img fetchpriority=\"high\" decoding=\"async\" width=\"800\" height=\"534\" src=\"https:\/\/www.acetaiamarchi.com\/wp-content\/uploads\/2025\/03\/visita-guidata-acetaia-marchi-Aceto-Balsamico-Tradizionale-Modena-DOC-1024x684.jpg\" class=\"attachment-large size-large wp-image-14360\" alt=\"visita guidata acetaia marchi Aceto Balsamico Tradizione di Modena DOP\" srcset=\"https:\/\/www.acetaiamarchi.com\/wp-content\/uploads\/2025\/03\/visita-guidata-acetaia-marchi-Aceto-Balsamico-Tradizionale-Modena-DOC-1024x684.jpg 1024w, https:\/\/www.acetaiamarchi.com\/wp-content\/uploads\/2025\/03\/visita-guidata-acetaia-marchi-Aceto-Balsamico-Tradizionale-Modena-DOC-600x401.jpg 600w, https:\/\/www.acetaiamarchi.com\/wp-content\/uploads\/2025\/03\/visita-guidata-acetaia-marchi-Aceto-Balsamico-Tradizionale-Modena-DOC-300x200.jpg 300w, https:\/\/www.acetaiamarchi.com\/wp-content\/uploads\/2025\/03\/visita-guidata-acetaia-marchi-Aceto-Balsamico-Tradizionale-Modena-DOC-768x513.jpg 768w, https:\/\/www.acetaiamarchi.com\/wp-content\/uploads\/2025\/03\/visita-guidata-acetaia-marchi-Aceto-Balsamico-Tradizionale-Modena-DOC-1536x1026.jpg 1536w, https:\/\/www.acetaiamarchi.com\/wp-content\/uploads\/2025\/03\/visita-guidata-acetaia-marchi-Aceto-Balsamico-Tradizionale-Modena-DOC.jpg 1600w\" sizes=\"(max-width: 800px) 100vw, 800px\" \/>\t\t\t\t\t\t\t\t\t\t\t\t\t\t\t<\/div>\n\t\t\t\t<\/div>\n\t\t\t\t<\/div>\n\t\t\t\t\t<\/div>\n\t\t\t\t<\/div>\n\t\t<div class=\"elementor-element elementor-element-5283883 animated-slow e-flex e-con-boxed wpr-particle-no wpr-jarallax-no wpr-parallax-no wpr-sticky-section-no wpr-equal-height-no elementor-invisible e-con e-parent\" data-id=\"5283883\" data-element_type=\"container\" data-e-type=\"container\" data-settings=\"{&quot;background_background&quot;:&quot;classic&quot;,&quot;animation&quot;:&quot;fadeIn&quot;}\">\n\t\t\t\t\t<div class=\"e-con-inner\">\n\t\t<div class=\"elementor-element elementor-element-b2953cf e-con-full e-flex wpr-particle-no wpr-jarallax-no wpr-parallax-no wpr-sticky-section-no wpr-equal-height-no e-con e-child\" data-id=\"b2953cf\" data-element_type=\"container\" data-e-type=\"container\" data-settings=\"{&quot;background_background&quot;:&quot;classic&quot;}\">\n\t\t\t\t<div class=\"elementor-element elementor-element-72cb88b elementor-widget elementor-widget-heading\" data-id=\"72cb88b\" data-element_type=\"widget\" data-e-type=\"widget\" data-widget_type=\"heading.default\">\n\t\t\t\t<div class=\"elementor-widget-container\">\n\t\t\t\t\t<h2 class=\"elementor-heading-title elementor-size-default\">Nos lignes<\/h2>\t\t\t\t<\/div>\n\t\t\t\t<\/div>\n\t\t<div class=\"elementor-element elementor-element-59be893 e-con-full e-flex wpr-particle-no wpr-jarallax-no wpr-parallax-no wpr-sticky-section-no wpr-equal-height-no e-con e-child\" data-id=\"59be893\" data-element_type=\"container\" data-e-type=\"container\">\n\t\t\t\t<div class=\"elementor-element elementor-element-004b405 elementor-widget__width-inherit elementor-arrows-position-inside elementor-widget elementor-widget-n-carousel\" data-id=\"004b405\" data-element_type=\"widget\" data-e-type=\"widget\" data-settings=\"{&quot;carousel_items&quot;:[{&quot;slide_title&quot;:&quot;I tradizionali&quot;,&quot;_id&quot;:&quot;c02f87f&quot;},{&quot;slide_title&quot;:&quot;4774&quot;,&quot;_id&quot;:&quot;9ced4c8&quot;},{&quot;slide_title&quot;:&quot;I sigilli&quot;,&quot;_id&quot;:&quot;a2987c4&quot;},{&quot;_id&quot;:&quot;71b131f&quot;,&quot;slide_title&quot;:&quot;I classici&quot;},{&quot;_id&quot;:&quot;286d91f&quot;,&quot;slide_title&quot;:&quot;Zeus&quot;},{&quot;_id&quot;:&quot;8ef36d5&quot;,&quot;slide_title&quot;:&quot;Bio&quot;},{&quot;_id&quot;:&quot;ac4bfa7&quot;,&quot;slide_title&quot;:&quot;Condimenti Balsamici&quot;},{&quot;_id&quot;:&quot;f491e24&quot;,&quot;slide_title&quot;:&quot;Creme&quot;},{&quot;_id&quot;:&quot;5cf34cb&quot;,&quot;slide_title&quot;:&quot;Le Bio Agrodolci&quot;},{&quot;_id&quot;:&quot;6b171b0&quot;,&quot;slide_title&quot;:&quot;Perle&quot;},{&quot;_id&quot;:&quot;df9dafc&quot;,&quot;slide_title&quot;:&quot;Confezioni regalo&quot;}],&quot;slides_to_show&quot;:&quot;4&quot;,&quot;image_spacing_custom&quot;:{&quot;unit&quot;:&quot;px&quot;,&quot;size&quot;:0,&quot;sizes&quot;:[]},&quot;slides_to_show_tablet&quot;:&quot;2&quot;,&quot;slides_to_show_mobile&quot;:&quot;1&quot;,&quot;infinite&quot;:&quot;yes&quot;,&quot;speed&quot;:500,&quot;offset_sides&quot;:&quot;none&quot;,&quot;arrows&quot;:&quot;yes&quot;,&quot;image_spacing_custom_tablet&quot;:{&quot;unit&quot;:&quot;px&quot;,&quot;size&quot;:&quot;&quot;,&quot;sizes&quot;:[]},&quot;image_spacing_custom_mobile&quot;:{&quot;unit&quot;:&quot;px&quot;,&quot;size&quot;:&quot;&quot;,&quot;sizes&quot;:[]}}\" data-widget_type=\"nested-carousel.default\">\n\t\t\t\t<div class=\"elementor-widget-container\">\n\t\t\t\t\t\t\t<div class=\"e-n-carousel swiper\" role=\"region\" aria-roledescription=\"carousel\" aria-label=\"Linee\" dir=\"ltr\">\n\t\t\t<div class=\"swiper-wrapper\" aria-live=\"polite\">\n\t\t\t\t\t\t\t\t\t\t<div class=\"swiper-slide\" data-slide=\"1\" role=\"group\" aria-roledescription=\"slide\" aria-label=\"1 of 11\">\n\t\t\t\t\t\t\t<div class=\"elementor-element elementor-element-e041a37 e-flex e-con-boxed wpr-particle-no wpr-jarallax-no wpr-parallax-no wpr-sticky-section-no wpr-equal-height-no e-con e-child\" data-id=\"e041a37\" data-element_type=\"container\" data-e-type=\"container\">\n\t\t\t\t\t<div class=\"e-con-inner\">\n\t\t<div class=\"elementor-element elementor-element-1c00f3f e-con-full e-flex wpr-particle-no wpr-jarallax-no wpr-parallax-no wpr-sticky-section-no wpr-equal-height-no e-con e-child\" data-id=\"1c00f3f\" data-element_type=\"container\" data-e-type=\"container\">\n\t\t\t\t<div class=\"elementor-element elementor-element-0ee7fde elementor-widget elementor-widget-image\" data-id=\"0ee7fde\" data-element_type=\"widget\" data-e-type=\"widget\" data-widget_type=\"image.default\">\n\t\t\t\t<div class=\"elementor-widget-container\">\n\t\t\t\t\t\t\t\t\t\t\t\t\t\t\t\t<a href=\"https:\/\/www.acetaiamarchi.com\/fr\/les-gammes\/les-traditionnels\/\">\n\t\t\t\t\t\t\t<img decoding=\"async\" width=\"800\" height=\"800\" src=\"https:\/\/www.acetaiamarchi.com\/wp-content\/uploads\/2025\/03\/Aceto-Balsamico-Tradizionale-di-Modena-DOP-Extravecchio-Francesco-1024x1024.jpg\" class=\"attachment-large size-large wp-image-801\" alt=\"aceto balsamico tradizionale di modena dop extravecchio francesco\" srcset=\"https:\/\/www.acetaiamarchi.com\/wp-content\/uploads\/2025\/03\/Aceto-Balsamico-Tradizionale-di-Modena-DOP-Extravecchio-Francesco-1024x1024.jpg 1024w, https:\/\/www.acetaiamarchi.com\/wp-content\/uploads\/2025\/03\/Aceto-Balsamico-Tradizionale-di-Modena-DOP-Extravecchio-Francesco-300x300.jpg 300w, https:\/\/www.acetaiamarchi.com\/wp-content\/uploads\/2025\/03\/Aceto-Balsamico-Tradizionale-di-Modena-DOP-Extravecchio-Francesco-100x100.jpg 100w, https:\/\/www.acetaiamarchi.com\/wp-content\/uploads\/2025\/03\/Aceto-Balsamico-Tradizionale-di-Modena-DOP-Extravecchio-Francesco-600x600.jpg 600w, https:\/\/www.acetaiamarchi.com\/wp-content\/uploads\/2025\/03\/Aceto-Balsamico-Tradizionale-di-Modena-DOP-Extravecchio-Francesco-150x150.jpg 150w, https:\/\/www.acetaiamarchi.com\/wp-content\/uploads\/2025\/03\/Aceto-Balsamico-Tradizionale-di-Modena-DOP-Extravecchio-Francesco-768x768.jpg 768w, https:\/\/www.acetaiamarchi.com\/wp-content\/uploads\/2025\/03\/Aceto-Balsamico-Tradizionale-di-Modena-DOP-Extravecchio-Francesco-1536x1536.jpg 1536w, https:\/\/www.acetaiamarchi.com\/wp-content\/uploads\/2025\/03\/Aceto-Balsamico-Tradizionale-di-Modena-DOP-Extravecchio-Francesco.jpg 1600w\" sizes=\"(max-width: 800px) 100vw, 800px\" \/>\t\t\t\t\t\t\t\t<\/a>\n\t\t\t\t\t\t\t\t\t\t\t\t\t\t\t<\/div>\n\t\t\t\t<\/div>\n\t\t\t\t<div class=\"elementor-element elementor-element-0298502 elementor-widget elementor-widget-heading\" data-id=\"0298502\" data-element_type=\"widget\" data-e-type=\"widget\" data-widget_type=\"heading.default\">\n\t\t\t\t<div class=\"elementor-widget-container\">\n\t\t\t\t\t<h2 class=\"elementor-heading-title elementor-size-default\"><a href=\"https:\/\/www.acetaiamarchi.com\/fr\/les-gammes\/les-traditionnels\/\">Le traditionnel<\/a><\/h2>\t\t\t\t<\/div>\n\t\t\t\t<\/div>\n\t\t\t\t<\/div>\n\t\t\t\t\t<\/div>\n\t\t\t\t<\/div>\n\t\t\t\t\t\t\t\t<\/div>\n\t\t\t\t\t\t\t\t\t\t\t<div class=\"swiper-slide\" data-slide=\"2\" role=\"group\" aria-roledescription=\"slide\" aria-label=\"2 of 11\">\n\t\t\t\t\t\t\t<div class=\"elementor-element elementor-element-a9119b4 e-flex e-con-boxed wpr-particle-no wpr-jarallax-no wpr-parallax-no wpr-sticky-section-no wpr-equal-height-no e-con e-child\" data-id=\"a9119b4\" data-element_type=\"container\" data-e-type=\"container\">\n\t\t\t\t\t<div class=\"e-con-inner\">\n\t\t<div class=\"elementor-element elementor-element-368d6b3 e-con-full e-flex wpr-particle-no wpr-jarallax-no wpr-parallax-no wpr-sticky-section-no wpr-equal-height-no e-con e-child\" data-id=\"368d6b3\" data-element_type=\"container\" data-e-type=\"container\">\n\t\t\t\t<div class=\"elementor-element elementor-element-17d7fb1 elementor-widget elementor-widget-image\" data-id=\"17d7fb1\" data-element_type=\"widget\" data-e-type=\"widget\" data-widget_type=\"image.default\">\n\t\t\t\t<div class=\"elementor-widget-container\">\n\t\t\t\t\t\t\t\t\t\t\t\t\t\t\t\t<a href=\"\/?product_cat=4774\">\n\t\t\t\t\t\t\t<img decoding=\"async\" width=\"800\" height=\"800\" src=\"https:\/\/www.acetaiamarchi.com\/wp-content\/uploads\/2025\/03\/4774-aceto-balsamico-di-modena-igp-vigneti-di-famiglia.jpg\" class=\"attachment-large size-large wp-image-2605\" alt=\"linea 4774 vigneti di famiglia - acetaia marchi - aceto balsamico di modena IGP\" srcset=\"https:\/\/www.acetaiamarchi.com\/wp-content\/uploads\/2025\/03\/4774-aceto-balsamico-di-modena-igp-vigneti-di-famiglia.jpg 1000w, https:\/\/www.acetaiamarchi.com\/wp-content\/uploads\/2025\/03\/4774-aceto-balsamico-di-modena-igp-vigneti-di-famiglia-300x300.jpg 300w, https:\/\/www.acetaiamarchi.com\/wp-content\/uploads\/2025\/03\/4774-aceto-balsamico-di-modena-igp-vigneti-di-famiglia-100x100.jpg 100w, https:\/\/www.acetaiamarchi.com\/wp-content\/uploads\/2025\/03\/4774-aceto-balsamico-di-modena-igp-vigneti-di-famiglia-600x600.jpg 600w, https:\/\/www.acetaiamarchi.com\/wp-content\/uploads\/2025\/03\/4774-aceto-balsamico-di-modena-igp-vigneti-di-famiglia-150x150.jpg 150w, https:\/\/www.acetaiamarchi.com\/wp-content\/uploads\/2025\/03\/4774-aceto-balsamico-di-modena-igp-vigneti-di-famiglia-768x768.jpg 768w\" sizes=\"(max-width: 800px) 100vw, 800px\" \/>\t\t\t\t\t\t\t\t<\/a>\n\t\t\t\t\t\t\t\t\t\t\t\t\t\t\t<\/div>\n\t\t\t\t<\/div>\n\t\t\t\t<div class=\"elementor-element elementor-element-1a92ee7 elementor-widget elementor-widget-heading\" data-id=\"1a92ee7\" data-element_type=\"widget\" data-e-type=\"widget\" data-widget_type=\"heading.default\">\n\t\t\t\t<div class=\"elementor-widget-container\">\n\t\t\t\t\t<h2 class=\"elementor-heading-title elementor-size-default\"><a href=\"\/?product_cat=4774\">4774 -Moutons de nos vignobles<\/a><\/h2>\t\t\t\t<\/div>\n\t\t\t\t<\/div>\n\t\t\t\t<\/div>\n\t\t\t\t\t<\/div>\n\t\t\t\t<\/div>\n\t\t\t\t\t\t\t\t<\/div>\n\t\t\t\t\t\t\t\t\t\t\t<div class=\"swiper-slide\" data-slide=\"3\" role=\"group\" aria-roledescription=\"slide\" aria-label=\"3 of 11\">\n\t\t\t\t\t\t\t<div class=\"elementor-element elementor-element-45ca949 e-flex e-con-boxed wpr-particle-no wpr-jarallax-no wpr-parallax-no wpr-sticky-section-no wpr-equal-height-no e-con e-child\" data-id=\"45ca949\" data-element_type=\"container\" data-e-type=\"container\">\n\t\t\t\t\t<div class=\"e-con-inner\">\n\t\t<div class=\"elementor-element elementor-element-129e389 e-con-full e-flex wpr-particle-no wpr-jarallax-no wpr-parallax-no wpr-sticky-section-no wpr-equal-height-no e-con e-child\" data-id=\"129e389\" data-element_type=\"container\" data-e-type=\"container\">\n\t\t\t\t<div class=\"elementor-element elementor-element-cb11033 elementor-widget elementor-widget-image\" data-id=\"cb11033\" data-element_type=\"widget\" data-e-type=\"widget\" data-widget_type=\"image.default\">\n\t\t\t\t<div class=\"elementor-widget-container\">\n\t\t\t\t\t\t\t\t\t\t\t\t\t\t\t\t<a href=\"https:\/\/www.acetaiamarchi.com\/fr\/les-gammes\/les-sceaux\/\">\n\t\t\t\t\t\t\t<img loading=\"lazy\" decoding=\"async\" width=\"800\" height=\"800\" src=\"https:\/\/www.acetaiamarchi.com\/wp-content\/uploads\/2025\/03\/Linea-Aceto-Balsamico-di-Modena-IGP-Acetaia-Marchi-Modena-1.jpg\" class=\"attachment-large size-large wp-image-2622\" alt=\"Linea I sigilli aceto balsmaico di modena IGP\" srcset=\"https:\/\/www.acetaiamarchi.com\/wp-content\/uploads\/2025\/03\/Linea-Aceto-Balsamico-di-Modena-IGP-Acetaia-Marchi-Modena-1.jpg 1000w, https:\/\/www.acetaiamarchi.com\/wp-content\/uploads\/2025\/03\/Linea-Aceto-Balsamico-di-Modena-IGP-Acetaia-Marchi-Modena-1-300x300.jpg 300w, https:\/\/www.acetaiamarchi.com\/wp-content\/uploads\/2025\/03\/Linea-Aceto-Balsamico-di-Modena-IGP-Acetaia-Marchi-Modena-1-100x100.jpg 100w, https:\/\/www.acetaiamarchi.com\/wp-content\/uploads\/2025\/03\/Linea-Aceto-Balsamico-di-Modena-IGP-Acetaia-Marchi-Modena-1-600x600.jpg 600w, https:\/\/www.acetaiamarchi.com\/wp-content\/uploads\/2025\/03\/Linea-Aceto-Balsamico-di-Modena-IGP-Acetaia-Marchi-Modena-1-150x150.jpg 150w, https:\/\/www.acetaiamarchi.com\/wp-content\/uploads\/2025\/03\/Linea-Aceto-Balsamico-di-Modena-IGP-Acetaia-Marchi-Modena-1-768x768.jpg 768w\" sizes=\"(max-width: 800px) 100vw, 800px\" \/>\t\t\t\t\t\t\t\t<\/a>\n\t\t\t\t\t\t\t\t\t\t\t\t\t\t\t<\/div>\n\t\t\t\t<\/div>\n\t\t\t\t<div class=\"elementor-element elementor-element-22670bf elementor-widget elementor-widget-heading\" data-id=\"22670bf\" data-element_type=\"widget\" data-e-type=\"widget\" data-widget_type=\"heading.default\">\n\t\t\t\t<div class=\"elementor-widget-container\">\n\t\t\t\t\t<h2 class=\"elementor-heading-title elementor-size-default\"><a href=\"https:\/\/www.acetaiamarchi.com\/fr\/les-gammes\/les-sceaux\/\">Les scell\u00e9s<\/a><\/h2>\t\t\t\t<\/div>\n\t\t\t\t<\/div>\n\t\t\t\t<\/div>\n\t\t\t\t\t<\/div>\n\t\t\t\t<\/div>\n\t\t\t\t\t\t\t\t<\/div>\n\t\t\t\t\t\t\t\t\t\t\t<div class=\"swiper-slide\" data-slide=\"4\" role=\"group\" aria-roledescription=\"slide\" aria-label=\"4 of 11\">\n\t\t\t\t\t\t\t<div class=\"elementor-element elementor-element-787bf8b e-flex e-con-boxed wpr-particle-no wpr-jarallax-no wpr-parallax-no wpr-sticky-section-no wpr-equal-height-no e-con e-child\" data-id=\"787bf8b\" data-element_type=\"container\" data-e-type=\"container\">\n\t\t\t\t\t<div class=\"e-con-inner\">\n\t\t<div class=\"elementor-element elementor-element-9131df3 e-con-full e-flex wpr-particle-no wpr-jarallax-no wpr-parallax-no wpr-sticky-section-no wpr-equal-height-no e-con e-child\" data-id=\"9131df3\" data-element_type=\"container\" data-e-type=\"container\">\n\t\t\t\t<div class=\"elementor-element elementor-element-e553d61 elementor-widget elementor-widget-image\" data-id=\"e553d61\" data-element_type=\"widget\" data-e-type=\"widget\" data-widget_type=\"image.default\">\n\t\t\t\t<div class=\"elementor-widget-container\">\n\t\t\t\t\t\t\t\t\t\t\t\t\t\t\t\t<a href=\"https:\/\/www.acetaiamarchi.com\/fr\/les-gammes\/les-classiques\/\">\n\t\t\t\t\t\t\t<img loading=\"lazy\" decoding=\"async\" width=\"800\" height=\"800\" src=\"https:\/\/www.acetaiamarchi.com\/wp-content\/uploads\/2025\/03\/I-classici.jpg\" class=\"attachment-large size-large wp-image-2613\" alt=\"aceto balsamico di modena IGP Linea I classici\" srcset=\"https:\/\/www.acetaiamarchi.com\/wp-content\/uploads\/2025\/03\/I-classici.jpg 1000w, https:\/\/www.acetaiamarchi.com\/wp-content\/uploads\/2025\/03\/I-classici-300x300.jpg 300w, https:\/\/www.acetaiamarchi.com\/wp-content\/uploads\/2025\/03\/I-classici-100x100.jpg 100w, https:\/\/www.acetaiamarchi.com\/wp-content\/uploads\/2025\/03\/I-classici-600x600.jpg 600w, https:\/\/www.acetaiamarchi.com\/wp-content\/uploads\/2025\/03\/I-classici-150x150.jpg 150w, https:\/\/www.acetaiamarchi.com\/wp-content\/uploads\/2025\/03\/I-classici-768x768.jpg 768w\" sizes=\"(max-width: 800px) 100vw, 800px\" \/>\t\t\t\t\t\t\t\t<\/a>\n\t\t\t\t\t\t\t\t\t\t\t\t\t\t\t<\/div>\n\t\t\t\t<\/div>\n\t\t\t\t<div class=\"elementor-element elementor-element-dbb6d75 elementor-widget elementor-widget-heading\" data-id=\"dbb6d75\" data-element_type=\"widget\" data-e-type=\"widget\" data-widget_type=\"heading.default\">\n\t\t\t\t<div class=\"elementor-widget-container\">\n\t\t\t\t\t<h2 class=\"elementor-heading-title elementor-size-default\"><a href=\"https:\/\/www.acetaiamarchi.com\/fr\/les-gammes\/les-classiques\/\">Les classiques<\/a><\/h2>\t\t\t\t<\/div>\n\t\t\t\t<\/div>\n\t\t\t\t<\/div>\n\t\t\t\t\t<\/div>\n\t\t\t\t<\/div>\n\t\t\t\t\t\t\t\t<\/div>\n\t\t\t\t\t\t\t\t\t\t\t<div class=\"swiper-slide\" data-slide=\"5\" role=\"group\" aria-roledescription=\"slide\" aria-label=\"5 of 11\">\n\t\t\t\t\t\t\t<div class=\"elementor-element elementor-element-8271e57 e-flex e-con-boxed wpr-particle-no wpr-jarallax-no wpr-parallax-no wpr-sticky-section-no wpr-equal-height-no e-con e-child\" data-id=\"8271e57\" data-element_type=\"container\" data-e-type=\"container\">\n\t\t\t\t\t<div class=\"e-con-inner\">\n\t\t<div class=\"elementor-element elementor-element-4950c42 e-con-full e-flex wpr-particle-no wpr-jarallax-no wpr-parallax-no wpr-sticky-section-no wpr-equal-height-no e-con e-child\" data-id=\"4950c42\" data-element_type=\"container\" data-e-type=\"container\">\n\t\t\t\t<div class=\"elementor-element elementor-element-657ecb5 elementor-widget elementor-widget-image\" data-id=\"657ecb5\" data-element_type=\"widget\" data-e-type=\"widget\" data-widget_type=\"image.default\">\n\t\t\t\t<div class=\"elementor-widget-container\">\n\t\t\t\t\t\t\t\t\t\t\t\t\t\t\t\t<a href=\"\/?product_cat=zeus\">\n\t\t\t\t\t\t\t<img loading=\"lazy\" decoding=\"async\" width=\"800\" height=\"800\" src=\"https:\/\/www.acetaiamarchi.com\/wp-content\/uploads\/2025\/03\/linea-condimenti-balsamici-Acetaia-Marchi-Modena.jpg\" class=\"attachment-large size-large wp-image-350\" alt=\"linea condimenti balsamici Acetaia Marchi Modena\" srcset=\"https:\/\/www.acetaiamarchi.com\/wp-content\/uploads\/2025\/03\/linea-condimenti-balsamici-Acetaia-Marchi-Modena.jpg 1000w, https:\/\/www.acetaiamarchi.com\/wp-content\/uploads\/2025\/03\/linea-condimenti-balsamici-Acetaia-Marchi-Modena-300x300.jpg 300w, https:\/\/www.acetaiamarchi.com\/wp-content\/uploads\/2025\/03\/linea-condimenti-balsamici-Acetaia-Marchi-Modena-100x100.jpg 100w, https:\/\/www.acetaiamarchi.com\/wp-content\/uploads\/2025\/03\/linea-condimenti-balsamici-Acetaia-Marchi-Modena-600x600.jpg 600w, https:\/\/www.acetaiamarchi.com\/wp-content\/uploads\/2025\/03\/linea-condimenti-balsamici-Acetaia-Marchi-Modena-150x150.jpg 150w, https:\/\/www.acetaiamarchi.com\/wp-content\/uploads\/2025\/03\/linea-condimenti-balsamici-Acetaia-Marchi-Modena-768x768.jpg 768w\" sizes=\"(max-width: 800px) 100vw, 800px\" \/>\t\t\t\t\t\t\t\t<\/a>\n\t\t\t\t\t\t\t\t\t\t\t\t\t\t\t<\/div>\n\t\t\t\t<\/div>\n\t\t\t\t<div class=\"elementor-element elementor-element-f909c9a elementor-widget elementor-widget-heading\" data-id=\"f909c9a\" data-element_type=\"widget\" data-e-type=\"widget\" data-widget_type=\"heading.default\">\n\t\t\t\t<div class=\"elementor-widget-container\">\n\t\t\t\t\t<h2 class=\"elementor-heading-title elementor-size-default\"><a href=\"\/?product_cat=zeus\">Zeus<\/a><\/h2>\t\t\t\t<\/div>\n\t\t\t\t<\/div>\n\t\t\t\t<\/div>\n\t\t\t\t\t<\/div>\n\t\t\t\t<\/div>\n\t\t\t\t\t\t\t\t<\/div>\n\t\t\t\t\t\t\t\t\t\t\t<div class=\"swiper-slide\" data-slide=\"6\" role=\"group\" aria-roledescription=\"slide\" aria-label=\"6 of 11\">\n\t\t\t\t\t\t\t<div class=\"elementor-element elementor-element-b22ed65 e-flex e-con-boxed wpr-particle-no wpr-jarallax-no wpr-parallax-no wpr-sticky-section-no wpr-equal-height-no e-con e-child\" data-id=\"b22ed65\" data-element_type=\"container\" data-e-type=\"container\">\n\t\t\t\t\t<div class=\"e-con-inner\">\n\t\t<div class=\"elementor-element elementor-element-0c4c788 e-con-full e-flex wpr-particle-no wpr-jarallax-no wpr-parallax-no wpr-sticky-section-no wpr-equal-height-no e-con e-child\" data-id=\"0c4c788\" data-element_type=\"container\" data-e-type=\"container\">\n\t\t\t\t<div class=\"elementor-element elementor-element-f30ede9 elementor-widget elementor-widget-image\" data-id=\"f30ede9\" data-element_type=\"widget\" data-e-type=\"widget\" data-widget_type=\"image.default\">\n\t\t\t\t<div class=\"elementor-widget-container\">\n\t\t\t\t\t\t\t\t\t\t\t\t\t\t\t\t<a href=\"\/?product_cat=bio\">\n\t\t\t\t\t\t\t<img loading=\"lazy\" decoding=\"async\" width=\"800\" height=\"800\" src=\"https:\/\/www.acetaiamarchi.com\/wp-content\/uploads\/2025\/03\/BIO-CONDIMENTI-GRUPPO.jpg\" class=\"attachment-large size-large wp-image-2609\" alt=\"aceto balsamico di modena IGP biologico\" srcset=\"https:\/\/www.acetaiamarchi.com\/wp-content\/uploads\/2025\/03\/BIO-CONDIMENTI-GRUPPO.jpg 1000w, https:\/\/www.acetaiamarchi.com\/wp-content\/uploads\/2025\/03\/BIO-CONDIMENTI-GRUPPO-300x300.jpg 300w, https:\/\/www.acetaiamarchi.com\/wp-content\/uploads\/2025\/03\/BIO-CONDIMENTI-GRUPPO-100x100.jpg 100w, https:\/\/www.acetaiamarchi.com\/wp-content\/uploads\/2025\/03\/BIO-CONDIMENTI-GRUPPO-600x600.jpg 600w, https:\/\/www.acetaiamarchi.com\/wp-content\/uploads\/2025\/03\/BIO-CONDIMENTI-GRUPPO-150x150.jpg 150w, https:\/\/www.acetaiamarchi.com\/wp-content\/uploads\/2025\/03\/BIO-CONDIMENTI-GRUPPO-768x768.jpg 768w\" sizes=\"(max-width: 800px) 100vw, 800px\" \/>\t\t\t\t\t\t\t\t<\/a>\n\t\t\t\t\t\t\t\t\t\t\t\t\t\t\t<\/div>\n\t\t\t\t<\/div>\n\t\t\t\t<div class=\"elementor-element elementor-element-38ffcd8 elementor-widget elementor-widget-heading\" data-id=\"38ffcd8\" data-element_type=\"widget\" data-e-type=\"widget\" data-widget_type=\"heading.default\">\n\t\t\t\t<div class=\"elementor-widget-container\">\n\t\t\t\t\t<h2 class=\"elementor-heading-title elementor-size-default\"><a href=\"\/?product_cat=bio\">Bio<\/a><\/h2>\t\t\t\t<\/div>\n\t\t\t\t<\/div>\n\t\t\t\t<\/div>\n\t\t\t\t\t<\/div>\n\t\t\t\t<\/div>\n\t\t\t\t\t\t\t\t<\/div>\n\t\t\t\t\t\t\t\t\t\t\t<div class=\"swiper-slide\" data-slide=\"7\" role=\"group\" aria-roledescription=\"slide\" aria-label=\"7 of 11\">\n\t\t\t\t\t\t\t<div class=\"elementor-element elementor-element-b84dcce e-flex e-con-boxed wpr-particle-no wpr-jarallax-no wpr-parallax-no wpr-sticky-section-no wpr-equal-height-no e-con e-child\" data-id=\"b84dcce\" data-element_type=\"container\" data-e-type=\"container\">\n\t\t\t\t\t<div class=\"e-con-inner\">\n\t\t<div class=\"elementor-element elementor-element-260b914 e-con-full e-flex wpr-particle-no wpr-jarallax-no wpr-parallax-no wpr-sticky-section-no wpr-equal-height-no e-con e-child\" data-id=\"260b914\" data-element_type=\"container\" data-e-type=\"container\">\n\t\t\t\t<div class=\"elementor-element elementor-element-f1f1ead elementor-widget elementor-widget-image\" data-id=\"f1f1ead\" data-element_type=\"widget\" data-e-type=\"widget\" data-widget_type=\"image.default\">\n\t\t\t\t<div class=\"elementor-widget-container\">\n\t\t\t\t\t\t\t\t\t\t\t\t\t\t\t\t<a href=\"https:\/\/www.acetaiamarchi.com\/fr\/les-gammes\/condiments-balsamiques-fr\/\">\n\t\t\t\t\t\t\t<img loading=\"lazy\" decoding=\"async\" width=\"800\" height=\"800\" src=\"https:\/\/www.acetaiamarchi.com\/wp-content\/uploads\/2025\/03\/Condimento-Balsamico-Leggendario-26-100ml-scatola-1024x1024.jpg\" class=\"attachment-large size-large wp-image-1076\" alt=\"Condimento Balsamico \u201cLeggendario 26\u201d\" srcset=\"https:\/\/www.acetaiamarchi.com\/wp-content\/uploads\/2025\/03\/Condimento-Balsamico-Leggendario-26-100ml-scatola-1024x1024.jpg 1024w, https:\/\/www.acetaiamarchi.com\/wp-content\/uploads\/2025\/03\/Condimento-Balsamico-Leggendario-26-100ml-scatola-300x300.jpg 300w, https:\/\/www.acetaiamarchi.com\/wp-content\/uploads\/2025\/03\/Condimento-Balsamico-Leggendario-26-100ml-scatola-100x100.jpg 100w, https:\/\/www.acetaiamarchi.com\/wp-content\/uploads\/2025\/03\/Condimento-Balsamico-Leggendario-26-100ml-scatola-600x600.jpg 600w, https:\/\/www.acetaiamarchi.com\/wp-content\/uploads\/2025\/03\/Condimento-Balsamico-Leggendario-26-100ml-scatola-150x150.jpg 150w, https:\/\/www.acetaiamarchi.com\/wp-content\/uploads\/2025\/03\/Condimento-Balsamico-Leggendario-26-100ml-scatola-768x768.jpg 768w, https:\/\/www.acetaiamarchi.com\/wp-content\/uploads\/2025\/03\/Condimento-Balsamico-Leggendario-26-100ml-scatola-1536x1536.jpg 1536w, https:\/\/www.acetaiamarchi.com\/wp-content\/uploads\/2025\/03\/Condimento-Balsamico-Leggendario-26-100ml-scatola.jpg 1600w\" sizes=\"(max-width: 800px) 100vw, 800px\" \/>\t\t\t\t\t\t\t\t<\/a>\n\t\t\t\t\t\t\t\t\t\t\t\t\t\t\t<\/div>\n\t\t\t\t<\/div>\n\t\t\t\t<div class=\"elementor-element elementor-element-386e51d elementor-widget elementor-widget-heading\" data-id=\"386e51d\" data-element_type=\"widget\" data-e-type=\"widget\" data-widget_type=\"heading.default\">\n\t\t\t\t<div class=\"elementor-widget-container\">\n\t\t\t\t\t<h2 class=\"elementor-heading-title elementor-size-default\"><a href=\"https:\/\/www.acetaiamarchi.com\/fr\/les-gammes\/condiments-balsamiques-fr\/\">Condiments balsamiques<\/a><\/h2>\t\t\t\t<\/div>\n\t\t\t\t<\/div>\n\t\t\t\t<\/div>\n\t\t\t\t\t<\/div>\n\t\t\t\t<\/div>\n\t\t\t\t\t\t\t\t<\/div>\n\t\t\t\t\t\t\t\t\t\t\t<div class=\"swiper-slide\" data-slide=\"8\" role=\"group\" aria-roledescription=\"slide\" aria-label=\"8 of 11\">\n\t\t\t\t\t\t\t<div class=\"elementor-element elementor-element-eb031c4 e-flex e-con-boxed wpr-particle-no wpr-jarallax-no wpr-parallax-no wpr-sticky-section-no wpr-equal-height-no e-con e-child\" data-id=\"eb031c4\" data-element_type=\"container\" data-e-type=\"container\">\n\t\t\t\t\t<div class=\"e-con-inner\">\n\t\t<div class=\"elementor-element elementor-element-d003400 e-con-full e-flex wpr-particle-no wpr-jarallax-no wpr-parallax-no wpr-sticky-section-no wpr-equal-height-no e-con e-child\" data-id=\"d003400\" data-element_type=\"container\" data-e-type=\"container\">\n\t\t\t\t<div class=\"elementor-element elementor-element-f229739 elementor-widget elementor-widget-image\" data-id=\"f229739\" data-element_type=\"widget\" data-e-type=\"widget\" data-widget_type=\"image.default\">\n\t\t\t\t<div class=\"elementor-widget-container\">\n\t\t\t\t\t\t\t\t\t\t\t\t\t\t\t\t<a href=\"https:\/\/www.acetaiamarchi.com\/fr\/les-gammes\/cremes\/\">\n\t\t\t\t\t\t\t<img loading=\"lazy\" decoding=\"async\" width=\"800\" height=\"800\" src=\"https:\/\/www.acetaiamarchi.com\/wp-content\/uploads\/2025\/03\/creme-aceto-balsamico-di-modena-igp.jpg\" class=\"attachment-large size-large wp-image-2626\" alt=\"Vendita creme all&#039;aceto balsamico di Modena IGP\" srcset=\"https:\/\/www.acetaiamarchi.com\/wp-content\/uploads\/2025\/03\/creme-aceto-balsamico-di-modena-igp.jpg 1000w, https:\/\/www.acetaiamarchi.com\/wp-content\/uploads\/2025\/03\/creme-aceto-balsamico-di-modena-igp-300x300.jpg 300w, https:\/\/www.acetaiamarchi.com\/wp-content\/uploads\/2025\/03\/creme-aceto-balsamico-di-modena-igp-100x100.jpg 100w, https:\/\/www.acetaiamarchi.com\/wp-content\/uploads\/2025\/03\/creme-aceto-balsamico-di-modena-igp-600x600.jpg 600w, https:\/\/www.acetaiamarchi.com\/wp-content\/uploads\/2025\/03\/creme-aceto-balsamico-di-modena-igp-150x150.jpg 150w, https:\/\/www.acetaiamarchi.com\/wp-content\/uploads\/2025\/03\/creme-aceto-balsamico-di-modena-igp-768x768.jpg 768w\" sizes=\"(max-width: 800px) 100vw, 800px\" \/>\t\t\t\t\t\t\t\t<\/a>\n\t\t\t\t\t\t\t\t\t\t\t\t\t\t\t<\/div>\n\t\t\t\t<\/div>\n\t\t\t\t<div class=\"elementor-element elementor-element-ddb435f elementor-widget elementor-widget-heading\" data-id=\"ddb435f\" data-element_type=\"widget\" data-e-type=\"widget\" data-widget_type=\"heading.default\">\n\t\t\t\t<div class=\"elementor-widget-container\">\n\t\t\t\t\t<h2 class=\"elementor-heading-title elementor-size-default\"><a href=\"https:\/\/www.acetaiamarchi.com\/fr\/les-gammes\/cremes\/\">Cr\u00e8mes<\/a><\/h2>\t\t\t\t<\/div>\n\t\t\t\t<\/div>\n\t\t\t\t<\/div>\n\t\t\t\t\t<\/div>\n\t\t\t\t<\/div>\n\t\t\t\t\t\t\t\t<\/div>\n\t\t\t\t\t\t\t\t\t\t\t<div class=\"swiper-slide\" data-slide=\"9\" role=\"group\" aria-roledescription=\"slide\" aria-label=\"9 of 11\">\n\t\t\t\t\t\t\t<div class=\"elementor-element elementor-element-bc95972 e-flex e-con-boxed wpr-particle-no wpr-jarallax-no wpr-parallax-no wpr-sticky-section-no wpr-equal-height-no e-con e-child\" data-id=\"bc95972\" data-element_type=\"container\" data-e-type=\"container\">\n\t\t\t\t\t<div class=\"e-con-inner\">\n\t\t<div class=\"elementor-element elementor-element-005728c e-con-full e-flex wpr-particle-no wpr-jarallax-no wpr-parallax-no wpr-sticky-section-no wpr-equal-height-no e-con e-child\" data-id=\"005728c\" data-element_type=\"container\" data-e-type=\"container\">\n\t\t\t\t<div class=\"elementor-element elementor-element-4a5599e elementor-widget elementor-widget-image\" data-id=\"4a5599e\" data-element_type=\"widget\" data-e-type=\"widget\" data-widget_type=\"image.default\">\n\t\t\t\t<div class=\"elementor-widget-container\">\n\t\t\t\t\t\t\t\t\t\t\t\t\t\t\t\t<a href=\"\/?product_cat=le-bio-agrodolci\">\n\t\t\t\t\t\t\t<img loading=\"lazy\" decoding=\"async\" width=\"800\" height=\"800\" src=\"https:\/\/www.acetaiamarchi.com\/wp-content\/uploads\/2025\/03\/Linea-confetture-e-salse-a-base-di-Aceto-Balsamico-di-Modena.jpg\" class=\"attachment-large size-large wp-image-354\" alt=\"linea confetture e salse a base di aceto balsamico di modena\" srcset=\"https:\/\/www.acetaiamarchi.com\/wp-content\/uploads\/2025\/03\/Linea-confetture-e-salse-a-base-di-Aceto-Balsamico-di-Modena.jpg 1000w, https:\/\/www.acetaiamarchi.com\/wp-content\/uploads\/2025\/03\/Linea-confetture-e-salse-a-base-di-Aceto-Balsamico-di-Modena-300x300.jpg 300w, https:\/\/www.acetaiamarchi.com\/wp-content\/uploads\/2025\/03\/Linea-confetture-e-salse-a-base-di-Aceto-Balsamico-di-Modena-100x100.jpg 100w, https:\/\/www.acetaiamarchi.com\/wp-content\/uploads\/2025\/03\/Linea-confetture-e-salse-a-base-di-Aceto-Balsamico-di-Modena-600x600.jpg 600w, https:\/\/www.acetaiamarchi.com\/wp-content\/uploads\/2025\/03\/Linea-confetture-e-salse-a-base-di-Aceto-Balsamico-di-Modena-150x150.jpg 150w, https:\/\/www.acetaiamarchi.com\/wp-content\/uploads\/2025\/03\/Linea-confetture-e-salse-a-base-di-Aceto-Balsamico-di-Modena-768x768.jpg 768w\" sizes=\"(max-width: 800px) 100vw, 800px\" \/>\t\t\t\t\t\t\t\t<\/a>\n\t\t\t\t\t\t\t\t\t\t\t\t\t\t\t<\/div>\n\t\t\t\t<\/div>\n\t\t\t\t<div class=\"elementor-element elementor-element-2f0c6ac elementor-widget elementor-widget-heading\" data-id=\"2f0c6ac\" data-element_type=\"widget\" data-e-type=\"widget\" data-widget_type=\"heading.default\">\n\t\t\t\t<div class=\"elementor-widget-container\">\n\t\t\t\t\t<h2 class=\"elementor-heading-title elementor-size-default\"><a href=\"\/?product_cat=le-bio-agrodolci\">Le Bio Agrodolci<\/a><\/h2>\t\t\t\t<\/div>\n\t\t\t\t<\/div>\n\t\t\t\t<\/div>\n\t\t\t\t\t<\/div>\n\t\t\t\t<\/div>\n\t\t\t\t\t\t\t\t<\/div>\n\t\t\t\t\t\t\t\t\t\t\t<div class=\"swiper-slide\" data-slide=\"10\" role=\"group\" aria-roledescription=\"slide\" aria-label=\"10 of 11\">\n\t\t\t\t\t\t\t<div class=\"elementor-element elementor-element-44b1aa4 e-flex e-con-boxed wpr-particle-no wpr-jarallax-no wpr-parallax-no wpr-sticky-section-no wpr-equal-height-no e-con e-child\" data-id=\"44b1aa4\" data-element_type=\"container\" data-e-type=\"container\">\n\t\t\t\t\t<div class=\"e-con-inner\">\n\t\t<div class=\"elementor-element elementor-element-3511c4b e-con-full e-flex wpr-particle-no wpr-jarallax-no wpr-parallax-no wpr-sticky-section-no wpr-equal-height-no e-con e-child\" data-id=\"3511c4b\" data-element_type=\"container\" data-e-type=\"container\">\n\t\t\t\t<div class=\"elementor-element elementor-element-4b3d7c7 elementor-widget elementor-widget-image\" data-id=\"4b3d7c7\" data-element_type=\"widget\" data-e-type=\"widget\" data-widget_type=\"image.default\">\n\t\t\t\t<div class=\"elementor-widget-container\">\n\t\t\t\t\t\t\t\t\t\t\t\t\t\t\t\t<a href=\"https:\/\/www.acetaiamarchi.com\/fr\/les-gammes\/perles\/\">\n\t\t\t\t\t\t\t<img loading=\"lazy\" decoding=\"async\" width=\"800\" height=\"800\" src=\"https:\/\/www.acetaiamarchi.com\/wp-content\/uploads\/2025\/03\/Perle.jpg\" class=\"attachment-large size-large wp-image-2630\" alt=\"perle acetaia marchi\" srcset=\"https:\/\/www.acetaiamarchi.com\/wp-content\/uploads\/2025\/03\/Perle.jpg 1000w, https:\/\/www.acetaiamarchi.com\/wp-content\/uploads\/2025\/03\/Perle-300x300.jpg 300w, https:\/\/www.acetaiamarchi.com\/wp-content\/uploads\/2025\/03\/Perle-100x100.jpg 100w, https:\/\/www.acetaiamarchi.com\/wp-content\/uploads\/2025\/03\/Perle-600x600.jpg 600w, https:\/\/www.acetaiamarchi.com\/wp-content\/uploads\/2025\/03\/Perle-150x150.jpg 150w, https:\/\/www.acetaiamarchi.com\/wp-content\/uploads\/2025\/03\/Perle-768x768.jpg 768w\" sizes=\"(max-width: 800px) 100vw, 800px\" \/>\t\t\t\t\t\t\t\t<\/a>\n\t\t\t\t\t\t\t\t\t\t\t\t\t\t\t<\/div>\n\t\t\t\t<\/div>\n\t\t\t\t<div class=\"elementor-element elementor-element-141680d elementor-widget elementor-widget-heading\" data-id=\"141680d\" data-element_type=\"widget\" data-e-type=\"widget\" data-widget_type=\"heading.default\">\n\t\t\t\t<div class=\"elementor-widget-container\">\n\t\t\t\t\t<h2 class=\"elementor-heading-title elementor-size-default\"><a href=\"https:\/\/www.acetaiamarchi.com\/fr\/les-gammes\/perles\/\">Perles<\/a><\/h2>\t\t\t\t<\/div>\n\t\t\t\t<\/div>\n\t\t\t\t<\/div>\n\t\t\t\t\t<\/div>\n\t\t\t\t<\/div>\n\t\t\t\t\t\t\t\t<\/div>\n\t\t\t\t\t\t\t\t\t\t\t<div class=\"swiper-slide\" data-slide=\"11\" role=\"group\" aria-roledescription=\"slide\" aria-label=\"11 of 11\">\n\t\t\t\t\t\t\t<div class=\"elementor-element elementor-element-59d2620 e-flex e-con-boxed wpr-particle-no wpr-jarallax-no wpr-parallax-no wpr-sticky-section-no wpr-equal-height-no e-con e-child\" data-id=\"59d2620\" data-element_type=\"container\" data-e-type=\"container\">\n\t\t\t\t\t<div class=\"e-con-inner\">\n\t\t<div class=\"elementor-element elementor-element-db8ab52 e-con-full e-flex wpr-particle-no wpr-jarallax-no wpr-parallax-no wpr-sticky-section-no wpr-equal-height-no e-con e-child\" data-id=\"db8ab52\" data-element_type=\"container\" data-e-type=\"container\">\n\t\t\t\t<div class=\"elementor-element elementor-element-ab1a4e5 elementor-widget elementor-widget-image\" data-id=\"ab1a4e5\" data-element_type=\"widget\" data-e-type=\"widget\" data-widget_type=\"image.default\">\n\t\t\t\t<div class=\"elementor-widget-container\">\n\t\t\t\t\t\t\t\t\t\t\t\t\t\t\t\t<a href=\"https:\/\/www.acetaiamarchi.com\/fr\/les-gammes\/coffrets-cadeaux\/\">\n\t\t\t\t\t\t\t<img loading=\"lazy\" decoding=\"async\" width=\"800\" height=\"800\" src=\"https:\/\/www.acetaiamarchi.com\/wp-content\/uploads\/2025\/03\/Confezione-regalo-Parmigiano-Reggiano-e-Aceto-Balsamico-Tradizionale-di-Modena-DOP-1024x1024.jpg\" class=\"attachment-large size-large wp-image-2565\" alt=\"Confezione regalo Aceto Balsamico Tradizionale di Modena DOP e Parmigiano Reggiano\" srcset=\"https:\/\/www.acetaiamarchi.com\/wp-content\/uploads\/2025\/03\/Confezione-regalo-Parmigiano-Reggiano-e-Aceto-Balsamico-Tradizionale-di-Modena-DOP-1024x1024.jpg 1024w, https:\/\/www.acetaiamarchi.com\/wp-content\/uploads\/2025\/03\/Confezione-regalo-Parmigiano-Reggiano-e-Aceto-Balsamico-Tradizionale-di-Modena-DOP-300x300.jpg 300w, https:\/\/www.acetaiamarchi.com\/wp-content\/uploads\/2025\/03\/Confezione-regalo-Parmigiano-Reggiano-e-Aceto-Balsamico-Tradizionale-di-Modena-DOP-100x100.jpg 100w, https:\/\/www.acetaiamarchi.com\/wp-content\/uploads\/2025\/03\/Confezione-regalo-Parmigiano-Reggiano-e-Aceto-Balsamico-Tradizionale-di-Modena-DOP-600x600.jpg 600w, https:\/\/www.acetaiamarchi.com\/wp-content\/uploads\/2025\/03\/Confezione-regalo-Parmigiano-Reggiano-e-Aceto-Balsamico-Tradizionale-di-Modena-DOP-150x150.jpg 150w, https:\/\/www.acetaiamarchi.com\/wp-content\/uploads\/2025\/03\/Confezione-regalo-Parmigiano-Reggiano-e-Aceto-Balsamico-Tradizionale-di-Modena-DOP-768x768.jpg 768w, https:\/\/www.acetaiamarchi.com\/wp-content\/uploads\/2025\/03\/Confezione-regalo-Parmigiano-Reggiano-e-Aceto-Balsamico-Tradizionale-di-Modena-DOP-1536x1536.jpg 1536w, https:\/\/www.acetaiamarchi.com\/wp-content\/uploads\/2025\/03\/Confezione-regalo-Parmigiano-Reggiano-e-Aceto-Balsamico-Tradizionale-di-Modena-DOP.jpg 1600w\" sizes=\"(max-width: 800px) 100vw, 800px\" \/>\t\t\t\t\t\t\t\t<\/a>\n\t\t\t\t\t\t\t\t\t\t\t\t\t\t\t<\/div>\n\t\t\t\t<\/div>\n\t\t\t\t<div class=\"elementor-element elementor-element-3809249 elementor-widget elementor-widget-heading\" data-id=\"3809249\" data-element_type=\"widget\" data-e-type=\"widget\" data-widget_type=\"heading.default\">\n\t\t\t\t<div class=\"elementor-widget-container\">\n\t\t\t\t\t<h2 class=\"elementor-heading-title elementor-size-default\"><a href=\"https:\/\/www.acetaiamarchi.com\/fr\/les-gammes\/coffrets-cadeaux\/\">Emballage cadeau<\/a><\/h2>\t\t\t\t<\/div>\n\t\t\t\t<\/div>\n\t\t\t\t<\/div>\n\t\t\t\t\t<\/div>\n\t\t\t\t<\/div>\n\t\t\t\t\t\t\t\t<\/div>\n\t\t\t\t\t\t\t\t<\/div>\n\t\t<\/div>\n\t\t\t\t\t<div class=\"elementor-swiper-button elementor-swiper-button-prev\" role=\"button\" tabindex=\"0\" aria-label=\"Previous\">\n\t\t\t\t<svg aria-hidden=\"true\" class=\"e-font-icon-svg e-eicon-chevron-left\" viewBox=\"0 0 1000 1000\" xmlns=\"http:\/\/www.w3.org\/2000\/svg\"><path d=\"M646 125C629 125 613 133 604 142L308 442C296 454 292 471 292 487 292 504 296 521 308 533L604 854C617 867 629 875 646 875 663 875 679 871 692 858 704 846 713 829 713 812 713 796 708 779 692 767L438 487 692 225C700 217 708 204 708 187 708 171 704 154 692 142 675 129 663 125 646 125Z\"><\/path><\/svg>\t\t\t<\/div>\n\t\t\t<div class=\"elementor-swiper-button elementor-swiper-button-next\" role=\"button\" tabindex=\"0\" aria-label=\"Next\">\n\t\t\t\t<svg aria-hidden=\"true\" class=\"e-font-icon-svg e-eicon-chevron-right\" viewBox=\"0 0 1000 1000\" xmlns=\"http:\/\/www.w3.org\/2000\/svg\"><path d=\"M696 533C708 521 713 504 713 487 713 471 708 454 696 446L400 146C388 133 375 125 354 125 338 125 325 129 313 142 300 154 292 171 292 187 292 204 296 221 308 233L563 492 304 771C292 783 288 800 288 817 288 833 296 850 308 863 321 871 338 875 354 875 371 875 388 867 400 854L696 533Z\"><\/path><\/svg>\t\t\t<\/div>\n\t\t\t\t\t\t<\/div>\n\t\t\t\t<\/div>\n\t\t\t\t<\/div>\n\t\t\t\t<\/div>\n\t\t\t\t\t<\/div>\n\t\t\t\t<\/div>\n\t\t\t\t<\/div>\n\t\t","protected":false},"excerpt":{"rendered":"<p>Nos exp\u00e9riences dans les vinaigreries Toutes les exp\u00e9riences https:\/\/www.acetaiamarchi.com\/wp-content\/uploads\/2025\/03\/2522-5067-41bd-aaa4-9e1788ebbbac.webm CLASSIQUE \u20ac 18,00 une personne Aller \u00e0 la visite Dur\u00e9e : 1 heure Prix de la visite avec d\u00e9gustation de vinaigre balsamique de Mod\u00e8ne IGP et de vinaigre balsamique traditionnel de Mod\u00e8ne AOP : \u00e0 partir de 2 personnes : \u20ac 18.00 chacun. Du lundi au vendredi , les visites guid\u00e9es commencent \u00e0 l&rsquo;heure pr\u00e9vue. Samedi (uniquement dans la p\u00e9riode du 01\/04 au 31\/10) En fonction des r\u00e9servations effectu\u00e9es, les visites peuvent se d\u00e9rouler en deux langues :9 H 45 : allemand ; italien10H30 : ANGLAIS anglais ; fran\u00e7ais La ponctualit\u00e9 est appr\u00e9ci\u00e9e. PRESTIGE \u20ac 25,00 une personne Aller \u00e0 la visite Dur\u00e9e : 1,5 heure Prix de la visite avec d\u00e9gustation de vinaigre balsamique de Mod\u00e8ne IGP et de vinaigre balsamique traditionnel de Mod\u00e8ne AOP et d&rsquo;autres produits typiques de Mod\u00e8ne : \u00e0 partir de 2 personnes : \u20ac 25.00 par personne. Du lundi au vendrediFRAN\u00c7AIS : 9:30 ;ANGLAIS : 16:00 Contactez-nous sur tours@acetaiamarchi.comou appelez-nous :+39 059 4822139 ou +39 328 2283193 La ponctualit\u00e9 est appr\u00e9ci\u00e9e. EXP\u00c9RIENCES POUR LES GROUPES Contactez-nous pour conna\u00eetre les disponibilit\u00e9s et obtenir un devis personnalis\u00e9 Aller \u00e0 la visite Acetaia Marchi vous attend Un voyage sensoriel \u00e0 la d\u00e9couverte de nos produits. Gr\u00e2ce \u00e0 nos visites guid\u00e9es, en effet, vous pourrez vivre une exp\u00e9rience inoubliable \u00e0 l&rsquo;int\u00e9rieur des espaces o\u00f9 est pr\u00e9par\u00e9 un produit embl\u00e9matique de Mod\u00e8ne. De la promenade relaxante dans le vignoble, si le temps le permet, aux salles o\u00f9 se d\u00e9roule le vieillissement du vinaigre balsamique, laissez-vous emporter par notre tradition s\u00e9culaire. A deux pas de Mod\u00e8ne, notre vinaigrerie est tr\u00e8s facile d&rsquo;acc\u00e8s, m\u00eame \u00e0 v\u00e9lo. En outre, nous disposons d&rsquo;un vaste parking pour les bus et les camping-cars \u00e0 l&rsquo;int\u00e9rieur de notre \u00e9tablissement, ainsi que de stations de recharge pratiques pour les voitures \u00e9lectriques. Alors, qu&rsquo;attendez-vous ? Nos lignes Le traditionnel 4774 -Moutons de nos vignobles Les scell\u00e9s Les classiques Zeus Bio Condiments balsamiques Cr\u00e8mes Le Bio Agrodolci Perles Emballage cadeau Le traditionnel 4774 -Moutons de nos vignobles Les scell\u00e9s Les classiques Zeus Bio Condiments balsamiques Cr\u00e8mes Le Bio Agrodolci Perles Emballage cadeau<\/p>\n","protected":false},"author":3,"featured_media":6353,"parent":0,"menu_order":0,"comment_status":"closed","ping_status":"closed","template":"elementor_header_footer","meta":{"footnotes":""},"class_list":["post-4988","page","type-page","status-publish","has-post-thumbnail","hentry"],"yoast_head":"<!-- This site is optimized with the Yoast SEO plugin v27.4 - https:\/\/yoast.com\/product\/yoast-seo-wordpress\/ -->\n<title>Exp\u00e9riences - Acetaia Marchi Modena<\/title>\n<meta name=\"description\" content=\"Visite de l&#039;Acetaia \u00e0 Mod\u00e8ne. Un voyage sensoriel \u00e0 la d\u00e9couverte de nos produits. A deux pas de Mod\u00e8ne\" \/>\n<meta name=\"robots\" content=\"index, follow, max-snippet:-1, max-image-preview:large, max-video-preview:-1\" \/>\n<link rel=\"canonical\" href=\"https:\/\/www.acetaiamarchi.com\/fr\/experiences\/\" \/>\n<meta property=\"og:locale\" content=\"fr_FR\" \/>\n<meta property=\"og:type\" content=\"article\" \/>\n<meta property=\"og:title\" content=\"Exp\u00e9riences - Acetaia Marchi Modena\" \/>\n<meta property=\"og:description\" content=\"Visite de l&#039;Acetaia \u00e0 Mod\u00e8ne. Un voyage sensoriel \u00e0 la d\u00e9couverte de nos produits. A deux pas de Mod\u00e8ne\" \/>\n<meta property=\"og:url\" content=\"https:\/\/www.acetaiamarchi.com\/fr\/experiences\/\" \/>\n<meta property=\"og:site_name\" content=\"Acetaia Marchi\" \/>\n<meta property=\"article:modified_time\" content=\"2026-03-30T16:03:33+00:00\" \/>\n<meta property=\"og:image\" content=\"https:\/\/www.acetaiamarchi.com\/wp-content\/uploads\/2025\/02\/psx_20240305_150414.jpg\" \/>\n\t<meta property=\"og:image:width\" content=\"1920\" \/>\n\t<meta property=\"og:image:height\" content=\"1246\" \/>\n\t<meta property=\"og:image:type\" content=\"image\/jpeg\" \/>\n<meta name=\"twitter:card\" content=\"summary_large_image\" \/>\n<meta name=\"twitter:label1\" content=\"Dur\u00e9e de lecture estim\u00e9e\" \/>\n\t<meta name=\"twitter:data1\" content=\"7 minutes\" \/>\n<script type=\"application\/ld+json\" class=\"yoast-schema-graph\">{\"@context\":\"https:\\\/\\\/schema.org\",\"@graph\":[{\"@type\":\"WebPage\",\"@id\":\"https:\\\/\\\/www.acetaiamarchi.com\\\/fr\\\/experiences\\\/\",\"url\":\"https:\\\/\\\/www.acetaiamarchi.com\\\/fr\\\/experiences\\\/\",\"name\":\"Exp\u00e9riences - Acetaia Marchi Modena\",\"isPartOf\":{\"@id\":\"https:\\\/\\\/www.acetaiamarchi.com\\\/fr\\\/#website\"},\"primaryImageOfPage\":{\"@id\":\"https:\\\/\\\/www.acetaiamarchi.com\\\/fr\\\/experiences\\\/#primaryimage\"},\"image\":{\"@id\":\"https:\\\/\\\/www.acetaiamarchi.com\\\/fr\\\/experiences\\\/#primaryimage\"},\"thumbnailUrl\":\"https:\\\/\\\/www.acetaiamarchi.com\\\/wp-content\\\/uploads\\\/2025\\\/02\\\/psx_20240305_150414.jpg\",\"datePublished\":\"2025-02-24T11:14:40+00:00\",\"dateModified\":\"2026-03-30T16:03:33+00:00\",\"description\":\"Visite de l'Acetaia \u00e0 Mod\u00e8ne. Un voyage sensoriel \u00e0 la d\u00e9couverte de nos produits. A deux pas de Mod\u00e8ne\",\"breadcrumb\":{\"@id\":\"https:\\\/\\\/www.acetaiamarchi.com\\\/fr\\\/experiences\\\/#breadcrumb\"},\"inLanguage\":\"fr-FR\",\"potentialAction\":[{\"@type\":\"ReadAction\",\"target\":[\"https:\\\/\\\/www.acetaiamarchi.com\\\/fr\\\/experiences\\\/\"]}]},{\"@type\":\"ImageObject\",\"inLanguage\":\"fr-FR\",\"@id\":\"https:\\\/\\\/www.acetaiamarchi.com\\\/fr\\\/experiences\\\/#primaryimage\",\"url\":\"https:\\\/\\\/www.acetaiamarchi.com\\\/wp-content\\\/uploads\\\/2025\\\/02\\\/psx_20240305_150414.jpg\",\"contentUrl\":\"https:\\\/\\\/www.acetaiamarchi.com\\\/wp-content\\\/uploads\\\/2025\\\/02\\\/psx_20240305_150414.jpg\",\"width\":1920,\"height\":1246},{\"@type\":\"BreadcrumbList\",\"@id\":\"https:\\\/\\\/www.acetaiamarchi.com\\\/fr\\\/experiences\\\/#breadcrumb\",\"itemListElement\":[{\"@type\":\"ListItem\",\"position\":1,\"name\":\"Home\",\"item\":\"https:\\\/\\\/www.acetaiamarchi.com\\\/fr\\\/\"},{\"@type\":\"ListItem\",\"position\":2,\"name\":\"Exp\u00e9riences\"}]},{\"@type\":\"WebSite\",\"@id\":\"https:\\\/\\\/www.acetaiamarchi.com\\\/fr\\\/#website\",\"url\":\"https:\\\/\\\/www.acetaiamarchi.com\\\/fr\\\/\",\"name\":\"Acetaia Marchi Srl\",\"description\":\"\",\"publisher\":{\"@id\":\"https:\\\/\\\/www.acetaiamarchi.com\\\/fr\\\/#organization\"},\"potentialAction\":[{\"@type\":\"SearchAction\",\"target\":{\"@type\":\"EntryPoint\",\"urlTemplate\":\"https:\\\/\\\/www.acetaiamarchi.com\\\/fr\\\/?s={search_term_string}\"},\"query-input\":{\"@type\":\"PropertyValueSpecification\",\"valueRequired\":true,\"valueName\":\"search_term_string\"}}],\"inLanguage\":\"fr-FR\"},{\"@type\":\"Organization\",\"@id\":\"https:\\\/\\\/www.acetaiamarchi.com\\\/fr\\\/#organization\",\"name\":\"Acetaia Marchi Srl\",\"url\":\"https:\\\/\\\/www.acetaiamarchi.com\\\/fr\\\/\",\"logo\":{\"@type\":\"ImageObject\",\"inLanguage\":\"fr-FR\",\"@id\":\"https:\\\/\\\/www.acetaiamarchi.com\\\/fr\\\/#\\\/schema\\\/logo\\\/image\\\/\",\"url\":\"https:\\\/\\\/acetaiamarchi.com\\\/wp-content\\\/uploads\\\/2025\\\/03\\\/Acetaia-Marchi-Srl-Logo.png\",\"contentUrl\":\"https:\\\/\\\/acetaiamarchi.com\\\/wp-content\\\/uploads\\\/2025\\\/03\\\/Acetaia-Marchi-Srl-Logo.png\",\"width\":2000,\"height\":2000,\"caption\":\"Acetaia Marchi Srl\"},\"image\":{\"@id\":\"https:\\\/\\\/www.acetaiamarchi.com\\\/fr\\\/#\\\/schema\\\/logo\\\/image\\\/\"}}]}<\/script>\n<!-- \/ Yoast SEO plugin. -->","yoast_head_json":{"title":"Exp\u00e9riences - Acetaia Marchi Modena","description":"Visite de l'Acetaia \u00e0 Mod\u00e8ne. Un voyage sensoriel \u00e0 la d\u00e9couverte de nos produits. A deux pas de Mod\u00e8ne","robots":{"index":"index","follow":"follow","max-snippet":"max-snippet:-1","max-image-preview":"max-image-preview:large","max-video-preview":"max-video-preview:-1"},"canonical":"https:\/\/www.acetaiamarchi.com\/fr\/experiences\/","og_locale":"fr_FR","og_type":"article","og_title":"Exp\u00e9riences - Acetaia Marchi Modena","og_description":"Visite de l'Acetaia \u00e0 Mod\u00e8ne. Un voyage sensoriel \u00e0 la d\u00e9couverte de nos produits. A deux pas de Mod\u00e8ne","og_url":"https:\/\/www.acetaiamarchi.com\/fr\/experiences\/","og_site_name":"Acetaia Marchi","article_modified_time":"2026-03-30T16:03:33+00:00","og_image":[{"width":1920,"height":1246,"url":"https:\/\/www.acetaiamarchi.com\/wp-content\/uploads\/2025\/02\/psx_20240305_150414.jpg","type":"image\/jpeg"}],"twitter_card":"summary_large_image","twitter_misc":{"Dur\u00e9e de lecture estim\u00e9e":"7 minutes"},"schema":{"@context":"https:\/\/schema.org","@graph":[{"@type":"WebPage","@id":"https:\/\/www.acetaiamarchi.com\/fr\/experiences\/","url":"https:\/\/www.acetaiamarchi.com\/fr\/experiences\/","name":"Exp\u00e9riences - Acetaia Marchi Modena","isPartOf":{"@id":"https:\/\/www.acetaiamarchi.com\/fr\/#website"},"primaryImageOfPage":{"@id":"https:\/\/www.acetaiamarchi.com\/fr\/experiences\/#primaryimage"},"image":{"@id":"https:\/\/www.acetaiamarchi.com\/fr\/experiences\/#primaryimage"},"thumbnailUrl":"https:\/\/www.acetaiamarchi.com\/wp-content\/uploads\/2025\/02\/psx_20240305_150414.jpg","datePublished":"2025-02-24T11:14:40+00:00","dateModified":"2026-03-30T16:03:33+00:00","description":"Visite de l'Acetaia \u00e0 Mod\u00e8ne. Un voyage sensoriel \u00e0 la d\u00e9couverte de nos produits. A deux pas de Mod\u00e8ne","breadcrumb":{"@id":"https:\/\/www.acetaiamarchi.com\/fr\/experiences\/#breadcrumb"},"inLanguage":"fr-FR","potentialAction":[{"@type":"ReadAction","target":["https:\/\/www.acetaiamarchi.com\/fr\/experiences\/"]}]},{"@type":"ImageObject","inLanguage":"fr-FR","@id":"https:\/\/www.acetaiamarchi.com\/fr\/experiences\/#primaryimage","url":"https:\/\/www.acetaiamarchi.com\/wp-content\/uploads\/2025\/02\/psx_20240305_150414.jpg","contentUrl":"https:\/\/www.acetaiamarchi.com\/wp-content\/uploads\/2025\/02\/psx_20240305_150414.jpg","width":1920,"height":1246},{"@type":"BreadcrumbList","@id":"https:\/\/www.acetaiamarchi.com\/fr\/experiences\/#breadcrumb","itemListElement":[{"@type":"ListItem","position":1,"name":"Home","item":"https:\/\/www.acetaiamarchi.com\/fr\/"},{"@type":"ListItem","position":2,"name":"Exp\u00e9riences"}]},{"@type":"WebSite","@id":"https:\/\/www.acetaiamarchi.com\/fr\/#website","url":"https:\/\/www.acetaiamarchi.com\/fr\/","name":"Acetaia Marchi Srl","description":"","publisher":{"@id":"https:\/\/www.acetaiamarchi.com\/fr\/#organization"},"potentialAction":[{"@type":"SearchAction","target":{"@type":"EntryPoint","urlTemplate":"https:\/\/www.acetaiamarchi.com\/fr\/?s={search_term_string}"},"query-input":{"@type":"PropertyValueSpecification","valueRequired":true,"valueName":"search_term_string"}}],"inLanguage":"fr-FR"},{"@type":"Organization","@id":"https:\/\/www.acetaiamarchi.com\/fr\/#organization","name":"Acetaia Marchi Srl","url":"https:\/\/www.acetaiamarchi.com\/fr\/","logo":{"@type":"ImageObject","inLanguage":"fr-FR","@id":"https:\/\/www.acetaiamarchi.com\/fr\/#\/schema\/logo\/image\/","url":"https:\/\/acetaiamarchi.com\/wp-content\/uploads\/2025\/03\/Acetaia-Marchi-Srl-Logo.png","contentUrl":"https:\/\/acetaiamarchi.com\/wp-content\/uploads\/2025\/03\/Acetaia-Marchi-Srl-Logo.png","width":2000,"height":2000,"caption":"Acetaia Marchi Srl"},"image":{"@id":"https:\/\/www.acetaiamarchi.com\/fr\/#\/schema\/logo\/image\/"}}]}},"_links":{"self":[{"href":"https:\/\/www.acetaiamarchi.com\/fr\/wp-json\/wp\/v2\/pages\/4988","targetHints":{"allow":["GET"]}}],"collection":[{"href":"https:\/\/www.acetaiamarchi.com\/fr\/wp-json\/wp\/v2\/pages"}],"about":[{"href":"https:\/\/www.acetaiamarchi.com\/fr\/wp-json\/wp\/v2\/types\/page"}],"author":[{"embeddable":true,"href":"https:\/\/www.acetaiamarchi.com\/fr\/wp-json\/wp\/v2\/users\/3"}],"replies":[{"embeddable":true,"href":"https:\/\/www.acetaiamarchi.com\/fr\/wp-json\/wp\/v2\/comments?post=4988"}],"version-history":[{"count":24,"href":"https:\/\/www.acetaiamarchi.com\/fr\/wp-json\/wp\/v2\/pages\/4988\/revisions"}],"predecessor-version":[{"id":14921,"href":"https:\/\/www.acetaiamarchi.com\/fr\/wp-json\/wp\/v2\/pages\/4988\/revisions\/14921"}],"wp:featuredmedia":[{"embeddable":true,"href":"https:\/\/www.acetaiamarchi.com\/fr\/wp-json\/wp\/v2\/media\/6353"}],"wp:attachment":[{"href":"https:\/\/www.acetaiamarchi.com\/fr\/wp-json\/wp\/v2\/media?parent=4988"}],"curies":[{"name":"wp","href":"https:\/\/api.w.org\/{rel}","templated":true}]}}