{"id":4961,"date":"2025-04-03T17:11:00","date_gmt":"2025-04-03T15:11:00","guid":{"rendered":"https:\/\/www.acetaiamarchi.com\/legumes-rotis-glaces-au-vinaigre-balsamique-et-capa-santa-poelee\/"},"modified":"2025-11-18T14:02:27","modified_gmt":"2025-11-18T13:02:27","slug":"legumes-rotis-glaces-au-vinaigre-balsamique-et-capa-santa-poelee","status":"publish","type":"page","link":"https:\/\/www.acetaiamarchi.com\/fr\/recettes\/legumes-rotis-glaces-au-vinaigre-balsamique-et-capa-santa-poelee\/","title":{"rendered":"L\u00e9gumes r\u00f4tis glac\u00e9s au vinaigre balsamique et capa santa po\u00eal\u00e9e"},"content":{"rendered":"\t\t<div data-elementor-type=\"wp-page\" data-elementor-id=\"4961\" class=\"elementor elementor-4961 elementor-3370\" data-elementor-post-type=\"page\">\n\t\t\t\t<div class=\"elementor-element elementor-element-318e6ae7 e-flex e-con-boxed wpr-particle-no wpr-jarallax-no wpr-parallax-no wpr-sticky-section-no wpr-equal-height-no e-con e-parent\" data-id=\"318e6ae7\" data-element_type=\"container\" data-e-type=\"container\">\n\t\t\t\t\t<div class=\"e-con-inner\">\n\t\t\t\t<div class=\"elementor-element elementor-element-67aa2495 elementor-widget elementor-widget-spacer\" data-id=\"67aa2495\" data-element_type=\"widget\" data-e-type=\"widget\" data-widget_type=\"spacer.default\">\n\t\t\t\t<div class=\"elementor-widget-container\">\n\t\t\t\t\t\t\t<div class=\"elementor-spacer\">\n\t\t\t<div class=\"elementor-spacer-inner\"><\/div>\n\t\t<\/div>\n\t\t\t\t\t\t<\/div>\n\t\t\t\t<\/div>\n\t\t\t\t\t<\/div>\n\t\t\t\t<\/div>\n\t\t<div class=\"elementor-element elementor-element-17bb675d elementor-hidden-desktop e-flex e-con-boxed wpr-particle-no wpr-jarallax-no wpr-parallax-no wpr-sticky-section-no wpr-equal-height-no e-con e-parent\" data-id=\"17bb675d\" data-element_type=\"container\" data-e-type=\"container\">\n\t\t\t\t\t<div class=\"e-con-inner\">\n\t\t<div class=\"elementor-element elementor-element-2d87378 e-con-full e-grid elementor-hidden-desktop wpr-particle-no wpr-jarallax-no wpr-parallax-no wpr-sticky-section-no wpr-equal-height-no e-con e-child\" data-id=\"2d87378\" data-element_type=\"container\" data-e-type=\"container\">\n\t\t\t\t<div class=\"elementor-element elementor-element-7f83c153 elementor-widget elementor-widget-breadcrumbs\" data-id=\"7f83c153\" data-element_type=\"widget\" data-e-type=\"widget\" data-widget_type=\"breadcrumbs.default\">\n\t\t\t\t<div class=\"elementor-widget-container\">\n\t\t\t\t\t<p id=\"breadcrumbs\"><span><span><a href=\"https:\/\/www.acetaiamarchi.com\/fr\/\">Home<\/a><\/span><\/span><\/p>\t\t\t\t<\/div>\n\t\t\t\t<\/div>\n\t\t\t\t<div class=\"elementor-element elementor-element-5058483c elementor-widget elementor-widget-theme-post-featured-image elementor-widget-image\" data-id=\"5058483c\" data-element_type=\"widget\" data-e-type=\"widget\" data-widget_type=\"theme-post-featured-image.default\">\n\t\t\t\t<div class=\"elementor-widget-container\">\n\t\t\t\t\t\t\t\t\t\t\t\t\t\t\t<img fetchpriority=\"high\" decoding=\"async\" width=\"800\" height=\"516\" src=\"https:\/\/www.acetaiamarchi.com\/wp-content\/uploads\/2021\/04\/acetaia-marchi-ricette-con-aceto-balsamico-di-modena-secondi-piatti-contorni-verdure-con-capasanta-1024x660.jpg\" class=\"attachment-large size-large wp-image-5997\" alt=\"\" srcset=\"https:\/\/www.acetaiamarchi.com\/wp-content\/uploads\/2021\/04\/acetaia-marchi-ricette-con-aceto-balsamico-di-modena-secondi-piatti-contorni-verdure-con-capasanta-1024x660.jpg 1024w, https:\/\/www.acetaiamarchi.com\/wp-content\/uploads\/2021\/04\/acetaia-marchi-ricette-con-aceto-balsamico-di-modena-secondi-piatti-contorni-verdure-con-capasanta-300x193.jpg 300w, https:\/\/www.acetaiamarchi.com\/wp-content\/uploads\/2021\/04\/acetaia-marchi-ricette-con-aceto-balsamico-di-modena-secondi-piatti-contorni-verdure-con-capasanta-768x495.jpg 768w, https:\/\/www.acetaiamarchi.com\/wp-content\/uploads\/2021\/04\/acetaia-marchi-ricette-con-aceto-balsamico-di-modena-secondi-piatti-contorni-verdure-con-capasanta-600x387.jpg 600w, https:\/\/www.acetaiamarchi.com\/wp-content\/uploads\/2021\/04\/acetaia-marchi-ricette-con-aceto-balsamico-di-modena-secondi-piatti-contorni-verdure-con-capasanta.jpg 1200w\" sizes=\"(max-width: 800px) 100vw, 800px\" \/>\t\t\t\t\t\t\t\t\t\t\t\t\t\t\t<\/div>\n\t\t\t\t<\/div>\n\t\t\t\t<div class=\"elementor-element elementor-element-39c0e1aa elementor-widget elementor-widget-heading\" data-id=\"39c0e1aa\" data-element_type=\"widget\" data-e-type=\"widget\" data-widget_type=\"heading.default\">\n\t\t\t\t<div class=\"elementor-widget-container\">\n\t\t\t\t\t<h4 class=\"elementor-heading-title elementor-size-default\">Ingredienti:<\/h4>\t\t\t\t<\/div>\n\t\t\t\t<\/div>\n\t\t\t\t<div class=\"elementor-element elementor-element-6549ec68 elementor-widget elementor-widget-text-editor\" data-id=\"6549ec68\" data-element_type=\"widget\" data-e-type=\"widget\" data-widget_type=\"text-editor.default\">\n\t\t\t\t<div class=\"elementor-widget-container\">\n\t\t\t\t\t\t\t\t\t<ul><li>6 carote piccole tagliate in lunghezza<\/li><li>8 zucchini piccoli con l\u2019fiore (preferibilmente)<\/li><li>10 pomodorini<\/li><li>4 cappesante fresche<\/li><li>Olio evo Marchi<\/li><li>Sale<\/li><li>4 cucchiai di condimento balsamico \u201cDelicato\u201d<\/li><li>Pepe<\/li><\/ul>\t\t\t\t\t\t\t\t<\/div>\n\t\t\t\t<\/div>\n\t\t\t\t<\/div>\n\t\t\t\t\t<\/div>\n\t\t\t\t<\/div>\n\t\t<div class=\"elementor-element elementor-element-6ad735cc elementor-hidden-tablet elementor-hidden-mobile e-flex e-con-boxed wpr-particle-no wpr-jarallax-no wpr-parallax-no wpr-sticky-section-no wpr-equal-height-no e-con e-parent\" data-id=\"6ad735cc\" data-element_type=\"container\" data-e-type=\"container\">\n\t\t\t\t\t<div class=\"e-con-inner\">\n\t\t<div class=\"elementor-element elementor-element-4cee0db7 e-grid e-con-boxed wpr-particle-no wpr-jarallax-no wpr-parallax-no wpr-sticky-section-no wpr-equal-height-no e-con e-child\" data-id=\"4cee0db7\" data-element_type=\"container\" data-e-type=\"container\">\n\t\t\t\t\t<div class=\"e-con-inner\">\n\t\t\t\t<div class=\"elementor-element elementor-element-14723df0 elementor-widget elementor-widget-theme-post-featured-image elementor-widget-image\" data-id=\"14723df0\" data-element_type=\"widget\" data-e-type=\"widget\" data-widget_type=\"theme-post-featured-image.default\">\n\t\t\t\t<div class=\"elementor-widget-container\">\n\t\t\t\t\t\t\t\t\t\t\t\t\t\t\t<img fetchpriority=\"high\" decoding=\"async\" width=\"800\" height=\"516\" src=\"https:\/\/www.acetaiamarchi.com\/wp-content\/uploads\/2021\/04\/acetaia-marchi-ricette-con-aceto-balsamico-di-modena-secondi-piatti-contorni-verdure-con-capasanta-1024x660.jpg\" class=\"attachment-large size-large wp-image-5997\" alt=\"\" srcset=\"https:\/\/www.acetaiamarchi.com\/wp-content\/uploads\/2021\/04\/acetaia-marchi-ricette-con-aceto-balsamico-di-modena-secondi-piatti-contorni-verdure-con-capasanta-1024x660.jpg 1024w, https:\/\/www.acetaiamarchi.com\/wp-content\/uploads\/2021\/04\/acetaia-marchi-ricette-con-aceto-balsamico-di-modena-secondi-piatti-contorni-verdure-con-capasanta-300x193.jpg 300w, https:\/\/www.acetaiamarchi.com\/wp-content\/uploads\/2021\/04\/acetaia-marchi-ricette-con-aceto-balsamico-di-modena-secondi-piatti-contorni-verdure-con-capasanta-768x495.jpg 768w, https:\/\/www.acetaiamarchi.com\/wp-content\/uploads\/2021\/04\/acetaia-marchi-ricette-con-aceto-balsamico-di-modena-secondi-piatti-contorni-verdure-con-capasanta-600x387.jpg 600w, https:\/\/www.acetaiamarchi.com\/wp-content\/uploads\/2021\/04\/acetaia-marchi-ricette-con-aceto-balsamico-di-modena-secondi-piatti-contorni-verdure-con-capasanta.jpg 1200w\" sizes=\"(max-width: 800px) 100vw, 800px\" \/>\t\t\t\t\t\t\t\t\t\t\t\t\t\t\t<\/div>\n\t\t\t\t<\/div>\n\t\t<div class=\"elementor-element elementor-element-32776944 e-con-full e-flex wpr-particle-no wpr-jarallax-no wpr-parallax-no wpr-sticky-section-no wpr-equal-height-no e-con e-child\" data-id=\"32776944\" data-element_type=\"container\" data-e-type=\"container\">\n\t\t\t\t<div class=\"elementor-element elementor-element-198af713 elementor-align-left elementor-widget elementor-widget-breadcrumbs\" data-id=\"198af713\" data-element_type=\"widget\" data-e-type=\"widget\" data-widget_type=\"breadcrumbs.default\">\n\t\t\t\t<div class=\"elementor-widget-container\">\n\t\t\t\t\t<p id=\"breadcrumbs\"><span><span><a href=\"https:\/\/www.acetaiamarchi.com\/fr\/\">Home<\/a><\/span><\/span><\/p>\t\t\t\t<\/div>\n\t\t\t\t<\/div>\n\t\t\t\t<div class=\"elementor-element elementor-element-143ba5bb elementor-widget elementor-widget-heading\" data-id=\"143ba5bb\" data-element_type=\"widget\" data-e-type=\"widget\" data-widget_type=\"heading.default\">\n\t\t\t\t<div class=\"elementor-widget-container\">\n\t\t\t\t\t<h4 class=\"elementor-heading-title elementor-size-default\">Ingredienti:<\/h4>\t\t\t\t<\/div>\n\t\t\t\t<\/div>\n\t\t\t\t<div class=\"elementor-element elementor-element-7b9adda7 elementor-widget elementor-widget-text-editor\" data-id=\"7b9adda7\" data-element_type=\"widget\" data-e-type=\"widget\" data-widget_type=\"text-editor.default\">\n\t\t\t\t<div class=\"elementor-widget-container\">\n\t\t\t\t\t\t\t\t\t<ul><li>6 carote piccole tagliate in lunghezza<\/li><li>8 zucchini piccoli con l\u2019fiore (preferibilmente)<\/li><li>10 pomodorini<\/li><li>4 cappesante fresche<\/li><li>Olio evo Marchi<\/li><li>Sale<\/li><li>4 cucchiai di condimento balsamico \u201cDelicato\u201d<\/li><li>Pepe<\/li><\/ul>\t\t\t\t\t\t\t\t<\/div>\n\t\t\t\t<\/div>\n\t\t\t\t<\/div>\n\t\t\t\t\t<\/div>\n\t\t\t\t<\/div>\n\t\t\t\t\t<\/div>\n\t\t\t\t<\/div>\n\t\t<div class=\"elementor-element elementor-element-6e9f3c22 e-flex e-con-boxed wpr-particle-no wpr-jarallax-no wpr-parallax-no wpr-sticky-section-no wpr-equal-height-no e-con e-parent\" data-id=\"6e9f3c22\" data-element_type=\"container\" data-e-type=\"container\" data-settings=\"{&quot;background_background&quot;:&quot;classic&quot;}\">\n\t\t\t\t\t<div class=\"e-con-inner\">\n\t\t<div class=\"elementor-element elementor-element-4cc7ce56 e-con-full e-flex wpr-particle-no wpr-jarallax-no wpr-parallax-no wpr-sticky-section-no wpr-equal-height-no e-con e-child\" data-id=\"4cc7ce56\" data-element_type=\"container\" data-e-type=\"container\">\n\t\t\t\t<div class=\"elementor-element elementor-element-539af05f elementor-widget elementor-widget-heading\" data-id=\"539af05f\" data-element_type=\"widget\" data-e-type=\"widget\" data-widget_type=\"heading.default\">\n\t\t\t\t<div class=\"elementor-widget-container\">\n\t\t\t\t\t<h2 class=\"elementor-heading-title elementor-size-default\">Preparazione<\/h2>\t\t\t\t<\/div>\n\t\t\t\t<\/div>\n\t\t\t\t<div class=\"elementor-element elementor-element-723eeeba elementor-widget elementor-widget-text-editor\" data-id=\"723eeeba\" data-element_type=\"widget\" data-e-type=\"widget\" data-widget_type=\"text-editor.default\">\n\t\t\t\t<div class=\"elementor-widget-container\">\n\t\t\t\t\t\t\t\t\t<p>Lava e asciuga le verdure.<br \/>Tagliale per il senso della lunghezza e disponile in una teglia foderata da carta da forno.<br \/>Crea una vinaigrette con l\u2019olio, il Condimento Balsamico, sale e pepe e spennella le verdure.<br \/>Cuocile in forno a 180 gradi per 25\/30 minuti.<br \/>Mentre le verdure sono in forno fai scottare le cappasante con un filo d\u2019olio, sale e pepe a piacimento.<br \/>Impiatta il tutto guarnendo con il contorno di verdure glassate.<\/p>\t\t\t\t\t\t\t\t<\/div>\n\t\t\t\t<\/div>\n\t\t\t\t<\/div>\n\t\t\t\t\t<\/div>\n\t\t\t\t<\/div>\n\t\t<div class=\"elementor-element elementor-element-69d49fd5 e-flex e-con-boxed wpr-particle-no wpr-jarallax-no wpr-parallax-no wpr-sticky-section-no wpr-equal-height-no e-con e-parent\" data-id=\"69d49fd5\" data-element_type=\"container\" data-e-type=\"container\">\n\t\t\t\t\t<div class=\"e-con-inner\">\n\t\t\t\t<div class=\"elementor-element elementor-element-46c567f2 elementor-widget elementor-widget-heading\" data-id=\"46c567f2\" data-element_type=\"widget\" data-e-type=\"widget\" data-widget_type=\"heading.default\">\n\t\t\t\t<div class=\"elementor-widget-container\">\n\t\t\t\t\t<h2 class=\"elementor-heading-title elementor-size-default\">Abbinamento consigliato<\/h2>\t\t\t\t<\/div>\n\t\t\t\t<\/div>\n\t\t\t\t\t<\/div>\n\t\t\t\t<\/div>\n\t\t<div class=\"elementor-element elementor-element-1a008aa e-flex e-con-boxed wpr-particle-no wpr-jarallax-no wpr-parallax-no wpr-sticky-section-no wpr-equal-height-no e-con e-parent\" data-id=\"1a008aa\" data-element_type=\"container\" data-e-type=\"container\">\n\t\t\t\t\t<div class=\"e-con-inner\">\n\t\t<div class=\"elementor-element elementor-element-37f06919 e-con-full e-flex wpr-particle-no wpr-jarallax-no wpr-parallax-no wpr-sticky-section-no wpr-equal-height-no e-con e-child\" data-id=\"37f06919\" data-element_type=\"container\" data-e-type=\"container\">\n\t\t\t\t<div class=\"elementor-element elementor-element-51c3858e elementor-widget__width-initial elementor-widget elementor-widget-image\" data-id=\"51c3858e\" data-element_type=\"widget\" data-e-type=\"widget\" data-widget_type=\"image.default\">\n\t\t\t\t<div class=\"elementor-widget-container\">\n\t\t\t\t\t\t\t\t\t\t\t\t\t\t\t<img decoding=\"async\" width=\"800\" height=\"800\" src=\"https:\/\/www.acetaiamarchi.com\/wp-content\/uploads\/2025\/03\/Condimento-Classico-250ml-1024x1024.jpg\" class=\"attachment-large size-large wp-image-1201\" alt=\"Condimento Classico Acetaia Marchi\" srcset=\"https:\/\/www.acetaiamarchi.com\/wp-content\/uploads\/2025\/03\/Condimento-Classico-250ml-1024x1024.jpg 1024w, https:\/\/www.acetaiamarchi.com\/wp-content\/uploads\/2025\/03\/Condimento-Classico-250ml-300x300.jpg 300w, https:\/\/www.acetaiamarchi.com\/wp-content\/uploads\/2025\/03\/Condimento-Classico-250ml-100x100.jpg 100w, https:\/\/www.acetaiamarchi.com\/wp-content\/uploads\/2025\/03\/Condimento-Classico-250ml-600x600.jpg 600w, https:\/\/www.acetaiamarchi.com\/wp-content\/uploads\/2025\/03\/Condimento-Classico-250ml-150x150.jpg 150w, https:\/\/www.acetaiamarchi.com\/wp-content\/uploads\/2025\/03\/Condimento-Classico-250ml-768x768.jpg 768w, https:\/\/www.acetaiamarchi.com\/wp-content\/uploads\/2025\/03\/Condimento-Classico-250ml-1536x1536.jpg 1536w, https:\/\/www.acetaiamarchi.com\/wp-content\/uploads\/2025\/03\/Condimento-Classico-250ml.jpg 1600w\" sizes=\"(max-width: 800px) 100vw, 800px\" \/>\t\t\t\t\t\t\t\t\t\t\t\t\t\t\t<\/div>\n\t\t\t\t<\/div>\n\t\t\t\t<\/div>\n\t\t<div class=\"elementor-element elementor-element-1a62507f e-con-full e-flex wpr-particle-no wpr-jarallax-no wpr-parallax-no wpr-sticky-section-no wpr-equal-height-no e-con e-child\" data-id=\"1a62507f\" data-element_type=\"container\" data-e-type=\"container\">\n\t\t\t\t<div class=\"elementor-element elementor-element-3996d363 elementor-widget elementor-widget-text-editor\" data-id=\"3996d363\" data-element_type=\"widget\" data-e-type=\"widget\" data-widget_type=\"text-editor.default\">\n\t\t\t\t<div class=\"elementor-widget-container\">\n\t\t\t\t\t\t\t\t\t<p>Per questo secondo di verdure consigliamo l&rsquo;utilizzo del nostro <strong>Condimento Balsamico Classico<\/strong> invecchiato 4 anni.<\/p>\t\t\t\t\t\t\t\t<\/div>\n\t\t\t\t<\/div>\n\t\t<div class=\"elementor-element elementor-element-2c69a3b5 e-con-full e-grid wpr-particle-no wpr-jarallax-no wpr-parallax-no wpr-sticky-section-no wpr-equal-height-no e-con e-child\" data-id=\"2c69a3b5\" data-element_type=\"container\" data-e-type=\"container\">\n\t\t\t\t<div class=\"elementor-element elementor-element-10db679b elementor-widget elementor-widget-button\" data-id=\"10db679b\" data-element_type=\"widget\" data-e-type=\"widget\" data-widget_type=\"button.default\">\n\t\t\t\t<div class=\"elementor-widget-container\">\n\t\t\t\t\t\t\t\t\t<div class=\"elementor-button-wrapper\">\n\t\t\t\t\t<a class=\"elementor-button elementor-button-link elementor-size-sm\" href=\"https:\/\/www.acetaiamarchi.com\/prodotto\/condimento-classico\/\">\n\t\t\t\t\t\t<span class=\"elementor-button-content-wrapper\">\n\t\t\t\t\t\t\t\t\t<span class=\"elementor-button-text\">Scopri il prodotto<\/span>\n\t\t\t\t\t<\/span>\n\t\t\t\t\t<\/a>\n\t\t\t\t<\/div>\n\t\t\t\t\t\t\t\t<\/div>\n\t\t\t\t<\/div>\n\t\t\t\t<div class=\"elementor-element elementor-element-444d2810 elementor-hidden-desktop elementor-hidden-tablet elementor-hidden-mobile elementor-widget elementor-widget-button\" data-id=\"444d2810\" data-element_type=\"widget\" data-e-type=\"widget\" data-widget_type=\"button.default\">\n\t\t\t\t<div class=\"elementor-widget-container\">\n\t\t\t\t\t\t\t\t\t<div class=\"elementor-button-wrapper\">\n\t\t\t\t\t<a class=\"elementor-button elementor-size-sm\" role=\"button\">\n\t\t\t\t\t\t<span class=\"elementor-button-content-wrapper\">\n\t\t\t\t\t\t\t\t\t<span class=\"elementor-button-text\">Vai allo shop online<\/span>\n\t\t\t\t\t<\/span>\n\t\t\t\t\t<\/a>\n\t\t\t\t<\/div>\n\t\t\t\t\t\t\t\t<\/div>\n\t\t\t\t<\/div>\n\t\t\t\t<\/div>\n\t\t\t\t<\/div>\n\t\t\t\t\t<\/div>\n\t\t\t\t<\/div>\n\t\t\t\t<\/div>\n\t\t","protected":false},"excerpt":{"rendered":"<p>[vc_row row_height_percent=\u00a0\u00bb0&Prime; back_image=\u00a0\u00bb688&Prime; back_repeat=\u00a0\u00bbno-repeat\u00a0\u00bb back_attachment=\u00a0\u00bbfixed\u00a0\u00bb back_position=\u00a0\u00bbcenter center\u00a0\u00bb overlay_color=\u00a0\u00bbcolor-nhtu\u00a0\u00bb overlay_alpha=\u00a0\u00bb80&Prime; gutter_size=\u00a0\u00bb3&Prime; column_width_percent=\u00a0\u00bb100&Prime; shift_y=\u00a0\u00bb0&Prime; z_index=\u00a0\u00bb0&Prime;][vc_column column_width_percent=\u00a0\u00bb100&Prime; align_horizontal=\u00a0\u00bbalign_center\u00a0\u00bb gutter_size=\u00a0\u00bb3&Prime; overlay_alpha=\u00a0\u00bb80&Prime; shift_x=\u00a0\u00bb0&Prime; shift_y=\u00a0\u00bb0&Prime; shift_y_down=\u00a0\u00bb0&Prime; z_index=\u00a0\u00bb0&Prime; medium_width=\u00a0\u00bb0&Prime; mobile_width=\u00a0\u00bb0&Prime; width=\u00a0\u00bb1\/1&Prime; css=\u00a0\u00bb.vc_custom_1615557123723{padding-top: 100px !important;padding-bottom: 100px !important;}\u00a0\u00bb el_id=\u00a0\u00bbsecondi-piatti\u00a0\u00bb][vc_custom_heading text_color=\u00a0\u00bbcolor-xsdn\u00a0\u00bb text_size=\u00a0\u00bbfontsize-864287&Prime; css_animation=\u00a0\u00bbbottom-t-top\u00a0\u00bb uncode_shortcode_id=\u00a0\u00bb179556&Prime; text_color_type=\u00a0\u00bbuncode-palette\u00a0\u00bb]Plats principaux[\/vc_custom_heading][\/vc_column][\/vc_row][vc_row row_height_percent=\u00a0\u00bb0&Prime; back_color=\u00a0\u00bbcolor-lxmt\u00a0\u00bb overlay_alpha=\u00a0\u00bb50&Prime; equal_height=\u00a0\u00bbyes\u00a0\u00bb gutter_size=\u00a0\u00bb3&Prime; column_width_percent=\u00a0\u00bb100&Prime; shift_y=\u00a0\u00bb0&Prime; z_index=\u00a0\u00bb0&Prime; css=\u00a0\u00bb.vc_custom_1616587207483{padding-top: 15px !important;padding-right: 15px !important;padding-bottom: 15px !important;padding-left: 15px !important;}\u00a0\u00bb][vc_column column_width_percent=\u00a0\u00bb100&Prime; position_vertical=\u00a0\u00bbmiddle\u00a0\u00bb gutter_size=\u00a0\u00bb3&Prime; overlay_alpha=\u00a0\u00bb50&Prime; shift_x=\u00a0\u00bb0&Prime; shift_y=\u00a0\u00bb0&Prime; shift_y_down=\u00a0\u00bb0&Prime; z_index=\u00a0\u00bb0&Prime; medium_width=\u00a0\u00bb0&Prime; mobile_width=\u00a0\u00bb0&Prime; width=\u00a0\u00bb1\/2&Prime;][vc_single_image media=\u00a0\u00bb4731&Prime; media_width_percent=\u00a0\u00bb100&Prime; media_ratio=\u00a0\u00bbfour-three\u00a0\u00bb shadow=\u00a0\u00bbyes\u00a0\u00bb shadow_weight=\u00a0\u00bbsm\u00a0\u00bb css_animation=\u00a0\u00bbleft-t-right\u00a0\u00bb lbox_skin=\u00a0\u00bbwhite\u00a0\u00bb lbox_dir=\u00a0\u00bbvertical\u00a0\u00bb][\/vc_column][vc_column column_width_percent=\u00a0\u00bb100&Prime; position_vertical=\u00a0\u00bbmiddle\u00a0\u00bb gutter_size=\u00a0\u00bb3&Prime; overlay_alpha=\u00a0\u00bb50&Prime; shift_x=\u00a0\u00bb0&Prime; shift_y=\u00a0\u00bb0&Prime; shift_y_down=\u00a0\u00bb0&Prime; z_index=\u00a0\u00bb0&Prime; medium_width=\u00a0\u00bb0&Prime; mobile_width=\u00a0\u00bb0&Prime; css_animation=\u00a0\u00bbright-t-left\u00a0\u00bb width=\u00a0\u00bb1\/2&Prime;][vc_custom_heading text_color=\u00a0\u00bbcolor-233255&Prime; heading_semantic=\u00a0\u00bbh1&Prime; text_font=\u00a0\u00bbfont-555555&Prime; uncode_shortcode_id=\u00a0\u00bb181208&Prime; text_color_type=\u00a0\u00bbuncode-palette\u00a0\u00bb]L\u00e9gumes r\u00f4tis glac\u00e9s au vinaigre balsamique et capa santa po\u00eal\u00e9e[\/vc_custom_heading][vc_row_inner row_inner_height_percent=\u00a0\u00bb0&Prime; overlay_alpha=\u00a0\u00bb50&Prime; gutter_size=\u00a0\u00bb3&Prime; shift_y=\u00a0\u00bb0&Prime; z_index=\u00a0\u00bb0&Prime; css=\u00a0\u00bb.vc_custom_1616587106210{margin-top: 20px !important;margin-bottom: 0px !important;border-right-width: 0px !important;border-left-width: 0px !important;}\u00a0\u00bb][vc_column_inner width=\u00a0\u00bb1\/3&Prime;][vc_column_text] INGR\u00c9DIENTS: 6 petites carottes coup\u00e9es dans le sens de la longueur 8 petites courgettes aux fleurs (de pr\u00e9f\u00e9rence) 10 tomates cerises 4 p\u00e9toncles frais Huile d&rsquo;olive extra vierge Marchi sel 4 cuill\u00e8res \u00e0 soupe de vinaigrette balsamique MARCHI \u00ab\u00a0Delicato\u00a0\u00bb poivre [\/vc_column_text][\/vc_column_inner][vc_column_inner width=\u00a0\u00bb2\/3&Prime;][vc_column_text] PR\u00c9PARATION: laver et s\u00e9cher les l\u00e9gumes les couper dans le sens de la longueur et les placer dans une plaque \u00e0 p\u00e2tisserie tapiss\u00e9e de papier sulfuris\u00e9 cr\u00e9er une vinaigrette avec de l&rsquo;huile, la Vinaigrette balsamique \u00abD\u00e9licate\u00bb de MARCHI, du sel et du poivre. Badigeonner les l\u00e9gumes Cuire au four \u00e0 180 degr\u00e9s pendant 25\/30 minutes Saisir les p\u00e9toncles avec un filet d&rsquo;huile, sel et poivre au go\u00fbt Servir garni d&rsquo;un accompagnement de l\u00e9gumes glac\u00e9s [\/vc_column_text][\/vc_column_inner][\/vc_row_inner][\/vc_column][\/vc_row][vc_row row_height_percent=\u00a0\u00bb0&Prime; back_color=\u00a0\u00bbcolor-xsdn\u00a0\u00bb overlay_alpha=\u00a0\u00bb50&Prime; equal_height=\u00a0\u00bbyes\u00a0\u00bb gutter_size=\u00a0\u00bb3&Prime; column_width_percent=\u00a0\u00bb100&Prime; shift_y=\u00a0\u00bb0&Prime; z_index=\u00a0\u00bb0&Prime; css=\u00a0\u00bb.vc_custom_1614790775739{padding-top: 15px !important;padding-right: 15px !important;padding-bottom: 15px !important;padding-left: 15px !important;}\u00a0\u00bb][vc_column column_width_percent=\u00a0\u00bb100&Prime; position_vertical=\u00a0\u00bbmiddle\u00a0\u00bb gutter_size=\u00a0\u00bb3&Prime; overlay_alpha=\u00a0\u00bb50&Prime; shift_x=\u00a0\u00bb0&Prime; shift_y=\u00a0\u00bb0&Prime; shift_y_down=\u00a0\u00bb0&Prime; z_index=\u00a0\u00bb0&Prime; medium_width=\u00a0\u00bb0&Prime; mobile_width=\u00a0\u00bb0&Prime; css_animation=\u00a0\u00bbleft-t-right\u00a0\u00bb width=\u00a0\u00bb1\/2&Prime;][vc_custom_heading text_color=\u00a0\u00bbcolor-233255&Prime; heading_semantic=\u00a0\u00bbh3&Prime; text_font=\u00a0\u00bbfont-555555&Prime;]Association sugg\u00e9r\u00e9e[\/vc_custom_heading][vc_column_text]Pour ce plat, nous vous recommandons notre Vinaigrette Balsamique \u00ab\u00a0D\u00e9licate\u00a0\u00bb MARCHI[\/vc_column_text][vc_button border_width=\u00a0\u00bb0&Prime; link=\u00a0\u00bburl:https%3A%2F%2Fwww.acetaiamarchi.com%2Ffr%2Fproduit%2Fil-delicato-6-condiment-balsamique%2F|\u00a0\u00bb]D\u00e9couvrez le produit[\/vc_button][\/vc_column][vc_column column_width_percent=\u00a0\u00bb100&Prime; position_vertical=\u00a0\u00bbmiddle\u00a0\u00bb gutter_size=\u00a0\u00bb3&Prime; overlay_alpha=\u00a0\u00bb50&Prime; shift_x=\u00a0\u00bb0&Prime; shift_y=\u00a0\u00bb0&Prime; shift_y_down=\u00a0\u00bb0&Prime; z_index=\u00a0\u00bb0&Prime; medium_width=\u00a0\u00bb0&Prime; mobile_width=\u00a0\u00bb0&Prime; width=\u00a0\u00bb1\/2&Prime;][vc_single_image media=\u00a0\u00bb1011&Prime; media_width_use_pixel=\u00a0\u00bbyes\u00a0\u00bb alignment=\u00a0\u00bbcenter\u00a0\u00bb shadow=\u00a0\u00bbyes\u00a0\u00bb css_animation=\u00a0\u00bbright-t-left\u00a0\u00bb media_width_pixel=\u00a0\u00bb500&Prime;][\/vc_column][\/vc_row]<\/p>\n","protected":false},"author":3,"featured_media":5997,"parent":4860,"menu_order":0,"comment_status":"closed","ping_status":"closed","template":"","meta":{"footnotes":""},"class_list":["post-4961","page","type-page","status-publish","has-post-thumbnail","hentry"],"yoast_head":"<!-- This site is optimized with the Yoast SEO plugin v27.4 - https:\/\/yoast.com\/product\/yoast-seo-wordpress\/ -->\n<title>L\u00e9gumes r\u00f4tis glac\u00e9s au vinaigre balsamique et capa santa po\u00eal\u00e9e - Acetaia Marchi<\/title>\n<meta name=\"description\" content=\"Pour les l\u00e9gumes r\u00f4tis glac\u00e9s au vinaigre balsamique et capa Santa po\u00eal\u00e9e, nous recommandons notre vinaigrette balsamique &quot;Delicato&quot; MARCHI\" \/>\n<meta name=\"robots\" content=\"index, follow, max-snippet:-1, max-image-preview:large, max-video-preview:-1\" \/>\n<link rel=\"canonical\" href=\"https:\/\/www.acetaiamarchi.com\/fr\/recettes\/legumes-rotis-glaces-au-vinaigre-balsamique-et-capa-santa-poelee\/\" \/>\n<meta property=\"og:locale\" content=\"fr_FR\" \/>\n<meta property=\"og:type\" content=\"article\" \/>\n<meta property=\"og:title\" content=\"L\u00e9gumes r\u00f4tis glac\u00e9s au vinaigre balsamique et capa santa po\u00eal\u00e9e - Acetaia Marchi\" \/>\n<meta property=\"og:description\" content=\"Pour les l\u00e9gumes r\u00f4tis glac\u00e9s au vinaigre balsamique et capa Santa po\u00eal\u00e9e, nous recommandons notre vinaigrette balsamique &quot;Delicato&quot; MARCHI\" \/>\n<meta property=\"og:url\" content=\"https:\/\/www.acetaiamarchi.com\/fr\/recettes\/legumes-rotis-glaces-au-vinaigre-balsamique-et-capa-santa-poelee\/\" \/>\n<meta property=\"og:site_name\" content=\"Acetaia Marchi\" \/>\n<meta property=\"article:modified_time\" content=\"2025-11-18T13:02:27+00:00\" \/>\n<meta property=\"og:image\" content=\"https:\/\/www.acetaiamarchi.com\/wp-content\/uploads\/2021\/04\/acetaia-marchi-ricette-con-aceto-balsamico-di-modena-secondi-piatti-contorni-verdure-con-capasanta.jpg\" \/>\n\t<meta property=\"og:image:width\" content=\"1200\" \/>\n\t<meta property=\"og:image:height\" content=\"773\" \/>\n\t<meta property=\"og:image:type\" content=\"image\/jpeg\" \/>\n<meta name=\"twitter:card\" content=\"summary_large_image\" \/>\n<meta name=\"twitter:label1\" content=\"Dur\u00e9e de lecture estim\u00e9e\" \/>\n\t<meta name=\"twitter:data1\" content=\"2 minutes\" \/>\n<script type=\"application\/ld+json\" class=\"yoast-schema-graph\">{\"@context\":\"https:\\\/\\\/schema.org\",\"@graph\":[{\"@type\":\"WebPage\",\"@id\":\"https:\\\/\\\/www.acetaiamarchi.com\\\/fr\\\/recettes\\\/legumes-rotis-glaces-au-vinaigre-balsamique-et-capa-santa-poelee\\\/\",\"url\":\"https:\\\/\\\/www.acetaiamarchi.com\\\/fr\\\/recettes\\\/legumes-rotis-glaces-au-vinaigre-balsamique-et-capa-santa-poelee\\\/\",\"name\":\"L\u00e9gumes r\u00f4tis glac\u00e9s au vinaigre balsamique et capa santa po\u00eal\u00e9e - Acetaia Marchi\",\"isPartOf\":{\"@id\":\"https:\\\/\\\/www.acetaiamarchi.com\\\/fr\\\/#website\"},\"primaryImageOfPage\":{\"@id\":\"https:\\\/\\\/www.acetaiamarchi.com\\\/fr\\\/recettes\\\/legumes-rotis-glaces-au-vinaigre-balsamique-et-capa-santa-poelee\\\/#primaryimage\"},\"image\":{\"@id\":\"https:\\\/\\\/www.acetaiamarchi.com\\\/fr\\\/recettes\\\/legumes-rotis-glaces-au-vinaigre-balsamique-et-capa-santa-poelee\\\/#primaryimage\"},\"thumbnailUrl\":\"https:\\\/\\\/www.acetaiamarchi.com\\\/wp-content\\\/uploads\\\/2021\\\/04\\\/acetaia-marchi-ricette-con-aceto-balsamico-di-modena-secondi-piatti-contorni-verdure-con-capasanta.jpg\",\"datePublished\":\"2025-04-03T15:11:00+00:00\",\"dateModified\":\"2025-11-18T13:02:27+00:00\",\"description\":\"Pour les l\u00e9gumes r\u00f4tis glac\u00e9s au vinaigre balsamique et capa Santa po\u00eal\u00e9e, nous recommandons notre vinaigrette balsamique \\\"Delicato\\\" MARCHI\",\"breadcrumb\":{\"@id\":\"https:\\\/\\\/www.acetaiamarchi.com\\\/fr\\\/recettes\\\/legumes-rotis-glaces-au-vinaigre-balsamique-et-capa-santa-poelee\\\/#breadcrumb\"},\"inLanguage\":\"fr-FR\",\"potentialAction\":[{\"@type\":\"ReadAction\",\"target\":[\"https:\\\/\\\/www.acetaiamarchi.com\\\/fr\\\/recettes\\\/legumes-rotis-glaces-au-vinaigre-balsamique-et-capa-santa-poelee\\\/\"]}]},{\"@type\":\"ImageObject\",\"inLanguage\":\"fr-FR\",\"@id\":\"https:\\\/\\\/www.acetaiamarchi.com\\\/fr\\\/recettes\\\/legumes-rotis-glaces-au-vinaigre-balsamique-et-capa-santa-poelee\\\/#primaryimage\",\"url\":\"https:\\\/\\\/www.acetaiamarchi.com\\\/wp-content\\\/uploads\\\/2021\\\/04\\\/acetaia-marchi-ricette-con-aceto-balsamico-di-modena-secondi-piatti-contorni-verdure-con-capasanta.jpg\",\"contentUrl\":\"https:\\\/\\\/www.acetaiamarchi.com\\\/wp-content\\\/uploads\\\/2021\\\/04\\\/acetaia-marchi-ricette-con-aceto-balsamico-di-modena-secondi-piatti-contorni-verdure-con-capasanta.jpg\",\"width\":1200,\"height\":773},{\"@type\":\"BreadcrumbList\",\"@id\":\"https:\\\/\\\/www.acetaiamarchi.com\\\/fr\\\/recettes\\\/legumes-rotis-glaces-au-vinaigre-balsamique-et-capa-santa-poelee\\\/#breadcrumb\",\"itemListElement\":[{\"@type\":\"ListItem\",\"position\":1,\"name\":\"Home\",\"item\":\"https:\\\/\\\/www.acetaiamarchi.com\\\/fr\\\/\"},{\"@type\":\"ListItem\",\"position\":2,\"name\":\"Recettes\",\"item\":\"https:\\\/\\\/www.acetaiamarchi.com\\\/fr\\\/recettes\\\/\"},{\"@type\":\"ListItem\",\"position\":3,\"name\":\"L\u00e9gumes r\u00f4tis glac\u00e9s au vinaigre balsamique et capa santa po\u00eal\u00e9e\"}]},{\"@type\":\"WebSite\",\"@id\":\"https:\\\/\\\/www.acetaiamarchi.com\\\/fr\\\/#website\",\"url\":\"https:\\\/\\\/www.acetaiamarchi.com\\\/fr\\\/\",\"name\":\"Acetaia Marchi Srl\",\"description\":\"\",\"publisher\":{\"@id\":\"https:\\\/\\\/www.acetaiamarchi.com\\\/fr\\\/#organization\"},\"potentialAction\":[{\"@type\":\"SearchAction\",\"target\":{\"@type\":\"EntryPoint\",\"urlTemplate\":\"https:\\\/\\\/www.acetaiamarchi.com\\\/fr\\\/?s={search_term_string}\"},\"query-input\":{\"@type\":\"PropertyValueSpecification\",\"valueRequired\":true,\"valueName\":\"search_term_string\"}}],\"inLanguage\":\"fr-FR\"},{\"@type\":\"Organization\",\"@id\":\"https:\\\/\\\/www.acetaiamarchi.com\\\/fr\\\/#organization\",\"name\":\"Acetaia Marchi Srl\",\"url\":\"https:\\\/\\\/www.acetaiamarchi.com\\\/fr\\\/\",\"logo\":{\"@type\":\"ImageObject\",\"inLanguage\":\"fr-FR\",\"@id\":\"https:\\\/\\\/www.acetaiamarchi.com\\\/fr\\\/#\\\/schema\\\/logo\\\/image\\\/\",\"url\":\"https:\\\/\\\/acetaiamarchi.com\\\/wp-content\\\/uploads\\\/2025\\\/03\\\/Acetaia-Marchi-Srl-Logo.png\",\"contentUrl\":\"https:\\\/\\\/acetaiamarchi.com\\\/wp-content\\\/uploads\\\/2025\\\/03\\\/Acetaia-Marchi-Srl-Logo.png\",\"width\":2000,\"height\":2000,\"caption\":\"Acetaia Marchi Srl\"},\"image\":{\"@id\":\"https:\\\/\\\/www.acetaiamarchi.com\\\/fr\\\/#\\\/schema\\\/logo\\\/image\\\/\"}}]}<\/script>\n<!-- \/ Yoast SEO plugin. -->","yoast_head_json":{"title":"L\u00e9gumes r\u00f4tis glac\u00e9s au vinaigre balsamique et capa santa po\u00eal\u00e9e - Acetaia Marchi","description":"Pour les l\u00e9gumes r\u00f4tis glac\u00e9s au vinaigre balsamique et capa Santa po\u00eal\u00e9e, nous recommandons notre vinaigrette balsamique \"Delicato\" MARCHI","robots":{"index":"index","follow":"follow","max-snippet":"max-snippet:-1","max-image-preview":"max-image-preview:large","max-video-preview":"max-video-preview:-1"},"canonical":"https:\/\/www.acetaiamarchi.com\/fr\/recettes\/legumes-rotis-glaces-au-vinaigre-balsamique-et-capa-santa-poelee\/","og_locale":"fr_FR","og_type":"article","og_title":"L\u00e9gumes r\u00f4tis glac\u00e9s au vinaigre balsamique et capa santa po\u00eal\u00e9e - Acetaia Marchi","og_description":"Pour les l\u00e9gumes r\u00f4tis glac\u00e9s au vinaigre balsamique et capa Santa po\u00eal\u00e9e, nous recommandons notre vinaigrette balsamique \"Delicato\" MARCHI","og_url":"https:\/\/www.acetaiamarchi.com\/fr\/recettes\/legumes-rotis-glaces-au-vinaigre-balsamique-et-capa-santa-poelee\/","og_site_name":"Acetaia Marchi","article_modified_time":"2025-11-18T13:02:27+00:00","og_image":[{"width":1200,"height":773,"url":"https:\/\/www.acetaiamarchi.com\/wp-content\/uploads\/2021\/04\/acetaia-marchi-ricette-con-aceto-balsamico-di-modena-secondi-piatti-contorni-verdure-con-capasanta.jpg","type":"image\/jpeg"}],"twitter_card":"summary_large_image","twitter_misc":{"Dur\u00e9e de lecture estim\u00e9e":"2 minutes"},"schema":{"@context":"https:\/\/schema.org","@graph":[{"@type":"WebPage","@id":"https:\/\/www.acetaiamarchi.com\/fr\/recettes\/legumes-rotis-glaces-au-vinaigre-balsamique-et-capa-santa-poelee\/","url":"https:\/\/www.acetaiamarchi.com\/fr\/recettes\/legumes-rotis-glaces-au-vinaigre-balsamique-et-capa-santa-poelee\/","name":"L\u00e9gumes r\u00f4tis glac\u00e9s au vinaigre balsamique et capa santa po\u00eal\u00e9e - Acetaia Marchi","isPartOf":{"@id":"https:\/\/www.acetaiamarchi.com\/fr\/#website"},"primaryImageOfPage":{"@id":"https:\/\/www.acetaiamarchi.com\/fr\/recettes\/legumes-rotis-glaces-au-vinaigre-balsamique-et-capa-santa-poelee\/#primaryimage"},"image":{"@id":"https:\/\/www.acetaiamarchi.com\/fr\/recettes\/legumes-rotis-glaces-au-vinaigre-balsamique-et-capa-santa-poelee\/#primaryimage"},"thumbnailUrl":"https:\/\/www.acetaiamarchi.com\/wp-content\/uploads\/2021\/04\/acetaia-marchi-ricette-con-aceto-balsamico-di-modena-secondi-piatti-contorni-verdure-con-capasanta.jpg","datePublished":"2025-04-03T15:11:00+00:00","dateModified":"2025-11-18T13:02:27+00:00","description":"Pour les l\u00e9gumes r\u00f4tis glac\u00e9s au vinaigre balsamique et capa Santa po\u00eal\u00e9e, nous recommandons notre vinaigrette balsamique \"Delicato\" MARCHI","breadcrumb":{"@id":"https:\/\/www.acetaiamarchi.com\/fr\/recettes\/legumes-rotis-glaces-au-vinaigre-balsamique-et-capa-santa-poelee\/#breadcrumb"},"inLanguage":"fr-FR","potentialAction":[{"@type":"ReadAction","target":["https:\/\/www.acetaiamarchi.com\/fr\/recettes\/legumes-rotis-glaces-au-vinaigre-balsamique-et-capa-santa-poelee\/"]}]},{"@type":"ImageObject","inLanguage":"fr-FR","@id":"https:\/\/www.acetaiamarchi.com\/fr\/recettes\/legumes-rotis-glaces-au-vinaigre-balsamique-et-capa-santa-poelee\/#primaryimage","url":"https:\/\/www.acetaiamarchi.com\/wp-content\/uploads\/2021\/04\/acetaia-marchi-ricette-con-aceto-balsamico-di-modena-secondi-piatti-contorni-verdure-con-capasanta.jpg","contentUrl":"https:\/\/www.acetaiamarchi.com\/wp-content\/uploads\/2021\/04\/acetaia-marchi-ricette-con-aceto-balsamico-di-modena-secondi-piatti-contorni-verdure-con-capasanta.jpg","width":1200,"height":773},{"@type":"BreadcrumbList","@id":"https:\/\/www.acetaiamarchi.com\/fr\/recettes\/legumes-rotis-glaces-au-vinaigre-balsamique-et-capa-santa-poelee\/#breadcrumb","itemListElement":[{"@type":"ListItem","position":1,"name":"Home","item":"https:\/\/www.acetaiamarchi.com\/fr\/"},{"@type":"ListItem","position":2,"name":"Recettes","item":"https:\/\/www.acetaiamarchi.com\/fr\/recettes\/"},{"@type":"ListItem","position":3,"name":"L\u00e9gumes r\u00f4tis glac\u00e9s au vinaigre balsamique et capa santa po\u00eal\u00e9e"}]},{"@type":"WebSite","@id":"https:\/\/www.acetaiamarchi.com\/fr\/#website","url":"https:\/\/www.acetaiamarchi.com\/fr\/","name":"Acetaia Marchi Srl","description":"","publisher":{"@id":"https:\/\/www.acetaiamarchi.com\/fr\/#organization"},"potentialAction":[{"@type":"SearchAction","target":{"@type":"EntryPoint","urlTemplate":"https:\/\/www.acetaiamarchi.com\/fr\/?s={search_term_string}"},"query-input":{"@type":"PropertyValueSpecification","valueRequired":true,"valueName":"search_term_string"}}],"inLanguage":"fr-FR"},{"@type":"Organization","@id":"https:\/\/www.acetaiamarchi.com\/fr\/#organization","name":"Acetaia Marchi Srl","url":"https:\/\/www.acetaiamarchi.com\/fr\/","logo":{"@type":"ImageObject","inLanguage":"fr-FR","@id":"https:\/\/www.acetaiamarchi.com\/fr\/#\/schema\/logo\/image\/","url":"https:\/\/acetaiamarchi.com\/wp-content\/uploads\/2025\/03\/Acetaia-Marchi-Srl-Logo.png","contentUrl":"https:\/\/acetaiamarchi.com\/wp-content\/uploads\/2025\/03\/Acetaia-Marchi-Srl-Logo.png","width":2000,"height":2000,"caption":"Acetaia Marchi Srl"},"image":{"@id":"https:\/\/www.acetaiamarchi.com\/fr\/#\/schema\/logo\/image\/"}}]}},"_links":{"self":[{"href":"https:\/\/www.acetaiamarchi.com\/fr\/wp-json\/wp\/v2\/pages\/4961","targetHints":{"allow":["GET"]}}],"collection":[{"href":"https:\/\/www.acetaiamarchi.com\/fr\/wp-json\/wp\/v2\/pages"}],"about":[{"href":"https:\/\/www.acetaiamarchi.com\/fr\/wp-json\/wp\/v2\/types\/page"}],"author":[{"embeddable":true,"href":"https:\/\/www.acetaiamarchi.com\/fr\/wp-json\/wp\/v2\/users\/3"}],"replies":[{"embeddable":true,"href":"https:\/\/www.acetaiamarchi.com\/fr\/wp-json\/wp\/v2\/comments?post=4961"}],"version-history":[{"count":11,"href":"https:\/\/www.acetaiamarchi.com\/fr\/wp-json\/wp\/v2\/pages\/4961\/revisions"}],"predecessor-version":[{"id":11345,"href":"https:\/\/www.acetaiamarchi.com\/fr\/wp-json\/wp\/v2\/pages\/4961\/revisions\/11345"}],"up":[{"embeddable":true,"href":"https:\/\/www.acetaiamarchi.com\/fr\/wp-json\/wp\/v2\/pages\/4860"}],"wp:featuredmedia":[{"embeddable":true,"href":"https:\/\/www.acetaiamarchi.com\/fr\/wp-json\/wp\/v2\/media\/5997"}],"wp:attachment":[{"href":"https:\/\/www.acetaiamarchi.com\/fr\/wp-json\/wp\/v2\/media?parent=4961"}],"curies":[{"name":"wp","href":"https:\/\/api.w.org\/{rel}","templated":true}]}}