{"id":4908,"date":"2025-04-02T14:37:36","date_gmt":"2025-04-02T12:37:36","guid":{"rendered":"https:\/\/www.acetaiamarchi.com\/tranches-de-boeuf-avec-vinaigrette-balsamique\/"},"modified":"2025-11-18T14:02:23","modified_gmt":"2025-11-18T13:02:23","slug":"glace-aux-baies-sauvages-avec-vinaigrette-balsamique","status":"publish","type":"page","link":"https:\/\/www.acetaiamarchi.com\/fr\/recettes\/glace-aux-baies-sauvages-avec-vinaigrette-balsamique\/","title":{"rendered":"Glace aux baies sauvages avec vinaigrette balsamique"},"content":{"rendered":"\t\t<div data-elementor-type=\"wp-page\" data-elementor-id=\"4908\" class=\"elementor elementor-4908 elementor-3124\" data-elementor-post-type=\"page\">\n\t\t\t\t<div class=\"elementor-element elementor-element-7693352f e-flex e-con-boxed wpr-particle-no wpr-jarallax-no wpr-parallax-no wpr-sticky-section-no wpr-equal-height-no e-con e-parent\" data-id=\"7693352f\" data-element_type=\"container\" data-e-type=\"container\">\n\t\t\t\t\t<div class=\"e-con-inner\">\n\t\t\t\t<div class=\"elementor-element elementor-element-45ddc588 elementor-widget elementor-widget-spacer\" data-id=\"45ddc588\" data-element_type=\"widget\" data-e-type=\"widget\" data-widget_type=\"spacer.default\">\n\t\t\t\t<div class=\"elementor-widget-container\">\n\t\t\t\t\t\t\t<div class=\"elementor-spacer\">\n\t\t\t<div class=\"elementor-spacer-inner\"><\/div>\n\t\t<\/div>\n\t\t\t\t\t\t<\/div>\n\t\t\t\t<\/div>\n\t\t\t\t\t<\/div>\n\t\t\t\t<\/div>\n\t\t<div class=\"elementor-element elementor-element-1a1bb6c elementor-hidden-desktop e-flex e-con-boxed wpr-particle-no wpr-jarallax-no wpr-parallax-no wpr-sticky-section-no wpr-equal-height-no e-con e-parent\" data-id=\"1a1bb6c\" data-element_type=\"container\" data-e-type=\"container\">\n\t\t\t\t\t<div class=\"e-con-inner\">\n\t\t<div class=\"elementor-element elementor-element-30c5f817 e-con-full e-grid elementor-hidden-desktop wpr-particle-no wpr-jarallax-no wpr-parallax-no wpr-sticky-section-no wpr-equal-height-no e-con e-child\" data-id=\"30c5f817\" data-element_type=\"container\" data-e-type=\"container\">\n\t\t\t\t<div class=\"elementor-element elementor-element-1f85b358 elementor-widget elementor-widget-breadcrumbs\" data-id=\"1f85b358\" data-element_type=\"widget\" data-e-type=\"widget\" data-widget_type=\"breadcrumbs.default\">\n\t\t\t\t<div class=\"elementor-widget-container\">\n\t\t\t\t\t<p id=\"breadcrumbs\"><span><span><a href=\"https:\/\/www.acetaiamarchi.com\/fr\/\">Home<\/a><\/span><\/span><\/p>\t\t\t\t<\/div>\n\t\t\t\t<\/div>\n\t\t\t\t<div class=\"elementor-element elementor-element-54a10245 elementor-widget elementor-widget-theme-post-featured-image elementor-widget-image\" data-id=\"54a10245\" data-element_type=\"widget\" data-e-type=\"widget\" data-widget_type=\"theme-post-featured-image.default\">\n\t\t\t\t<div class=\"elementor-widget-container\">\n\t\t\t\t\t\t\t\t\t\t\t\t\t\t\t<img fetchpriority=\"high\" decoding=\"async\" width=\"800\" height=\"600\" src=\"https:\/\/www.acetaiamarchi.com\/wp-content\/uploads\/2025\/04\/tagliata-di-manzo-e-condimento-balsamico-1024x768.jpg\" class=\"attachment-large size-large wp-image-3404\" alt=\"Tagliata di manzo con Condimento Balsamico\" srcset=\"https:\/\/www.acetaiamarchi.com\/wp-content\/uploads\/2025\/04\/tagliata-di-manzo-e-condimento-balsamico-1024x768.jpg 1024w, https:\/\/www.acetaiamarchi.com\/wp-content\/uploads\/2025\/04\/tagliata-di-manzo-e-condimento-balsamico-600x450.jpg 600w, https:\/\/www.acetaiamarchi.com\/wp-content\/uploads\/2025\/04\/tagliata-di-manzo-e-condimento-balsamico-300x225.jpg 300w, https:\/\/www.acetaiamarchi.com\/wp-content\/uploads\/2025\/04\/tagliata-di-manzo-e-condimento-balsamico-768x576.jpg 768w, https:\/\/www.acetaiamarchi.com\/wp-content\/uploads\/2025\/04\/tagliata-di-manzo-e-condimento-balsamico.jpg 1032w\" sizes=\"(max-width: 800px) 100vw, 800px\" \/>\t\t\t\t\t\t\t\t\t\t\t\t\t\t\t<\/div>\n\t\t\t\t<\/div>\n\t\t\t\t<div class=\"elementor-element elementor-element-6f047cbf elementor-widget elementor-widget-heading\" data-id=\"6f047cbf\" data-element_type=\"widget\" data-e-type=\"widget\" data-widget_type=\"heading.default\">\n\t\t\t\t<div class=\"elementor-widget-container\">\n\t\t\t\t\t<h4 class=\"elementor-heading-title elementor-size-default\">Ingredienti:<\/h4>\t\t\t\t<\/div>\n\t\t\t\t<\/div>\n\t\t\t\t<div class=\"elementor-element elementor-element-300b35b7 elementor-widget elementor-widget-text-editor\" data-id=\"300b35b7\" data-element_type=\"widget\" data-e-type=\"widget\" data-widget_type=\"text-editor.default\">\n\t\t\t\t<div class=\"elementor-widget-container\">\n\t\t\t\t\t\t\t\t\t<ul><li>500 g di carne di manzo<\/li><li>30 g di Parmigiano Reggiano a scaglie<\/li><li>3 cucchiai di Olio Extravergine di Oliva<\/li><li>Un mazzetto di rucola<\/li><li>Sale<\/li><li>Condimento Balsamico<\/li><\/ul>\t\t\t\t\t\t\t\t<\/div>\n\t\t\t\t<\/div>\n\t\t\t\t<\/div>\n\t\t\t\t\t<\/div>\n\t\t\t\t<\/div>\n\t\t<div class=\"elementor-element elementor-element-23fdc68 elementor-hidden-tablet elementor-hidden-mobile e-flex e-con-boxed wpr-particle-no wpr-jarallax-no wpr-parallax-no wpr-sticky-section-no wpr-equal-height-no e-con e-parent\" data-id=\"23fdc68\" data-element_type=\"container\" data-e-type=\"container\">\n\t\t\t\t\t<div class=\"e-con-inner\">\n\t\t<div class=\"elementor-element elementor-element-265b4378 e-grid e-con-boxed wpr-particle-no wpr-jarallax-no wpr-parallax-no wpr-sticky-section-no wpr-equal-height-no e-con e-child\" data-id=\"265b4378\" data-element_type=\"container\" data-e-type=\"container\">\n\t\t\t\t\t<div class=\"e-con-inner\">\n\t\t\t\t<div class=\"elementor-element elementor-element-395fd071 elementor-widget elementor-widget-theme-post-featured-image elementor-widget-image\" data-id=\"395fd071\" data-element_type=\"widget\" data-e-type=\"widget\" data-widget_type=\"theme-post-featured-image.default\">\n\t\t\t\t<div class=\"elementor-widget-container\">\n\t\t\t\t\t\t\t\t\t\t\t\t\t\t\t<img fetchpriority=\"high\" decoding=\"async\" width=\"800\" height=\"600\" src=\"https:\/\/www.acetaiamarchi.com\/wp-content\/uploads\/2025\/04\/tagliata-di-manzo-e-condimento-balsamico-1024x768.jpg\" class=\"attachment-large size-large wp-image-3404\" alt=\"Tagliata di manzo con Condimento Balsamico\" srcset=\"https:\/\/www.acetaiamarchi.com\/wp-content\/uploads\/2025\/04\/tagliata-di-manzo-e-condimento-balsamico-1024x768.jpg 1024w, https:\/\/www.acetaiamarchi.com\/wp-content\/uploads\/2025\/04\/tagliata-di-manzo-e-condimento-balsamico-600x450.jpg 600w, https:\/\/www.acetaiamarchi.com\/wp-content\/uploads\/2025\/04\/tagliata-di-manzo-e-condimento-balsamico-300x225.jpg 300w, https:\/\/www.acetaiamarchi.com\/wp-content\/uploads\/2025\/04\/tagliata-di-manzo-e-condimento-balsamico-768x576.jpg 768w, https:\/\/www.acetaiamarchi.com\/wp-content\/uploads\/2025\/04\/tagliata-di-manzo-e-condimento-balsamico.jpg 1032w\" sizes=\"(max-width: 800px) 100vw, 800px\" \/>\t\t\t\t\t\t\t\t\t\t\t\t\t\t\t<\/div>\n\t\t\t\t<\/div>\n\t\t<div class=\"elementor-element elementor-element-ff153d4 e-con-full e-flex wpr-particle-no wpr-jarallax-no wpr-parallax-no wpr-sticky-section-no wpr-equal-height-no e-con e-child\" data-id=\"ff153d4\" data-element_type=\"container\" data-e-type=\"container\">\n\t\t\t\t<div class=\"elementor-element elementor-element-6d439283 elementor-align-left elementor-widget elementor-widget-breadcrumbs\" data-id=\"6d439283\" data-element_type=\"widget\" data-e-type=\"widget\" data-widget_type=\"breadcrumbs.default\">\n\t\t\t\t<div class=\"elementor-widget-container\">\n\t\t\t\t\t<p id=\"breadcrumbs\"><span><span><a href=\"https:\/\/www.acetaiamarchi.com\/fr\/\">Home<\/a><\/span><\/span><\/p>\t\t\t\t<\/div>\n\t\t\t\t<\/div>\n\t\t\t\t<div class=\"elementor-element elementor-element-5ac93f25 elementor-widget elementor-widget-heading\" data-id=\"5ac93f25\" data-element_type=\"widget\" data-e-type=\"widget\" data-widget_type=\"heading.default\">\n\t\t\t\t<div class=\"elementor-widget-container\">\n\t\t\t\t\t<h4 class=\"elementor-heading-title elementor-size-default\">Ingredienti:<\/h4>\t\t\t\t<\/div>\n\t\t\t\t<\/div>\n\t\t\t\t<div class=\"elementor-element elementor-element-1cbf92b1 elementor-widget elementor-widget-text-editor\" data-id=\"1cbf92b1\" data-element_type=\"widget\" data-e-type=\"widget\" data-widget_type=\"text-editor.default\">\n\t\t\t\t<div class=\"elementor-widget-container\">\n\t\t\t\t\t\t\t\t\t<ul><li>500 g di carne di manzo<\/li><li>30 g di Parmigiano Reggiano a scaglie<\/li><li>3 cucchiai di Olio Extravergine di Oliva<\/li><li>Un mazzetto di rucola<\/li><li>Sale<\/li><li>Condimento Balsamico<\/li><\/ul>\t\t\t\t\t\t\t\t<\/div>\n\t\t\t\t<\/div>\n\t\t\t\t<\/div>\n\t\t\t\t\t<\/div>\n\t\t\t\t<\/div>\n\t\t\t\t\t<\/div>\n\t\t\t\t<\/div>\n\t\t<div class=\"elementor-element elementor-element-658ddba3 e-flex e-con-boxed wpr-particle-no wpr-jarallax-no wpr-parallax-no wpr-sticky-section-no wpr-equal-height-no e-con e-parent\" data-id=\"658ddba3\" data-element_type=\"container\" data-e-type=\"container\" data-settings=\"{&quot;background_background&quot;:&quot;classic&quot;}\">\n\t\t\t\t\t<div class=\"e-con-inner\">\n\t\t<div class=\"elementor-element elementor-element-7119bd94 e-con-full e-flex wpr-particle-no wpr-jarallax-no wpr-parallax-no wpr-sticky-section-no wpr-equal-height-no e-con e-child\" data-id=\"7119bd94\" data-element_type=\"container\" data-e-type=\"container\">\n\t\t\t\t<div class=\"elementor-element elementor-element-7bcbf03a elementor-widget elementor-widget-heading\" data-id=\"7bcbf03a\" data-element_type=\"widget\" data-e-type=\"widget\" data-widget_type=\"heading.default\">\n\t\t\t\t<div class=\"elementor-widget-container\">\n\t\t\t\t\t<h2 class=\"elementor-heading-title elementor-size-default\">Preparazione<\/h2>\t\t\t\t<\/div>\n\t\t\t\t<\/div>\n\t\t\t\t<div class=\"elementor-element elementor-element-10f8b6f3 elementor-widget elementor-widget-text-editor\" data-id=\"10f8b6f3\" data-element_type=\"widget\" data-e-type=\"widget\" data-widget_type=\"text-editor.default\">\n\t\t\t\t<div class=\"elementor-widget-container\">\n\t\t\t\t\t\t\t\t\t<p>La tagliata di manzo \u00e8 un secondo piatto che di per s\u00e9 gi\u00e0 conquista. Quando a questo viene aggiunto il Condimento Balsamico di Acetaia Marchi, tutti i sapori vengono esaltati, arrivando a proporre un\u2019esplosione di gusto. Se siete amanti della tagliata, questo \u00e8 sicuramente un secondo che non dovreste esitare a portare in tavola.<\/p><p>Per preparare la tagliata di manzo con Condimento Balsamico, come prima cosa massaggia la carne con il sale. Successivamente falla rosolare 2 minuti per lato a fiamma vivace su una padella molto calda. Taglia subito la carne a fettine piuttosto sottili e disponile su una teglia cercando di non sovrapporle troppo. Inforna la teglia per 4-6 minuti, o solo 2 minuti se desideri che la carne sia cotta al sangue. Togli la carne dal forno e disponila su un piatto, decorando a piacere con rucola, Parmigiano Reggiano, Condimento Balsamico, sale e Olio Extravergine di Oliva.<\/p>\t\t\t\t\t\t\t\t<\/div>\n\t\t\t\t<\/div>\n\t\t\t\t<\/div>\n\t\t\t\t\t<\/div>\n\t\t\t\t<\/div>\n\t\t<div class=\"elementor-element elementor-element-5c647bb8 e-flex e-con-boxed wpr-particle-no wpr-jarallax-no wpr-parallax-no wpr-sticky-section-no wpr-equal-height-no e-con e-parent\" data-id=\"5c647bb8\" data-element_type=\"container\" data-e-type=\"container\">\n\t\t\t\t\t<div class=\"e-con-inner\">\n\t\t\t\t<div class=\"elementor-element elementor-element-585227a8 elementor-widget elementor-widget-heading\" data-id=\"585227a8\" data-element_type=\"widget\" data-e-type=\"widget\" data-widget_type=\"heading.default\">\n\t\t\t\t<div class=\"elementor-widget-container\">\n\t\t\t\t\t<h2 class=\"elementor-heading-title elementor-size-default\">Abbinamento consigliato<\/h2>\t\t\t\t<\/div>\n\t\t\t\t<\/div>\n\t\t\t\t\t<\/div>\n\t\t\t\t<\/div>\n\t\t<div class=\"elementor-element elementor-element-638c381e e-flex e-con-boxed wpr-particle-no wpr-jarallax-no wpr-parallax-no wpr-sticky-section-no wpr-equal-height-no e-con e-parent\" data-id=\"638c381e\" data-element_type=\"container\" data-e-type=\"container\">\n\t\t\t\t\t<div class=\"e-con-inner\">\n\t\t<div class=\"elementor-element elementor-element-6dfcbd8a e-con-full e-flex wpr-particle-no wpr-jarallax-no wpr-parallax-no wpr-sticky-section-no wpr-equal-height-no e-con e-child\" data-id=\"6dfcbd8a\" data-element_type=\"container\" data-e-type=\"container\">\n\t\t\t\t<div class=\"elementor-element elementor-element-318064d1 elementor-widget__width-initial elementor-widget elementor-widget-image\" data-id=\"318064d1\" data-element_type=\"widget\" data-e-type=\"widget\" data-widget_type=\"image.default\">\n\t\t\t\t<div class=\"elementor-widget-container\">\n\t\t\t\t\t\t\t\t\t\t\t\t\t\t\t<img decoding=\"async\" width=\"800\" height=\"800\" src=\"https:\/\/www.acetaiamarchi.com\/wp-content\/uploads\/2025\/03\/Condimento-Balsamico-Il-Pregiato-18-100ml-1024x1024.jpg\" class=\"attachment-large size-large wp-image-1092\" alt=\"Condimento Balsamico \u201cIl Pregiato 18\u201d\" srcset=\"https:\/\/www.acetaiamarchi.com\/wp-content\/uploads\/2025\/03\/Condimento-Balsamico-Il-Pregiato-18-100ml-1024x1024.jpg 1024w, https:\/\/www.acetaiamarchi.com\/wp-content\/uploads\/2025\/03\/Condimento-Balsamico-Il-Pregiato-18-100ml-300x300.jpg 300w, https:\/\/www.acetaiamarchi.com\/wp-content\/uploads\/2025\/03\/Condimento-Balsamico-Il-Pregiato-18-100ml-100x100.jpg 100w, https:\/\/www.acetaiamarchi.com\/wp-content\/uploads\/2025\/03\/Condimento-Balsamico-Il-Pregiato-18-100ml-600x600.jpg 600w, https:\/\/www.acetaiamarchi.com\/wp-content\/uploads\/2025\/03\/Condimento-Balsamico-Il-Pregiato-18-100ml-150x150.jpg 150w, https:\/\/www.acetaiamarchi.com\/wp-content\/uploads\/2025\/03\/Condimento-Balsamico-Il-Pregiato-18-100ml-768x768.jpg 768w, https:\/\/www.acetaiamarchi.com\/wp-content\/uploads\/2025\/03\/Condimento-Balsamico-Il-Pregiato-18-100ml-1536x1536.jpg 1536w, https:\/\/www.acetaiamarchi.com\/wp-content\/uploads\/2025\/03\/Condimento-Balsamico-Il-Pregiato-18-100ml.jpg 1600w\" sizes=\"(max-width: 800px) 100vw, 800px\" \/>\t\t\t\t\t\t\t\t\t\t\t\t\t\t\t<\/div>\n\t\t\t\t<\/div>\n\t\t\t\t<\/div>\n\t\t<div class=\"elementor-element elementor-element-5d455331 e-con-full e-flex wpr-particle-no wpr-jarallax-no wpr-parallax-no wpr-sticky-section-no wpr-equal-height-no e-con e-child\" data-id=\"5d455331\" data-element_type=\"container\" data-e-type=\"container\">\n\t\t\t\t<div class=\"elementor-element elementor-element-750d1251 elementor-widget elementor-widget-text-editor\" data-id=\"750d1251\" data-element_type=\"widget\" data-e-type=\"widget\" data-widget_type=\"text-editor.default\">\n\t\t\t\t<div class=\"elementor-widget-container\">\n\t\t\t\t\t\t\t\t\t<p>Per questo secondo di carne consigliamo l&rsquo;abbinamento con il <strong>Condimento Balsamico \u00ab\u00a0Il pregiato 18\u00a0\u00bb<\/strong>.<\/p>\t\t\t\t\t\t\t\t<\/div>\n\t\t\t\t<\/div>\n\t\t<div class=\"elementor-element elementor-element-205208eb e-con-full e-grid wpr-particle-no wpr-jarallax-no wpr-parallax-no wpr-sticky-section-no wpr-equal-height-no e-con e-child\" data-id=\"205208eb\" data-element_type=\"container\" data-e-type=\"container\">\n\t\t\t\t<div class=\"elementor-element elementor-element-125aae9d elementor-widget elementor-widget-button\" data-id=\"125aae9d\" data-element_type=\"widget\" data-e-type=\"widget\" data-widget_type=\"button.default\">\n\t\t\t\t<div class=\"elementor-widget-container\">\n\t\t\t\t\t\t\t\t\t<div class=\"elementor-button-wrapper\">\n\t\t\t\t\t<a class=\"elementor-button elementor-button-link elementor-size-sm\" href=\"https:\/\/www.acetaiamarchi.com\/prodotto\/condimento-balsamico-il-pregiato-18\/\">\n\t\t\t\t\t\t<span class=\"elementor-button-content-wrapper\">\n\t\t\t\t\t\t\t\t\t<span class=\"elementor-button-text\">Scopri il prodotto<\/span>\n\t\t\t\t\t<\/span>\n\t\t\t\t\t<\/a>\n\t\t\t\t<\/div>\n\t\t\t\t\t\t\t\t<\/div>\n\t\t\t\t<\/div>\n\t\t\t\t<div class=\"elementor-element elementor-element-7ddc9993 elementor-hidden-desktop elementor-hidden-tablet elementor-hidden-mobile elementor-widget elementor-widget-button\" data-id=\"7ddc9993\" data-element_type=\"widget\" data-e-type=\"widget\" data-widget_type=\"button.default\">\n\t\t\t\t<div class=\"elementor-widget-container\">\n\t\t\t\t\t\t\t\t\t<div class=\"elementor-button-wrapper\">\n\t\t\t\t\t<a class=\"elementor-button elementor-size-sm\" role=\"button\">\n\t\t\t\t\t\t<span class=\"elementor-button-content-wrapper\">\n\t\t\t\t\t\t\t\t\t<span class=\"elementor-button-text\">Vai allo shop online<\/span>\n\t\t\t\t\t<\/span>\n\t\t\t\t\t<\/a>\n\t\t\t\t<\/div>\n\t\t\t\t\t\t\t\t<\/div>\n\t\t\t\t<\/div>\n\t\t\t\t<\/div>\n\t\t\t\t<\/div>\n\t\t\t\t\t<\/div>\n\t\t\t\t<\/div>\n\t\t\t\t<\/div>\n\t\t","protected":false},"excerpt":{"rendered":"<p>[vc_row row_height_percent=\u00a0\u00bb0&Prime; back_image=\u00a0\u00bb728&Prime; back_repeat=\u00a0\u00bbno-repeat\u00a0\u00bb back_attachment=\u00a0\u00bbfixed\u00a0\u00bb back_position=\u00a0\u00bbcenter center\u00a0\u00bb overlay_color=\u00a0\u00bbcolor-nhtu\u00a0\u00bb overlay_alpha=\u00a0\u00bb80&Prime; gutter_size=\u00a0\u00bb3&Prime; column_width_percent=\u00a0\u00bb100&Prime; shift_y=\u00a0\u00bb0&Prime; z_index=\u00a0\u00bb0&Prime;][vc_column column_width_percent=\u00a0\u00bb100&Prime; align_horizontal=\u00a0\u00bbalign_center\u00a0\u00bb gutter_size=\u00a0\u00bb3&Prime; overlay_alpha=\u00a0\u00bb80&Prime; shift_x=\u00a0\u00bb0&Prime; shift_y=\u00a0\u00bb0&Prime; shift_y_down=\u00a0\u00bb0&Prime; z_index=\u00a0\u00bb0&Prime; medium_width=\u00a0\u00bb0&Prime; mobile_width=\u00a0\u00bb0&Prime; width=\u00a0\u00bb1\/1&Prime; css=\u00a0\u00bb.vc_custom_1615557133243{padding-top: 100px !important;padding-bottom: 100px !important;}\u00a0\u00bb el_id=\u00a0\u00bbdolci\u00a0\u00bb][vc_custom_heading text_color=\u00a0\u00bbcolor-xsdn\u00a0\u00bb text_size=\u00a0\u00bbfontsize-864287&Prime; css_animation=\u00a0\u00bbbottom-t-top\u00a0\u00bb uncode_shortcode_id=\u00a0\u00bb157163&Prime; text_color_type=\u00a0\u00bbuncode-palette\u00a0\u00bb]Sweets[\/vc_custom_heading][\/vc_column][\/vc_row][vc_row row_height_percent=\u00a0\u00bb0&Prime; back_color=\u00a0\u00bbcolor-lxmt\u00a0\u00bb overlay_alpha=\u00a0\u00bb50&Prime; equal_height=\u00a0\u00bbyes\u00a0\u00bb gutter_size=\u00a0\u00bb3&Prime; column_width_percent=\u00a0\u00bb100&Prime; shift_y=\u00a0\u00bb0&Prime; z_index=\u00a0\u00bb0&Prime; css=\u00a0\u00bb.vc_custom_1616587207483{padding-top: 15px !important;padding-right: 15px !important;padding-bottom: 15px !important;padding-left: 15px !important;}\u00a0\u00bb][vc_column column_width_percent=\u00a0\u00bb100&Prime; position_vertical=\u00a0\u00bbmiddle\u00a0\u00bb gutter_size=\u00a0\u00bb3&Prime; overlay_alpha=\u00a0\u00bb50&Prime; shift_x=\u00a0\u00bb0&Prime; shift_y=\u00a0\u00bb0&Prime; shift_y_down=\u00a0\u00bb0&Prime; z_index=\u00a0\u00bb0&Prime; medium_width=\u00a0\u00bb0&Prime; mobile_width=\u00a0\u00bb0&Prime; width=\u00a0\u00bb1\/2&Prime;][vc_single_image media=\u00a0\u00bb718&Prime; media_width_percent=\u00a0\u00bb100&Prime; media_ratio=\u00a0\u00bbfour-three\u00a0\u00bb shadow=\u00a0\u00bbyes\u00a0\u00bb shadow_weight=\u00a0\u00bbsm\u00a0\u00bb css_animation=\u00a0\u00bbleft-t-right\u00a0\u00bb lbox_skin=\u00a0\u00bbwhite\u00a0\u00bb lbox_dir=\u00a0\u00bbvertical\u00a0\u00bb][\/vc_column][vc_column column_width_percent=\u00a0\u00bb100&Prime; position_vertical=\u00a0\u00bbmiddle\u00a0\u00bb gutter_size=\u00a0\u00bb3&Prime; overlay_alpha=\u00a0\u00bb50&Prime; shift_x=\u00a0\u00bb0&Prime; shift_y=\u00a0\u00bb0&Prime; shift_y_down=\u00a0\u00bb0&Prime; z_index=\u00a0\u00bb0&Prime; medium_width=\u00a0\u00bb0&Prime; mobile_width=\u00a0\u00bb0&Prime; css_animation=\u00a0\u00bbright-t-left\u00a0\u00bb width=\u00a0\u00bb1\/2&Prime;][vc_custom_heading text_color=\u00a0\u00bbcolor-233255&Prime; heading_semantic=\u00a0\u00bbh1&Prime; text_font=\u00a0\u00bbfont-555555&Prime; uncode_shortcode_id=\u00a0\u00bb113583&Prime; text_color_type=\u00a0\u00bbuncode-palette\u00a0\u00bb]Glace aux baies sauvages avec vinaigrette balsamique[\/vc_custom_heading][vc_column_text]Tout le monde sait que la cr\u00e8me glac\u00e9e peut devenir encore plus d\u00e9licieuse si elle est associ\u00e9e au condiment balsamique. Celui aux baies convient parfaitement \u00e0 ce genre de combinaison culinaire. Cette recette vous apprendra \u00e0 pr\u00e9parer une d\u00e9licieuse glace authentique et artisanale, que vous pourrez ensuite agr\u00e9menter de l&rsquo;un de nos condiments balsamiques.[\/vc_column_text][vc_row_inner row_inner_height_percent=\u00a0\u00bb0&Prime; overlay_alpha=\u00a0\u00bb50&Prime; gutter_size=\u00a0\u00bb3&Prime; shift_y=\u00a0\u00bb0&Prime; z_index=\u00a0\u00bb0&Prime; css=\u00a0\u00bb.vc_custom_1616587106210{margin-top: 20px !important;margin-bottom: 0px !important;border-right-width: 0px !important;border-left-width: 0px !important;}\u00a0\u00bb][vc_column_inner width=\u00a0\u00bb1\/3&Prime;][vc_column_text] INGR\u00c9DIENTS: 200 ml de cr\u00e8me fra\u00eeche 200 ml de lait entier frais 100 g de sucre granul\u00e9 Baies au go\u00fbt Vinaigrette balsamique [\/vc_column_text][\/vc_column_inner][vc_column_inner width=\u00a0\u00bb2\/3&Prime;][vc_column_text] PR\u00c9PARATION: Pour pr\u00e9parer la cr\u00e8me glac\u00e9e aux baies avec vinaigrette balsamique, versez le lait, la cr\u00e8me et le sucre dans une petite casserole. Mettez-le sur le feu pendant 4-5 minutes pour que le sucre se dissolve. Laissez le m\u00e9lange refroidir \u00e0 temp\u00e9rature ambiante, puis laissez-le reposer au r\u00e9frig\u00e9rateur pendant une heure. Pendant ce temps, placez un r\u00e9cipient au cong\u00e9lateur (vous en aurez besoin plus tard pour la cr\u00e8me glac\u00e9e). Sortez le m\u00e9lange du r\u00e9frig\u00e9rateur, mixez-le et mettez-le au cong\u00e9lateur. \u00c0 intervalles r\u00e9guliers de 35 minutes, remuez le m\u00e9lange. Faites-le jusqu&rsquo;\u00e0 ce que la surface soit solide. R\u00e9p\u00e9tez l&rsquo;op\u00e9ration souvent pour obtenir une glace cr\u00e9meuse, en la remuant toujours \u00e0 intervalles r\u00e9guliers. Apr\u00e8s environ 5 heures, lorsqu&rsquo;il est pr\u00eat, disposez-le dans un bol ou sur une assiette et ajoutez les baies fra\u00eeches et le condiment balsamique selon votre go\u00fbt.[\/vc_column_text][\/vc_column_inner][\/vc_row_inner][\/vc_column][\/vc_row][vc_row row_height_percent=\u00a0\u00bb0&Prime; back_color=\u00a0\u00bbcolor-xsdn\u00a0\u00bb overlay_alpha=\u00a0\u00bb50&Prime; equal_height=\u00a0\u00bbyes\u00a0\u00bb gutter_size=\u00a0\u00bb3&Prime; column_width_percent=\u00a0\u00bb100&Prime; shift_y=\u00a0\u00bb0&Prime; z_index=\u00a0\u00bb0&Prime; css=\u00a0\u00bb.vc_custom_1614790775739{padding-top: 15px !important;padding-right: 15px !important;padding-bottom: 15px !important;padding-left: 15px !important;}\u00a0\u00bb][vc_column column_width_percent=\u00a0\u00bb100&Prime; position_vertical=\u00a0\u00bbmiddle\u00a0\u00bb gutter_size=\u00a0\u00bb3&Prime; overlay_alpha=\u00a0\u00bb50&Prime; shift_x=\u00a0\u00bb0&Prime; shift_y=\u00a0\u00bb0&Prime; shift_y_down=\u00a0\u00bb0&Prime; z_index=\u00a0\u00bb0&Prime; medium_width=\u00a0\u00bb0&Prime; mobile_width=\u00a0\u00bb0&Prime; css_animation=\u00a0\u00bbleft-t-right\u00a0\u00bb width=\u00a0\u00bb1\/2&Prime;][vc_custom_heading text_color=\u00a0\u00bbcolor-233255&Prime; heading_semantic=\u00a0\u00bbh3&Prime; text_font=\u00a0\u00bbfont-555555&Prime;]Association sugg\u00e9r\u00e9e[\/vc_custom_heading][vc_column_text]Pour cette pr\u00e9paration, nous recommandons un condiment balsamique \u00ab\u00a0Legendary 32&Prime;, cr\u00e9meux et \u00e0 l&rsquo;ar\u00f4me enveloppant.[\/vc_column_text][vc_button border_width=\u00a0\u00bb0&Prime; link=\u00a0\u00bburl:https%3A%2F%2Fwww.acetaiamarchi.com%2Ffr%2Fproduit%2Fcondiment-balsamique-leggendario-32%2F|\u00a0\u00bb]D\u00e9couvrez le produit[\/vc_button][\/vc_column][vc_column column_width_percent=\u00a0\u00bb100&Prime; position_vertical=\u00a0\u00bbmiddle\u00a0\u00bb gutter_size=\u00a0\u00bb3&Prime; overlay_alpha=\u00a0\u00bb50&Prime; shift_x=\u00a0\u00bb0&Prime; shift_y=\u00a0\u00bb0&Prime; shift_y_down=\u00a0\u00bb0&Prime; z_index=\u00a0\u00bb0&Prime; medium_width=\u00a0\u00bb0&Prime; mobile_width=\u00a0\u00bb0&Prime; width=\u00a0\u00bb1\/2&Prime;][vc_single_image media=\u00a0\u00bb1836&Prime; media_width_use_pixel=\u00a0\u00bbyes\u00a0\u00bb alignment=\u00a0\u00bbcenter\u00a0\u00bb shadow=\u00a0\u00bbyes\u00a0\u00bb css_animation=\u00a0\u00bbright-t-left\u00a0\u00bb media_width_pixel=\u00a0\u00bb500&Prime;][\/vc_column][\/vc_row]<\/p>\n","protected":false},"author":3,"featured_media":3404,"parent":4860,"menu_order":0,"comment_status":"closed","ping_status":"closed","template":"","meta":{"footnotes":""},"class_list":["post-4908","page","type-page","status-publish","has-post-thumbnail","hentry"],"yoast_head":"<!-- This site is optimized with the Yoast SEO plugin v27.4 - https:\/\/yoast.com\/product\/yoast-seo-wordpress\/ -->\n<title>Glace aux baies sauvages avec vinaigrette balsamique - Acetaia Marchi<\/title>\n<meta name=\"description\" content=\"La glace aux baies avec vinaigrette balsamique se pr\u00eate parfaitement \u00e0 ce type de combinaison culinaire.\" \/>\n<meta name=\"robots\" content=\"index, follow, max-snippet:-1, max-image-preview:large, max-video-preview:-1\" \/>\n<link rel=\"canonical\" href=\"https:\/\/www.acetaiamarchi.com\/fr\/recettes\/glace-aux-baies-sauvages-avec-vinaigrette-balsamique\/\" \/>\n<meta property=\"og:locale\" content=\"fr_FR\" \/>\n<meta property=\"og:type\" content=\"article\" \/>\n<meta property=\"og:title\" content=\"Glace aux baies sauvages avec vinaigrette balsamique - Acetaia Marchi\" \/>\n<meta property=\"og:description\" content=\"La glace aux baies avec vinaigrette balsamique se pr\u00eate parfaitement \u00e0 ce type de combinaison culinaire.\" \/>\n<meta property=\"og:url\" content=\"https:\/\/www.acetaiamarchi.com\/fr\/recettes\/glace-aux-baies-sauvages-avec-vinaigrette-balsamique\/\" \/>\n<meta property=\"og:site_name\" content=\"Acetaia Marchi\" \/>\n<meta property=\"article:modified_time\" content=\"2025-11-18T13:02:23+00:00\" \/>\n<meta property=\"og:image\" content=\"https:\/\/www.acetaiamarchi.com\/wp-content\/uploads\/2025\/04\/tagliata-di-manzo-e-condimento-balsamico.jpg\" \/>\n\t<meta property=\"og:image:width\" content=\"1032\" \/>\n\t<meta property=\"og:image:height\" content=\"774\" \/>\n\t<meta property=\"og:image:type\" content=\"image\/jpeg\" \/>\n<meta name=\"twitter:card\" content=\"summary_large_image\" \/>\n<meta name=\"twitter:label1\" content=\"Dur\u00e9e de lecture estim\u00e9e\" \/>\n\t<meta name=\"twitter:data1\" content=\"3 minutes\" \/>\n<script type=\"application\/ld+json\" class=\"yoast-schema-graph\">{\"@context\":\"https:\\\/\\\/schema.org\",\"@graph\":[{\"@type\":\"WebPage\",\"@id\":\"https:\\\/\\\/www.acetaiamarchi.com\\\/fr\\\/recettes\\\/glace-aux-baies-sauvages-avec-vinaigrette-balsamique\\\/\",\"url\":\"https:\\\/\\\/www.acetaiamarchi.com\\\/fr\\\/recettes\\\/glace-aux-baies-sauvages-avec-vinaigrette-balsamique\\\/\",\"name\":\"Glace aux baies sauvages avec vinaigrette balsamique - Acetaia Marchi\",\"isPartOf\":{\"@id\":\"https:\\\/\\\/www.acetaiamarchi.com\\\/fr\\\/#website\"},\"primaryImageOfPage\":{\"@id\":\"https:\\\/\\\/www.acetaiamarchi.com\\\/fr\\\/recettes\\\/glace-aux-baies-sauvages-avec-vinaigrette-balsamique\\\/#primaryimage\"},\"image\":{\"@id\":\"https:\\\/\\\/www.acetaiamarchi.com\\\/fr\\\/recettes\\\/glace-aux-baies-sauvages-avec-vinaigrette-balsamique\\\/#primaryimage\"},\"thumbnailUrl\":\"https:\\\/\\\/www.acetaiamarchi.com\\\/wp-content\\\/uploads\\\/2025\\\/04\\\/tagliata-di-manzo-e-condimento-balsamico.jpg\",\"datePublished\":\"2025-04-02T12:37:36+00:00\",\"dateModified\":\"2025-11-18T13:02:23+00:00\",\"description\":\"La glace aux baies avec vinaigrette balsamique se pr\u00eate parfaitement \u00e0 ce type de combinaison culinaire.\",\"breadcrumb\":{\"@id\":\"https:\\\/\\\/www.acetaiamarchi.com\\\/fr\\\/recettes\\\/glace-aux-baies-sauvages-avec-vinaigrette-balsamique\\\/#breadcrumb\"},\"inLanguage\":\"fr-FR\",\"potentialAction\":[{\"@type\":\"ReadAction\",\"target\":[\"https:\\\/\\\/www.acetaiamarchi.com\\\/fr\\\/recettes\\\/glace-aux-baies-sauvages-avec-vinaigrette-balsamique\\\/\"]}]},{\"@type\":\"ImageObject\",\"inLanguage\":\"fr-FR\",\"@id\":\"https:\\\/\\\/www.acetaiamarchi.com\\\/fr\\\/recettes\\\/glace-aux-baies-sauvages-avec-vinaigrette-balsamique\\\/#primaryimage\",\"url\":\"https:\\\/\\\/www.acetaiamarchi.com\\\/wp-content\\\/uploads\\\/2025\\\/04\\\/tagliata-di-manzo-e-condimento-balsamico.jpg\",\"contentUrl\":\"https:\\\/\\\/www.acetaiamarchi.com\\\/wp-content\\\/uploads\\\/2025\\\/04\\\/tagliata-di-manzo-e-condimento-balsamico.jpg\",\"width\":1032,\"height\":774,\"caption\":\"Tagliata di manzo con Condimento Balsamico\"},{\"@type\":\"BreadcrumbList\",\"@id\":\"https:\\\/\\\/www.acetaiamarchi.com\\\/fr\\\/recettes\\\/glace-aux-baies-sauvages-avec-vinaigrette-balsamique\\\/#breadcrumb\",\"itemListElement\":[{\"@type\":\"ListItem\",\"position\":1,\"name\":\"Home\",\"item\":\"https:\\\/\\\/www.acetaiamarchi.com\\\/fr\\\/\"},{\"@type\":\"ListItem\",\"position\":2,\"name\":\"Recettes\",\"item\":\"https:\\\/\\\/www.acetaiamarchi.com\\\/fr\\\/recettes\\\/\"},{\"@type\":\"ListItem\",\"position\":3,\"name\":\"Glace aux baies sauvages avec vinaigrette balsamique\"}]},{\"@type\":\"WebSite\",\"@id\":\"https:\\\/\\\/www.acetaiamarchi.com\\\/fr\\\/#website\",\"url\":\"https:\\\/\\\/www.acetaiamarchi.com\\\/fr\\\/\",\"name\":\"Acetaia Marchi Srl\",\"description\":\"\",\"publisher\":{\"@id\":\"https:\\\/\\\/www.acetaiamarchi.com\\\/fr\\\/#organization\"},\"potentialAction\":[{\"@type\":\"SearchAction\",\"target\":{\"@type\":\"EntryPoint\",\"urlTemplate\":\"https:\\\/\\\/www.acetaiamarchi.com\\\/fr\\\/?s={search_term_string}\"},\"query-input\":{\"@type\":\"PropertyValueSpecification\",\"valueRequired\":true,\"valueName\":\"search_term_string\"}}],\"inLanguage\":\"fr-FR\"},{\"@type\":\"Organization\",\"@id\":\"https:\\\/\\\/www.acetaiamarchi.com\\\/fr\\\/#organization\",\"name\":\"Acetaia Marchi Srl\",\"url\":\"https:\\\/\\\/www.acetaiamarchi.com\\\/fr\\\/\",\"logo\":{\"@type\":\"ImageObject\",\"inLanguage\":\"fr-FR\",\"@id\":\"https:\\\/\\\/www.acetaiamarchi.com\\\/fr\\\/#\\\/schema\\\/logo\\\/image\\\/\",\"url\":\"https:\\\/\\\/acetaiamarchi.com\\\/wp-content\\\/uploads\\\/2025\\\/03\\\/Acetaia-Marchi-Srl-Logo.png\",\"contentUrl\":\"https:\\\/\\\/acetaiamarchi.com\\\/wp-content\\\/uploads\\\/2025\\\/03\\\/Acetaia-Marchi-Srl-Logo.png\",\"width\":2000,\"height\":2000,\"caption\":\"Acetaia Marchi Srl\"},\"image\":{\"@id\":\"https:\\\/\\\/www.acetaiamarchi.com\\\/fr\\\/#\\\/schema\\\/logo\\\/image\\\/\"}}]}<\/script>\n<!-- \/ Yoast SEO plugin. -->","yoast_head_json":{"title":"Glace aux baies sauvages avec vinaigrette balsamique - Acetaia Marchi","description":"La glace aux baies avec vinaigrette balsamique se pr\u00eate parfaitement \u00e0 ce type de combinaison culinaire.","robots":{"index":"index","follow":"follow","max-snippet":"max-snippet:-1","max-image-preview":"max-image-preview:large","max-video-preview":"max-video-preview:-1"},"canonical":"https:\/\/www.acetaiamarchi.com\/fr\/recettes\/glace-aux-baies-sauvages-avec-vinaigrette-balsamique\/","og_locale":"fr_FR","og_type":"article","og_title":"Glace aux baies sauvages avec vinaigrette balsamique - Acetaia Marchi","og_description":"La glace aux baies avec vinaigrette balsamique se pr\u00eate parfaitement \u00e0 ce type de combinaison culinaire.","og_url":"https:\/\/www.acetaiamarchi.com\/fr\/recettes\/glace-aux-baies-sauvages-avec-vinaigrette-balsamique\/","og_site_name":"Acetaia Marchi","article_modified_time":"2025-11-18T13:02:23+00:00","og_image":[{"width":1032,"height":774,"url":"https:\/\/www.acetaiamarchi.com\/wp-content\/uploads\/2025\/04\/tagliata-di-manzo-e-condimento-balsamico.jpg","type":"image\/jpeg"}],"twitter_card":"summary_large_image","twitter_misc":{"Dur\u00e9e de lecture estim\u00e9e":"3 minutes"},"schema":{"@context":"https:\/\/schema.org","@graph":[{"@type":"WebPage","@id":"https:\/\/www.acetaiamarchi.com\/fr\/recettes\/glace-aux-baies-sauvages-avec-vinaigrette-balsamique\/","url":"https:\/\/www.acetaiamarchi.com\/fr\/recettes\/glace-aux-baies-sauvages-avec-vinaigrette-balsamique\/","name":"Glace aux baies sauvages avec vinaigrette balsamique - Acetaia Marchi","isPartOf":{"@id":"https:\/\/www.acetaiamarchi.com\/fr\/#website"},"primaryImageOfPage":{"@id":"https:\/\/www.acetaiamarchi.com\/fr\/recettes\/glace-aux-baies-sauvages-avec-vinaigrette-balsamique\/#primaryimage"},"image":{"@id":"https:\/\/www.acetaiamarchi.com\/fr\/recettes\/glace-aux-baies-sauvages-avec-vinaigrette-balsamique\/#primaryimage"},"thumbnailUrl":"https:\/\/www.acetaiamarchi.com\/wp-content\/uploads\/2025\/04\/tagliata-di-manzo-e-condimento-balsamico.jpg","datePublished":"2025-04-02T12:37:36+00:00","dateModified":"2025-11-18T13:02:23+00:00","description":"La glace aux baies avec vinaigrette balsamique se pr\u00eate parfaitement \u00e0 ce type de combinaison culinaire.","breadcrumb":{"@id":"https:\/\/www.acetaiamarchi.com\/fr\/recettes\/glace-aux-baies-sauvages-avec-vinaigrette-balsamique\/#breadcrumb"},"inLanguage":"fr-FR","potentialAction":[{"@type":"ReadAction","target":["https:\/\/www.acetaiamarchi.com\/fr\/recettes\/glace-aux-baies-sauvages-avec-vinaigrette-balsamique\/"]}]},{"@type":"ImageObject","inLanguage":"fr-FR","@id":"https:\/\/www.acetaiamarchi.com\/fr\/recettes\/glace-aux-baies-sauvages-avec-vinaigrette-balsamique\/#primaryimage","url":"https:\/\/www.acetaiamarchi.com\/wp-content\/uploads\/2025\/04\/tagliata-di-manzo-e-condimento-balsamico.jpg","contentUrl":"https:\/\/www.acetaiamarchi.com\/wp-content\/uploads\/2025\/04\/tagliata-di-manzo-e-condimento-balsamico.jpg","width":1032,"height":774,"caption":"Tagliata di manzo con Condimento Balsamico"},{"@type":"BreadcrumbList","@id":"https:\/\/www.acetaiamarchi.com\/fr\/recettes\/glace-aux-baies-sauvages-avec-vinaigrette-balsamique\/#breadcrumb","itemListElement":[{"@type":"ListItem","position":1,"name":"Home","item":"https:\/\/www.acetaiamarchi.com\/fr\/"},{"@type":"ListItem","position":2,"name":"Recettes","item":"https:\/\/www.acetaiamarchi.com\/fr\/recettes\/"},{"@type":"ListItem","position":3,"name":"Glace aux baies sauvages avec vinaigrette balsamique"}]},{"@type":"WebSite","@id":"https:\/\/www.acetaiamarchi.com\/fr\/#website","url":"https:\/\/www.acetaiamarchi.com\/fr\/","name":"Acetaia Marchi Srl","description":"","publisher":{"@id":"https:\/\/www.acetaiamarchi.com\/fr\/#organization"},"potentialAction":[{"@type":"SearchAction","target":{"@type":"EntryPoint","urlTemplate":"https:\/\/www.acetaiamarchi.com\/fr\/?s={search_term_string}"},"query-input":{"@type":"PropertyValueSpecification","valueRequired":true,"valueName":"search_term_string"}}],"inLanguage":"fr-FR"},{"@type":"Organization","@id":"https:\/\/www.acetaiamarchi.com\/fr\/#organization","name":"Acetaia Marchi Srl","url":"https:\/\/www.acetaiamarchi.com\/fr\/","logo":{"@type":"ImageObject","inLanguage":"fr-FR","@id":"https:\/\/www.acetaiamarchi.com\/fr\/#\/schema\/logo\/image\/","url":"https:\/\/acetaiamarchi.com\/wp-content\/uploads\/2025\/03\/Acetaia-Marchi-Srl-Logo.png","contentUrl":"https:\/\/acetaiamarchi.com\/wp-content\/uploads\/2025\/03\/Acetaia-Marchi-Srl-Logo.png","width":2000,"height":2000,"caption":"Acetaia Marchi Srl"},"image":{"@id":"https:\/\/www.acetaiamarchi.com\/fr\/#\/schema\/logo\/image\/"}}]}},"_links":{"self":[{"href":"https:\/\/www.acetaiamarchi.com\/fr\/wp-json\/wp\/v2\/pages\/4908","targetHints":{"allow":["GET"]}}],"collection":[{"href":"https:\/\/www.acetaiamarchi.com\/fr\/wp-json\/wp\/v2\/pages"}],"about":[{"href":"https:\/\/www.acetaiamarchi.com\/fr\/wp-json\/wp\/v2\/types\/page"}],"author":[{"embeddable":true,"href":"https:\/\/www.acetaiamarchi.com\/fr\/wp-json\/wp\/v2\/users\/3"}],"replies":[{"embeddable":true,"href":"https:\/\/www.acetaiamarchi.com\/fr\/wp-json\/wp\/v2\/comments?post=4908"}],"version-history":[{"count":14,"href":"https:\/\/www.acetaiamarchi.com\/fr\/wp-json\/wp\/v2\/pages\/4908\/revisions"}],"predecessor-version":[{"id":11324,"href":"https:\/\/www.acetaiamarchi.com\/fr\/wp-json\/wp\/v2\/pages\/4908\/revisions\/11324"}],"up":[{"embeddable":true,"href":"https:\/\/www.acetaiamarchi.com\/fr\/wp-json\/wp\/v2\/pages\/4860"}],"wp:featuredmedia":[{"embeddable":true,"href":"https:\/\/www.acetaiamarchi.com\/fr\/wp-json\/wp\/v2\/media\/3404"}],"wp:attachment":[{"href":"https:\/\/www.acetaiamarchi.com\/fr\/wp-json\/wp\/v2\/media?parent=4908"}],"curies":[{"name":"wp","href":"https:\/\/api.w.org\/{rel}","templated":true}]}}