{"id":4866,"date":"2025-04-02T15:33:20","date_gmt":"2025-04-02T13:33:20","guid":{"rendered":"https:\/\/www.acetaiamarchi.com\/la-tradition-de-modene\/"},"modified":"2025-11-18T14:02:19","modified_gmt":"2025-11-18T13:02:19","slug":"la-tradition-de-modene","status":"publish","type":"page","link":"https:\/\/www.acetaiamarchi.com\/fr\/recettes\/la-tradition-de-modene\/","title":{"rendered":"La tradition de Mod\u00e8ne"},"content":{"rendered":"\t\t<div data-elementor-type=\"wp-page\" data-elementor-id=\"4866\" class=\"elementor elementor-4866 elementor-3164\" data-elementor-post-type=\"page\">\n\t\t\t\t<div class=\"elementor-element elementor-element-4da122aa e-flex e-con-boxed wpr-particle-no wpr-jarallax-no wpr-parallax-no wpr-sticky-section-no wpr-equal-height-no e-con e-parent\" data-id=\"4da122aa\" data-element_type=\"container\" data-e-type=\"container\">\n\t\t\t\t\t<div class=\"e-con-inner\">\n\t\t\t\t<div class=\"elementor-element elementor-element-6dae5051 elementor-widget elementor-widget-spacer\" data-id=\"6dae5051\" data-element_type=\"widget\" data-e-type=\"widget\" data-widget_type=\"spacer.default\">\n\t\t\t\t<div class=\"elementor-widget-container\">\n\t\t\t\t\t\t\t<div class=\"elementor-spacer\">\n\t\t\t<div class=\"elementor-spacer-inner\"><\/div>\n\t\t<\/div>\n\t\t\t\t\t\t<\/div>\n\t\t\t\t<\/div>\n\t\t\t\t\t<\/div>\n\t\t\t\t<\/div>\n\t\t<div class=\"elementor-element elementor-element-3a749205 elementor-hidden-desktop e-flex e-con-boxed wpr-particle-no wpr-jarallax-no wpr-parallax-no wpr-sticky-section-no wpr-equal-height-no e-con e-parent\" data-id=\"3a749205\" data-element_type=\"container\" data-e-type=\"container\">\n\t\t\t\t\t<div class=\"e-con-inner\">\n\t\t<div class=\"elementor-element elementor-element-c3a1a65 e-grid e-con-full elementor-hidden-desktop wpr-particle-no wpr-jarallax-no wpr-parallax-no wpr-sticky-section-no wpr-equal-height-no e-con e-child\" data-id=\"c3a1a65\" data-element_type=\"container\" data-e-type=\"container\">\n\t\t\t\t<div class=\"elementor-element elementor-element-7698a0a3 elementor-widget elementor-widget-breadcrumbs\" data-id=\"7698a0a3\" data-element_type=\"widget\" data-e-type=\"widget\" data-widget_type=\"breadcrumbs.default\">\n\t\t\t\t<div class=\"elementor-widget-container\">\n\t\t\t\t\t<p id=\"breadcrumbs\"><span><span><a href=\"https:\/\/www.acetaiamarchi.com\/fr\/\">Home<\/a><\/span><\/span><\/p>\t\t\t\t<\/div>\n\t\t\t\t<\/div>\n\t\t\t\t<div class=\"elementor-element elementor-element-1ea34fd2 elementor-widget elementor-widget-theme-post-featured-image elementor-widget-image\" data-id=\"1ea34fd2\" data-element_type=\"widget\" data-e-type=\"widget\" data-widget_type=\"theme-post-featured-image.default\">\n\t\t\t\t<div class=\"elementor-widget-container\">\n\t\t\t\t\t\t\t\t\t\t\t\t\t\t\t<img fetchpriority=\"high\" decoding=\"async\" width=\"800\" height=\"800\" src=\"https:\/\/www.acetaiamarchi.com\/wp-content\/uploads\/2021\/03\/aceto-balsamico-tradizionale-di-modena-dop-estravecchio-25-anni.jpg\" class=\"attachment-large size-large wp-image-5314\" alt=\"\" srcset=\"https:\/\/www.acetaiamarchi.com\/wp-content\/uploads\/2021\/03\/aceto-balsamico-tradizionale-di-modena-dop-estravecchio-25-anni.jpg 800w, https:\/\/www.acetaiamarchi.com\/wp-content\/uploads\/2021\/03\/aceto-balsamico-tradizionale-di-modena-dop-estravecchio-25-anni-300x300.jpg 300w, https:\/\/www.acetaiamarchi.com\/wp-content\/uploads\/2021\/03\/aceto-balsamico-tradizionale-di-modena-dop-estravecchio-25-anni-150x150.jpg 150w, https:\/\/www.acetaiamarchi.com\/wp-content\/uploads\/2021\/03\/aceto-balsamico-tradizionale-di-modena-dop-estravecchio-25-anni-768x768.jpg 768w, https:\/\/www.acetaiamarchi.com\/wp-content\/uploads\/2021\/03\/aceto-balsamico-tradizionale-di-modena-dop-estravecchio-25-anni-600x600.jpg 600w, https:\/\/www.acetaiamarchi.com\/wp-content\/uploads\/2021\/03\/aceto-balsamico-tradizionale-di-modena-dop-estravecchio-25-anni-100x100.jpg 100w\" sizes=\"(max-width: 800px) 100vw, 800px\" \/>\t\t\t\t\t\t\t\t\t\t\t\t\t\t\t<\/div>\n\t\t\t\t<\/div>\n\t\t\t\t<div class=\"elementor-element elementor-element-7d15e547 elementor-widget elementor-widget-heading\" data-id=\"7d15e547\" data-element_type=\"widget\" data-e-type=\"widget\" data-widget_type=\"heading.default\">\n\t\t\t\t<div class=\"elementor-widget-container\">\n\t\t\t\t\t<h4 class=\"elementor-heading-title elementor-size-default\">Ingredienti:<\/h4>\t\t\t\t<\/div>\n\t\t\t\t<\/div>\n\t\t\t\t<div class=\"elementor-element elementor-element-752da70e elementor-widget elementor-widget-text-editor\" data-id=\"752da70e\" data-element_type=\"widget\" data-e-type=\"widget\" data-widget_type=\"text-editor.default\">\n\t\t\t\t<div class=\"elementor-widget-container\">\n\t\t\t\t\t\t\t\t\t<ul><li>Scaglie di Parmigiano Reggiano stagionato 24 Mesi<\/li><li>Qualche goccia di Aceto Balsamico Tradizionale di Modena DOP Extravecchio<\/li><\/ul>\t\t\t\t\t\t\t\t<\/div>\n\t\t\t\t<\/div>\n\t\t\t\t<\/div>\n\t\t\t\t\t<\/div>\n\t\t\t\t<\/div>\n\t\t<div class=\"elementor-element elementor-element-2f145ddc elementor-hidden-tablet elementor-hidden-mobile e-flex e-con-boxed wpr-particle-no wpr-jarallax-no wpr-parallax-no wpr-sticky-section-no wpr-equal-height-no e-con e-parent\" data-id=\"2f145ddc\" data-element_type=\"container\" data-e-type=\"container\">\n\t\t\t\t\t<div class=\"e-con-inner\">\n\t\t<div class=\"elementor-element elementor-element-177a226b e-grid e-con-boxed wpr-particle-no wpr-jarallax-no wpr-parallax-no wpr-sticky-section-no wpr-equal-height-no e-con e-child\" data-id=\"177a226b\" data-element_type=\"container\" data-e-type=\"container\">\n\t\t\t\t\t<div class=\"e-con-inner\">\n\t\t\t\t<div class=\"elementor-element elementor-element-134a462b elementor-widget elementor-widget-theme-post-featured-image elementor-widget-image\" data-id=\"134a462b\" data-element_type=\"widget\" data-e-type=\"widget\" data-widget_type=\"theme-post-featured-image.default\">\n\t\t\t\t<div class=\"elementor-widget-container\">\n\t\t\t\t\t\t\t\t\t\t\t\t\t\t\t<img fetchpriority=\"high\" decoding=\"async\" width=\"800\" height=\"800\" src=\"https:\/\/www.acetaiamarchi.com\/wp-content\/uploads\/2021\/03\/aceto-balsamico-tradizionale-di-modena-dop-estravecchio-25-anni.jpg\" class=\"attachment-large size-large wp-image-5314\" alt=\"\" srcset=\"https:\/\/www.acetaiamarchi.com\/wp-content\/uploads\/2021\/03\/aceto-balsamico-tradizionale-di-modena-dop-estravecchio-25-anni.jpg 800w, https:\/\/www.acetaiamarchi.com\/wp-content\/uploads\/2021\/03\/aceto-balsamico-tradizionale-di-modena-dop-estravecchio-25-anni-300x300.jpg 300w, https:\/\/www.acetaiamarchi.com\/wp-content\/uploads\/2021\/03\/aceto-balsamico-tradizionale-di-modena-dop-estravecchio-25-anni-150x150.jpg 150w, https:\/\/www.acetaiamarchi.com\/wp-content\/uploads\/2021\/03\/aceto-balsamico-tradizionale-di-modena-dop-estravecchio-25-anni-768x768.jpg 768w, https:\/\/www.acetaiamarchi.com\/wp-content\/uploads\/2021\/03\/aceto-balsamico-tradizionale-di-modena-dop-estravecchio-25-anni-600x600.jpg 600w, https:\/\/www.acetaiamarchi.com\/wp-content\/uploads\/2021\/03\/aceto-balsamico-tradizionale-di-modena-dop-estravecchio-25-anni-100x100.jpg 100w\" sizes=\"(max-width: 800px) 100vw, 800px\" \/>\t\t\t\t\t\t\t\t\t\t\t\t\t\t\t<\/div>\n\t\t\t\t<\/div>\n\t\t<div class=\"elementor-element elementor-element-1152a7a8 e-con-full e-flex wpr-particle-no wpr-jarallax-no wpr-parallax-no wpr-sticky-section-no wpr-equal-height-no e-con e-child\" data-id=\"1152a7a8\" data-element_type=\"container\" data-e-type=\"container\">\n\t\t\t\t<div class=\"elementor-element elementor-element-dc4b8f6 elementor-align-left elementor-widget elementor-widget-breadcrumbs\" data-id=\"dc4b8f6\" data-element_type=\"widget\" data-e-type=\"widget\" data-widget_type=\"breadcrumbs.default\">\n\t\t\t\t<div class=\"elementor-widget-container\">\n\t\t\t\t\t<p id=\"breadcrumbs\"><span><span><a href=\"https:\/\/www.acetaiamarchi.com\/fr\/\">Home<\/a><\/span><\/span><\/p>\t\t\t\t<\/div>\n\t\t\t\t<\/div>\n\t\t\t\t<div class=\"elementor-element elementor-element-447ed28f elementor-widget elementor-widget-heading\" data-id=\"447ed28f\" data-element_type=\"widget\" data-e-type=\"widget\" data-widget_type=\"heading.default\">\n\t\t\t\t<div class=\"elementor-widget-container\">\n\t\t\t\t\t<h4 class=\"elementor-heading-title elementor-size-default\">Ingredienti:<\/h4>\t\t\t\t<\/div>\n\t\t\t\t<\/div>\n\t\t\t\t<div class=\"elementor-element elementor-element-d1d06b0 elementor-widget elementor-widget-text-editor\" data-id=\"d1d06b0\" data-element_type=\"widget\" data-e-type=\"widget\" data-widget_type=\"text-editor.default\">\n\t\t\t\t<div class=\"elementor-widget-container\">\n\t\t\t\t\t\t\t\t\t<ul><li>Scaglie di Parmigiano Reggiano stagionato 24 Mesi<\/li><li>Qualche goccia di Aceto Balsamico Tradizionale di Modena DOP Extravecchio<\/li><\/ul>\t\t\t\t\t\t\t\t<\/div>\n\t\t\t\t<\/div>\n\t\t\t\t<\/div>\n\t\t\t\t\t<\/div>\n\t\t\t\t<\/div>\n\t\t\t\t\t<\/div>\n\t\t\t\t<\/div>\n\t\t<div class=\"elementor-element elementor-element-14d4a94f e-flex e-con-boxed wpr-particle-no wpr-jarallax-no wpr-parallax-no wpr-sticky-section-no wpr-equal-height-no e-con e-parent\" data-id=\"14d4a94f\" data-element_type=\"container\" data-e-type=\"container\" data-settings=\"{&quot;background_background&quot;:&quot;classic&quot;}\">\n\t\t\t\t\t<div class=\"e-con-inner\">\n\t\t<div class=\"elementor-element elementor-element-69bd8d88 e-con-full e-flex wpr-particle-no wpr-jarallax-no wpr-parallax-no wpr-sticky-section-no wpr-equal-height-no e-con e-child\" data-id=\"69bd8d88\" data-element_type=\"container\" data-e-type=\"container\">\n\t\t\t\t<div class=\"elementor-element elementor-element-38d2901f elementor-widget elementor-widget-heading\" data-id=\"38d2901f\" data-element_type=\"widget\" data-e-type=\"widget\" data-widget_type=\"heading.default\">\n\t\t\t\t<div class=\"elementor-widget-container\">\n\t\t\t\t\t<h2 class=\"elementor-heading-title elementor-size-default\">Preparazione<\/h2>\t\t\t\t<\/div>\n\t\t\t\t<\/div>\n\t\t\t\t<div class=\"elementor-element elementor-element-1433f99c elementor-widget elementor-widget-text-editor\" data-id=\"1433f99c\" data-element_type=\"widget\" data-e-type=\"widget\" data-widget_type=\"text-editor.default\">\n\t\t\t\t<div class=\"elementor-widget-container\">\n\t\t\t\t\t\t\t\t\t<p>La ricetta Tradizione modenese \u00e8 molto semplice e veloce da preparare. Prevede la combinazione di due alimenti saporiti e di alta qualit\u00e0: il Parmigiano Reggiano e l\u2019Aceto Balsamico Tradizionale di Modena DOP. Questa \u00e8 proprio la combinazione ideale per chi ama portare in tavola la tradizione culinaria del nostro territorio.<\/p><p>Per preparare questa ricetta non dovrai fare altro che munirti del nostro preziosissimo Aceto Balsamico Tradizionale di Modena DOP Extravecchio. Poi potrai usarlo per valorizzare il sapore delle scaglie di Parmigiano Reggiano stagionato 24 mesi.<\/p><p>In questo piatto, semplice ma ricco di sapore, i due elementi si uniscono in un intenso abbraccio e sprigionano sul palato un gusto indescrivibile, frutto di due eccellenze Italiane.<\/p>\t\t\t\t\t\t\t\t<\/div>\n\t\t\t\t<\/div>\n\t\t\t\t<\/div>\n\t\t\t\t\t<\/div>\n\t\t\t\t<\/div>\n\t\t<div class=\"elementor-element elementor-element-5e476ec3 e-flex e-con-boxed wpr-particle-no wpr-jarallax-no wpr-parallax-no wpr-sticky-section-no wpr-equal-height-no e-con e-parent\" data-id=\"5e476ec3\" data-element_type=\"container\" data-e-type=\"container\">\n\t\t\t\t\t<div class=\"e-con-inner\">\n\t\t\t\t<div class=\"elementor-element elementor-element-7ff13f2f elementor-widget elementor-widget-heading\" data-id=\"7ff13f2f\" data-element_type=\"widget\" data-e-type=\"widget\" data-widget_type=\"heading.default\">\n\t\t\t\t<div class=\"elementor-widget-container\">\n\t\t\t\t\t<h2 class=\"elementor-heading-title elementor-size-default\">Abbinamento consigliato<\/h2>\t\t\t\t<\/div>\n\t\t\t\t<\/div>\n\t\t\t\t\t<\/div>\n\t\t\t\t<\/div>\n\t\t<div class=\"elementor-element elementor-element-66889574 e-flex e-con-boxed wpr-particle-no wpr-jarallax-no wpr-parallax-no wpr-sticky-section-no wpr-equal-height-no e-con e-parent\" data-id=\"66889574\" data-element_type=\"container\" data-e-type=\"container\">\n\t\t\t\t\t<div class=\"e-con-inner\">\n\t\t<div class=\"elementor-element elementor-element-15c149cb e-con-full e-flex wpr-particle-no wpr-jarallax-no wpr-parallax-no wpr-sticky-section-no wpr-equal-height-no e-con e-child\" data-id=\"15c149cb\" data-element_type=\"container\" data-e-type=\"container\">\n\t\t\t\t<div class=\"elementor-element elementor-element-7fc81a82 elementor-widget__width-initial elementor-widget elementor-widget-image\" data-id=\"7fc81a82\" data-element_type=\"widget\" data-e-type=\"widget\" data-widget_type=\"image.default\">\n\t\t\t\t<div class=\"elementor-widget-container\">\n\t\t\t\t\t\t\t\t\t\t\t\t\t\t\t<img decoding=\"async\" width=\"800\" height=\"800\" src=\"https:\/\/www.acetaiamarchi.com\/wp-content\/uploads\/2025\/03\/Aceto-Balsamico-Tradizionale-di-Modena-DOP-Extravecchio-scatola-oro-1024x1024.jpg\" class=\"attachment-large size-large wp-image-810\" alt=\"aceto balsamico tradizionale di modena DOP extravecchio scatola oro\" srcset=\"https:\/\/www.acetaiamarchi.com\/wp-content\/uploads\/2025\/03\/Aceto-Balsamico-Tradizionale-di-Modena-DOP-Extravecchio-scatola-oro-1024x1024.jpg 1024w, https:\/\/www.acetaiamarchi.com\/wp-content\/uploads\/2025\/03\/Aceto-Balsamico-Tradizionale-di-Modena-DOP-Extravecchio-scatola-oro-300x300.jpg 300w, https:\/\/www.acetaiamarchi.com\/wp-content\/uploads\/2025\/03\/Aceto-Balsamico-Tradizionale-di-Modena-DOP-Extravecchio-scatola-oro-100x100.jpg 100w, https:\/\/www.acetaiamarchi.com\/wp-content\/uploads\/2025\/03\/Aceto-Balsamico-Tradizionale-di-Modena-DOP-Extravecchio-scatola-oro-600x600.jpg 600w, https:\/\/www.acetaiamarchi.com\/wp-content\/uploads\/2025\/03\/Aceto-Balsamico-Tradizionale-di-Modena-DOP-Extravecchio-scatola-oro-150x150.jpg 150w, https:\/\/www.acetaiamarchi.com\/wp-content\/uploads\/2025\/03\/Aceto-Balsamico-Tradizionale-di-Modena-DOP-Extravecchio-scatola-oro-768x768.jpg 768w, https:\/\/www.acetaiamarchi.com\/wp-content\/uploads\/2025\/03\/Aceto-Balsamico-Tradizionale-di-Modena-DOP-Extravecchio-scatola-oro-1536x1536.jpg 1536w, https:\/\/www.acetaiamarchi.com\/wp-content\/uploads\/2025\/03\/Aceto-Balsamico-Tradizionale-di-Modena-DOP-Extravecchio-scatola-oro.jpg 1600w\" sizes=\"(max-width: 800px) 100vw, 800px\" \/>\t\t\t\t\t\t\t\t\t\t\t\t\t\t\t<\/div>\n\t\t\t\t<\/div>\n\t\t\t\t<\/div>\n\t\t<div class=\"elementor-element elementor-element-41434bcd e-con-full e-flex wpr-particle-no wpr-jarallax-no wpr-parallax-no wpr-sticky-section-no wpr-equal-height-no e-con e-child\" data-id=\"41434bcd\" data-element_type=\"container\" data-e-type=\"container\">\n\t\t\t\t<div class=\"elementor-element elementor-element-5320773d elementor-widget elementor-widget-text-editor\" data-id=\"5320773d\" data-element_type=\"widget\" data-e-type=\"widget\" data-widget_type=\"text-editor.default\">\n\t\t\t\t<div class=\"elementor-widget-container\">\n\t\t\t\t\t\t\t\t\t<p>Per questo antipasto consigliamo l&rsquo;abbinamento con l&rsquo;<strong>Aceto Balsamico Tradizionale di Modena DOP Extravecchio<\/strong> a marchio Acetaia Marchi.<\/p>\t\t\t\t\t\t\t\t<\/div>\n\t\t\t\t<\/div>\n\t\t<div class=\"elementor-element elementor-element-25a06d27 e-con-full e-grid wpr-particle-no wpr-jarallax-no wpr-parallax-no wpr-sticky-section-no wpr-equal-height-no e-con e-child\" data-id=\"25a06d27\" data-element_type=\"container\" data-e-type=\"container\">\n\t\t\t\t<div class=\"elementor-element elementor-element-43d8bd60 elementor-widget elementor-widget-button\" data-id=\"43d8bd60\" data-element_type=\"widget\" data-e-type=\"widget\" data-widget_type=\"button.default\">\n\t\t\t\t<div class=\"elementor-widget-container\">\n\t\t\t\t\t\t\t\t\t<div class=\"elementor-button-wrapper\">\n\t\t\t\t\t<a class=\"elementor-button elementor-button-link elementor-size-sm\" href=\"https:\/\/www.acetaiamarchi.com\/prodotto\/aceto-balsamico-tradizionale-di-modena-dop-extravecchio-coffanetto-calamita-oro\/\">\n\t\t\t\t\t\t<span class=\"elementor-button-content-wrapper\">\n\t\t\t\t\t\t\t\t\t<span class=\"elementor-button-text\">Scopri il prodotto<\/span>\n\t\t\t\t\t<\/span>\n\t\t\t\t\t<\/a>\n\t\t\t\t<\/div>\n\t\t\t\t\t\t\t\t<\/div>\n\t\t\t\t<\/div>\n\t\t\t\t<div class=\"elementor-element elementor-element-1f40e028 elementor-hidden-desktop elementor-hidden-tablet elementor-hidden-mobile elementor-widget elementor-widget-button\" data-id=\"1f40e028\" data-element_type=\"widget\" data-e-type=\"widget\" data-widget_type=\"button.default\">\n\t\t\t\t<div class=\"elementor-widget-container\">\n\t\t\t\t\t\t\t\t\t<div class=\"elementor-button-wrapper\">\n\t\t\t\t\t<a class=\"elementor-button elementor-size-sm\" role=\"button\">\n\t\t\t\t\t\t<span class=\"elementor-button-content-wrapper\">\n\t\t\t\t\t\t\t\t\t<span class=\"elementor-button-text\">Vai allo shop online<\/span>\n\t\t\t\t\t<\/span>\n\t\t\t\t\t<\/a>\n\t\t\t\t<\/div>\n\t\t\t\t\t\t\t\t<\/div>\n\t\t\t\t<\/div>\n\t\t\t\t<\/div>\n\t\t\t\t<\/div>\n\t\t\t\t\t<\/div>\n\t\t\t\t<\/div>\n\t\t\t\t<\/div>\n\t\t","protected":false},"excerpt":{"rendered":"<p>[vc_row row_height_percent=\u00a0\u00bb0&Prime; back_image=\u00a0\u00bb660&Prime; back_repeat=\u00a0\u00bbno-repeat\u00a0\u00bb back_attachment=\u00a0\u00bbfixed\u00a0\u00bb back_position=\u00a0\u00bbcenter center\u00a0\u00bb overlay_color=\u00a0\u00bbcolor-nhtu\u00a0\u00bb overlay_alpha=\u00a0\u00bb80&Prime; gutter_size=\u00a0\u00bb3&Prime; column_width_percent=\u00a0\u00bb100&Prime; shift_y=\u00a0\u00bb0&Prime; z_index=\u00a0\u00bb0&Prime;][vc_column column_width_percent=\u00a0\u00bb100&Prime; align_horizontal=\u00a0\u00bbalign_center\u00a0\u00bb gutter_size=\u00a0\u00bb3&Prime; overlay_alpha=\u00a0\u00bb80&Prime; shift_x=\u00a0\u00bb0&Prime; shift_y=\u00a0\u00bb0&Prime; shift_y_down=\u00a0\u00bb0&Prime; z_index=\u00a0\u00bb0&Prime; medium_width=\u00a0\u00bb0&Prime; mobile_width=\u00a0\u00bb0&Prime; width=\u00a0\u00bb1\/1&Prime; css=\u00a0\u00bb.vc_custom_1616586156162{padding-top: 100px !important;padding-bottom: 100px !important;}\u00a0\u00bb el_id=\u00a0\u00bbantipasti\u00a0\u00bb][vc_custom_heading heading_semantic=\u00a0\u00bbh3&Prime; text_size=\u00a0\u00bbfontsize-864287&Prime; text_color=\u00a0\u00bbcolor-xsdn\u00a0\u00bb css_animation=\u00a0\u00bbbottom-t-top\u00a0\u00bb]Starters[\/vc_custom_heading][\/vc_column][\/vc_row][vc_row row_height_percent=\u00a0\u00bb0&Prime; back_color=\u00a0\u00bbcolor-lxmt\u00a0\u00bb overlay_alpha=\u00a0\u00bb50&Prime; equal_height=\u00a0\u00bbyes\u00a0\u00bb gutter_size=\u00a0\u00bb3&Prime; column_width_percent=\u00a0\u00bb100&Prime; shift_y=\u00a0\u00bb0&Prime; z_index=\u00a0\u00bb0&Prime; css=\u00a0\u00bb.vc_custom_1616587207483{padding-top: 15px !important;padding-right: 15px !important;padding-bottom: 15px !important;padding-left: 15px !important;}\u00a0\u00bb][vc_column column_width_percent=\u00a0\u00bb100&Prime; position_vertical=\u00a0\u00bbmiddle\u00a0\u00bb gutter_size=\u00a0\u00bb3&Prime; overlay_alpha=\u00a0\u00bb50&Prime; shift_x=\u00a0\u00bb0&Prime; shift_y=\u00a0\u00bb0&Prime; shift_y_down=\u00a0\u00bb0&Prime; z_index=\u00a0\u00bb0&Prime; medium_width=\u00a0\u00bb0&Prime; mobile_width=\u00a0\u00bb0&Prime; width=\u00a0\u00bb1\/2&Prime;][vc_single_image media=\u00a0\u00bb548&Prime; media_width_percent=\u00a0\u00bb100&Prime; media_ratio=\u00a0\u00bbfour-three\u00a0\u00bb shadow=\u00a0\u00bbyes\u00a0\u00bb shadow_weight=\u00a0\u00bbsm\u00a0\u00bb css_animation=\u00a0\u00bbleft-t-right\u00a0\u00bb lbox_skin=\u00a0\u00bbwhite\u00a0\u00bb lbox_dir=\u00a0\u00bbvertical\u00a0\u00bb][\/vc_column][vc_column column_width_percent=\u00a0\u00bb100&Prime; position_vertical=\u00a0\u00bbmiddle\u00a0\u00bb gutter_size=\u00a0\u00bb3&Prime; overlay_alpha=\u00a0\u00bb50&Prime; shift_x=\u00a0\u00bb0&Prime; shift_y=\u00a0\u00bb0&Prime; shift_y_down=\u00a0\u00bb0&Prime; z_index=\u00a0\u00bb0&Prime; medium_width=\u00a0\u00bb0&Prime; mobile_width=\u00a0\u00bb0&Prime; css_animation=\u00a0\u00bbright-t-left\u00a0\u00bb width=\u00a0\u00bb1\/2&Prime;][vc_custom_heading heading_semantic=\u00a0\u00bbh3&Prime; text_font=\u00a0\u00bbfont-555555&Prime; text_color=\u00a0\u00bbcolor-233255&Prime;]La tradition de Mod\u00e8ne[\/vc_custom_heading][vc_column_text]La recette traditionnelle de Mod\u00e8ne est tr\u00e8s simple et rapide \u00e0 pr\u00e9parer. Il s&rsquo;agit de la combinaison de deux aliments savoureux et de grande qualit\u00e9 : le Parmigiano Reggiano et le Vinaigre Balsamique Traditionnel de Mod\u00e8ne AOP. C&rsquo;est la combinaison id\u00e9ale pour ceux qui aiment mettre sur la table la tradition culinaire de notre territoire.[\/vc_column_text][vc_row_inner row_inner_height_percent=\u00a0\u00bb0&Prime; overlay_alpha=\u00a0\u00bb50&Prime; gutter_size=\u00a0\u00bb3&Prime; shift_y=\u00a0\u00bb0&Prime; z_index=\u00a0\u00bb0&Prime; css=\u00a0\u00bb.vc_custom_1616587106210{margin-top: 20px !important;margin-bottom: 0px !important;border-right-width: 0px !important;border-left-width: 0px !important;}\u00a0\u00bb][vc_column_inner width=\u00a0\u00bb1\/3&Prime;][vc_column_text]INGR\u00c9DIENTS: Copeaux de Parmigiano Reggiano affin\u00e9s pendant 24 mois. Quelques gouttes de Vinaigre Balsamique Traditionnel Extravecchio de Mod\u00e8ne DOP[\/vc_column_text][\/vc_column_inner][vc_column_inner width=\u00a0\u00bb2\/3&Prime;][vc_column_text]PR\u00c9PARATION Pour mettre la tradition mod\u00e9naise \u00e0 table, il suffit d&rsquo;acheter notre pr\u00e9cieux Vinaigre Balsamique Traditionnel de Mod\u00e8ne D.O.P. Extravecchio. Vous pouvez ensuite l&rsquo;utiliser pour rehausser la saveur des flocons de Parmigiano Reggiano \u00e2g\u00e9s de 24 mois. Dans ce plat, simple mais riche en saveurs, les deux \u00e9l\u00e9ments s&rsquo;unissent dans une \u00e9treinte intense et lib\u00e8rent sur le palais un go\u00fbt indescriptible, r\u00e9sultat de deux excellences italiennes.[\/vc_column_text][\/vc_column_inner][\/vc_row_inner][\/vc_column][\/vc_row][vc_row row_height_percent=\u00a0\u00bb0&Prime; back_color=\u00a0\u00bbcolor-xsdn\u00a0\u00bb overlay_alpha=\u00a0\u00bb50&Prime; equal_height=\u00a0\u00bbyes\u00a0\u00bb gutter_size=\u00a0\u00bb3&Prime; column_width_percent=\u00a0\u00bb100&Prime; shift_y=\u00a0\u00bb0&Prime; z_index=\u00a0\u00bb0&Prime; css=\u00a0\u00bb.vc_custom_1614790775739{padding-top: 15px !important;padding-right: 15px !important;padding-bottom: 15px !important;padding-left: 15px !important;}\u00a0\u00bb][vc_column column_width_percent=\u00a0\u00bb100&Prime; position_vertical=\u00a0\u00bbmiddle\u00a0\u00bb gutter_size=\u00a0\u00bb3&Prime; overlay_alpha=\u00a0\u00bb50&Prime; shift_x=\u00a0\u00bb0&Prime; shift_y=\u00a0\u00bb0&Prime; shift_y_down=\u00a0\u00bb0&Prime; z_index=\u00a0\u00bb0&Prime; medium_width=\u00a0\u00bb0&Prime; mobile_width=\u00a0\u00bb0&Prime; css_animation=\u00a0\u00bbleft-t-right\u00a0\u00bb width=\u00a0\u00bb1\/2&Prime;][vc_custom_heading heading_semantic=\u00a0\u00bbh3&Prime; text_font=\u00a0\u00bbfont-555555&Prime; text_color=\u00a0\u00bbcolor-233255&Prime;]Association sugg\u00e9r\u00e9e[\/vc_custom_heading][vc_column_text]Pour cet ap\u00e9ritif, nous recommandons notre Vinaigre Balsamique Traditionnel de Mod\u00e8ne A.O.P. &#8211; Extravecchio.[\/vc_column_text][vc_button border_width=\u00a0\u00bb0&Prime; link=\u00a0\u00bburl:https%3A%2F%2Fwww.acetaiamarchi.com%2Ffr%2Fproduit%2Fvinaigre-balsamique-traditionnel-de-modene-aop-extravecchio-emballage-bois%2F|\u00a0\u00bb]D\u00e9couvrez le produit[\/vc_button][\/vc_column][vc_column column_width_percent=\u00a0\u00bb100&Prime; position_vertical=\u00a0\u00bbmiddle\u00a0\u00bb gutter_size=\u00a0\u00bb3&Prime; overlay_alpha=\u00a0\u00bb50&Prime; shift_x=\u00a0\u00bb0&Prime; shift_y=\u00a0\u00bb0&Prime; shift_y_down=\u00a0\u00bb0&Prime; z_index=\u00a0\u00bb0&Prime; medium_width=\u00a0\u00bb0&Prime; mobile_width=\u00a0\u00bb0&Prime; width=\u00a0\u00bb1\/2&Prime;][vc_single_image media=\u00a0\u00bb549&Prime; media_width_use_pixel=\u00a0\u00bbyes\u00a0\u00bb alignment=\u00a0\u00bbcenter\u00a0\u00bb shadow=\u00a0\u00bbyes\u00a0\u00bb css_animation=\u00a0\u00bbright-t-left\u00a0\u00bb media_width_pixel=\u00a0\u00bb500&Prime;][\/vc_column][\/vc_row]<\/p>\n","protected":false},"author":3,"featured_media":5314,"parent":4860,"menu_order":0,"comment_status":"closed","ping_status":"closed","template":"","meta":{"footnotes":""},"class_list":["post-4866","page","type-page","status-publish","has-post-thumbnail","hentry"],"yoast_head":"<!-- This site is optimized with the Yoast SEO plugin v27.4 - https:\/\/yoast.com\/product\/yoast-seo-wordpress\/ -->\n<title>La tradition de Mod\u00e8ne - Acetaia Marchi<\/title>\n<meta name=\"description\" content=\"La recette traditionnelle de Mod\u00e8ne est tr\u00e8s simple et rapide \u00e0 pr\u00e9parer. Il s&#039;agit de la combinaison de deux aliments savoureux et de haute qualit\u00e9.\" \/>\n<meta name=\"robots\" content=\"index, follow, max-snippet:-1, max-image-preview:large, max-video-preview:-1\" \/>\n<link rel=\"canonical\" href=\"https:\/\/www.acetaiamarchi.com\/fr\/recettes\/la-tradition-de-modene\/\" \/>\n<meta property=\"og:locale\" content=\"fr_FR\" \/>\n<meta property=\"og:type\" content=\"article\" \/>\n<meta property=\"og:title\" content=\"La tradition de Mod\u00e8ne - Acetaia Marchi\" \/>\n<meta property=\"og:description\" content=\"La recette traditionnelle de Mod\u00e8ne est tr\u00e8s simple et rapide \u00e0 pr\u00e9parer. Il s&#039;agit de la combinaison de deux aliments savoureux et de haute qualit\u00e9.\" \/>\n<meta property=\"og:url\" content=\"https:\/\/www.acetaiamarchi.com\/fr\/recettes\/la-tradition-de-modene\/\" \/>\n<meta property=\"og:site_name\" content=\"Acetaia Marchi\" \/>\n<meta property=\"article:modified_time\" content=\"2025-11-18T13:02:19+00:00\" \/>\n<meta property=\"og:image\" content=\"https:\/\/www.acetaiamarchi.com\/wp-content\/uploads\/2021\/03\/aceto-balsamico-tradizionale-di-modena-dop-estravecchio-25-anni.jpg\" \/>\n\t<meta property=\"og:image:width\" content=\"800\" \/>\n\t<meta property=\"og:image:height\" content=\"800\" \/>\n\t<meta property=\"og:image:type\" content=\"image\/jpeg\" \/>\n<meta name=\"twitter:card\" content=\"summary_large_image\" \/>\n<meta name=\"twitter:label1\" content=\"Dur\u00e9e de lecture estim\u00e9e\" \/>\n\t<meta name=\"twitter:data1\" content=\"3 minutes\" \/>\n<script type=\"application\/ld+json\" class=\"yoast-schema-graph\">{\"@context\":\"https:\\\/\\\/schema.org\",\"@graph\":[{\"@type\":\"WebPage\",\"@id\":\"https:\\\/\\\/www.acetaiamarchi.com\\\/fr\\\/recettes\\\/la-tradition-de-modene\\\/\",\"url\":\"https:\\\/\\\/www.acetaiamarchi.com\\\/fr\\\/recettes\\\/la-tradition-de-modene\\\/\",\"name\":\"La tradition de Mod\u00e8ne - Acetaia Marchi\",\"isPartOf\":{\"@id\":\"https:\\\/\\\/www.acetaiamarchi.com\\\/fr\\\/#website\"},\"primaryImageOfPage\":{\"@id\":\"https:\\\/\\\/www.acetaiamarchi.com\\\/fr\\\/recettes\\\/la-tradition-de-modene\\\/#primaryimage\"},\"image\":{\"@id\":\"https:\\\/\\\/www.acetaiamarchi.com\\\/fr\\\/recettes\\\/la-tradition-de-modene\\\/#primaryimage\"},\"thumbnailUrl\":\"https:\\\/\\\/www.acetaiamarchi.com\\\/wp-content\\\/uploads\\\/2021\\\/03\\\/aceto-balsamico-tradizionale-di-modena-dop-estravecchio-25-anni.jpg\",\"datePublished\":\"2025-04-02T13:33:20+00:00\",\"dateModified\":\"2025-11-18T13:02:19+00:00\",\"description\":\"La recette traditionnelle de Mod\u00e8ne est tr\u00e8s simple et rapide \u00e0 pr\u00e9parer. Il s'agit de la combinaison de deux aliments savoureux et de haute qualit\u00e9.\",\"breadcrumb\":{\"@id\":\"https:\\\/\\\/www.acetaiamarchi.com\\\/fr\\\/recettes\\\/la-tradition-de-modene\\\/#breadcrumb\"},\"inLanguage\":\"fr-FR\",\"potentialAction\":[{\"@type\":\"ReadAction\",\"target\":[\"https:\\\/\\\/www.acetaiamarchi.com\\\/fr\\\/recettes\\\/la-tradition-de-modene\\\/\"]}]},{\"@type\":\"ImageObject\",\"inLanguage\":\"fr-FR\",\"@id\":\"https:\\\/\\\/www.acetaiamarchi.com\\\/fr\\\/recettes\\\/la-tradition-de-modene\\\/#primaryimage\",\"url\":\"https:\\\/\\\/www.acetaiamarchi.com\\\/wp-content\\\/uploads\\\/2021\\\/03\\\/aceto-balsamico-tradizionale-di-modena-dop-estravecchio-25-anni.jpg\",\"contentUrl\":\"https:\\\/\\\/www.acetaiamarchi.com\\\/wp-content\\\/uploads\\\/2021\\\/03\\\/aceto-balsamico-tradizionale-di-modena-dop-estravecchio-25-anni.jpg\",\"width\":800,\"height\":800},{\"@type\":\"BreadcrumbList\",\"@id\":\"https:\\\/\\\/www.acetaiamarchi.com\\\/fr\\\/recettes\\\/la-tradition-de-modene\\\/#breadcrumb\",\"itemListElement\":[{\"@type\":\"ListItem\",\"position\":1,\"name\":\"Home\",\"item\":\"https:\\\/\\\/www.acetaiamarchi.com\\\/fr\\\/\"},{\"@type\":\"ListItem\",\"position\":2,\"name\":\"Recettes\",\"item\":\"https:\\\/\\\/www.acetaiamarchi.com\\\/fr\\\/recettes\\\/\"},{\"@type\":\"ListItem\",\"position\":3,\"name\":\"La tradition de Mod\u00e8ne\"}]},{\"@type\":\"WebSite\",\"@id\":\"https:\\\/\\\/www.acetaiamarchi.com\\\/fr\\\/#website\",\"url\":\"https:\\\/\\\/www.acetaiamarchi.com\\\/fr\\\/\",\"name\":\"Acetaia Marchi Srl\",\"description\":\"\",\"publisher\":{\"@id\":\"https:\\\/\\\/www.acetaiamarchi.com\\\/fr\\\/#organization\"},\"potentialAction\":[{\"@type\":\"SearchAction\",\"target\":{\"@type\":\"EntryPoint\",\"urlTemplate\":\"https:\\\/\\\/www.acetaiamarchi.com\\\/fr\\\/?s={search_term_string}\"},\"query-input\":{\"@type\":\"PropertyValueSpecification\",\"valueRequired\":true,\"valueName\":\"search_term_string\"}}],\"inLanguage\":\"fr-FR\"},{\"@type\":\"Organization\",\"@id\":\"https:\\\/\\\/www.acetaiamarchi.com\\\/fr\\\/#organization\",\"name\":\"Acetaia Marchi Srl\",\"url\":\"https:\\\/\\\/www.acetaiamarchi.com\\\/fr\\\/\",\"logo\":{\"@type\":\"ImageObject\",\"inLanguage\":\"fr-FR\",\"@id\":\"https:\\\/\\\/www.acetaiamarchi.com\\\/fr\\\/#\\\/schema\\\/logo\\\/image\\\/\",\"url\":\"https:\\\/\\\/acetaiamarchi.com\\\/wp-content\\\/uploads\\\/2025\\\/03\\\/Acetaia-Marchi-Srl-Logo.png\",\"contentUrl\":\"https:\\\/\\\/acetaiamarchi.com\\\/wp-content\\\/uploads\\\/2025\\\/03\\\/Acetaia-Marchi-Srl-Logo.png\",\"width\":2000,\"height\":2000,\"caption\":\"Acetaia Marchi Srl\"},\"image\":{\"@id\":\"https:\\\/\\\/www.acetaiamarchi.com\\\/fr\\\/#\\\/schema\\\/logo\\\/image\\\/\"}}]}<\/script>\n<!-- \/ Yoast SEO plugin. -->","yoast_head_json":{"title":"La tradition de Mod\u00e8ne - Acetaia Marchi","description":"La recette traditionnelle de Mod\u00e8ne est tr\u00e8s simple et rapide \u00e0 pr\u00e9parer. Il s'agit de la combinaison de deux aliments savoureux et de haute qualit\u00e9.","robots":{"index":"index","follow":"follow","max-snippet":"max-snippet:-1","max-image-preview":"max-image-preview:large","max-video-preview":"max-video-preview:-1"},"canonical":"https:\/\/www.acetaiamarchi.com\/fr\/recettes\/la-tradition-de-modene\/","og_locale":"fr_FR","og_type":"article","og_title":"La tradition de Mod\u00e8ne - Acetaia Marchi","og_description":"La recette traditionnelle de Mod\u00e8ne est tr\u00e8s simple et rapide \u00e0 pr\u00e9parer. Il s'agit de la combinaison de deux aliments savoureux et de haute qualit\u00e9.","og_url":"https:\/\/www.acetaiamarchi.com\/fr\/recettes\/la-tradition-de-modene\/","og_site_name":"Acetaia Marchi","article_modified_time":"2025-11-18T13:02:19+00:00","og_image":[{"width":800,"height":800,"url":"https:\/\/www.acetaiamarchi.com\/wp-content\/uploads\/2021\/03\/aceto-balsamico-tradizionale-di-modena-dop-estravecchio-25-anni.jpg","type":"image\/jpeg"}],"twitter_card":"summary_large_image","twitter_misc":{"Dur\u00e9e de lecture estim\u00e9e":"3 minutes"},"schema":{"@context":"https:\/\/schema.org","@graph":[{"@type":"WebPage","@id":"https:\/\/www.acetaiamarchi.com\/fr\/recettes\/la-tradition-de-modene\/","url":"https:\/\/www.acetaiamarchi.com\/fr\/recettes\/la-tradition-de-modene\/","name":"La tradition de Mod\u00e8ne - Acetaia Marchi","isPartOf":{"@id":"https:\/\/www.acetaiamarchi.com\/fr\/#website"},"primaryImageOfPage":{"@id":"https:\/\/www.acetaiamarchi.com\/fr\/recettes\/la-tradition-de-modene\/#primaryimage"},"image":{"@id":"https:\/\/www.acetaiamarchi.com\/fr\/recettes\/la-tradition-de-modene\/#primaryimage"},"thumbnailUrl":"https:\/\/www.acetaiamarchi.com\/wp-content\/uploads\/2021\/03\/aceto-balsamico-tradizionale-di-modena-dop-estravecchio-25-anni.jpg","datePublished":"2025-04-02T13:33:20+00:00","dateModified":"2025-11-18T13:02:19+00:00","description":"La recette traditionnelle de Mod\u00e8ne est tr\u00e8s simple et rapide \u00e0 pr\u00e9parer. Il s'agit de la combinaison de deux aliments savoureux et de haute qualit\u00e9.","breadcrumb":{"@id":"https:\/\/www.acetaiamarchi.com\/fr\/recettes\/la-tradition-de-modene\/#breadcrumb"},"inLanguage":"fr-FR","potentialAction":[{"@type":"ReadAction","target":["https:\/\/www.acetaiamarchi.com\/fr\/recettes\/la-tradition-de-modene\/"]}]},{"@type":"ImageObject","inLanguage":"fr-FR","@id":"https:\/\/www.acetaiamarchi.com\/fr\/recettes\/la-tradition-de-modene\/#primaryimage","url":"https:\/\/www.acetaiamarchi.com\/wp-content\/uploads\/2021\/03\/aceto-balsamico-tradizionale-di-modena-dop-estravecchio-25-anni.jpg","contentUrl":"https:\/\/www.acetaiamarchi.com\/wp-content\/uploads\/2021\/03\/aceto-balsamico-tradizionale-di-modena-dop-estravecchio-25-anni.jpg","width":800,"height":800},{"@type":"BreadcrumbList","@id":"https:\/\/www.acetaiamarchi.com\/fr\/recettes\/la-tradition-de-modene\/#breadcrumb","itemListElement":[{"@type":"ListItem","position":1,"name":"Home","item":"https:\/\/www.acetaiamarchi.com\/fr\/"},{"@type":"ListItem","position":2,"name":"Recettes","item":"https:\/\/www.acetaiamarchi.com\/fr\/recettes\/"},{"@type":"ListItem","position":3,"name":"La tradition de Mod\u00e8ne"}]},{"@type":"WebSite","@id":"https:\/\/www.acetaiamarchi.com\/fr\/#website","url":"https:\/\/www.acetaiamarchi.com\/fr\/","name":"Acetaia Marchi Srl","description":"","publisher":{"@id":"https:\/\/www.acetaiamarchi.com\/fr\/#organization"},"potentialAction":[{"@type":"SearchAction","target":{"@type":"EntryPoint","urlTemplate":"https:\/\/www.acetaiamarchi.com\/fr\/?s={search_term_string}"},"query-input":{"@type":"PropertyValueSpecification","valueRequired":true,"valueName":"search_term_string"}}],"inLanguage":"fr-FR"},{"@type":"Organization","@id":"https:\/\/www.acetaiamarchi.com\/fr\/#organization","name":"Acetaia Marchi Srl","url":"https:\/\/www.acetaiamarchi.com\/fr\/","logo":{"@type":"ImageObject","inLanguage":"fr-FR","@id":"https:\/\/www.acetaiamarchi.com\/fr\/#\/schema\/logo\/image\/","url":"https:\/\/acetaiamarchi.com\/wp-content\/uploads\/2025\/03\/Acetaia-Marchi-Srl-Logo.png","contentUrl":"https:\/\/acetaiamarchi.com\/wp-content\/uploads\/2025\/03\/Acetaia-Marchi-Srl-Logo.png","width":2000,"height":2000,"caption":"Acetaia Marchi Srl"},"image":{"@id":"https:\/\/www.acetaiamarchi.com\/fr\/#\/schema\/logo\/image\/"}}]}},"_links":{"self":[{"href":"https:\/\/www.acetaiamarchi.com\/fr\/wp-json\/wp\/v2\/pages\/4866","targetHints":{"allow":["GET"]}}],"collection":[{"href":"https:\/\/www.acetaiamarchi.com\/fr\/wp-json\/wp\/v2\/pages"}],"about":[{"href":"https:\/\/www.acetaiamarchi.com\/fr\/wp-json\/wp\/v2\/types\/page"}],"author":[{"embeddable":true,"href":"https:\/\/www.acetaiamarchi.com\/fr\/wp-json\/wp\/v2\/users\/3"}],"replies":[{"embeddable":true,"href":"https:\/\/www.acetaiamarchi.com\/fr\/wp-json\/wp\/v2\/comments?post=4866"}],"version-history":[{"count":4,"href":"https:\/\/www.acetaiamarchi.com\/fr\/wp-json\/wp\/v2\/pages\/4866\/revisions"}],"predecessor-version":[{"id":8568,"href":"https:\/\/www.acetaiamarchi.com\/fr\/wp-json\/wp\/v2\/pages\/4866\/revisions\/8568"}],"up":[{"embeddable":true,"href":"https:\/\/www.acetaiamarchi.com\/fr\/wp-json\/wp\/v2\/pages\/4860"}],"wp:featuredmedia":[{"embeddable":true,"href":"https:\/\/www.acetaiamarchi.com\/fr\/wp-json\/wp\/v2\/media\/5314"}],"wp:attachment":[{"href":"https:\/\/www.acetaiamarchi.com\/fr\/wp-json\/wp\/v2\/media?parent=4866"}],"curies":[{"name":"wp","href":"https:\/\/api.w.org\/{rel}","templated":true}]}}