{"id":4860,"date":"2025-02-24T12:19:25","date_gmt":"2025-02-24T11:19:25","guid":{"rendered":"https:\/\/www.acetaiamarchi.com\/recettes\/"},"modified":"2025-11-18T14:01:00","modified_gmt":"2025-11-18T13:01:00","slug":"recettes","status":"publish","type":"page","link":"https:\/\/www.acetaiamarchi.com\/fr\/recettes\/","title":{"rendered":"Recettes"},"content":{"rendered":"\t\t<div data-elementor-type=\"wp-page\" data-elementor-id=\"4860\" class=\"elementor elementor-4860 elementor-43\" data-elementor-post-type=\"page\">\n\t\t\t\t<div class=\"elementor-element elementor-element-557fb5f e-con-full animated-slow e-flex wpr-particle-no wpr-jarallax-no wpr-parallax-no wpr-sticky-section-no wpr-equal-height-no elementor-invisible e-con e-parent\" data-id=\"557fb5f\" data-element_type=\"container\" data-e-type=\"container\" data-settings=\"{&quot;background_background&quot;:&quot;classic&quot;,&quot;animation&quot;:&quot;fadeIn&quot;}\">\n\t\t\t\t<div class=\"elementor-element elementor-element-41d361a animated-slow elementor-invisible elementor-widget elementor-widget-heading\" data-id=\"41d361a\" data-element_type=\"widget\" data-e-type=\"widget\" data-settings=\"{&quot;_animation&quot;:&quot;fadeIn&quot;}\" data-widget_type=\"heading.default\">\n\t\t\t\t<div class=\"elementor-widget-container\">\n\t\t\t\t\t<h1 class=\"elementor-heading-title elementor-size-default\">Les meilleures recettes avec le vinaigre balsamique de Mod\u00e8ne<\/h1>\t\t\t\t<\/div>\n\t\t\t\t<\/div>\n\t\t\t\t<\/div>\n\t\t<div class=\"elementor-element elementor-element-b51fa6d animated-slow e-flex e-con-boxed wpr-particle-no wpr-jarallax-no wpr-parallax-no wpr-sticky-section-no wpr-equal-height-no elementor-invisible e-con e-parent\" data-id=\"b51fa6d\" data-element_type=\"container\" data-e-type=\"container\" data-settings=\"{&quot;animation&quot;:&quot;fadeInDown&quot;}\">\n\t\t\t\t\t<div class=\"e-con-inner\">\n\t\t\t\t<div class=\"elementor-element elementor-element-2b3e921 elementor-widget elementor-widget-text-editor\" data-id=\"2b3e921\" data-element_type=\"widget\" data-e-type=\"widget\" data-widget_type=\"text-editor.default\">\n\t\t\t\t<div class=\"elementor-widget-container\">\n\t\t\t\t\t\t\t\t\t<p>Entr\u00e9es, premiers plats, plats principaux et desserts : nous pouvons rehausser n&rsquo;importe quel plat.<br>Dans cette section, vous trouverez quelques-unes des meilleures recettes, accompagn\u00e9es de nos conseils sur la fa\u00e7on de les pr\u00e9parer et de choisir le meilleur vinaigre balsamique de Mod\u00e8ne.<\/p>\t\t\t\t\t\t\t\t<\/div>\n\t\t\t\t<\/div>\n\t\t\t\t\t<\/div>\n\t\t\t\t<\/div>\n\t\t<div class=\"elementor-element elementor-element-ef6893e animated-slow e-flex e-con-boxed wpr-particle-no wpr-jarallax-no wpr-parallax-no wpr-sticky-section-no wpr-equal-height-no elementor-invisible e-con e-parent\" data-id=\"ef6893e\" data-element_type=\"container\" data-e-type=\"container\" data-settings=\"{&quot;background_background&quot;:&quot;classic&quot;,&quot;animation&quot;:&quot;fadeInLeft&quot;}\">\n\t\t\t\t\t<div class=\"e-con-inner\">\n\t\t\t\t<div class=\"elementor-element elementor-element-6057fb4 elementor-widget elementor-widget-heading\" data-id=\"6057fb4\" data-element_type=\"widget\" data-e-type=\"widget\" data-widget_type=\"heading.default\">\n\t\t\t\t<div class=\"elementor-widget-container\">\n\t\t\t\t\t<h2 class=\"elementor-heading-title elementor-size-default\">Amuse-gueule<\/h2>\t\t\t\t<\/div>\n\t\t\t\t<\/div>\n\t\t\t\t\t<\/div>\n\t\t\t\t<\/div>\n\t\t<div class=\"elementor-element elementor-element-b7e4f5d e-flex e-con-boxed wpr-particle-no wpr-jarallax-no wpr-parallax-no wpr-sticky-section-no wpr-equal-height-no e-con e-parent\" data-id=\"b7e4f5d\" data-element_type=\"container\" data-e-type=\"container\">\n\t\t\t\t\t<div class=\"e-con-inner\">\n\t\t<div class=\"elementor-element elementor-element-98a4b13 e-con-full animated-slow e-flex wpr-particle-no wpr-jarallax-no wpr-parallax-no wpr-sticky-section-no wpr-equal-height-no elementor-invisible e-con e-child\" data-id=\"98a4b13\" data-element_type=\"container\" data-e-type=\"container\" data-settings=\"{&quot;animation&quot;:&quot;fadeIn&quot;}\">\n\t\t\t\t<div class=\"elementor-element elementor-element-bf3ac72 elementor-grid-3 elementor-grid-tablet-2 elementor-grid-mobile-1 elementor-widget elementor-widget-portfolio\" data-id=\"bf3ac72\" data-element_type=\"widget\" data-e-type=\"widget\" data-settings=\"{&quot;item_ratio&quot;:{&quot;unit&quot;:&quot;px&quot;,&quot;size&quot;:0.75,&quot;sizes&quot;:[]},&quot;row_gap&quot;:{&quot;unit&quot;:&quot;px&quot;,&quot;size&quot;:0,&quot;sizes&quot;:[]},&quot;columns&quot;:&quot;3&quot;,&quot;columns_tablet&quot;:&quot;2&quot;,&quot;columns_mobile&quot;:&quot;1&quot;,&quot;item_gap&quot;:{&quot;unit&quot;:&quot;px&quot;,&quot;size&quot;:&quot;&quot;,&quot;sizes&quot;:[]}}\" data-widget_type=\"portfolio.default\">\n\t\t\t\t<div class=\"elementor-widget-container\">\n\t\t\t\t\t\t\t<div class=\"elementor-portfolio elementor-grid elementor-posts-container\" role=\"list\">\n\t\t\t\t<article class=\"elementor-portfolio-item elementor-post  post-4866 page type-page status-publish has-post-thumbnail hentry\" role=\"listitem\">\n\t\t\t<a class=\"elementor-post__thumbnail__link\" href=\"https:\/\/www.acetaiamarchi.com\/fr\/recettes\/la-tradition-de-modene\/\">\n\t\t\t\t<div class=\"elementor-portfolio-item__img elementor-post__thumbnail\">\n\t\t\t<img fetchpriority=\"high\" decoding=\"async\" width=\"800\" height=\"800\" src=\"https:\/\/www.acetaiamarchi.com\/wp-content\/uploads\/2021\/03\/aceto-balsamico-tradizionale-di-modena-dop-estravecchio-25-anni.jpg\" class=\"attachment-full size-full wp-image-5314\" alt=\"\" srcset=\"https:\/\/www.acetaiamarchi.com\/wp-content\/uploads\/2021\/03\/aceto-balsamico-tradizionale-di-modena-dop-estravecchio-25-anni.jpg 800w, https:\/\/www.acetaiamarchi.com\/wp-content\/uploads\/2021\/03\/aceto-balsamico-tradizionale-di-modena-dop-estravecchio-25-anni-300x300.jpg 300w, https:\/\/www.acetaiamarchi.com\/wp-content\/uploads\/2021\/03\/aceto-balsamico-tradizionale-di-modena-dop-estravecchio-25-anni-150x150.jpg 150w, https:\/\/www.acetaiamarchi.com\/wp-content\/uploads\/2021\/03\/aceto-balsamico-tradizionale-di-modena-dop-estravecchio-25-anni-768x768.jpg 768w, https:\/\/www.acetaiamarchi.com\/wp-content\/uploads\/2021\/03\/aceto-balsamico-tradizionale-di-modena-dop-estravecchio-25-anni-600x600.jpg 600w, https:\/\/www.acetaiamarchi.com\/wp-content\/uploads\/2021\/03\/aceto-balsamico-tradizionale-di-modena-dop-estravecchio-25-anni-100x100.jpg 100w\" sizes=\"(max-width: 800px) 100vw, 800px\" \/>\t\t<\/div>\n\t\t\t\t<div class=\"elementor-portfolio-item__overlay\">\n\t\t\t\t<h3 class=\"elementor-portfolio-item__title\">\n\t\tLa tradition de Mod\u00e8ne\t\t<\/h3>\n\t\t\t\t<\/div>\n\t\t\t\t<\/a>\n\t\t<\/article>\n\t\t\t\t<article class=\"elementor-portfolio-item elementor-post  post-9955 page type-page status-publish has-post-thumbnail hentry\" role=\"listitem\">\n\t\t\t<a class=\"elementor-post__thumbnail__link\" href=\"https:\/\/www.acetaiamarchi.com\/fr\/recettes\/salade-de-celeri-pomme-poire-et-vinaigre-balsamique-de-modene-igp\/\">\n\t\t\t\t<div class=\"elementor-portfolio-item__img elementor-post__thumbnail\">\n\t\t\t<img decoding=\"async\" width=\"1032\" height=\"774\" src=\"https:\/\/www.acetaiamarchi.com\/wp-content\/uploads\/2025\/04\/insalata-sedano-pera-mela-aceto-balsamico-di-modena-igp.jpg\" class=\"attachment-full size-full wp-image-3154\" alt=\"Insalata di sedano, pera, mela e Aceto Balsamico di Modena IGP\" srcset=\"https:\/\/www.acetaiamarchi.com\/wp-content\/uploads\/2025\/04\/insalata-sedano-pera-mela-aceto-balsamico-di-modena-igp.jpg 1032w, https:\/\/www.acetaiamarchi.com\/wp-content\/uploads\/2025\/04\/insalata-sedano-pera-mela-aceto-balsamico-di-modena-igp-600x450.jpg 600w, https:\/\/www.acetaiamarchi.com\/wp-content\/uploads\/2025\/04\/insalata-sedano-pera-mela-aceto-balsamico-di-modena-igp-300x225.jpg 300w, https:\/\/www.acetaiamarchi.com\/wp-content\/uploads\/2025\/04\/insalata-sedano-pera-mela-aceto-balsamico-di-modena-igp-1024x768.jpg 1024w, https:\/\/www.acetaiamarchi.com\/wp-content\/uploads\/2025\/04\/insalata-sedano-pera-mela-aceto-balsamico-di-modena-igp-768x576.jpg 768w\" sizes=\"(max-width: 1032px) 100vw, 1032px\" \/>\t\t<\/div>\n\t\t\t\t<div class=\"elementor-portfolio-item__overlay\">\n\t\t\t\t<h3 class=\"elementor-portfolio-item__title\">\n\t\tSalade de c\u00e9leri, pomme, poire et vinaigre balsamique de Mod\u00e8ne IGP\t\t<\/h3>\n\t\t\t\t<\/div>\n\t\t\t\t<\/a>\n\t\t<\/article>\n\t\t\t\t<article class=\"elementor-portfolio-item elementor-post  post-9981 page type-page status-publish has-post-thumbnail hentry\" role=\"listitem\">\n\t\t\t<a class=\"elementor-post__thumbnail__link\" href=\"https:\/\/www.acetaiamarchi.com\/fr\/recettes\/legumes-grilles-au-vinaigre-balsamique-de-modene-i-g-p\/\">\n\t\t\t\t<div class=\"elementor-portfolio-item__img elementor-post__thumbnail\">\n\t\t\t<img decoding=\"async\" width=\"1032\" height=\"774\" src=\"https:\/\/www.acetaiamarchi.com\/wp-content\/uploads\/2025\/04\/verdure-grigliate-con-aceto-balsamico-di-modena-igp.jpg\" class=\"attachment-full size-full wp-image-3141\" alt=\"verdure grigliate all&#039;aceto balsamico di modena IGP\" srcset=\"https:\/\/www.acetaiamarchi.com\/wp-content\/uploads\/2025\/04\/verdure-grigliate-con-aceto-balsamico-di-modena-igp.jpg 1032w, https:\/\/www.acetaiamarchi.com\/wp-content\/uploads\/2025\/04\/verdure-grigliate-con-aceto-balsamico-di-modena-igp-600x450.jpg 600w, https:\/\/www.acetaiamarchi.com\/wp-content\/uploads\/2025\/04\/verdure-grigliate-con-aceto-balsamico-di-modena-igp-300x225.jpg 300w, https:\/\/www.acetaiamarchi.com\/wp-content\/uploads\/2025\/04\/verdure-grigliate-con-aceto-balsamico-di-modena-igp-1024x768.jpg 1024w, https:\/\/www.acetaiamarchi.com\/wp-content\/uploads\/2025\/04\/verdure-grigliate-con-aceto-balsamico-di-modena-igp-768x576.jpg 768w\" sizes=\"(max-width: 1032px) 100vw, 1032px\" \/>\t\t<\/div>\n\t\t\t\t<div class=\"elementor-portfolio-item__overlay\">\n\t\t\t\t<h3 class=\"elementor-portfolio-item__title\">\n\t\tL\u00e9gumes grill\u00e9s au vinaigre balsamique de Mod\u00e8ne I.G.P.\t\t<\/h3>\n\t\t\t\t<\/div>\n\t\t\t\t<\/a>\n\t\t<\/article>\n\t\t\t\t<article class=\"elementor-portfolio-item elementor-post  post-9933 page type-page status-publish has-post-thumbnail hentry\" role=\"listitem\">\n\t\t\t<a class=\"elementor-post__thumbnail__link\" href=\"https:\/\/www.acetaiamarchi.com\/fr\/recettes\/asperges-speck-et-vinaigre-balsamique-de-modene-i-g-p\/\">\n\t\t\t\t<div class=\"elementor-portfolio-item__img elementor-post__thumbnail\">\n\t\t\t<img loading=\"lazy\" decoding=\"async\" width=\"1032\" height=\"774\" src=\"https:\/\/www.acetaiamarchi.com\/wp-content\/uploads\/2025\/04\/ricetta-asparagi-speck-aceto-balsamico.jpg\" class=\"attachment-full size-full wp-image-3091\" alt=\"ricetta asparagi speck aceto balsamico di modena IGP\" srcset=\"https:\/\/www.acetaiamarchi.com\/wp-content\/uploads\/2025\/04\/ricetta-asparagi-speck-aceto-balsamico.jpg 1032w, https:\/\/www.acetaiamarchi.com\/wp-content\/uploads\/2025\/04\/ricetta-asparagi-speck-aceto-balsamico-600x450.jpg 600w, https:\/\/www.acetaiamarchi.com\/wp-content\/uploads\/2025\/04\/ricetta-asparagi-speck-aceto-balsamico-300x225.jpg 300w, https:\/\/www.acetaiamarchi.com\/wp-content\/uploads\/2025\/04\/ricetta-asparagi-speck-aceto-balsamico-1024x768.jpg 1024w, https:\/\/www.acetaiamarchi.com\/wp-content\/uploads\/2025\/04\/ricetta-asparagi-speck-aceto-balsamico-768x576.jpg 768w\" sizes=\"(max-width: 1032px) 100vw, 1032px\" \/>\t\t<\/div>\n\t\t\t\t<div class=\"elementor-portfolio-item__overlay\">\n\t\t\t\t<h3 class=\"elementor-portfolio-item__title\">\n\t\tAsperges, Speck et Vinaigre Balsamique de Mod\u00e8ne I.G.P.\t\t<\/h3>\n\t\t\t\t<\/div>\n\t\t\t\t<\/a>\n\t\t<\/article>\n\t\t\t\t<article class=\"elementor-portfolio-item elementor-post  post-9939 page type-page status-publish has-post-thumbnail hentry\" role=\"listitem\">\n\t\t\t<a class=\"elementor-post__thumbnail__link\" href=\"https:\/\/www.acetaiamarchi.com\/fr\/recettes\/petits-oignons-au-vinaigre-balsamique-de-modene-i-g-p\/\">\n\t\t\t\t<div class=\"elementor-portfolio-item__img elementor-post__thumbnail\">\n\t\t\t<img loading=\"lazy\" decoding=\"async\" width=\"1032\" height=\"774\" src=\"https:\/\/www.acetaiamarchi.com\/wp-content\/uploads\/2025\/04\/ricetta-cipolline-e-aceto-balsamico-di-modena-igp.jpg\" class=\"attachment-full size-full wp-image-3081\" alt=\"Cipolline all&#039;aceto balsamico di modena IGP\" srcset=\"https:\/\/www.acetaiamarchi.com\/wp-content\/uploads\/2025\/04\/ricetta-cipolline-e-aceto-balsamico-di-modena-igp.jpg 1032w, https:\/\/www.acetaiamarchi.com\/wp-content\/uploads\/2025\/04\/ricetta-cipolline-e-aceto-balsamico-di-modena-igp-600x450.jpg 600w, https:\/\/www.acetaiamarchi.com\/wp-content\/uploads\/2025\/04\/ricetta-cipolline-e-aceto-balsamico-di-modena-igp-300x225.jpg 300w, https:\/\/www.acetaiamarchi.com\/wp-content\/uploads\/2025\/04\/ricetta-cipolline-e-aceto-balsamico-di-modena-igp-1024x768.jpg 1024w, https:\/\/www.acetaiamarchi.com\/wp-content\/uploads\/2025\/04\/ricetta-cipolline-e-aceto-balsamico-di-modena-igp-768x576.jpg 768w\" sizes=\"(max-width: 1032px) 100vw, 1032px\" \/>\t\t<\/div>\n\t\t\t\t<div class=\"elementor-portfolio-item__overlay\">\n\t\t\t\t<h3 class=\"elementor-portfolio-item__title\">\n\t\tPetits oignons au vinaigre balsamique de Mod\u00e8ne I.G.P.\t\t<\/h3>\n\t\t\t\t<\/div>\n\t\t\t\t<\/a>\n\t\t<\/article>\n\t\t\t\t<article class=\"elementor-portfolio-item elementor-post  post-12209 page type-page status-publish has-post-thumbnail hentry\" role=\"listitem\">\n\t\t\t<a class=\"elementor-post__thumbnail__link\" href=\"https:\/\/www.acetaiamarchi.com\/fr\/recettes\/gateau-de-courgettes-au-vinaigre-balsamique-de-modene-igp\/\">\n\t\t\t\t<div class=\"elementor-portfolio-item__img elementor-post__thumbnail\">\n\t\t\t<img loading=\"lazy\" decoding=\"async\" width=\"1032\" height=\"774\" src=\"https:\/\/www.acetaiamarchi.com\/wp-content\/uploads\/2025\/04\/tortino-zucchine-e-aceto-balsamico-di-modena-igp.jpg\" class=\"attachment-full size-full wp-image-3069\" alt=\"Antipasto a base di Tortino di zucchine all&#039;aceto balsamico di modena IGP\" srcset=\"https:\/\/www.acetaiamarchi.com\/wp-content\/uploads\/2025\/04\/tortino-zucchine-e-aceto-balsamico-di-modena-igp.jpg 1032w, https:\/\/www.acetaiamarchi.com\/wp-content\/uploads\/2025\/04\/tortino-zucchine-e-aceto-balsamico-di-modena-igp-600x450.jpg 600w, https:\/\/www.acetaiamarchi.com\/wp-content\/uploads\/2025\/04\/tortino-zucchine-e-aceto-balsamico-di-modena-igp-300x225.jpg 300w, https:\/\/www.acetaiamarchi.com\/wp-content\/uploads\/2025\/04\/tortino-zucchine-e-aceto-balsamico-di-modena-igp-1024x768.jpg 1024w, https:\/\/www.acetaiamarchi.com\/wp-content\/uploads\/2025\/04\/tortino-zucchine-e-aceto-balsamico-di-modena-igp-768x576.jpg 768w\" sizes=\"(max-width: 1032px) 100vw, 1032px\" \/>\t\t<\/div>\n\t\t\t\t<div class=\"elementor-portfolio-item__overlay\">\n\t\t\t\t<h3 class=\"elementor-portfolio-item__title\">\n\t\tG\u00e2teau de courgettes au vinaigre balsamique de Mod\u00e8ne IGP\t\t<\/h3>\n\t\t\t\t<\/div>\n\t\t\t\t<\/a>\n\t\t<\/article>\n\t\t\t\t<article class=\"elementor-portfolio-item elementor-post  post-4934 page type-page status-publish has-post-thumbnail hentry\" role=\"listitem\">\n\t\t\t<a class=\"elementor-post__thumbnail__link\" href=\"https:\/\/www.acetaiamarchi.com\/fr\/recettes\/jambon-cru-au-parmesan\/\">\n\t\t\t\t<div class=\"elementor-portfolio-item__img elementor-post__thumbnail\">\n\t\t\t<img loading=\"lazy\" decoding=\"async\" width=\"1920\" height=\"1920\" src=\"https:\/\/www.acetaiamarchi.com\/wp-content\/uploads\/2021\/04\/Senza-titolo-1.jpg\" class=\"attachment-full size-full wp-image-5641\" alt=\"\" srcset=\"https:\/\/www.acetaiamarchi.com\/wp-content\/uploads\/2021\/04\/Senza-titolo-1.jpg 1920w, https:\/\/www.acetaiamarchi.com\/wp-content\/uploads\/2021\/04\/Senza-titolo-1-300x300.jpg 300w, https:\/\/www.acetaiamarchi.com\/wp-content\/uploads\/2021\/04\/Senza-titolo-1-1024x1024.jpg 1024w, https:\/\/www.acetaiamarchi.com\/wp-content\/uploads\/2021\/04\/Senza-titolo-1-150x150.jpg 150w, https:\/\/www.acetaiamarchi.com\/wp-content\/uploads\/2021\/04\/Senza-titolo-1-768x768.jpg 768w, https:\/\/www.acetaiamarchi.com\/wp-content\/uploads\/2021\/04\/Senza-titolo-1-1536x1536.jpg 1536w, https:\/\/www.acetaiamarchi.com\/wp-content\/uploads\/2021\/04\/Senza-titolo-1-600x600.jpg 600w, https:\/\/www.acetaiamarchi.com\/wp-content\/uploads\/2021\/04\/Senza-titolo-1-100x100.jpg 100w\" sizes=\"(max-width: 1920px) 100vw, 1920px\" \/>\t\t<\/div>\n\t\t\t\t<div class=\"elementor-portfolio-item__overlay\">\n\t\t\t\t<h3 class=\"elementor-portfolio-item__title\">\n\t\tJambon cru au parmesan\t\t<\/h3>\n\t\t\t\t<\/div>\n\t\t\t\t<\/a>\n\t\t<\/article>\n\t\t\t\t<article class=\"elementor-portfolio-item elementor-post  post-4937 page type-page status-publish has-post-thumbnail hentry\" role=\"listitem\">\n\t\t\t<a class=\"elementor-post__thumbnail__link\" href=\"https:\/\/www.acetaiamarchi.com\/fr\/recettes\/rectangles-de-pate-feuilletee-farcis-aux-legumes\/\">\n\t\t\t\t<div class=\"elementor-portfolio-item__img elementor-post__thumbnail\">\n\t\t\t<img loading=\"lazy\" decoding=\"async\" width=\"1181\" height=\"786\" src=\"https:\/\/www.acetaiamarchi.com\/wp-content\/uploads\/2021\/04\/acetaia-marchi-ricette-con-aceto-balsamico-di-modena-antipasti-rettangolini-di-pastasfoglia.jpg\" class=\"attachment-full size-full wp-image-5688\" alt=\"\" srcset=\"https:\/\/www.acetaiamarchi.com\/wp-content\/uploads\/2021\/04\/acetaia-marchi-ricette-con-aceto-balsamico-di-modena-antipasti-rettangolini-di-pastasfoglia.jpg 1181w, https:\/\/www.acetaiamarchi.com\/wp-content\/uploads\/2021\/04\/acetaia-marchi-ricette-con-aceto-balsamico-di-modena-antipasti-rettangolini-di-pastasfoglia-300x200.jpg 300w, https:\/\/www.acetaiamarchi.com\/wp-content\/uploads\/2021\/04\/acetaia-marchi-ricette-con-aceto-balsamico-di-modena-antipasti-rettangolini-di-pastasfoglia-1024x682.jpg 1024w, https:\/\/www.acetaiamarchi.com\/wp-content\/uploads\/2021\/04\/acetaia-marchi-ricette-con-aceto-balsamico-di-modena-antipasti-rettangolini-di-pastasfoglia-768x511.jpg 768w, https:\/\/www.acetaiamarchi.com\/wp-content\/uploads\/2021\/04\/acetaia-marchi-ricette-con-aceto-balsamico-di-modena-antipasti-rettangolini-di-pastasfoglia-600x399.jpg 600w\" sizes=\"(max-width: 1181px) 100vw, 1181px\" \/>\t\t<\/div>\n\t\t\t\t<div class=\"elementor-portfolio-item__overlay\">\n\t\t\t\t<h3 class=\"elementor-portfolio-item__title\">\n\t\tRectangles de p\u00e2te feuillet\u00e9e farcis aux l\u00e9gumes\t\t<\/h3>\n\t\t\t\t<\/div>\n\t\t\t\t<\/a>\n\t\t<\/article>\n\t\t\t\t<article class=\"elementor-portfolio-item elementor-post  post-4940 page type-page status-publish has-post-thumbnail hentry\" role=\"listitem\">\n\t\t\t<a class=\"elementor-post__thumbnail__link\" href=\"https:\/\/www.acetaiamarchi.com\/fr\/recettes\/bruschetta-aux-tomates-cerises-confites-et-au-vinaigre-balsamique\/\">\n\t\t\t\t<div class=\"elementor-portfolio-item__img elementor-post__thumbnail\">\n\t\t\t<img loading=\"lazy\" decoding=\"async\" width=\"1200\" height=\"1154\" src=\"https:\/\/www.acetaiamarchi.com\/wp-content\/uploads\/2021\/04\/acetaia-marchi-ricette-con-aceto-balsamico-di-modena-antipasti-bruschette.jpg\" class=\"attachment-full size-full wp-image-5714\" alt=\"\" srcset=\"https:\/\/www.acetaiamarchi.com\/wp-content\/uploads\/2021\/04\/acetaia-marchi-ricette-con-aceto-balsamico-di-modena-antipasti-bruschette.jpg 1200w, https:\/\/www.acetaiamarchi.com\/wp-content\/uploads\/2021\/04\/acetaia-marchi-ricette-con-aceto-balsamico-di-modena-antipasti-bruschette-300x289.jpg 300w, https:\/\/www.acetaiamarchi.com\/wp-content\/uploads\/2021\/04\/acetaia-marchi-ricette-con-aceto-balsamico-di-modena-antipasti-bruschette-1024x985.jpg 1024w, https:\/\/www.acetaiamarchi.com\/wp-content\/uploads\/2021\/04\/acetaia-marchi-ricette-con-aceto-balsamico-di-modena-antipasti-bruschette-768x739.jpg 768w, https:\/\/www.acetaiamarchi.com\/wp-content\/uploads\/2021\/04\/acetaia-marchi-ricette-con-aceto-balsamico-di-modena-antipasti-bruschette-600x577.jpg 600w\" sizes=\"(max-width: 1200px) 100vw, 1200px\" \/>\t\t<\/div>\n\t\t\t\t<div class=\"elementor-portfolio-item__overlay\">\n\t\t\t\t<h3 class=\"elementor-portfolio-item__title\">\n\t\tBruschetta aux tomates cerises confites et au vinaigre balsamique\t\t<\/h3>\n\t\t\t\t<\/div>\n\t\t\t\t<\/a>\n\t\t<\/article>\n\t\t\t\t<\/div>\n\t\t\t\t\t\t<\/div>\n\t\t\t\t<\/div>\n\t\t\t\t<\/div>\n\t\t\t\t\t<\/div>\n\t\t\t\t<\/div>\n\t\t<div class=\"elementor-element elementor-element-8d6a4e1 animated-slow e-flex e-con-boxed wpr-particle-no wpr-jarallax-no wpr-parallax-no wpr-sticky-section-no wpr-equal-height-no elementor-invisible e-con e-parent\" data-id=\"8d6a4e1\" data-element_type=\"container\" data-e-type=\"container\" data-settings=\"{&quot;background_background&quot;:&quot;classic&quot;,&quot;animation&quot;:&quot;fadeInRight&quot;}\">\n\t\t\t\t\t<div class=\"e-con-inner\">\n\t\t\t\t<div class=\"elementor-element elementor-element-73a7601 elementor-widget elementor-widget-heading\" data-id=\"73a7601\" data-element_type=\"widget\" data-e-type=\"widget\" data-widget_type=\"heading.default\">\n\t\t\t\t<div class=\"elementor-widget-container\">\n\t\t\t\t\t<h2 class=\"elementor-heading-title elementor-size-default\">Premiers cours<\/h2>\t\t\t\t<\/div>\n\t\t\t\t<\/div>\n\t\t\t\t\t<\/div>\n\t\t\t\t<\/div>\n\t\t<div class=\"elementor-element elementor-element-c9aa333 e-flex e-con-boxed wpr-particle-no wpr-jarallax-no wpr-parallax-no wpr-sticky-section-no wpr-equal-height-no e-con e-parent\" data-id=\"c9aa333\" data-element_type=\"container\" data-e-type=\"container\">\n\t\t\t\t\t<div class=\"e-con-inner\">\n\t\t<div class=\"elementor-element elementor-element-8c3536e e-con-full animated-slow e-flex wpr-particle-no wpr-jarallax-no wpr-parallax-no wpr-sticky-section-no wpr-equal-height-no elementor-invisible e-con e-child\" data-id=\"8c3536e\" data-element_type=\"container\" data-e-type=\"container\" data-settings=\"{&quot;animation&quot;:&quot;fadeIn&quot;}\">\n\t\t\t\t<div class=\"elementor-element elementor-element-b1b339e elementor-grid-3 elementor-grid-tablet-2 elementor-grid-mobile-1 elementor-widget elementor-widget-portfolio\" data-id=\"b1b339e\" data-element_type=\"widget\" data-e-type=\"widget\" data-settings=\"{&quot;item_ratio&quot;:{&quot;unit&quot;:&quot;px&quot;,&quot;size&quot;:0.75,&quot;sizes&quot;:[]},&quot;row_gap&quot;:{&quot;unit&quot;:&quot;px&quot;,&quot;size&quot;:0,&quot;sizes&quot;:[]},&quot;columns&quot;:&quot;3&quot;,&quot;columns_tablet&quot;:&quot;2&quot;,&quot;columns_mobile&quot;:&quot;1&quot;,&quot;item_gap&quot;:{&quot;unit&quot;:&quot;px&quot;,&quot;size&quot;:&quot;&quot;,&quot;sizes&quot;:[]}}\" data-widget_type=\"portfolio.default\">\n\t\t\t\t<div class=\"elementor-widget-container\">\n\t\t\t\t\t\t\t<div class=\"elementor-portfolio elementor-grid elementor-posts-container\" role=\"list\">\n\t\t\t\t<article class=\"elementor-portfolio-item elementor-post  post-4887 page type-page status-publish has-post-thumbnail hentry\" role=\"listitem\">\n\t\t\t<a class=\"elementor-post__thumbnail__link\" href=\"https:\/\/www.acetaiamarchi.com\/fr\/recettes\/coquilles-avec-poires-et-fromage\/\">\n\t\t\t\t<div class=\"elementor-portfolio-item__img elementor-post__thumbnail\">\n\t\t\t<img loading=\"lazy\" decoding=\"async\" width=\"800\" height=\"800\" src=\"https:\/\/www.acetaiamarchi.com\/wp-content\/uploads\/2021\/03\/acetaia-marchi-aceto-balsamico-tradizionale-di-modena-prezioso.jpg\" class=\"attachment-full size-full wp-image-5416\" alt=\"\" srcset=\"https:\/\/www.acetaiamarchi.com\/wp-content\/uploads\/2021\/03\/acetaia-marchi-aceto-balsamico-tradizionale-di-modena-prezioso.jpg 800w, https:\/\/www.acetaiamarchi.com\/wp-content\/uploads\/2021\/03\/acetaia-marchi-aceto-balsamico-tradizionale-di-modena-prezioso-300x300.jpg 300w, https:\/\/www.acetaiamarchi.com\/wp-content\/uploads\/2021\/03\/acetaia-marchi-aceto-balsamico-tradizionale-di-modena-prezioso-150x150.jpg 150w, https:\/\/www.acetaiamarchi.com\/wp-content\/uploads\/2021\/03\/acetaia-marchi-aceto-balsamico-tradizionale-di-modena-prezioso-768x768.jpg 768w, https:\/\/www.acetaiamarchi.com\/wp-content\/uploads\/2021\/03\/acetaia-marchi-aceto-balsamico-tradizionale-di-modena-prezioso-600x600.jpg 600w, https:\/\/www.acetaiamarchi.com\/wp-content\/uploads\/2021\/03\/acetaia-marchi-aceto-balsamico-tradizionale-di-modena-prezioso-100x100.jpg 100w\" sizes=\"(max-width: 800px) 100vw, 800px\" \/>\t\t<\/div>\n\t\t\t\t<div class=\"elementor-portfolio-item__overlay\">\n\t\t\t\t<h3 class=\"elementor-portfolio-item__title\">\n\t\tCoquilles avec poires et fromage\t\t<\/h3>\n\t\t\t\t<\/div>\n\t\t\t\t<\/a>\n\t\t<\/article>\n\t\t\t\t<article class=\"elementor-portfolio-item elementor-post  post-4884 page type-page status-publish has-post-thumbnail hentry\" role=\"listitem\">\n\t\t\t<a class=\"elementor-post__thumbnail__link\" href=\"https:\/\/www.acetaiamarchi.com\/fr\/recettes\/lasagnes-legeres\/\">\n\t\t\t\t<div class=\"elementor-portfolio-item__img elementor-post__thumbnail\">\n\t\t\t<img loading=\"lazy\" decoding=\"async\" width=\"800\" height=\"800\" src=\"https:\/\/www.acetaiamarchi.com\/wp-content\/uploads\/2021\/03\/condimento-balsamico-la-riserva-100ml-15.jpg\" class=\"attachment-full size-full wp-image-5467\" alt=\"\" srcset=\"https:\/\/www.acetaiamarchi.com\/wp-content\/uploads\/2021\/03\/condimento-balsamico-la-riserva-100ml-15.jpg 800w, https:\/\/www.acetaiamarchi.com\/wp-content\/uploads\/2021\/03\/condimento-balsamico-la-riserva-100ml-15-300x300.jpg 300w, https:\/\/www.acetaiamarchi.com\/wp-content\/uploads\/2021\/03\/condimento-balsamico-la-riserva-100ml-15-150x150.jpg 150w, https:\/\/www.acetaiamarchi.com\/wp-content\/uploads\/2021\/03\/condimento-balsamico-la-riserva-100ml-15-768x768.jpg 768w, https:\/\/www.acetaiamarchi.com\/wp-content\/uploads\/2021\/03\/condimento-balsamico-la-riserva-100ml-15-600x600.jpg 600w, https:\/\/www.acetaiamarchi.com\/wp-content\/uploads\/2021\/03\/condimento-balsamico-la-riserva-100ml-15-100x100.jpg 100w\" sizes=\"(max-width: 800px) 100vw, 800px\" \/>\t\t<\/div>\n\t\t\t\t<div class=\"elementor-portfolio-item__overlay\">\n\t\t\t\t<h3 class=\"elementor-portfolio-item__title\">\n\t\tLasagnes l\u00e9g\u00e8res\t\t<\/h3>\n\t\t\t\t<\/div>\n\t\t\t\t<\/a>\n\t\t<\/article>\n\t\t\t\t<article class=\"elementor-portfolio-item elementor-post  post-4881 page type-page status-publish has-post-thumbnail hentry\" role=\"listitem\">\n\t\t\t<a class=\"elementor-post__thumbnail__link\" href=\"https:\/\/www.acetaiamarchi.com\/fr\/recettes\/gnocchi-a-la-creme-de-parmesan\/\">\n\t\t\t\t<div class=\"elementor-portfolio-item__img elementor-post__thumbnail\">\n\t\t\t<img loading=\"lazy\" decoding=\"async\" width=\"800\" height=\"800\" src=\"https:\/\/www.acetaiamarchi.com\/wp-content\/uploads\/2021\/03\/condimento-balsamico-la-riserva-40ml-8.jpg\" class=\"attachment-full size-full wp-image-5518\" alt=\"\" srcset=\"https:\/\/www.acetaiamarchi.com\/wp-content\/uploads\/2021\/03\/condimento-balsamico-la-riserva-40ml-8.jpg 800w, https:\/\/www.acetaiamarchi.com\/wp-content\/uploads\/2021\/03\/condimento-balsamico-la-riserva-40ml-8-300x300.jpg 300w, https:\/\/www.acetaiamarchi.com\/wp-content\/uploads\/2021\/03\/condimento-balsamico-la-riserva-40ml-8-150x150.jpg 150w, https:\/\/www.acetaiamarchi.com\/wp-content\/uploads\/2021\/03\/condimento-balsamico-la-riserva-40ml-8-768x768.jpg 768w, https:\/\/www.acetaiamarchi.com\/wp-content\/uploads\/2021\/03\/condimento-balsamico-la-riserva-40ml-8-600x600.jpg 600w, https:\/\/www.acetaiamarchi.com\/wp-content\/uploads\/2021\/03\/condimento-balsamico-la-riserva-40ml-8-100x100.jpg 100w\" sizes=\"(max-width: 800px) 100vw, 800px\" \/>\t\t<\/div>\n\t\t\t\t<div class=\"elementor-portfolio-item__overlay\">\n\t\t\t\t<h3 class=\"elementor-portfolio-item__title\">\n\t\tGnocchi \u00e0 la cr\u00e8me de parmesan\t\t<\/h3>\n\t\t\t\t<\/div>\n\t\t\t\t<\/a>\n\t\t<\/article>\n\t\t\t\t<article class=\"elementor-portfolio-item elementor-post  post-4890 page type-page status-publish has-post-thumbnail hentry\" role=\"listitem\">\n\t\t\t<a class=\"elementor-post__thumbnail__link\" href=\"https:\/\/www.acetaiamarchi.com\/fr\/recettes\/mezzelune-au-potiron-avec-creme-de-condiment-balsamique\/\">\n\t\t\t\t<div class=\"elementor-portfolio-item__img elementor-post__thumbnail\">\n\t\t\t<img loading=\"lazy\" decoding=\"async\" width=\"800\" height=\"800\" src=\"https:\/\/www.acetaiamarchi.com\/wp-content\/uploads\/2021\/03\/condimento-balsamico-il-pregiato-12.jpg\" class=\"attachment-full size-full wp-image-5365\" alt=\"\" srcset=\"https:\/\/www.acetaiamarchi.com\/wp-content\/uploads\/2021\/03\/condimento-balsamico-il-pregiato-12.jpg 800w, https:\/\/www.acetaiamarchi.com\/wp-content\/uploads\/2021\/03\/condimento-balsamico-il-pregiato-12-300x300.jpg 300w, https:\/\/www.acetaiamarchi.com\/wp-content\/uploads\/2021\/03\/condimento-balsamico-il-pregiato-12-150x150.jpg 150w, https:\/\/www.acetaiamarchi.com\/wp-content\/uploads\/2021\/03\/condimento-balsamico-il-pregiato-12-768x768.jpg 768w, https:\/\/www.acetaiamarchi.com\/wp-content\/uploads\/2021\/03\/condimento-balsamico-il-pregiato-12-600x600.jpg 600w, https:\/\/www.acetaiamarchi.com\/wp-content\/uploads\/2021\/03\/condimento-balsamico-il-pregiato-12-100x100.jpg 100w\" sizes=\"(max-width: 800px) 100vw, 800px\" \/>\t\t<\/div>\n\t\t\t\t<div class=\"elementor-portfolio-item__overlay\">\n\t\t\t\t<h3 class=\"elementor-portfolio-item__title\">\n\t\tMezzelune au potiron avec cr\u00e8me de condiment balsamique\t\t<\/h3>\n\t\t\t\t<\/div>\n\t\t\t\t<\/a>\n\t\t<\/article>\n\t\t\t\t<article class=\"elementor-portfolio-item elementor-post  post-10013 page type-page status-publish has-post-thumbnail hentry\" role=\"listitem\">\n\t\t\t<a class=\"elementor-post__thumbnail__link\" href=\"https:\/\/www.acetaiamarchi.com\/fr\/recettes\/risotto-au-vinaigre-balsamique-de-modene-i-g-p\/\">\n\t\t\t\t<div class=\"elementor-portfolio-item__img elementor-post__thumbnail\">\n\t\t\t<img loading=\"lazy\" decoding=\"async\" width=\"750\" height=\"600\" src=\"https:\/\/www.acetaiamarchi.com\/wp-content\/uploads\/2025\/02\/carpaccio-di-ananas-e-Aceto-Balsamico-di-Modena-ricette-Acetaia-Marchi.jpg\" class=\"attachment-full size-full wp-image-6284\" alt=\"\" srcset=\"https:\/\/www.acetaiamarchi.com\/wp-content\/uploads\/2025\/02\/carpaccio-di-ananas-e-Aceto-Balsamico-di-Modena-ricette-Acetaia-Marchi.jpg 750w, https:\/\/www.acetaiamarchi.com\/wp-content\/uploads\/2025\/02\/carpaccio-di-ananas-e-Aceto-Balsamico-di-Modena-ricette-Acetaia-Marchi-300x240.jpg 300w, https:\/\/www.acetaiamarchi.com\/wp-content\/uploads\/2025\/02\/carpaccio-di-ananas-e-Aceto-Balsamico-di-Modena-ricette-Acetaia-Marchi-600x480.jpg 600w\" sizes=\"(max-width: 750px) 100vw, 750px\" \/>\t\t<\/div>\n\t\t\t\t<div class=\"elementor-portfolio-item__overlay\">\n\t\t\t\t<h3 class=\"elementor-portfolio-item__title\">\n\t\tRisotto au vinaigre balsamique de Mod\u00e8ne I.G.P.\t\t<\/h3>\n\t\t\t\t<\/div>\n\t\t\t\t<\/a>\n\t\t<\/article>\n\t\t\t\t<article class=\"elementor-portfolio-item elementor-post  post-4943 page type-page status-publish has-post-thumbnail hentry\" role=\"listitem\">\n\t\t\t<a class=\"elementor-post__thumbnail__link\" href=\"https:\/\/www.acetaiamarchi.com\/fr\/recettes\/creme-de-potiron-a-la-creme-de-parmesan-et-gouttes-de-vinaigre-balsamique\/\">\n\t\t\t\t<div class=\"elementor-portfolio-item__img elementor-post__thumbnail\">\n\t\t\t<img loading=\"lazy\" decoding=\"async\" width=\"2560\" height=\"2560\" src=\"https:\/\/www.acetaiamarchi.com\/wp-content\/uploads\/2021\/04\/Senza-titolo-2-scaled.jpg\" class=\"attachment-full size-full wp-image-5757\" alt=\"\" srcset=\"https:\/\/www.acetaiamarchi.com\/wp-content\/uploads\/2021\/04\/Senza-titolo-2-scaled.jpg 2560w, https:\/\/www.acetaiamarchi.com\/wp-content\/uploads\/2021\/04\/Senza-titolo-2-300x300.jpg 300w, https:\/\/www.acetaiamarchi.com\/wp-content\/uploads\/2021\/04\/Senza-titolo-2-1024x1024.jpg 1024w, https:\/\/www.acetaiamarchi.com\/wp-content\/uploads\/2021\/04\/Senza-titolo-2-150x150.jpg 150w, https:\/\/www.acetaiamarchi.com\/wp-content\/uploads\/2021\/04\/Senza-titolo-2-768x768.jpg 768w, https:\/\/www.acetaiamarchi.com\/wp-content\/uploads\/2021\/04\/Senza-titolo-2-1536x1536.jpg 1536w, https:\/\/www.acetaiamarchi.com\/wp-content\/uploads\/2021\/04\/Senza-titolo-2-2048x2048.jpg 2048w, https:\/\/www.acetaiamarchi.com\/wp-content\/uploads\/2021\/04\/Senza-titolo-2-600x600.jpg 600w, https:\/\/www.acetaiamarchi.com\/wp-content\/uploads\/2021\/04\/Senza-titolo-2-100x100.jpg 100w\" sizes=\"(max-width: 2560px) 100vw, 2560px\" \/>\t\t<\/div>\n\t\t\t\t<div class=\"elementor-portfolio-item__overlay\">\n\t\t\t\t<h3 class=\"elementor-portfolio-item__title\">\n\t\tCr\u00e8me de potiron \u00e0 la cr\u00e8me de parmesan et gouttes de vinaigre balsamique\t\t<\/h3>\n\t\t\t\t<\/div>\n\t\t\t\t<\/a>\n\t\t<\/article>\n\t\t\t\t<article class=\"elementor-portfolio-item elementor-post  post-4946 page type-page status-publish has-post-thumbnail hentry\" role=\"listitem\">\n\t\t\t<a class=\"elementor-post__thumbnail__link\" href=\"https:\/\/www.acetaiamarchi.com\/fr\/recettes\/tagliatelles-a-la-pancetta-pioppini-et-vinaigre-balsamique\/\">\n\t\t\t\t<div class=\"elementor-portfolio-item__img elementor-post__thumbnail\">\n\t\t\t<img loading=\"lazy\" decoding=\"async\" width=\"1200\" height=\"1105\" src=\"https:\/\/www.acetaiamarchi.com\/wp-content\/uploads\/2021\/04\/acetaia-marchi-ricette-con-aceto-balsamico-di-modena-primi-piatti-tagliatelle.jpg\" class=\"attachment-full size-full wp-image-5804\" alt=\"\" srcset=\"https:\/\/www.acetaiamarchi.com\/wp-content\/uploads\/2021\/04\/acetaia-marchi-ricette-con-aceto-balsamico-di-modena-primi-piatti-tagliatelle.jpg 1200w, https:\/\/www.acetaiamarchi.com\/wp-content\/uploads\/2021\/04\/acetaia-marchi-ricette-con-aceto-balsamico-di-modena-primi-piatti-tagliatelle-300x276.jpg 300w, https:\/\/www.acetaiamarchi.com\/wp-content\/uploads\/2021\/04\/acetaia-marchi-ricette-con-aceto-balsamico-di-modena-primi-piatti-tagliatelle-1024x943.jpg 1024w, https:\/\/www.acetaiamarchi.com\/wp-content\/uploads\/2021\/04\/acetaia-marchi-ricette-con-aceto-balsamico-di-modena-primi-piatti-tagliatelle-768x707.jpg 768w, https:\/\/www.acetaiamarchi.com\/wp-content\/uploads\/2021\/04\/acetaia-marchi-ricette-con-aceto-balsamico-di-modena-primi-piatti-tagliatelle-600x553.jpg 600w\" sizes=\"(max-width: 1200px) 100vw, 1200px\" \/>\t\t<\/div>\n\t\t\t\t<div class=\"elementor-portfolio-item__overlay\">\n\t\t\t\t<h3 class=\"elementor-portfolio-item__title\">\n\t\tTagliatelles \u00e0 la pancetta, pioppini et vinaigre balsamique\t\t<\/h3>\n\t\t\t\t<\/div>\n\t\t\t\t<\/a>\n\t\t<\/article>\n\t\t\t\t<article class=\"elementor-portfolio-item elementor-post  post-4949 page type-page status-publish has-post-thumbnail hentry\" role=\"listitem\">\n\t\t\t<a class=\"elementor-post__thumbnail__link\" href=\"https:\/\/www.acetaiamarchi.com\/fr\/recettes\/spaghetti-aux-courgettes-et-carottes\/\">\n\t\t\t\t<div class=\"elementor-portfolio-item__img elementor-post__thumbnail\">\n\t\t\t<img loading=\"lazy\" decoding=\"async\" width=\"1000\" height=\"1000\" src=\"https:\/\/www.acetaiamarchi.com\/wp-content\/uploads\/2021\/04\/Acetaia-Marchi-categorie.001.jpeg\" class=\"attachment-full size-full wp-image-5860\" alt=\"\" srcset=\"https:\/\/www.acetaiamarchi.com\/wp-content\/uploads\/2021\/04\/Acetaia-Marchi-categorie.001.jpeg 1000w, https:\/\/www.acetaiamarchi.com\/wp-content\/uploads\/2021\/04\/Acetaia-Marchi-categorie.001-300x300.jpeg 300w, https:\/\/www.acetaiamarchi.com\/wp-content\/uploads\/2021\/04\/Acetaia-Marchi-categorie.001-150x150.jpeg 150w, https:\/\/www.acetaiamarchi.com\/wp-content\/uploads\/2021\/04\/Acetaia-Marchi-categorie.001-768x768.jpeg 768w, https:\/\/www.acetaiamarchi.com\/wp-content\/uploads\/2021\/04\/Acetaia-Marchi-categorie.001-600x600.jpeg 600w, https:\/\/www.acetaiamarchi.com\/wp-content\/uploads\/2021\/04\/Acetaia-Marchi-categorie.001-100x100.jpeg 100w\" sizes=\"(max-width: 1000px) 100vw, 1000px\" \/>\t\t<\/div>\n\t\t\t\t<div class=\"elementor-portfolio-item__overlay\">\n\t\t\t\t<h3 class=\"elementor-portfolio-item__title\">\n\t\tSpaghetti aux courgettes et carottes\t\t<\/h3>\n\t\t\t\t<\/div>\n\t\t\t\t<\/a>\n\t\t<\/article>\n\t\t\t\t<article class=\"elementor-portfolio-item elementor-post  post-11288 page type-page status-publish has-post-thumbnail hentry\" role=\"listitem\">\n\t\t\t<a class=\"elementor-post__thumbnail__link\" href=\"https:\/\/www.acetaiamarchi.com\/fr\/recettes\/tortelloni-a-la-courge\/\">\n\t\t\t\t<div class=\"elementor-portfolio-item__img elementor-post__thumbnail\">\n\t\t\t<img loading=\"lazy\" decoding=\"async\" width=\"996\" height=\"747\" src=\"https:\/\/www.acetaiamarchi.com\/wp-content\/uploads\/2025\/04\/ricetta-tortelloni-di-zucca-e-aceto-balsamico-tradizionale-di-modena-DOP.jpg\" class=\"attachment-full size-full wp-image-3177\" alt=\"Ricetta tortelloni di zucca e aceto balsamico tradizionale di modena dop extravecchio\" srcset=\"https:\/\/www.acetaiamarchi.com\/wp-content\/uploads\/2025\/04\/ricetta-tortelloni-di-zucca-e-aceto-balsamico-tradizionale-di-modena-DOP.jpg 996w, https:\/\/www.acetaiamarchi.com\/wp-content\/uploads\/2025\/04\/ricetta-tortelloni-di-zucca-e-aceto-balsamico-tradizionale-di-modena-DOP-600x450.jpg 600w, https:\/\/www.acetaiamarchi.com\/wp-content\/uploads\/2025\/04\/ricetta-tortelloni-di-zucca-e-aceto-balsamico-tradizionale-di-modena-DOP-300x225.jpg 300w, https:\/\/www.acetaiamarchi.com\/wp-content\/uploads\/2025\/04\/ricetta-tortelloni-di-zucca-e-aceto-balsamico-tradizionale-di-modena-DOP-768x576.jpg 768w\" sizes=\"(max-width: 996px) 100vw, 996px\" \/>\t\t<\/div>\n\t\t\t\t<div class=\"elementor-portfolio-item__overlay\">\n\t\t\t\t<h3 class=\"elementor-portfolio-item__title\">\n\t\tTortelloni \u00e0 la courge\t\t<\/h3>\n\t\t\t\t<\/div>\n\t\t\t\t<\/a>\n\t\t<\/article>\n\t\t\t\t<\/div>\n\t\t\t\t\t\t<\/div>\n\t\t\t\t<\/div>\n\t\t\t\t<\/div>\n\t\t\t\t\t<\/div>\n\t\t\t\t<\/div>\n\t\t<div class=\"elementor-element elementor-element-e84b1ed animated-slow e-flex e-con-boxed wpr-particle-no wpr-jarallax-no wpr-parallax-no wpr-sticky-section-no wpr-equal-height-no elementor-invisible e-con e-parent\" data-id=\"e84b1ed\" data-element_type=\"container\" data-e-type=\"container\" data-settings=\"{&quot;background_background&quot;:&quot;classic&quot;,&quot;animation&quot;:&quot;fadeInLeft&quot;}\">\n\t\t\t\t\t<div class=\"e-con-inner\">\n\t\t\t\t<div class=\"elementor-element elementor-element-c60d6d9 elementor-widget elementor-widget-heading\" data-id=\"c60d6d9\" data-element_type=\"widget\" data-e-type=\"widget\" data-widget_type=\"heading.default\">\n\t\t\t\t<div class=\"elementor-widget-container\">\n\t\t\t\t\t<h2 class=\"elementor-heading-title elementor-size-default\">Plats principaux<\/h2>\t\t\t\t<\/div>\n\t\t\t\t<\/div>\n\t\t\t\t\t<\/div>\n\t\t\t\t<\/div>\n\t\t<div class=\"elementor-element elementor-element-70408fa e-flex e-con-boxed wpr-particle-no wpr-jarallax-no wpr-parallax-no wpr-sticky-section-no wpr-equal-height-no e-con e-parent\" data-id=\"70408fa\" data-element_type=\"container\" data-e-type=\"container\">\n\t\t\t\t\t<div class=\"e-con-inner\">\n\t\t<div class=\"elementor-element elementor-element-93448bf e-con-full animated-slow e-flex wpr-particle-no wpr-jarallax-no wpr-parallax-no wpr-sticky-section-no wpr-equal-height-no elementor-invisible e-con e-child\" data-id=\"93448bf\" data-element_type=\"container\" data-e-type=\"container\" data-settings=\"{&quot;animation&quot;:&quot;fadeIn&quot;}\">\n\t\t\t\t<div class=\"elementor-element elementor-element-d8e6c07 elementor-grid-3 elementor-grid-tablet-2 elementor-grid-mobile-1 elementor-widget elementor-widget-portfolio\" data-id=\"d8e6c07\" data-element_type=\"widget\" data-e-type=\"widget\" data-settings=\"{&quot;item_ratio&quot;:{&quot;unit&quot;:&quot;px&quot;,&quot;size&quot;:0.75,&quot;sizes&quot;:[]},&quot;row_gap&quot;:{&quot;unit&quot;:&quot;px&quot;,&quot;size&quot;:0,&quot;sizes&quot;:[]},&quot;columns&quot;:&quot;3&quot;,&quot;columns_tablet&quot;:&quot;2&quot;,&quot;columns_mobile&quot;:&quot;1&quot;,&quot;item_gap&quot;:{&quot;unit&quot;:&quot;px&quot;,&quot;size&quot;:&quot;&quot;,&quot;sizes&quot;:[]}}\" data-widget_type=\"portfolio.default\">\n\t\t\t\t<div class=\"elementor-widget-container\">\n\t\t\t\t\t\t\t<div class=\"elementor-portfolio elementor-grid elementor-posts-container\" role=\"list\">\n\t\t\t\t<article class=\"elementor-portfolio-item elementor-post  post-4896 page type-page status-publish has-post-thumbnail hentry\" role=\"listitem\">\n\t\t\t<a class=\"elementor-post__thumbnail__link\" href=\"https:\/\/www.acetaiamarchi.com\/fr\/recettes\/filet-de-porc-au-radicchio\/\">\n\t\t\t\t<div class=\"elementor-portfolio-item__img elementor-post__thumbnail\">\n\t\t\t<img loading=\"lazy\" decoding=\"async\" width=\"800\" height=\"800\" src=\"https:\/\/www.acetaiamarchi.com\/wp-content\/uploads\/2021\/03\/condimento-balsamico-la-riserva-40ml-8.jpg\" class=\"attachment-full size-full wp-image-5584\" alt=\"\" srcset=\"https:\/\/www.acetaiamarchi.com\/wp-content\/uploads\/2021\/03\/condimento-balsamico-la-riserva-40ml-8.jpg 800w, https:\/\/www.acetaiamarchi.com\/wp-content\/uploads\/2021\/03\/condimento-balsamico-la-riserva-40ml-8-300x300.jpg 300w, https:\/\/www.acetaiamarchi.com\/wp-content\/uploads\/2021\/03\/condimento-balsamico-la-riserva-40ml-8-150x150.jpg 150w, https:\/\/www.acetaiamarchi.com\/wp-content\/uploads\/2021\/03\/condimento-balsamico-la-riserva-40ml-8-768x768.jpg 768w, https:\/\/www.acetaiamarchi.com\/wp-content\/uploads\/2021\/03\/condimento-balsamico-la-riserva-40ml-8-600x600.jpg 600w, https:\/\/www.acetaiamarchi.com\/wp-content\/uploads\/2021\/03\/condimento-balsamico-la-riserva-40ml-8-100x100.jpg 100w\" sizes=\"(max-width: 800px) 100vw, 800px\" \/>\t\t<\/div>\n\t\t\t\t<div class=\"elementor-portfolio-item__overlay\">\n\t\t\t\t<h3 class=\"elementor-portfolio-item__title\">\n\t\tFilet de porc au radicchio\t\t<\/h3>\n\t\t\t\t<\/div>\n\t\t\t\t<\/a>\n\t\t<\/article>\n\t\t\t\t<article class=\"elementor-portfolio-item elementor-post  post-4899 page type-page status-publish has-post-thumbnail hentry\" role=\"listitem\">\n\t\t\t<a class=\"elementor-post__thumbnail__link\" href=\"https:\/\/www.acetaiamarchi.com\/fr\/recettes\/brochettes-de-filet-et-de-legumes\/\">\n\t\t\t\t<div class=\"elementor-portfolio-item__img elementor-post__thumbnail\">\n\t\t\t<img loading=\"lazy\" decoding=\"async\" width=\"800\" height=\"800\" src=\"https:\/\/www.acetaiamarchi.com\/wp-content\/uploads\/2021\/03\/condimento-balsamico-la-riserva-40ml-8.jpg\" class=\"attachment-full size-full wp-image-5560\" alt=\"\" srcset=\"https:\/\/www.acetaiamarchi.com\/wp-content\/uploads\/2021\/03\/condimento-balsamico-la-riserva-40ml-8.jpg 800w, https:\/\/www.acetaiamarchi.com\/wp-content\/uploads\/2021\/03\/condimento-balsamico-la-riserva-40ml-8-300x300.jpg 300w, https:\/\/www.acetaiamarchi.com\/wp-content\/uploads\/2021\/03\/condimento-balsamico-la-riserva-40ml-8-150x150.jpg 150w, https:\/\/www.acetaiamarchi.com\/wp-content\/uploads\/2021\/03\/condimento-balsamico-la-riserva-40ml-8-768x768.jpg 768w, https:\/\/www.acetaiamarchi.com\/wp-content\/uploads\/2021\/03\/condimento-balsamico-la-riserva-40ml-8-600x600.jpg 600w, https:\/\/www.acetaiamarchi.com\/wp-content\/uploads\/2021\/03\/condimento-balsamico-la-riserva-40ml-8-100x100.jpg 100w\" sizes=\"(max-width: 800px) 100vw, 800px\" \/>\t\t<\/div>\n\t\t\t\t<div class=\"elementor-portfolio-item__overlay\">\n\t\t\t\t<h3 class=\"elementor-portfolio-item__title\">\n\t\tBrochettes de filet et de l\u00e9gumes\t\t<\/h3>\n\t\t\t\t<\/div>\n\t\t\t\t<\/a>\n\t\t<\/article>\n\t\t\t\t<article class=\"elementor-portfolio-item elementor-post  post-9977 page type-page status-publish has-post-thumbnail hentry\" role=\"listitem\">\n\t\t\t<a class=\"elementor-post__thumbnail__link\" href=\"https:\/\/www.acetaiamarchi.com\/fr\/recettes\/petits-oiseaux-au-vinaigre-balsamique\/\">\n\t\t\t\t<div class=\"elementor-portfolio-item__img elementor-post__thumbnail\">\n\t\t\t<img loading=\"lazy\" decoding=\"async\" width=\"1032\" height=\"774\" src=\"https:\/\/www.acetaiamarchi.com\/wp-content\/uploads\/2025\/04\/uccelletti-con-aceto-balsamico.jpg\" class=\"attachment-full size-full wp-image-3441\" alt=\"Uccelletti al balsamico\" srcset=\"https:\/\/www.acetaiamarchi.com\/wp-content\/uploads\/2025\/04\/uccelletti-con-aceto-balsamico.jpg 1032w, https:\/\/www.acetaiamarchi.com\/wp-content\/uploads\/2025\/04\/uccelletti-con-aceto-balsamico-600x450.jpg 600w, https:\/\/www.acetaiamarchi.com\/wp-content\/uploads\/2025\/04\/uccelletti-con-aceto-balsamico-300x225.jpg 300w, https:\/\/www.acetaiamarchi.com\/wp-content\/uploads\/2025\/04\/uccelletti-con-aceto-balsamico-1024x768.jpg 1024w, https:\/\/www.acetaiamarchi.com\/wp-content\/uploads\/2025\/04\/uccelletti-con-aceto-balsamico-768x576.jpg 768w\" sizes=\"(max-width: 1032px) 100vw, 1032px\" \/>\t\t<\/div>\n\t\t\t\t<div class=\"elementor-portfolio-item__overlay\">\n\t\t\t\t<h3 class=\"elementor-portfolio-item__title\">\n\t\tPetits oiseaux au vinaigre balsamique\t\t<\/h3>\n\t\t\t\t<\/div>\n\t\t\t\t<\/a>\n\t\t<\/article>\n\t\t\t\t<article class=\"elementor-portfolio-item elementor-post  post-9951 page type-page status-publish has-post-thumbnail hentry\" role=\"listitem\">\n\t\t\t<a class=\"elementor-post__thumbnail__link\" href=\"https:\/\/www.acetaiamarchi.com\/fr\/recettes\/crevettes-au-condiment-balsamique\/\">\n\t\t\t\t<div class=\"elementor-portfolio-item__img elementor-post__thumbnail\">\n\t\t\t<img loading=\"lazy\" decoding=\"async\" width=\"1032\" height=\"774\" src=\"https:\/\/www.acetaiamarchi.com\/wp-content\/uploads\/2025\/04\/gamberoni-al-condimento-balsamico.jpg\" class=\"attachment-full size-full wp-image-3431\" alt=\"Gamberoni al condimento Balsamico\" srcset=\"https:\/\/www.acetaiamarchi.com\/wp-content\/uploads\/2025\/04\/gamberoni-al-condimento-balsamico.jpg 1032w, https:\/\/www.acetaiamarchi.com\/wp-content\/uploads\/2025\/04\/gamberoni-al-condimento-balsamico-600x450.jpg 600w, https:\/\/www.acetaiamarchi.com\/wp-content\/uploads\/2025\/04\/gamberoni-al-condimento-balsamico-300x225.jpg 300w, https:\/\/www.acetaiamarchi.com\/wp-content\/uploads\/2025\/04\/gamberoni-al-condimento-balsamico-1024x768.jpg 1024w, https:\/\/www.acetaiamarchi.com\/wp-content\/uploads\/2025\/04\/gamberoni-al-condimento-balsamico-768x576.jpg 768w\" sizes=\"(max-width: 1032px) 100vw, 1032px\" \/>\t\t<\/div>\n\t\t\t\t<div class=\"elementor-portfolio-item__overlay\">\n\t\t\t\t<h3 class=\"elementor-portfolio-item__title\">\n\t\tCrevettes au condiment balsamique\t\t<\/h3>\n\t\t\t\t<\/div>\n\t\t\t\t<\/a>\n\t\t<\/article>\n\t\t\t\t<article class=\"elementor-portfolio-item elementor-post  post-4869 page type-page status-publish has-post-thumbnail hentry\" role=\"listitem\">\n\t\t\t<a class=\"elementor-post__thumbnail__link\" href=\"https:\/\/www.acetaiamarchi.com\/fr\/recettes\/magret-de-canard-au-vinaigre-balsamique-de-modene-i-g-p\/\">\n\t\t\t\t<div class=\"elementor-portfolio-item__img elementor-post__thumbnail\">\n\t\t\t<img decoding=\"async\" width=\"1032\" height=\"774\" src=\"https:\/\/www.acetaiamarchi.com\/wp-content\/uploads\/2025\/04\/verdure-grigliate-con-aceto-balsamico-di-modena-igp.jpg\" class=\"attachment-full size-full wp-image-3141\" alt=\"verdure grigliate all&#039;aceto balsamico di modena IGP\" srcset=\"https:\/\/www.acetaiamarchi.com\/wp-content\/uploads\/2025\/04\/verdure-grigliate-con-aceto-balsamico-di-modena-igp.jpg 1032w, https:\/\/www.acetaiamarchi.com\/wp-content\/uploads\/2025\/04\/verdure-grigliate-con-aceto-balsamico-di-modena-igp-600x450.jpg 600w, https:\/\/www.acetaiamarchi.com\/wp-content\/uploads\/2025\/04\/verdure-grigliate-con-aceto-balsamico-di-modena-igp-300x225.jpg 300w, https:\/\/www.acetaiamarchi.com\/wp-content\/uploads\/2025\/04\/verdure-grigliate-con-aceto-balsamico-di-modena-igp-1024x768.jpg 1024w, https:\/\/www.acetaiamarchi.com\/wp-content\/uploads\/2025\/04\/verdure-grigliate-con-aceto-balsamico-di-modena-igp-768x576.jpg 768w\" sizes=\"(max-width: 1032px) 100vw, 1032px\" \/>\t\t<\/div>\n\t\t\t\t<div class=\"elementor-portfolio-item__overlay\">\n\t\t\t\t<h3 class=\"elementor-portfolio-item__title\">\n\t\tMagret de canard au Vinaigre Balsamique de Mod\u00e8ne I.G.P.\t\t<\/h3>\n\t\t\t\t<\/div>\n\t\t\t\t<\/a>\n\t\t<\/article>\n\t\t\t\t<article class=\"elementor-portfolio-item elementor-post  post-9945 page type-page status-publish has-post-thumbnail hentry\" role=\"listitem\">\n\t\t\t<a class=\"elementor-post__thumbnail__link\" href=\"https:\/\/www.acetaiamarchi.com\/fr\/recettes\/tranches-de-boeuf-avec-vinaigrette-balsamique\/\">\n\t\t\t\t<div class=\"elementor-portfolio-item__img elementor-post__thumbnail\">\n\t\t\t<img loading=\"lazy\" decoding=\"async\" width=\"1032\" height=\"774\" src=\"https:\/\/www.acetaiamarchi.com\/wp-content\/uploads\/2025\/04\/ricetta-ananas-con-aceto-balsamico-1.jpg\" class=\"attachment-full size-full wp-image-3226\" alt=\"fettine ananas e aceto\" srcset=\"https:\/\/www.acetaiamarchi.com\/wp-content\/uploads\/2025\/04\/ricetta-ananas-con-aceto-balsamico-1.jpg 1032w, https:\/\/www.acetaiamarchi.com\/wp-content\/uploads\/2025\/04\/ricetta-ananas-con-aceto-balsamico-1-600x450.jpg 600w, https:\/\/www.acetaiamarchi.com\/wp-content\/uploads\/2025\/04\/ricetta-ananas-con-aceto-balsamico-1-300x225.jpg 300w, https:\/\/www.acetaiamarchi.com\/wp-content\/uploads\/2025\/04\/ricetta-ananas-con-aceto-balsamico-1-1024x768.jpg 1024w, https:\/\/www.acetaiamarchi.com\/wp-content\/uploads\/2025\/04\/ricetta-ananas-con-aceto-balsamico-1-768x576.jpg 768w\" sizes=\"(max-width: 1032px) 100vw, 1032px\" \/>\t\t<\/div>\n\t\t\t\t<div class=\"elementor-portfolio-item__overlay\">\n\t\t\t\t<h3 class=\"elementor-portfolio-item__title\">\n\t\tTranches de b\u0153uf avec vinaigrette balsamique\t\t<\/h3>\n\t\t\t\t<\/div>\n\t\t\t\t<\/a>\n\t\t<\/article>\n\t\t\t\t<article class=\"elementor-portfolio-item elementor-post  post-4955 page type-page status-publish has-post-thumbnail hentry\" role=\"listitem\">\n\t\t\t<a class=\"elementor-post__thumbnail__link\" href=\"https:\/\/www.acetaiamarchi.com\/fr\/recettes\/rouleau-domelette\/\">\n\t\t\t\t<div class=\"elementor-portfolio-item__img elementor-post__thumbnail\">\n\t\t\t<img loading=\"lazy\" decoding=\"async\" width=\"786\" height=\"1181\" src=\"https:\/\/www.acetaiamarchi.com\/wp-content\/uploads\/2021\/04\/acetaia-marchi-ricette-con-aceto-balsamico-di-modena-secondi-piatti-involtini-di-frittata.jpg\" class=\"attachment-full size-full wp-image-5958\" alt=\"\" srcset=\"https:\/\/www.acetaiamarchi.com\/wp-content\/uploads\/2021\/04\/acetaia-marchi-ricette-con-aceto-balsamico-di-modena-secondi-piatti-involtini-di-frittata.jpg 786w, https:\/\/www.acetaiamarchi.com\/wp-content\/uploads\/2021\/04\/acetaia-marchi-ricette-con-aceto-balsamico-di-modena-secondi-piatti-involtini-di-frittata-200x300.jpg 200w, https:\/\/www.acetaiamarchi.com\/wp-content\/uploads\/2021\/04\/acetaia-marchi-ricette-con-aceto-balsamico-di-modena-secondi-piatti-involtini-di-frittata-682x1024.jpg 682w, https:\/\/www.acetaiamarchi.com\/wp-content\/uploads\/2021\/04\/acetaia-marchi-ricette-con-aceto-balsamico-di-modena-secondi-piatti-involtini-di-frittata-768x1154.jpg 768w, https:\/\/www.acetaiamarchi.com\/wp-content\/uploads\/2021\/04\/acetaia-marchi-ricette-con-aceto-balsamico-di-modena-secondi-piatti-involtini-di-frittata-600x902.jpg 600w\" sizes=\"(max-width: 786px) 100vw, 786px\" \/>\t\t<\/div>\n\t\t\t\t<div class=\"elementor-portfolio-item__overlay\">\n\t\t\t\t<h3 class=\"elementor-portfolio-item__title\">\n\t\tRouleau d&rsquo;omelette\t\t<\/h3>\n\t\t\t\t<\/div>\n\t\t\t\t<\/a>\n\t\t<\/article>\n\t\t\t\t<article class=\"elementor-portfolio-item elementor-post  post-4958 page type-page status-publish has-post-thumbnail hentry\" role=\"listitem\">\n\t\t\t<a class=\"elementor-post__thumbnail__link\" href=\"https:\/\/www.acetaiamarchi.com\/fr\/recettes\/salade-fraiche-de-crevettes-tomates-cerises-avocat-et-mangue\/\">\n\t\t\t\t<div class=\"elementor-portfolio-item__img elementor-post__thumbnail\">\n\t\t\t<img loading=\"lazy\" decoding=\"async\" width=\"1032\" height=\"774\" src=\"https:\/\/www.acetaiamarchi.com\/wp-content\/uploads\/2025\/04\/insalata-mazzancolle-pomodorini-avocado-mango.jpg\" class=\"attachment-full size-full wp-image-3384\" alt=\"Insalata fresca di mazzancolle pomodorini avocado e mango\" srcset=\"https:\/\/www.acetaiamarchi.com\/wp-content\/uploads\/2025\/04\/insalata-mazzancolle-pomodorini-avocado-mango.jpg 1032w, https:\/\/www.acetaiamarchi.com\/wp-content\/uploads\/2025\/04\/insalata-mazzancolle-pomodorini-avocado-mango-600x450.jpg 600w, https:\/\/www.acetaiamarchi.com\/wp-content\/uploads\/2025\/04\/insalata-mazzancolle-pomodorini-avocado-mango-300x225.jpg 300w, https:\/\/www.acetaiamarchi.com\/wp-content\/uploads\/2025\/04\/insalata-mazzancolle-pomodorini-avocado-mango-1024x768.jpg 1024w, https:\/\/www.acetaiamarchi.com\/wp-content\/uploads\/2025\/04\/insalata-mazzancolle-pomodorini-avocado-mango-768x576.jpg 768w\" sizes=\"(max-width: 1032px) 100vw, 1032px\" \/>\t\t<\/div>\n\t\t\t\t<div class=\"elementor-portfolio-item__overlay\">\n\t\t\t\t<h3 class=\"elementor-portfolio-item__title\">\n\t\tSalade fra\u00eeche de crevettes, tomates cerises, avocat et mangue\t\t<\/h3>\n\t\t\t\t<\/div>\n\t\t\t\t<\/a>\n\t\t<\/article>\n\t\t\t\t<article class=\"elementor-portfolio-item elementor-post  post-4961 page type-page status-publish has-post-thumbnail hentry\" role=\"listitem\">\n\t\t\t<a class=\"elementor-post__thumbnail__link\" href=\"https:\/\/www.acetaiamarchi.com\/fr\/recettes\/legumes-rotis-glaces-au-vinaigre-balsamique-et-capa-santa-poelee\/\">\n\t\t\t\t<div class=\"elementor-portfolio-item__img elementor-post__thumbnail\">\n\t\t\t<img loading=\"lazy\" decoding=\"async\" width=\"1200\" height=\"773\" src=\"https:\/\/www.acetaiamarchi.com\/wp-content\/uploads\/2021\/04\/acetaia-marchi-ricette-con-aceto-balsamico-di-modena-secondi-piatti-contorni-verdure-con-capasanta.jpg\" class=\"attachment-full size-full wp-image-5997\" alt=\"\" srcset=\"https:\/\/www.acetaiamarchi.com\/wp-content\/uploads\/2021\/04\/acetaia-marchi-ricette-con-aceto-balsamico-di-modena-secondi-piatti-contorni-verdure-con-capasanta.jpg 1200w, https:\/\/www.acetaiamarchi.com\/wp-content\/uploads\/2021\/04\/acetaia-marchi-ricette-con-aceto-balsamico-di-modena-secondi-piatti-contorni-verdure-con-capasanta-300x193.jpg 300w, https:\/\/www.acetaiamarchi.com\/wp-content\/uploads\/2021\/04\/acetaia-marchi-ricette-con-aceto-balsamico-di-modena-secondi-piatti-contorni-verdure-con-capasanta-1024x660.jpg 1024w, https:\/\/www.acetaiamarchi.com\/wp-content\/uploads\/2021\/04\/acetaia-marchi-ricette-con-aceto-balsamico-di-modena-secondi-piatti-contorni-verdure-con-capasanta-768x495.jpg 768w, https:\/\/www.acetaiamarchi.com\/wp-content\/uploads\/2021\/04\/acetaia-marchi-ricette-con-aceto-balsamico-di-modena-secondi-piatti-contorni-verdure-con-capasanta-600x387.jpg 600w\" sizes=\"(max-width: 1200px) 100vw, 1200px\" \/>\t\t<\/div>\n\t\t\t\t<div class=\"elementor-portfolio-item__overlay\">\n\t\t\t\t<h3 class=\"elementor-portfolio-item__title\">\n\t\tL\u00e9gumes r\u00f4tis glac\u00e9s au vinaigre balsamique et capa santa po\u00eal\u00e9e\t\t<\/h3>\n\t\t\t\t<\/div>\n\t\t\t\t<\/a>\n\t\t<\/article>\n\t\t\t\t<\/div>\n\t\t\t\t\t\t<\/div>\n\t\t\t\t<\/div>\n\t\t\t\t<\/div>\n\t\t\t\t\t<\/div>\n\t\t\t\t<\/div>\n\t\t<div class=\"elementor-element elementor-element-6fae35d animated-slow e-flex e-con-boxed wpr-particle-no wpr-jarallax-no wpr-parallax-no wpr-sticky-section-no wpr-equal-height-no elementor-invisible e-con e-parent\" data-id=\"6fae35d\" data-element_type=\"container\" data-e-type=\"container\" data-settings=\"{&quot;background_background&quot;:&quot;classic&quot;,&quot;animation&quot;:&quot;fadeInRight&quot;}\">\n\t\t\t\t\t<div class=\"e-con-inner\">\n\t\t\t\t<div class=\"elementor-element elementor-element-967700a elementor-widget elementor-widget-heading\" data-id=\"967700a\" data-element_type=\"widget\" data-e-type=\"widget\" data-widget_type=\"heading.default\">\n\t\t\t\t<div class=\"elementor-widget-container\">\n\t\t\t\t\t<h2 class=\"elementor-heading-title elementor-size-default\">Bonbons<\/h2>\t\t\t\t<\/div>\n\t\t\t\t<\/div>\n\t\t\t\t\t<\/div>\n\t\t\t\t<\/div>\n\t\t<div class=\"elementor-element elementor-element-21e7b76 e-flex e-con-boxed wpr-particle-no wpr-jarallax-no wpr-parallax-no wpr-sticky-section-no wpr-equal-height-no e-con e-parent\" data-id=\"21e7b76\" data-element_type=\"container\" data-e-type=\"container\">\n\t\t\t\t\t<div class=\"e-con-inner\">\n\t\t<div class=\"elementor-element elementor-element-367d04f e-con-full animated-slow e-flex wpr-particle-no wpr-jarallax-no wpr-parallax-no wpr-sticky-section-no wpr-equal-height-no elementor-invisible e-con e-child\" data-id=\"367d04f\" data-element_type=\"container\" data-e-type=\"container\" data-settings=\"{&quot;animation&quot;:&quot;fadeIn&quot;}\">\n\t\t\t\t<div class=\"elementor-element elementor-element-fa680bd elementor-grid-3 elementor-grid-tablet-2 elementor-grid-mobile-1 elementor-widget elementor-widget-portfolio\" data-id=\"fa680bd\" data-element_type=\"widget\" data-e-type=\"widget\" data-settings=\"{&quot;item_ratio&quot;:{&quot;unit&quot;:&quot;px&quot;,&quot;size&quot;:0.75,&quot;sizes&quot;:[]},&quot;row_gap&quot;:{&quot;unit&quot;:&quot;px&quot;,&quot;size&quot;:0,&quot;sizes&quot;:[]},&quot;columns&quot;:&quot;3&quot;,&quot;columns_tablet&quot;:&quot;2&quot;,&quot;columns_mobile&quot;:&quot;1&quot;,&quot;item_gap&quot;:{&quot;unit&quot;:&quot;px&quot;,&quot;size&quot;:&quot;&quot;,&quot;sizes&quot;:[]}}\" data-widget_type=\"portfolio.default\">\n\t\t\t\t<div class=\"elementor-widget-container\">\n\t\t\t\t\t\t\t<div class=\"elementor-portfolio elementor-grid elementor-posts-container\" role=\"list\">\n\t\t\t\t<article class=\"elementor-portfolio-item elementor-post  post-4902 page type-page status-publish has-post-thumbnail hentry\" role=\"listitem\">\n\t\t\t<a class=\"elementor-post__thumbnail__link\" href=\"https:\/\/www.acetaiamarchi.com\/fr\/recettes\/poires-au-vin-rouge-et-vinaigre-balsamique\/\">\n\t\t\t\t<div class=\"elementor-portfolio-item__img elementor-post__thumbnail\">\n\t\t\t<img loading=\"lazy\" decoding=\"async\" width=\"1032\" height=\"774\" src=\"https:\/\/www.acetaiamarchi.com\/wp-content\/uploads\/2025\/04\/uccelletti-con-aceto-balsamico.jpg\" class=\"attachment-full size-full wp-image-3441\" alt=\"Uccelletti al balsamico\" srcset=\"https:\/\/www.acetaiamarchi.com\/wp-content\/uploads\/2025\/04\/uccelletti-con-aceto-balsamico.jpg 1032w, https:\/\/www.acetaiamarchi.com\/wp-content\/uploads\/2025\/04\/uccelletti-con-aceto-balsamico-600x450.jpg 600w, https:\/\/www.acetaiamarchi.com\/wp-content\/uploads\/2025\/04\/uccelletti-con-aceto-balsamico-300x225.jpg 300w, https:\/\/www.acetaiamarchi.com\/wp-content\/uploads\/2025\/04\/uccelletti-con-aceto-balsamico-1024x768.jpg 1024w, https:\/\/www.acetaiamarchi.com\/wp-content\/uploads\/2025\/04\/uccelletti-con-aceto-balsamico-768x576.jpg 768w\" sizes=\"(max-width: 1032px) 100vw, 1032px\" \/>\t\t<\/div>\n\t\t\t\t<div class=\"elementor-portfolio-item__overlay\">\n\t\t\t\t<h3 class=\"elementor-portfolio-item__title\">\n\t\tPoires au vin rouge et vinaigre balsamique\t\t<\/h3>\n\t\t\t\t<\/div>\n\t\t\t\t<\/a>\n\t\t<\/article>\n\t\t\t\t<article class=\"elementor-portfolio-item elementor-post  post-4964 page type-page status-publish has-post-thumbnail hentry\" role=\"listitem\">\n\t\t\t<a class=\"elementor-post__thumbnail__link\" href=\"https:\/\/www.acetaiamarchi.com\/fr\/recettes\/cheesecake-aux-figues-bio-et-sauce-aigre-douce-au-vinaigre\/\">\n\t\t\t\t<div class=\"elementor-portfolio-item__img elementor-post__thumbnail\">\n\t\t\t<img loading=\"lazy\" decoding=\"async\" width=\"1440\" height=\"1440\" src=\"https:\/\/www.acetaiamarchi.com\/wp-content\/uploads\/2021\/04\/Foto-quadrate-Acetaia-Sereni6.jpeg\" class=\"attachment-full size-full wp-image-6040\" alt=\"\" srcset=\"https:\/\/www.acetaiamarchi.com\/wp-content\/uploads\/2021\/04\/Foto-quadrate-Acetaia-Sereni6.jpeg 1440w, https:\/\/www.acetaiamarchi.com\/wp-content\/uploads\/2021\/04\/Foto-quadrate-Acetaia-Sereni6-300x300.jpeg 300w, https:\/\/www.acetaiamarchi.com\/wp-content\/uploads\/2021\/04\/Foto-quadrate-Acetaia-Sereni6-1024x1024.jpeg 1024w, https:\/\/www.acetaiamarchi.com\/wp-content\/uploads\/2021\/04\/Foto-quadrate-Acetaia-Sereni6-150x150.jpeg 150w, https:\/\/www.acetaiamarchi.com\/wp-content\/uploads\/2021\/04\/Foto-quadrate-Acetaia-Sereni6-768x768.jpeg 768w, https:\/\/www.acetaiamarchi.com\/wp-content\/uploads\/2021\/04\/Foto-quadrate-Acetaia-Sereni6-600x600.jpeg 600w, https:\/\/www.acetaiamarchi.com\/wp-content\/uploads\/2021\/04\/Foto-quadrate-Acetaia-Sereni6-100x100.jpeg 100w\" sizes=\"(max-width: 1440px) 100vw, 1440px\" \/>\t\t<\/div>\n\t\t\t\t<div class=\"elementor-portfolio-item__overlay\">\n\t\t\t\t<h3 class=\"elementor-portfolio-item__title\">\n\t\tCheesecake aux figues bio et sauce aigre-douce au vinaigre\t\t<\/h3>\n\t\t\t\t<\/div>\n\t\t\t\t<\/a>\n\t\t<\/article>\n\t\t\t\t<article class=\"elementor-portfolio-item elementor-post  post-4911 page type-page status-publish has-post-thumbnail hentry\" role=\"listitem\">\n\t\t\t<a class=\"elementor-post__thumbnail__link\" href=\"https:\/\/www.acetaiamarchi.com\/fr\/recettes\/compote-de-fraises-avec-condiment-balsamique\/\">\n\t\t\t\t<div class=\"elementor-portfolio-item__img elementor-post__thumbnail\">\n\t\t\t<img loading=\"lazy\" decoding=\"async\" width=\"1032\" height=\"774\" src=\"https:\/\/www.acetaiamarchi.com\/wp-content\/uploads\/2025\/04\/gamberoni-al-condimento-balsamico.jpg\" class=\"attachment-full size-full wp-image-3431\" alt=\"Gamberoni al condimento Balsamico\" srcset=\"https:\/\/www.acetaiamarchi.com\/wp-content\/uploads\/2025\/04\/gamberoni-al-condimento-balsamico.jpg 1032w, https:\/\/www.acetaiamarchi.com\/wp-content\/uploads\/2025\/04\/gamberoni-al-condimento-balsamico-600x450.jpg 600w, https:\/\/www.acetaiamarchi.com\/wp-content\/uploads\/2025\/04\/gamberoni-al-condimento-balsamico-300x225.jpg 300w, https:\/\/www.acetaiamarchi.com\/wp-content\/uploads\/2025\/04\/gamberoni-al-condimento-balsamico-1024x768.jpg 1024w, https:\/\/www.acetaiamarchi.com\/wp-content\/uploads\/2025\/04\/gamberoni-al-condimento-balsamico-768x576.jpg 768w\" sizes=\"(max-width: 1032px) 100vw, 1032px\" \/>\t\t<\/div>\n\t\t\t\t<div class=\"elementor-portfolio-item__overlay\">\n\t\t\t\t<h3 class=\"elementor-portfolio-item__title\">\n\t\tCompote de fraises avec condiment balsamique\t\t<\/h3>\n\t\t\t\t<\/div>\n\t\t\t\t<\/a>\n\t\t<\/article>\n\t\t\t\t<article class=\"elementor-portfolio-item elementor-post  post-4920 page type-page status-publish has-post-thumbnail hentry\" role=\"listitem\">\n\t\t\t<a class=\"elementor-post__thumbnail__link\" href=\"https:\/\/www.acetaiamarchi.com\/fr\/recettes\/semifreddo-au-chocolat-blanc-vinaigrette-balsamique-et-sirop-de-rose\/\">\n\t\t\t\t<div class=\"elementor-portfolio-item__img elementor-post__thumbnail\">\n\t\t\t<img loading=\"lazy\" decoding=\"async\" width=\"800\" height=\"800\" src=\"https:\/\/www.acetaiamarchi.com\/wp-content\/uploads\/2021\/03\/condimento-balsamico-la-riserva-40ml-8.jpg\" class=\"attachment-full size-full wp-image-5608\" alt=\"\" srcset=\"https:\/\/www.acetaiamarchi.com\/wp-content\/uploads\/2021\/03\/condimento-balsamico-la-riserva-40ml-8.jpg 800w, https:\/\/www.acetaiamarchi.com\/wp-content\/uploads\/2021\/03\/condimento-balsamico-la-riserva-40ml-8-300x300.jpg 300w, https:\/\/www.acetaiamarchi.com\/wp-content\/uploads\/2021\/03\/condimento-balsamico-la-riserva-40ml-8-150x150.jpg 150w, https:\/\/www.acetaiamarchi.com\/wp-content\/uploads\/2021\/03\/condimento-balsamico-la-riserva-40ml-8-768x768.jpg 768w, https:\/\/www.acetaiamarchi.com\/wp-content\/uploads\/2021\/03\/condimento-balsamico-la-riserva-40ml-8-600x600.jpg 600w, https:\/\/www.acetaiamarchi.com\/wp-content\/uploads\/2021\/03\/condimento-balsamico-la-riserva-40ml-8-100x100.jpg 100w\" sizes=\"(max-width: 800px) 100vw, 800px\" \/>\t\t<\/div>\n\t\t\t\t<div class=\"elementor-portfolio-item__overlay\">\n\t\t\t\t<h3 class=\"elementor-portfolio-item__title\">\n\t\tSemifreddo au chocolat blanc, vinaigrette balsamique et sirop de rose\t\t<\/h3>\n\t\t\t\t<\/div>\n\t\t\t\t<\/a>\n\t\t<\/article>\n\t\t\t\t<article class=\"elementor-portfolio-item elementor-post  post-4908 page type-page status-publish has-post-thumbnail hentry\" role=\"listitem\">\n\t\t\t<a class=\"elementor-post__thumbnail__link\" href=\"https:\/\/www.acetaiamarchi.com\/fr\/recettes\/glace-aux-baies-sauvages-avec-vinaigrette-balsamique\/\">\n\t\t\t\t<div class=\"elementor-portfolio-item__img elementor-post__thumbnail\">\n\t\t\t<img loading=\"lazy\" decoding=\"async\" width=\"1032\" height=\"774\" src=\"https:\/\/www.acetaiamarchi.com\/wp-content\/uploads\/2025\/04\/tagliata-di-manzo-e-condimento-balsamico.jpg\" class=\"attachment-full size-full wp-image-3404\" alt=\"Tagliata di manzo con Condimento Balsamico\" srcset=\"https:\/\/www.acetaiamarchi.com\/wp-content\/uploads\/2025\/04\/tagliata-di-manzo-e-condimento-balsamico.jpg 1032w, https:\/\/www.acetaiamarchi.com\/wp-content\/uploads\/2025\/04\/tagliata-di-manzo-e-condimento-balsamico-600x450.jpg 600w, https:\/\/www.acetaiamarchi.com\/wp-content\/uploads\/2025\/04\/tagliata-di-manzo-e-condimento-balsamico-300x225.jpg 300w, https:\/\/www.acetaiamarchi.com\/wp-content\/uploads\/2025\/04\/tagliata-di-manzo-e-condimento-balsamico-1024x768.jpg 1024w, https:\/\/www.acetaiamarchi.com\/wp-content\/uploads\/2025\/04\/tagliata-di-manzo-e-condimento-balsamico-768x576.jpg 768w\" sizes=\"(max-width: 1032px) 100vw, 1032px\" \/>\t\t<\/div>\n\t\t\t\t<div class=\"elementor-portfolio-item__overlay\">\n\t\t\t\t<h3 class=\"elementor-portfolio-item__title\">\n\t\tGlace aux baies sauvages avec vinaigrette balsamique\t\t<\/h3>\n\t\t\t\t<\/div>\n\t\t\t\t<\/a>\n\t\t<\/article>\n\t\t\t\t<\/div>\n\t\t\t\t\t\t<\/div>\n\t\t\t\t<\/div>\n\t\t\t\t<\/div>\n\t\t\t\t\t<\/div>\n\t\t\t\t<\/div>\n\t\t<div class=\"elementor-element elementor-element-beede94 animated-slow e-flex e-con-boxed wpr-particle-no wpr-jarallax-no wpr-parallax-no wpr-sticky-section-no wpr-equal-height-no elementor-invisible e-con e-parent\" data-id=\"beede94\" data-element_type=\"container\" data-e-type=\"container\" data-settings=\"{&quot;background_background&quot;:&quot;classic&quot;,&quot;animation&quot;:&quot;fadeIn&quot;}\">\n\t\t\t\t\t<div class=\"e-con-inner\">\n\t\t\t\t<div class=\"elementor-element elementor-element-ceb791e animated-slow elementor-invisible elementor-widget elementor-widget-heading\" data-id=\"ceb791e\" data-element_type=\"widget\" data-e-type=\"widget\" data-settings=\"{&quot;_animation&quot;:&quot;fadeIn&quot;}\" data-widget_type=\"heading.default\">\n\t\t\t\t<div class=\"elementor-widget-container\">\n\t\t\t\t\t<h2 class=\"elementor-heading-title elementor-size-default\">Titre par section\n\nvisites guid\u00e9es dans la Vinaigrerie<\/h2>\t\t\t\t<\/div>\n\t\t\t\t<\/div>\n\t\t\t\t<div class=\"elementor-element elementor-element-e08e08d elementor-align-center elementor-widget elementor-widget-button\" data-id=\"e08e08d\" data-element_type=\"widget\" data-e-type=\"widget\" data-widget_type=\"button.default\">\n\t\t\t\t<div class=\"elementor-widget-container\">\n\t\t\t\t\t\t\t\t\t<div class=\"elementor-button-wrapper\">\n\t\t\t\t\t<a class=\"elementor-button elementor-button-link elementor-size-sm\" href=\"https:\/\/acetaiamarchi.com\/visite-guidate\/\">\n\t\t\t\t\t\t<span class=\"elementor-button-content-wrapper\">\n\t\t\t\t\t\t\t\t\t<span class=\"elementor-button-text\">En savoir plus<\/span>\n\t\t\t\t\t<\/span>\n\t\t\t\t\t<\/a>\n\t\t\t\t<\/div>\n\t\t\t\t\t\t\t\t<\/div>\n\t\t\t\t<\/div>\n\t\t\t\t\t<\/div>\n\t\t\t\t<\/div>\n\t\t\t\t<\/div>\n\t\t","protected":false},"excerpt":{"rendered":"<p>[vc_row row_height_percent=\u00a0\u00bb0&Prime; back_image=\u00a0\u00bb3230&Prime; back_repeat=\u00a0\u00bbno-repeat\u00a0\u00bb back_attachment=\u00a0\u00bbfixed\u00a0\u00bb back_position=\u00a0\u00bbcenter center\u00a0\u00bb overlay_alpha=\u00a0\u00bb90&Prime; gutter_size=\u00a0\u00bb3&Prime; column_width_percent=\u00a0\u00bb100&Prime; shift_y=\u00a0\u00bb0&Prime; z_index=\u00a0\u00bb0&Prime; css=\u00a0\u00bb.vc_custom_1615548877744{padding-top: 150px !important;padding-bottom: 150px !important;}\u00a0\u00bb][vc_column width=\u00a0\u00bb1\/1&Prime;][vc_custom_heading text_size=\u00a0\u00bbfontsize-864287&Prime; css_animation=\u00a0\u00bbbottom-t-top\u00a0\u00bb]Les meilleures recettes avec Oro Nero de Modena[\/vc_custom_heading][\/vc_column][\/vc_row][vc_row][vc_column column_width_use_pixel=\u00a0\u00bbyes\u00a0\u00bb align_horizontal=\u00a0\u00bbalign_center\u00a0\u00bb gutter_size=\u00a0\u00bb3&Prime; overlay_alpha=\u00a0\u00bb50&Prime; shift_x=\u00a0\u00bb0&Prime; shift_y=\u00a0\u00bb0&Prime; shift_y_down=\u00a0\u00bb0&Prime; z_index=\u00a0\u00bb0&Prime; medium_width=\u00a0\u00bb0&Prime; mobile_width=\u00a0\u00bb0&Prime; width=\u00a0\u00bb1\/1&Prime; css=\u00a0\u00bb.vc_custom_1615548847731{padding-top: 50px !important;padding-bottom: 50px !important;}\u00a0\u00bb column_width_pixel=\u00a0\u00bb960&Prime;][vc_column_text text_lead=\u00a0\u00bbyes\u00a0\u00bb]Recettes avec le vinaigre balsamique de Mod\u00e8neAntipasti, entr\u00e9es, plats principaux et desserts : nous pouvons rehausser n&rsquo;importe quel plat. Dans cette section, vous trouverez quelques-unes des meilleures recettes, accompagn\u00e9es de nos conseils pour la pr\u00e9paration et le choix du meilleur vinaigre balsamique de Mod\u00e8ne.[\/vc_column_text][\/vc_column][\/vc_row][vc_row row_height_percent=\u00a0\u00bb0&Prime; back_image=\u00a0\u00bb660&Prime; back_repeat=\u00a0\u00bbno-repeat\u00a0\u00bb back_attachment=\u00a0\u00bbfixed\u00a0\u00bb back_position=\u00a0\u00bbcenter center\u00a0\u00bb overlay_color=\u00a0\u00bbcolor-nhtu\u00a0\u00bb overlay_alpha=\u00a0\u00bb80&Prime; gutter_size=\u00a0\u00bb3&Prime; column_width_percent=\u00a0\u00bb100&Prime; shift_y=\u00a0\u00bb0&Prime; z_index=\u00a0\u00bb0&Prime;][vc_column column_width_percent=\u00a0\u00bb100&Prime; align_horizontal=\u00a0\u00bbalign_center\u00a0\u00bb gutter_size=\u00a0\u00bb3&Prime; overlay_alpha=\u00a0\u00bb80&Prime; shift_x=\u00a0\u00bb0&Prime; shift_y=\u00a0\u00bb0&Prime; shift_y_down=\u00a0\u00bb0&Prime; z_index=\u00a0\u00bb0&Prime; medium_width=\u00a0\u00bb0&Prime; mobile_width=\u00a0\u00bb0&Prime; width=\u00a0\u00bb1\/1&Prime; css=\u00a0\u00bb.vc_custom_1615557100118{padding-top: 100px !important;padding-bottom: 100px !important;}\u00a0\u00bb el_id=\u00a0\u00bbantipasti\u00a0\u00bb][vc_custom_heading heading_semantic=\u00a0\u00bbh3&Prime; text_size=\u00a0\u00bbfontsize-864287&Prime; text_color=\u00a0\u00bbcolor-xsdn\u00a0\u00bb css_animation=\u00a0\u00bbbottom-t-top\u00a0\u00bb]Starters[\/vc_custom_heading][\/vc_column][\/vc_row][vc_row][vc_column column_width_percent=\u00a0\u00bb100&Prime; align_horizontal=\u00a0\u00bbalign_center\u00a0\u00bb gutter_size=\u00a0\u00bb3&Prime; overlay_alpha=\u00a0\u00bb50&Prime; shift_x=\u00a0\u00bb0&Prime; shift_y=\u00a0\u00bb0&Prime; shift_y_down=\u00a0\u00bb0&Prime; z_index=\u00a0\u00bb0&Prime; medium_width=\u00a0\u00bb0&Prime; mobile_width=\u00a0\u00bb0&Prime; width=\u00a0\u00bb1\/1&Prime;][uncode_index el_id=\u00a0\u00bbindex-814808386&Prime; loop=\u00a0\u00bbsize:All|order_by:date|post_type:page|tax_query:45|taxonomy_count:10&Prime; filtering=\u00a0\u00bbyes\u00a0\u00bb filtering_full_width=\u00a0\u00bbyes\u00a0\u00bb filtering_position=\u00a0\u00bbcenter\u00a0\u00bb filtering_uppercase=\u00a0\u00bbyes\u00a0\u00bb filter_mobile=\u00a0\u00bbyes\u00a0\u00bb footer_full_width=\u00a0\u00bbyes\u00a0\u00bb gutter_size=\u00a0\u00bb2&Prime; inner_padding=\u00a0\u00bbyes\u00a0\u00bb post_items=\u00a0\u00bbmedia|featured|onpost|poster,date,title,text|excerpt|90,category|bordered|topright|hide-icon\u00a0\u00bb page_items=\u00a0\u00bbtitle,media|featured|onpost|original\u00a0\u00bb portfolio_items=\u00a0\u00bbmedia|featured|onpost|original,title\u00a0\u00bb screen_lg=\u00a0\u00bb1200&Prime; screen_md=\u00a0\u00bb600&Prime; screen_sm=\u00a0\u00bb480&Prime; single_text=\u00a0\u00bboverlay\u00a0\u00bb images_size=\u00a0\u00bbfour-three\u00a0\u00bb single_overlay_color=\u00a0\u00bbcolor-wayh\u00a0\u00bb single_overlay_opacity=\u00a0\u00bb50&Prime; single_image_anim=\u00a0\u00bbno\u00a0\u00bb single_h_align=\u00a0\u00bbcenter\u00a0\u00bb single_padding=\u00a0\u00bb2&Prime; single_elements_click=\u00a0\u00bbyes\u00a0\u00bb single_title_semantic=\u00a0\u00bbh1&Prime; single_title_dimension=\u00a0\u00bb\u00a0\u00bb single_border=\u00a0\u00bbyes\u00a0\u00bb single_css_animation=\u00a0\u00bbbottom-t-top\u00a0\u00bb single_animation_delay=\u00a0\u00bb200&Prime;][\/vc_column][\/vc_row][vc_row row_height_percent=\u00a0\u00bb0&Prime; back_image=\u00a0\u00bb684&Prime; back_repeat=\u00a0\u00bbno-repeat\u00a0\u00bb back_attachment=\u00a0\u00bbfixed\u00a0\u00bb back_position=\u00a0\u00bbcenter center\u00a0\u00bb overlay_color=\u00a0\u00bbcolor-nhtu\u00a0\u00bb overlay_alpha=\u00a0\u00bb80&Prime; gutter_size=\u00a0\u00bb3&Prime; column_width_percent=\u00a0\u00bb100&Prime; shift_y=\u00a0\u00bb0&Prime; z_index=\u00a0\u00bb0&Prime;][vc_column column_width_percent=\u00a0\u00bb100&Prime; align_horizontal=\u00a0\u00bbalign_center\u00a0\u00bb gutter_size=\u00a0\u00bb3&Prime; overlay_alpha=\u00a0\u00bb80&Prime; shift_x=\u00a0\u00bb0&Prime; shift_y=\u00a0\u00bb0&Prime; shift_y_down=\u00a0\u00bb0&Prime; z_index=\u00a0\u00bb0&Prime; medium_width=\u00a0\u00bb0&Prime; mobile_width=\u00a0\u00bb0&Prime; width=\u00a0\u00bb1\/1&Prime; css=\u00a0\u00bb.vc_custom_1615557113043{padding-top: 100px !important;padding-bottom: 100px !important;}\u00a0\u00bb el_id=\u00a0\u00bbprimi-piatti\u00a0\u00bb][vc_custom_heading heading_semantic=\u00a0\u00bbh3&Prime; text_size=\u00a0\u00bbfontsize-864287&Prime; text_color=\u00a0\u00bbcolor-xsdn\u00a0\u00bb css_animation=\u00a0\u00bbbottom-t-top\u00a0\u00bb]Premiers cours[\/vc_custom_heading][\/vc_column][\/vc_row][vc_row row_height_percent=\u00a0\u00bb0&Prime; back_color=\u00a0\u00bbcolor-lxmt\u00a0\u00bb overlay_alpha=\u00a0\u00bb50&Prime; gutter_size=\u00a0\u00bb3&Prime; column_width_percent=\u00a0\u00bb100&Prime; shift_y=\u00a0\u00bb0&Prime; z_index=\u00a0\u00bb0&Prime;][vc_column column_width_percent=\u00a0\u00bb100&Prime; align_horizontal=\u00a0\u00bbalign_center\u00a0\u00bb gutter_size=\u00a0\u00bb3&Prime; overlay_alpha=\u00a0\u00bb50&Prime; shift_x=\u00a0\u00bb0&Prime; shift_y=\u00a0\u00bb0&Prime; shift_y_down=\u00a0\u00bb0&Prime; z_index=\u00a0\u00bb0&Prime; medium_width=\u00a0\u00bb0&Prime; mobile_width=\u00a0\u00bb0&Prime; width=\u00a0\u00bb1\/1&Prime;][uncode_index el_id=\u00a0\u00bbindex-814808386&Prime; loop=\u00a0\u00bbsize:All|order_by:date|post_type:page|tax_query:54|taxonomy_count:10&Prime; filtering=\u00a0\u00bbyes\u00a0\u00bb filtering_full_width=\u00a0\u00bbyes\u00a0\u00bb filtering_position=\u00a0\u00bbcenter\u00a0\u00bb filtering_uppercase=\u00a0\u00bbyes\u00a0\u00bb filter_mobile=\u00a0\u00bbyes\u00a0\u00bb gutter_size=\u00a0\u00bb2&Prime; post_items=\u00a0\u00bbmedia|featured|onpost|poster,date,title,text|excerpt|90,category|bordered|topright|hide-icon\u00a0\u00bb page_items=\u00a0\u00bbtitle,media|featured|onpost|original\u00a0\u00bb portfolio_items=\u00a0\u00bbmedia|featured|onpost|original,title\u00a0\u00bb screen_lg=\u00a0\u00bb1200&Prime; screen_md=\u00a0\u00bb600&Prime; screen_sm=\u00a0\u00bb480&Prime; single_text=\u00a0\u00bboverlay\u00a0\u00bb images_size=\u00a0\u00bbfour-three\u00a0\u00bb single_overlay_color=\u00a0\u00bbcolor-wayh\u00a0\u00bb single_overlay_opacity=\u00a0\u00bb50&Prime; single_image_anim=\u00a0\u00bbno\u00a0\u00bb single_h_align=\u00a0\u00bbcenter\u00a0\u00bb single_padding=\u00a0\u00bb2&Prime; single_title_semantic=\u00a0\u00bbh1&Prime; single_title_dimension=\u00a0\u00bb\u00a0\u00bb single_border=\u00a0\u00bbyes\u00a0\u00bb single_css_animation=\u00a0\u00bbbottom-t-top\u00a0\u00bb single_animation_delay=\u00a0\u00bb200&Prime;][\/vc_column][\/vc_row][vc_row row_height_percent=\u00a0\u00bb0&Prime; back_image=\u00a0\u00bb688&Prime; back_repeat=\u00a0\u00bbno-repeat\u00a0\u00bb back_attachment=\u00a0\u00bbfixed\u00a0\u00bb back_position=\u00a0\u00bbcenter center\u00a0\u00bb overlay_color=\u00a0\u00bbcolor-nhtu\u00a0\u00bb overlay_alpha=\u00a0\u00bb80&Prime; gutter_size=\u00a0\u00bb3&Prime; column_width_percent=\u00a0\u00bb100&Prime; shift_y=\u00a0\u00bb0&Prime; z_index=\u00a0\u00bb0&Prime;][vc_column column_width_percent=\u00a0\u00bb100&Prime; align_horizontal=\u00a0\u00bbalign_center\u00a0\u00bb gutter_size=\u00a0\u00bb3&Prime; overlay_alpha=\u00a0\u00bb80&Prime; shift_x=\u00a0\u00bb0&Prime; shift_y=\u00a0\u00bb0&Prime; shift_y_down=\u00a0\u00bb0&Prime; z_index=\u00a0\u00bb0&Prime; medium_width=\u00a0\u00bb0&Prime; mobile_width=\u00a0\u00bb0&Prime; width=\u00a0\u00bb1\/1&Prime; css=\u00a0\u00bb.vc_custom_1615557123723{padding-top: 100px !important;padding-bottom: 100px !important;}\u00a0\u00bb el_id=\u00a0\u00bbsecondi-piatti\u00a0\u00bb][vc_custom_heading heading_semantic=\u00a0\u00bbh3&Prime; text_size=\u00a0\u00bbfontsize-864287&Prime; text_color=\u00a0\u00bbcolor-xsdn\u00a0\u00bb css_animation=\u00a0\u00bbbottom-t-top\u00a0\u00bb]Plats principaux[\/vc_custom_heading][\/vc_column][\/vc_row][vc_row row_height_percent=\u00a0\u00bb0&Prime; back_color=\u00a0\u00bbcolor-lxmt\u00a0\u00bb overlay_alpha=\u00a0\u00bb50&Prime; gutter_size=\u00a0\u00bb3&Prime; column_width_percent=\u00a0\u00bb100&Prime; shift_y=\u00a0\u00bb0&Prime; z_index=\u00a0\u00bb0&Prime;][vc_column column_width_percent=\u00a0\u00bb100&Prime; align_horizontal=\u00a0\u00bbalign_center\u00a0\u00bb gutter_size=\u00a0\u00bb3&Prime; overlay_alpha=\u00a0\u00bb50&Prime; shift_x=\u00a0\u00bb0&Prime; shift_y=\u00a0\u00bb0&Prime; shift_y_down=\u00a0\u00bb0&Prime; z_index=\u00a0\u00bb0&Prime; medium_width=\u00a0\u00bb0&Prime; mobile_width=\u00a0\u00bb0&Prime; width=\u00a0\u00bb1\/1&Prime;][uncode_index el_id=\u00a0\u00bbindex-814808386&Prime; loop=\u00a0\u00bbsize:All|order_by:date|post_type:page|tax_query:56|taxonomy_count:10&Prime; filtering=\u00a0\u00bbyes\u00a0\u00bb filtering_full_width=\u00a0\u00bbyes\u00a0\u00bb filtering_position=\u00a0\u00bbcenter\u00a0\u00bb filtering_uppercase=\u00a0\u00bbyes\u00a0\u00bb filter_mobile=\u00a0\u00bbyes\u00a0\u00bb gutter_size=\u00a0\u00bb2&Prime; post_items=\u00a0\u00bbmedia|featured|onpost|poster,date,title,text|excerpt|90,category|bordered|topright|hide-icon\u00a0\u00bb page_items=\u00a0\u00bbtitle,media|featured|onpost|original\u00a0\u00bb portfolio_items=\u00a0\u00bbmedia|featured|onpost|original,title\u00a0\u00bb screen_lg=\u00a0\u00bb1200&Prime; screen_md=\u00a0\u00bb600&Prime; screen_sm=\u00a0\u00bb480&Prime; single_text=\u00a0\u00bboverlay\u00a0\u00bb images_size=\u00a0\u00bbfour-three\u00a0\u00bb single_overlay_color=\u00a0\u00bbcolor-wayh\u00a0\u00bb single_overlay_opacity=\u00a0\u00bb50&Prime; single_image_anim=\u00a0\u00bbno\u00a0\u00bb single_h_align=\u00a0\u00bbcenter\u00a0\u00bb single_padding=\u00a0\u00bb2&Prime; single_title_semantic=\u00a0\u00bbh1&Prime; single_title_dimension=\u00a0\u00bbh6&Prime; single_border=\u00a0\u00bbyes\u00a0\u00bb single_css_animation=\u00a0\u00bbbottom-t-top\u00a0\u00bb single_animation_delay=\u00a0\u00bb200&Prime;][\/vc_column][\/vc_row][vc_row row_height_percent=\u00a0\u00bb0&Prime; back_image=\u00a0\u00bb728&Prime; back_repeat=\u00a0\u00bbno-repeat\u00a0\u00bb back_attachment=\u00a0\u00bbfixed\u00a0\u00bb back_position=\u00a0\u00bbcenter center\u00a0\u00bb overlay_color=\u00a0\u00bbcolor-nhtu\u00a0\u00bb overlay_alpha=\u00a0\u00bb80&Prime; gutter_size=\u00a0\u00bb3&Prime; column_width_percent=\u00a0\u00bb100&Prime; shift_y=\u00a0\u00bb0&Prime; z_index=\u00a0\u00bb0&Prime;][vc_column column_width_percent=\u00a0\u00bb100&Prime; align_horizontal=\u00a0\u00bbalign_center\u00a0\u00bb gutter_size=\u00a0\u00bb3&Prime; overlay_alpha=\u00a0\u00bb80&Prime; shift_x=\u00a0\u00bb0&Prime; shift_y=\u00a0\u00bb0&Prime; shift_y_down=\u00a0\u00bb0&Prime; z_index=\u00a0\u00bb0&Prime; medium_width=\u00a0\u00bb0&Prime; mobile_width=\u00a0\u00bb0&Prime; width=\u00a0\u00bb1\/1&Prime; css=\u00a0\u00bb.vc_custom_1615557133243{padding-top: 100px !important;padding-bottom: 100px !important;}\u00a0\u00bb el_id=\u00a0\u00bbdolci\u00a0\u00bb][vc_custom_heading heading_semantic=\u00a0\u00bbh3&Prime; text_size=\u00a0\u00bbfontsize-864287&Prime; text_color=\u00a0\u00bbcolor-xsdn\u00a0\u00bb css_animation=\u00a0\u00bbbottom-t-top\u00a0\u00bb]Sweets[\/vc_custom_heading][\/vc_column][\/vc_row][vc_row row_height_percent=\u00a0\u00bb0&Prime; back_color=\u00a0\u00bbcolor-lxmt\u00a0\u00bb overlay_alpha=\u00a0\u00bb50&Prime; gutter_size=\u00a0\u00bb3&Prime; column_width_percent=\u00a0\u00bb100&Prime; shift_y=\u00a0\u00bb0&Prime; z_index=\u00a0\u00bb0&Prime;][vc_column column_width_percent=\u00a0\u00bb100&Prime; align_horizontal=\u00a0\u00bbalign_center\u00a0\u00bb gutter_size=\u00a0\u00bb3&Prime; overlay_alpha=\u00a0\u00bb50&Prime; shift_x=\u00a0\u00bb0&Prime; shift_y=\u00a0\u00bb0&Prime; shift_y_down=\u00a0\u00bb0&Prime; z_index=\u00a0\u00bb0&Prime; medium_width=\u00a0\u00bb0&Prime; mobile_width=\u00a0\u00bb0&Prime; width=\u00a0\u00bb1\/1&Prime;][uncode_index el_id=\u00a0\u00bbindex-814808386&Prime; loop=\u00a0\u00bbsize:All|order_by:date|post_type:page|tax_query:58|taxonomy_count:10&Prime; filtering=\u00a0\u00bbyes\u00a0\u00bb filtering_full_width=\u00a0\u00bbyes\u00a0\u00bb filtering_position=\u00a0\u00bbcenter\u00a0\u00bb filtering_uppercase=\u00a0\u00bbyes\u00a0\u00bb filter_mobile=\u00a0\u00bbyes\u00a0\u00bb gutter_size=\u00a0\u00bb2&Prime; post_items=\u00a0\u00bbmedia|featured|onpost|poster,date,title,text|excerpt|90,category|bordered|topright|hide-icon\u00a0\u00bb page_items=\u00a0\u00bbtitle,media|featured|onpost|original\u00a0\u00bb portfolio_items=\u00a0\u00bbmedia|featured|onpost|original,title\u00a0\u00bb screen_lg=\u00a0\u00bb1200&Prime; screen_md=\u00a0\u00bb600&Prime; screen_sm=\u00a0\u00bb480&Prime; single_text=\u00a0\u00bboverlay\u00a0\u00bb images_size=\u00a0\u00bbfour-three\u00a0\u00bb single_overlay_color=\u00a0\u00bbcolor-wayh\u00a0\u00bb single_overlay_opacity=\u00a0\u00bb50&Prime; single_image_anim=\u00a0\u00bbno\u00a0\u00bb single_h_align=\u00a0\u00bbcenter\u00a0\u00bb single_padding=\u00a0\u00bb2&Prime; single_title_dimension=\u00a0\u00bbh6&Prime; single_border=\u00a0\u00bbyes\u00a0\u00bb single_css_animation=\u00a0\u00bbbottom-t-top\u00a0\u00bb single_animation_delay=\u00a0\u00bb200&Prime;][\/vc_column][\/vc_row][vc_row row_height_percent=\u00a0\u00bb50&Prime; override_padding=\u00a0\u00bbyes\u00a0\u00bb h_padding=\u00a0\u00bb2&Prime; top_padding=\u00a0\u00bb5&Prime; bottom_padding=\u00a0\u00bb5&Prime; back_color=\u00a0\u00bbcolor-wayh\u00a0\u00bb back_image=\u00a0\u00bb2981&Prime; back_repeat=\u00a0\u00bbno-repeat\u00a0\u00bb back_attachment=\u00a0\u00bbfixed\u00a0\u00bb back_position=\u00a0\u00bbcenter center\u00a0\u00bb overlay_color=\u00a0\u00bbcolor-wayh\u00a0\u00bb overlay_alpha=\u00a0\u00bb65&Prime; gutter_size=\u00a0\u00bb100&Prime; column_width_percent=\u00a0\u00bb100&Prime; shift_y=\u00a0\u00bb0&Prime; z_index=\u00a0\u00bb0&Prime; top_divider=\u00a0\u00bbgradient\u00a0\u00bb style=\u00a0\u00bbinherited\u00a0\u00bb][vc_column column_width_use_pixel=\u00a0\u00bbyes\u00a0\u00bb position_horizontal=\u00a0\u00bbleft\u00a0\u00bb position_vertical=\u00a0\u00bbmiddle\u00a0\u00bb gutter_size=\u00a0\u00bb2&Prime; style=\u00a0\u00bbdark\u00a0\u00bb overlay_alpha=\u00a0\u00bb100&Prime; shift_x=\u00a0\u00bb0&Prime; shift_y=\u00a0\u00bb0&Prime; shift_y_down=\u00a0\u00bb0&Prime; z_index=\u00a0\u00bb0&Prime; medium_width=\u00a0\u00bb0&Prime; mobile_width=\u00a0\u00bb0&Prime; zoom_width=\u00a0\u00bb0&Prime; zoom_height=\u00a0\u00bb0&Prime; width=\u00a0\u00bb1\/2&Prime; column_width_pixel=\u00a0\u00bb1200&Prime;][vc_custom_heading text_size=\u00a0\u00bbfontsize-164098&Prime;]D\u00e9couvrez notre acetaia[\/vc_custom_heading][vc_column_text text_lead=\u00a0\u00bbyes\u00a0\u00bb] \u00c0 l&rsquo;int\u00e9rieur de notre Acetaia de Mod\u00e8ne, vous pouvez d\u00e9couvrir l&rsquo;ensemble du processus de production gr\u00e2ce \u00e0 nos visites guid\u00e9es. Nous proposons deux types de visites \u00e0 notre Acetaia de Mod\u00e8ne et pour des occasions sp\u00e9ciales, Acetaia Marchi est \u00e0 votre disposition pour organiser des \u00e9v\u00e9nements priv\u00e9s et\/ou des r\u00e9unions d&rsquo;entreprise. Vous souhaitez participer \u00e0 l&rsquo;une de nos visites guid\u00e9es \u00e0 Acetaia ?[\/vc_column_text][vc_button button_color=\u00a0\u00bbcolor-233255&Prime; border_width=\u00a0\u00bb0&Prime; css_animation=\u00a0\u00bbzoom-in\u00a0\u00bb link=\u00a0\u00bburl:https%3A%2F%2Fwww.acetaiamarchi.com%2Ffr%2Fvisites-guidees%2F|title:Visite%20guid%C3%A9e|\u00a0\u00bb]R\u00e9servez maintenant[\/vc_button][\/vc_column][vc_column width=\u00a0\u00bb1\/2&Prime;][\/vc_column][\/vc_row]<\/p>\n","protected":false},"author":3,"featured_media":5158,"parent":0,"menu_order":0,"comment_status":"closed","ping_status":"closed","template":"","meta":{"footnotes":""},"class_list":["post-4860","page","type-page","status-publish","has-post-thumbnail","hentry"],"yoast_head":"<!-- This site is optimized with the Yoast SEO plugin v27.4 - https:\/\/yoast.com\/product\/yoast-seo-wordpress\/ -->\n<title>Recettes avec du vinaigre balsamique de Mod\u00e8ne - Acetaia Marchi<\/title>\n<meta name=\"description\" content=\"Nous vous proposons les meilleures recettes, accompagn\u00e9es de nos conseils pour la pr\u00e9paration et le choix du meilleur vinaigre balsamique de Mod\u00e8ne.\" \/>\n<meta name=\"robots\" content=\"index, follow, max-snippet:-1, max-image-preview:large, max-video-preview:-1\" \/>\n<link rel=\"canonical\" href=\"https:\/\/www.acetaiamarchi.com\/fr\/recettes\/\" \/>\n<meta property=\"og:locale\" content=\"fr_FR\" \/>\n<meta property=\"og:type\" content=\"article\" \/>\n<meta property=\"og:title\" content=\"Recettes avec du vinaigre balsamique de Mod\u00e8ne - Acetaia Marchi\" \/>\n<meta property=\"og:description\" content=\"Nous vous proposons les meilleures recettes, accompagn\u00e9es de nos conseils pour la pr\u00e9paration et le choix du meilleur vinaigre balsamique de Mod\u00e8ne.\" \/>\n<meta property=\"og:url\" content=\"https:\/\/www.acetaiamarchi.com\/fr\/recettes\/\" \/>\n<meta property=\"og:site_name\" content=\"Acetaia Marchi\" \/>\n<meta property=\"article:modified_time\" content=\"2025-11-18T13:01:00+00:00\" \/>\n<meta property=\"og:image\" content=\"https:\/\/www.acetaiamarchi.com\/wp-content\/uploads\/2021\/03\/aceto-balsamico-di-modena-affinatura-e-invecchiamento-in-botte.jpg\" \/>\n\t<meta property=\"og:image:width\" content=\"1200\" \/>\n\t<meta property=\"og:image:height\" content=\"800\" \/>\n\t<meta property=\"og:image:type\" content=\"image\/jpeg\" \/>\n<meta name=\"twitter:card\" content=\"summary_large_image\" \/>\n<meta name=\"twitter:label1\" content=\"Dur\u00e9e de lecture estim\u00e9e\" \/>\n\t<meta name=\"twitter:data1\" content=\"7 minutes\" \/>\n<script type=\"application\/ld+json\" class=\"yoast-schema-graph\">{\"@context\":\"https:\\\/\\\/schema.org\",\"@graph\":[{\"@type\":\"WebPage\",\"@id\":\"https:\\\/\\\/www.acetaiamarchi.com\\\/fr\\\/recettes\\\/\",\"url\":\"https:\\\/\\\/www.acetaiamarchi.com\\\/fr\\\/recettes\\\/\",\"name\":\"Recettes avec du vinaigre balsamique de Mod\u00e8ne - Acetaia Marchi\",\"isPartOf\":{\"@id\":\"https:\\\/\\\/www.acetaiamarchi.com\\\/fr\\\/#website\"},\"primaryImageOfPage\":{\"@id\":\"https:\\\/\\\/www.acetaiamarchi.com\\\/fr\\\/recettes\\\/#primaryimage\"},\"image\":{\"@id\":\"https:\\\/\\\/www.acetaiamarchi.com\\\/fr\\\/recettes\\\/#primaryimage\"},\"thumbnailUrl\":\"https:\\\/\\\/www.acetaiamarchi.com\\\/wp-content\\\/uploads\\\/2021\\\/03\\\/aceto-balsamico-di-modena-affinatura-e-invecchiamento-in-botte.jpg\",\"datePublished\":\"2025-02-24T11:19:25+00:00\",\"dateModified\":\"2025-11-18T13:01:00+00:00\",\"description\":\"Nous vous proposons les meilleures recettes, accompagn\u00e9es de nos conseils pour la pr\u00e9paration et le choix du meilleur vinaigre balsamique de Mod\u00e8ne.\",\"breadcrumb\":{\"@id\":\"https:\\\/\\\/www.acetaiamarchi.com\\\/fr\\\/recettes\\\/#breadcrumb\"},\"inLanguage\":\"fr-FR\",\"potentialAction\":[{\"@type\":\"ReadAction\",\"target\":[\"https:\\\/\\\/www.acetaiamarchi.com\\\/fr\\\/recettes\\\/\"]}]},{\"@type\":\"ImageObject\",\"inLanguage\":\"fr-FR\",\"@id\":\"https:\\\/\\\/www.acetaiamarchi.com\\\/fr\\\/recettes\\\/#primaryimage\",\"url\":\"https:\\\/\\\/www.acetaiamarchi.com\\\/wp-content\\\/uploads\\\/2021\\\/03\\\/aceto-balsamico-di-modena-affinatura-e-invecchiamento-in-botte.jpg\",\"contentUrl\":\"https:\\\/\\\/www.acetaiamarchi.com\\\/wp-content\\\/uploads\\\/2021\\\/03\\\/aceto-balsamico-di-modena-affinatura-e-invecchiamento-in-botte.jpg\",\"width\":1200,\"height\":800},{\"@type\":\"BreadcrumbList\",\"@id\":\"https:\\\/\\\/www.acetaiamarchi.com\\\/fr\\\/recettes\\\/#breadcrumb\",\"itemListElement\":[{\"@type\":\"ListItem\",\"position\":1,\"name\":\"Home\",\"item\":\"https:\\\/\\\/www.acetaiamarchi.com\\\/fr\\\/\"},{\"@type\":\"ListItem\",\"position\":2,\"name\":\"Recettes\"}]},{\"@type\":\"WebSite\",\"@id\":\"https:\\\/\\\/www.acetaiamarchi.com\\\/fr\\\/#website\",\"url\":\"https:\\\/\\\/www.acetaiamarchi.com\\\/fr\\\/\",\"name\":\"Acetaia Marchi Srl\",\"description\":\"\",\"publisher\":{\"@id\":\"https:\\\/\\\/www.acetaiamarchi.com\\\/fr\\\/#organization\"},\"potentialAction\":[{\"@type\":\"SearchAction\",\"target\":{\"@type\":\"EntryPoint\",\"urlTemplate\":\"https:\\\/\\\/www.acetaiamarchi.com\\\/fr\\\/?s={search_term_string}\"},\"query-input\":{\"@type\":\"PropertyValueSpecification\",\"valueRequired\":true,\"valueName\":\"search_term_string\"}}],\"inLanguage\":\"fr-FR\"},{\"@type\":\"Organization\",\"@id\":\"https:\\\/\\\/www.acetaiamarchi.com\\\/fr\\\/#organization\",\"name\":\"Acetaia Marchi Srl\",\"url\":\"https:\\\/\\\/www.acetaiamarchi.com\\\/fr\\\/\",\"logo\":{\"@type\":\"ImageObject\",\"inLanguage\":\"fr-FR\",\"@id\":\"https:\\\/\\\/www.acetaiamarchi.com\\\/fr\\\/#\\\/schema\\\/logo\\\/image\\\/\",\"url\":\"https:\\\/\\\/acetaiamarchi.com\\\/wp-content\\\/uploads\\\/2025\\\/03\\\/Acetaia-Marchi-Srl-Logo.png\",\"contentUrl\":\"https:\\\/\\\/acetaiamarchi.com\\\/wp-content\\\/uploads\\\/2025\\\/03\\\/Acetaia-Marchi-Srl-Logo.png\",\"width\":2000,\"height\":2000,\"caption\":\"Acetaia Marchi Srl\"},\"image\":{\"@id\":\"https:\\\/\\\/www.acetaiamarchi.com\\\/fr\\\/#\\\/schema\\\/logo\\\/image\\\/\"}}]}<\/script>\n<!-- \/ Yoast SEO plugin. -->","yoast_head_json":{"title":"Recettes avec du vinaigre balsamique de Mod\u00e8ne - Acetaia Marchi","description":"Nous vous proposons les meilleures recettes, accompagn\u00e9es de nos conseils pour la pr\u00e9paration et le choix du meilleur vinaigre balsamique de Mod\u00e8ne.","robots":{"index":"index","follow":"follow","max-snippet":"max-snippet:-1","max-image-preview":"max-image-preview:large","max-video-preview":"max-video-preview:-1"},"canonical":"https:\/\/www.acetaiamarchi.com\/fr\/recettes\/","og_locale":"fr_FR","og_type":"article","og_title":"Recettes avec du vinaigre balsamique de Mod\u00e8ne - Acetaia Marchi","og_description":"Nous vous proposons les meilleures recettes, accompagn\u00e9es de nos conseils pour la pr\u00e9paration et le choix du meilleur vinaigre balsamique de Mod\u00e8ne.","og_url":"https:\/\/www.acetaiamarchi.com\/fr\/recettes\/","og_site_name":"Acetaia Marchi","article_modified_time":"2025-11-18T13:01:00+00:00","og_image":[{"width":1200,"height":800,"url":"https:\/\/www.acetaiamarchi.com\/wp-content\/uploads\/2021\/03\/aceto-balsamico-di-modena-affinatura-e-invecchiamento-in-botte.jpg","type":"image\/jpeg"}],"twitter_card":"summary_large_image","twitter_misc":{"Dur\u00e9e de lecture estim\u00e9e":"7 minutes"},"schema":{"@context":"https:\/\/schema.org","@graph":[{"@type":"WebPage","@id":"https:\/\/www.acetaiamarchi.com\/fr\/recettes\/","url":"https:\/\/www.acetaiamarchi.com\/fr\/recettes\/","name":"Recettes avec du vinaigre balsamique de Mod\u00e8ne - Acetaia Marchi","isPartOf":{"@id":"https:\/\/www.acetaiamarchi.com\/fr\/#website"},"primaryImageOfPage":{"@id":"https:\/\/www.acetaiamarchi.com\/fr\/recettes\/#primaryimage"},"image":{"@id":"https:\/\/www.acetaiamarchi.com\/fr\/recettes\/#primaryimage"},"thumbnailUrl":"https:\/\/www.acetaiamarchi.com\/wp-content\/uploads\/2021\/03\/aceto-balsamico-di-modena-affinatura-e-invecchiamento-in-botte.jpg","datePublished":"2025-02-24T11:19:25+00:00","dateModified":"2025-11-18T13:01:00+00:00","description":"Nous vous proposons les meilleures recettes, accompagn\u00e9es de nos conseils pour la pr\u00e9paration et le choix du meilleur vinaigre balsamique de Mod\u00e8ne.","breadcrumb":{"@id":"https:\/\/www.acetaiamarchi.com\/fr\/recettes\/#breadcrumb"},"inLanguage":"fr-FR","potentialAction":[{"@type":"ReadAction","target":["https:\/\/www.acetaiamarchi.com\/fr\/recettes\/"]}]},{"@type":"ImageObject","inLanguage":"fr-FR","@id":"https:\/\/www.acetaiamarchi.com\/fr\/recettes\/#primaryimage","url":"https:\/\/www.acetaiamarchi.com\/wp-content\/uploads\/2021\/03\/aceto-balsamico-di-modena-affinatura-e-invecchiamento-in-botte.jpg","contentUrl":"https:\/\/www.acetaiamarchi.com\/wp-content\/uploads\/2021\/03\/aceto-balsamico-di-modena-affinatura-e-invecchiamento-in-botte.jpg","width":1200,"height":800},{"@type":"BreadcrumbList","@id":"https:\/\/www.acetaiamarchi.com\/fr\/recettes\/#breadcrumb","itemListElement":[{"@type":"ListItem","position":1,"name":"Home","item":"https:\/\/www.acetaiamarchi.com\/fr\/"},{"@type":"ListItem","position":2,"name":"Recettes"}]},{"@type":"WebSite","@id":"https:\/\/www.acetaiamarchi.com\/fr\/#website","url":"https:\/\/www.acetaiamarchi.com\/fr\/","name":"Acetaia Marchi Srl","description":"","publisher":{"@id":"https:\/\/www.acetaiamarchi.com\/fr\/#organization"},"potentialAction":[{"@type":"SearchAction","target":{"@type":"EntryPoint","urlTemplate":"https:\/\/www.acetaiamarchi.com\/fr\/?s={search_term_string}"},"query-input":{"@type":"PropertyValueSpecification","valueRequired":true,"valueName":"search_term_string"}}],"inLanguage":"fr-FR"},{"@type":"Organization","@id":"https:\/\/www.acetaiamarchi.com\/fr\/#organization","name":"Acetaia Marchi Srl","url":"https:\/\/www.acetaiamarchi.com\/fr\/","logo":{"@type":"ImageObject","inLanguage":"fr-FR","@id":"https:\/\/www.acetaiamarchi.com\/fr\/#\/schema\/logo\/image\/","url":"https:\/\/acetaiamarchi.com\/wp-content\/uploads\/2025\/03\/Acetaia-Marchi-Srl-Logo.png","contentUrl":"https:\/\/acetaiamarchi.com\/wp-content\/uploads\/2025\/03\/Acetaia-Marchi-Srl-Logo.png","width":2000,"height":2000,"caption":"Acetaia Marchi Srl"},"image":{"@id":"https:\/\/www.acetaiamarchi.com\/fr\/#\/schema\/logo\/image\/"}}]}},"_links":{"self":[{"href":"https:\/\/www.acetaiamarchi.com\/fr\/wp-json\/wp\/v2\/pages\/4860","targetHints":{"allow":["GET"]}}],"collection":[{"href":"https:\/\/www.acetaiamarchi.com\/fr\/wp-json\/wp\/v2\/pages"}],"about":[{"href":"https:\/\/www.acetaiamarchi.com\/fr\/wp-json\/wp\/v2\/types\/page"}],"author":[{"embeddable":true,"href":"https:\/\/www.acetaiamarchi.com\/fr\/wp-json\/wp\/v2\/users\/3"}],"replies":[{"embeddable":true,"href":"https:\/\/www.acetaiamarchi.com\/fr\/wp-json\/wp\/v2\/comments?post=4860"}],"version-history":[{"count":5,"href":"https:\/\/www.acetaiamarchi.com\/fr\/wp-json\/wp\/v2\/pages\/4860\/revisions"}],"predecessor-version":[{"id":11047,"href":"https:\/\/www.acetaiamarchi.com\/fr\/wp-json\/wp\/v2\/pages\/4860\/revisions\/11047"}],"wp:featuredmedia":[{"embeddable":true,"href":"https:\/\/www.acetaiamarchi.com\/fr\/wp-json\/wp\/v2\/media\/5158"}],"wp:attachment":[{"href":"https:\/\/www.acetaiamarchi.com\/fr\/wp-json\/wp\/v2\/media?parent=4860"}],"curies":[{"name":"wp","href":"https:\/\/api.w.org\/{rel}","templated":true}]}}