{"id":12209,"date":"2025-04-02T14:02:37","date_gmt":"2025-04-02T12:02:37","guid":{"rendered":"https:\/\/www.acetaiamarchi.com\/recettes\/tortino-di-zucchine-aceto-baolsmaico-di-modena-igp\/"},"modified":"2025-11-21T07:25:51","modified_gmt":"2025-11-21T06:25:51","slug":"gateau-de-courgettes-au-vinaigre-balsamique-de-modene-igp","status":"publish","type":"page","link":"https:\/\/www.acetaiamarchi.com\/fr\/recettes\/gateau-de-courgettes-au-vinaigre-balsamique-de-modene-igp\/","title":{"rendered":"G\u00e2teau de courgettes au vinaigre balsamique de Mod\u00e8ne IGP"},"content":{"rendered":"\t\t<div data-elementor-type=\"wp-page\" data-elementor-id=\"12209\" class=\"elementor elementor-12209 elementor-3068\" data-elementor-post-type=\"page\">\n\t\t\t\t<div class=\"elementor-element elementor-element-2fc78a23 e-flex e-con-boxed wpr-particle-no wpr-jarallax-no wpr-parallax-no wpr-sticky-section-no wpr-equal-height-no e-con e-parent\" data-id=\"2fc78a23\" data-element_type=\"container\" data-e-type=\"container\">\n\t\t\t\t\t<div class=\"e-con-inner\">\n\t\t\t\t<div class=\"elementor-element elementor-element-2dfbda35 elementor-widget elementor-widget-spacer\" data-id=\"2dfbda35\" data-element_type=\"widget\" data-e-type=\"widget\" data-widget_type=\"spacer.default\">\n\t\t\t\t<div class=\"elementor-widget-container\">\n\t\t\t\t\t\t\t<div class=\"elementor-spacer\">\n\t\t\t<div class=\"elementor-spacer-inner\"><\/div>\n\t\t<\/div>\n\t\t\t\t\t\t<\/div>\n\t\t\t\t<\/div>\n\t\t\t\t\t<\/div>\n\t\t\t\t<\/div>\n\t\t<div class=\"elementor-element elementor-element-56712c1e elementor-hidden-desktop e-flex e-con-boxed wpr-particle-no wpr-jarallax-no wpr-parallax-no wpr-sticky-section-no wpr-equal-height-no e-con e-parent\" data-id=\"56712c1e\" data-element_type=\"container\" data-e-type=\"container\">\n\t\t\t\t\t<div class=\"e-con-inner\">\n\t\t<div class=\"elementor-element elementor-element-a8521be e-con-full e-grid elementor-hidden-desktop wpr-particle-no wpr-jarallax-no wpr-parallax-no wpr-sticky-section-no wpr-equal-height-no e-con e-child\" data-id=\"a8521be\" data-element_type=\"container\" data-e-type=\"container\">\n\t\t\t\t<div class=\"elementor-element elementor-element-5b3fafb6 elementor-widget elementor-widget-breadcrumbs\" data-id=\"5b3fafb6\" data-element_type=\"widget\" data-e-type=\"widget\" data-widget_type=\"breadcrumbs.default\">\n\t\t\t\t<div class=\"elementor-widget-container\">\n\t\t\t\t\t<p id=\"breadcrumbs\"><span><span><a href=\"https:\/\/www.acetaiamarchi.com\/fr\/\">Home<\/a><\/span><\/span><\/p>\t\t\t\t<\/div>\n\t\t\t\t<\/div>\n\t\t\t\t<div class=\"elementor-element elementor-element-503562a5 elementor-widget elementor-widget-theme-post-featured-image elementor-widget-image\" data-id=\"503562a5\" data-element_type=\"widget\" data-e-type=\"widget\" data-widget_type=\"theme-post-featured-image.default\">\n\t\t\t\t<div class=\"elementor-widget-container\">\n\t\t\t\t\t\t\t\t\t\t\t\t\t\t\t<img fetchpriority=\"high\" decoding=\"async\" width=\"800\" height=\"600\" src=\"https:\/\/www.acetaiamarchi.com\/wp-content\/uploads\/2025\/04\/tortino-zucchine-e-aceto-balsamico-di-modena-igp-1024x768.jpg\" class=\"attachment-large size-large wp-image-3069\" alt=\"Antipasto a base di Tortino di zucchine all&#039;aceto balsamico di modena IGP\" srcset=\"https:\/\/www.acetaiamarchi.com\/wp-content\/uploads\/2025\/04\/tortino-zucchine-e-aceto-balsamico-di-modena-igp-1024x768.jpg 1024w, https:\/\/www.acetaiamarchi.com\/wp-content\/uploads\/2025\/04\/tortino-zucchine-e-aceto-balsamico-di-modena-igp-600x450.jpg 600w, https:\/\/www.acetaiamarchi.com\/wp-content\/uploads\/2025\/04\/tortino-zucchine-e-aceto-balsamico-di-modena-igp-300x225.jpg 300w, https:\/\/www.acetaiamarchi.com\/wp-content\/uploads\/2025\/04\/tortino-zucchine-e-aceto-balsamico-di-modena-igp-768x576.jpg 768w, https:\/\/www.acetaiamarchi.com\/wp-content\/uploads\/2025\/04\/tortino-zucchine-e-aceto-balsamico-di-modena-igp.jpg 1032w\" sizes=\"(max-width: 800px) 100vw, 800px\" \/>\t\t\t\t\t\t\t\t\t\t\t\t\t\t\t<\/div>\n\t\t\t\t<\/div>\n\t\t\t\t<div class=\"elementor-element elementor-element-375b6808 elementor-widget elementor-widget-heading\" data-id=\"375b6808\" data-element_type=\"widget\" data-e-type=\"widget\" data-widget_type=\"heading.default\">\n\t\t\t\t<div class=\"elementor-widget-container\">\n\t\t\t\t\t<h4 class=\"elementor-heading-title elementor-size-default\">Ingr\u00e9dients :<\/h4>\t\t\t\t<\/div>\n\t\t\t\t<\/div>\n\t\t\t\t<div class=\"elementor-element elementor-element-63dd23ba elementor-widget elementor-widget-text-editor\" data-id=\"63dd23ba\" data-element_type=\"widget\" data-e-type=\"widget\" data-widget_type=\"text-editor.default\">\n\t\t\t\t<div class=\"elementor-widget-container\">\n\t\t\t\t\t\t\t\t\t<ul><li>3 Courgettes<\/li><li>4 Oeufs<\/li><li>1 cuill\u00e8re \u00e0 soupe de Parmesan Reggiano<\/li><li>1 gousse d&rsquo;ail<\/li><li>Huile d&rsquo;Olive Extra Vierge<\/li><li>Sel<\/li><li>Persil<\/li><li>Vinaigre Balsamique de Mod\u00e8ne IGP<\/li><\/ul>\t\t\t\t\t\t\t\t<\/div>\n\t\t\t\t<\/div>\n\t\t\t\t<\/div>\n\t\t\t\t\t<\/div>\n\t\t\t\t<\/div>\n\t\t<div class=\"elementor-element elementor-element-2ffd56f5 elementor-hidden-tablet elementor-hidden-mobile e-flex e-con-boxed wpr-particle-no wpr-jarallax-no wpr-parallax-no wpr-sticky-section-no wpr-equal-height-no e-con e-parent\" data-id=\"2ffd56f5\" data-element_type=\"container\" data-e-type=\"container\">\n\t\t\t\t\t<div class=\"e-con-inner\">\n\t\t<div class=\"elementor-element elementor-element-371eb737 e-grid e-con-boxed wpr-particle-no wpr-jarallax-no wpr-parallax-no wpr-sticky-section-no wpr-equal-height-no e-con e-child\" data-id=\"371eb737\" data-element_type=\"container\" data-e-type=\"container\">\n\t\t\t\t\t<div class=\"e-con-inner\">\n\t\t\t\t<div class=\"elementor-element elementor-element-68df4ec2 elementor-widget elementor-widget-theme-post-featured-image elementor-widget-image\" data-id=\"68df4ec2\" data-element_type=\"widget\" data-e-type=\"widget\" data-widget_type=\"theme-post-featured-image.default\">\n\t\t\t\t<div class=\"elementor-widget-container\">\n\t\t\t\t\t\t\t\t\t\t\t\t\t\t\t<img fetchpriority=\"high\" decoding=\"async\" width=\"800\" height=\"600\" src=\"https:\/\/www.acetaiamarchi.com\/wp-content\/uploads\/2025\/04\/tortino-zucchine-e-aceto-balsamico-di-modena-igp-1024x768.jpg\" class=\"attachment-large size-large wp-image-3069\" alt=\"Antipasto a base di Tortino di zucchine all&#039;aceto balsamico di modena IGP\" srcset=\"https:\/\/www.acetaiamarchi.com\/wp-content\/uploads\/2025\/04\/tortino-zucchine-e-aceto-balsamico-di-modena-igp-1024x768.jpg 1024w, https:\/\/www.acetaiamarchi.com\/wp-content\/uploads\/2025\/04\/tortino-zucchine-e-aceto-balsamico-di-modena-igp-600x450.jpg 600w, https:\/\/www.acetaiamarchi.com\/wp-content\/uploads\/2025\/04\/tortino-zucchine-e-aceto-balsamico-di-modena-igp-300x225.jpg 300w, https:\/\/www.acetaiamarchi.com\/wp-content\/uploads\/2025\/04\/tortino-zucchine-e-aceto-balsamico-di-modena-igp-768x576.jpg 768w, https:\/\/www.acetaiamarchi.com\/wp-content\/uploads\/2025\/04\/tortino-zucchine-e-aceto-balsamico-di-modena-igp.jpg 1032w\" sizes=\"(max-width: 800px) 100vw, 800px\" \/>\t\t\t\t\t\t\t\t\t\t\t\t\t\t\t<\/div>\n\t\t\t\t<\/div>\n\t\t<div class=\"elementor-element elementor-element-112c89ea e-con-full e-flex wpr-particle-no wpr-jarallax-no wpr-parallax-no wpr-sticky-section-no wpr-equal-height-no e-con e-child\" data-id=\"112c89ea\" data-element_type=\"container\" data-e-type=\"container\">\n\t\t\t\t<div class=\"elementor-element elementor-element-761da59d elementor-align-left elementor-widget elementor-widget-breadcrumbs\" data-id=\"761da59d\" data-element_type=\"widget\" data-e-type=\"widget\" data-widget_type=\"breadcrumbs.default\">\n\t\t\t\t<div class=\"elementor-widget-container\">\n\t\t\t\t\t<p id=\"breadcrumbs\"><span><span><a href=\"https:\/\/www.acetaiamarchi.com\/fr\/\">Home<\/a><\/span><\/span><\/p>\t\t\t\t<\/div>\n\t\t\t\t<\/div>\n\t\t\t\t<div class=\"elementor-element elementor-element-26a50199 elementor-widget elementor-widget-heading\" data-id=\"26a50199\" data-element_type=\"widget\" data-e-type=\"widget\" data-widget_type=\"heading.default\">\n\t\t\t\t<div class=\"elementor-widget-container\">\n\t\t\t\t\t<h4 class=\"elementor-heading-title elementor-size-default\">Ingr\u00e9dients :<\/h4>\t\t\t\t<\/div>\n\t\t\t\t<\/div>\n\t\t\t\t<div class=\"elementor-element elementor-element-6b46b3cd elementor-widget elementor-widget-text-editor\" data-id=\"6b46b3cd\" data-element_type=\"widget\" data-e-type=\"widget\" data-widget_type=\"text-editor.default\">\n\t\t\t\t<div class=\"elementor-widget-container\">\n\t\t\t\t\t\t\t\t\t<ul><li>3 Courgettes<\/li><li>4 Oeufs<\/li><li>1 cuill\u00e8re \u00e0 soupe de Parmigiano Reggiano<\/li><li>1 gousse d\u2019ail<\/li><li>Huile d&rsquo;Olive Extra Vierge<\/li><li>Sel<\/li><li>Persil<\/li><li>Vinaigre Balsamique de Mod\u00e8ne IGP<\/li><\/ul>\t\t\t\t\t\t\t\t<\/div>\n\t\t\t\t<\/div>\n\t\t\t\t<\/div>\n\t\t\t\t\t<\/div>\n\t\t\t\t<\/div>\n\t\t\t\t\t<\/div>\n\t\t\t\t<\/div>\n\t\t<div class=\"elementor-element elementor-element-3c8d150d e-flex e-con-boxed wpr-particle-no wpr-jarallax-no wpr-parallax-no wpr-sticky-section-no wpr-equal-height-no e-con e-parent\" data-id=\"3c8d150d\" data-element_type=\"container\" data-e-type=\"container\" data-settings=\"{&quot;background_background&quot;:&quot;classic&quot;}\">\n\t\t\t\t\t<div class=\"e-con-inner\">\n\t\t<div class=\"elementor-element elementor-element-18d2889e e-con-full e-flex wpr-particle-no wpr-jarallax-no wpr-parallax-no wpr-sticky-section-no wpr-equal-height-no e-con e-child\" data-id=\"18d2889e\" data-element_type=\"container\" data-e-type=\"container\">\n\t\t\t\t<div class=\"elementor-element elementor-element-6ba753f2 elementor-widget elementor-widget-heading\" data-id=\"6ba753f2\" data-element_type=\"widget\" data-e-type=\"widget\" data-widget_type=\"heading.default\">\n\t\t\t\t<div class=\"elementor-widget-container\">\n\t\t\t\t\t<h2 class=\"elementor-heading-title elementor-size-default\">Pr\u00e9paration<\/h2>\t\t\t\t<\/div>\n\t\t\t\t<\/div>\n\t\t\t\t<div class=\"elementor-element elementor-element-3fa18bd1 elementor-widget elementor-widget-text-editor\" data-id=\"3fa18bd1\" data-element_type=\"widget\" data-e-type=\"widget\" data-widget_type=\"text-editor.default\">\n\t\t\t\t<div class=\"elementor-widget-container\">\n\t\t\t\t\t\t\t\t\t<p>Le g\u00e2teau de courgettes au vinaigre balsamique de Mod\u00e8ne IGP se pr\u00e9sente comme un plat qui propose un m\u00e9lange de saveurs excellentes. Il est nutritif et rassasiant, et se r\u00e9v\u00e8le \u00eatre un antipasto id\u00e9al pour les occasions les plus sp\u00e9ciales. S&rsquo;il est pr\u00e9par\u00e9 en portions plus \u00e9lev\u00e9es, il peut \u00e9galement devenir un d\u00e9licieux plat principal. L&rsquo;important est de choisir le bon vinaigre balsamique !<\/p><p>Pour pr\u00e9parer le g\u00e2teau de courgettes au vinaigre balsamique de Mod\u00e8ne IGP, commence par laver et couper en rondelles les courgettes. Fais-les cuire dans une po\u00eale avec une gousse d&rsquo;ail et un filet d&rsquo;huile. Lorsque les courgettes sont cuites, laisse-les refroidir puis mixe-les dans un mixeur, en ajoutant les \u0153ufs, le parmesan, le sel et le poivre.<\/p><p>Verse le m\u00e9lange cr\u00e9meux dans des moules et enfourne \u00e0 180\u00b0 pendant environ 15 minutes. \u00c0 la fin de la cuisson, dispose le g\u00e2teau de courgettes sur un plat de service et nappe-le avec le vinaigre balsamique de Mod\u00e8ne IGP.<\/p>\t\t\t\t\t\t\t\t<\/div>\n\t\t\t\t<\/div>\n\t\t\t\t<\/div>\n\t\t\t\t\t<\/div>\n\t\t\t\t<\/div>\n\t\t<div class=\"elementor-element elementor-element-2300e3fa e-flex e-con-boxed wpr-particle-no wpr-jarallax-no wpr-parallax-no wpr-sticky-section-no wpr-equal-height-no e-con e-parent\" data-id=\"2300e3fa\" data-element_type=\"container\" data-e-type=\"container\">\n\t\t\t\t\t<div class=\"e-con-inner\">\n\t\t\t\t<div class=\"elementor-element elementor-element-281a2987 elementor-widget elementor-widget-heading\" data-id=\"281a2987\" data-element_type=\"widget\" data-e-type=\"widget\" data-widget_type=\"heading.default\">\n\t\t\t\t<div class=\"elementor-widget-container\">\n\t\t\t\t\t<h2 class=\"elementor-heading-title elementor-size-default\">Association recommand\u00e9e<\/h2>\t\t\t\t<\/div>\n\t\t\t\t<\/div>\n\t\t\t\t\t<\/div>\n\t\t\t\t<\/div>\n\t\t<div class=\"elementor-element elementor-element-70f8d051 e-flex e-con-boxed wpr-particle-no wpr-jarallax-no wpr-parallax-no wpr-sticky-section-no wpr-equal-height-no e-con e-parent\" data-id=\"70f8d051\" data-element_type=\"container\" data-e-type=\"container\">\n\t\t\t\t\t<div class=\"e-con-inner\">\n\t\t<div class=\"elementor-element elementor-element-1ee6d04c e-con-full e-flex wpr-particle-no wpr-jarallax-no wpr-parallax-no wpr-sticky-section-no wpr-equal-height-no e-con e-child\" data-id=\"1ee6d04c\" data-element_type=\"container\" data-e-type=\"container\">\n\t\t\t\t<div class=\"elementor-element elementor-element-19802ada elementor-widget__width-initial elementor-widget elementor-widget-image\" data-id=\"19802ada\" data-element_type=\"widget\" data-e-type=\"widget\" data-widget_type=\"image.default\">\n\t\t\t\t<div class=\"elementor-widget-container\">\n\t\t\t\t\t\t\t\t\t\t\t\t\t\t\t<img decoding=\"async\" width=\"800\" height=\"800\" src=\"https:\/\/www.acetaiamarchi.com\/wp-content\/uploads\/2025\/03\/Aceto-Balsamico-di-Modena-IGP-Sigillo-Platino-1024x1024.jpg\" class=\"attachment-large size-large wp-image-939\" alt=\"Aceto Balsamico di Modena IGP Sigillo Platino\" srcset=\"https:\/\/www.acetaiamarchi.com\/wp-content\/uploads\/2025\/03\/Aceto-Balsamico-di-Modena-IGP-Sigillo-Platino-1024x1024.jpg 1024w, https:\/\/www.acetaiamarchi.com\/wp-content\/uploads\/2025\/03\/Aceto-Balsamico-di-Modena-IGP-Sigillo-Platino-300x300.jpg 300w, https:\/\/www.acetaiamarchi.com\/wp-content\/uploads\/2025\/03\/Aceto-Balsamico-di-Modena-IGP-Sigillo-Platino-100x100.jpg 100w, https:\/\/www.acetaiamarchi.com\/wp-content\/uploads\/2025\/03\/Aceto-Balsamico-di-Modena-IGP-Sigillo-Platino-600x600.jpg 600w, https:\/\/www.acetaiamarchi.com\/wp-content\/uploads\/2025\/03\/Aceto-Balsamico-di-Modena-IGP-Sigillo-Platino-150x150.jpg 150w, https:\/\/www.acetaiamarchi.com\/wp-content\/uploads\/2025\/03\/Aceto-Balsamico-di-Modena-IGP-Sigillo-Platino-768x768.jpg 768w, https:\/\/www.acetaiamarchi.com\/wp-content\/uploads\/2025\/03\/Aceto-Balsamico-di-Modena-IGP-Sigillo-Platino-1536x1536.jpg 1536w, https:\/\/www.acetaiamarchi.com\/wp-content\/uploads\/2025\/03\/Aceto-Balsamico-di-Modena-IGP-Sigillo-Platino.jpg 1600w\" sizes=\"(max-width: 800px) 100vw, 800px\" \/>\t\t\t\t\t\t\t\t\t\t\t\t\t\t\t<\/div>\n\t\t\t\t<\/div>\n\t\t\t\t<\/div>\n\t\t<div class=\"elementor-element elementor-element-c034055 e-con-full e-flex wpr-particle-no wpr-jarallax-no wpr-parallax-no wpr-sticky-section-no wpr-equal-height-no e-con e-child\" data-id=\"c034055\" data-element_type=\"container\" data-e-type=\"container\">\n\t\t\t\t<div class=\"elementor-element elementor-element-41b19ce4 elementor-widget elementor-widget-text-editor\" data-id=\"41b19ce4\" data-element_type=\"widget\" data-e-type=\"widget\" data-widget_type=\"text-editor.default\">\n\t\t\t\t<div class=\"elementor-widget-container\">\n\t\t\t\t\t\t\t\t\t<p>Pour cet antipasto, nous recommandons l&rsquo;association avec le <strong>Vinaigre Balsamique de Mod\u00e8ne IGP Sigillo Platino<\/strong> de la marque Acetaia Marchi, particuli\u00e8rement indiqu\u00e9 pour assaisonner les l\u00e9gumes.<\/p>\t\t\t\t\t\t\t\t<\/div>\n\t\t\t\t<\/div>\n\t\t<div class=\"elementor-element elementor-element-41941b22 e-con-full e-grid wpr-particle-no wpr-jarallax-no wpr-parallax-no wpr-sticky-section-no wpr-equal-height-no e-con e-child\" data-id=\"41941b22\" data-element_type=\"container\" data-e-type=\"container\">\n\t\t\t\t<div class=\"elementor-element elementor-element-51b4d457 elementor-widget elementor-widget-button\" data-id=\"51b4d457\" data-element_type=\"widget\" data-e-type=\"widget\" data-widget_type=\"button.default\">\n\t\t\t\t<div class=\"elementor-widget-container\">\n\t\t\t\t\t\t\t\t\t<div class=\"elementor-button-wrapper\">\n\t\t\t\t\t<a class=\"elementor-button elementor-button-link elementor-size-sm\" href=\"https:\/\/www.acetaiamarchi.com\/prodotto\/aceto-balsamico-di-modena-igp-sigillo-platino\/\">\n\t\t\t\t\t\t<span class=\"elementor-button-content-wrapper\">\n\t\t\t\t\t\t\t\t\t<span class=\"elementor-button-text\">D\u00e9couvrez le produit<\/span>\n\t\t\t\t\t<\/span>\n\t\t\t\t\t<\/a>\n\t\t\t\t<\/div>\n\t\t\t\t\t\t\t\t<\/div>\n\t\t\t\t<\/div>\n\t\t\t\t<div class=\"elementor-element elementor-element-527d5982 elementor-hidden-desktop elementor-hidden-tablet elementor-hidden-mobile elementor-widget elementor-widget-button\" data-id=\"527d5982\" data-element_type=\"widget\" data-e-type=\"widget\" data-widget_type=\"button.default\">\n\t\t\t\t<div class=\"elementor-widget-container\">\n\t\t\t\t\t\t\t\t\t<div class=\"elementor-button-wrapper\">\n\t\t\t\t\t<a class=\"elementor-button elementor-size-sm\" role=\"button\">\n\t\t\t\t\t\t<span class=\"elementor-button-content-wrapper\">\n\t\t\t\t\t\t\t\t\t<span class=\"elementor-button-text\">Va \u00e0 la boutique en ligne<\/span>\n\t\t\t\t\t<\/span>\n\t\t\t\t\t<\/a>\n\t\t\t\t<\/div>\n\t\t\t\t\t\t\t\t<\/div>\n\t\t\t\t<\/div>\n\t\t\t\t<\/div>\n\t\t\t\t<\/div>\n\t\t\t\t\t<\/div>\n\t\t\t\t<\/div>\n\t\t\t\t<\/div>\n\t\t","protected":false},"excerpt":{"rendered":"<p>Ingr\u00e9dients : 3 Courgettes 4 \u0152ufs 1 cuill\u00e8re \u00e0 soupe de Parmigiano Reggiano 1 gousse d&rsquo;ail Huile d&rsquo;Olive Extra Vierge Sel Persil Vinaigre Balsamique de Mod\u00e8ne IGP Ingr\u00e9dients : 3 Courgettes 4 \u0152ufs 1 cuill\u00e8re \u00e0 soupe de Parmigiano Reggiano 1 gousse d&rsquo;ail Huile d&rsquo;Olive Extra Vierge Sel Persil Vinaigre Balsamique de Mod\u00e8ne IGP Pr\u00e9paration Le g\u00e2teau de courgettes au Vinaigre Balsamique de Mod\u00e8ne IGP se pr\u00e9sente comme un plat qui propose un m\u00e9lange de saveurs excellentes. Il est nutritif et rassasiant, et se r\u00e9v\u00e8le \u00eatre un antipasto id\u00e9al pour les occasions les plus sp\u00e9ciales. S&rsquo;il est pr\u00e9par\u00e9 en portions plus grandes, il peut \u00e9galement devenir un d\u00e9licieux plat principal. L&rsquo;important est de choisir le bon vinaigre balsamique ! Pour pr\u00e9parer le g\u00e2teau de courgettes au Vinaigre Balsamique de Mod\u00e8ne IGP, commence par laver et couper les courgettes en rondelles. Fais-les cuire dans une po\u00eale avec une gousse d&rsquo;ail et un filet d&rsquo;huile. Lorsque les courgettes sont cuites, laisse-les refroidir puis mixe-les dans un mixeur, en ajoutant les \u0153ufs, le parmesan, le sel et le poivre. Verse le m\u00e9lange cr\u00e9meux dans des moules et enfourne \u00e0 180\u00b0 pendant environ 15 minutes. \u00c0 la fin de la cuisson, dispose le g\u00e2teau de courgettes sur un plat de service et nappe-le avec le Vinaigre Balsamique de Mod\u00e8ne IGP. Accord recommand\u00e9 Pour cet antipasto, nous recommandons l&rsquo;accord avec le Vinaigre Balsamique de Mod\u00e8ne IGP Sigillo Platino de la marque Acetaia Marchi, particuli\u00e8rement indiqu\u00e9 pour assaisonner les l\u00e9gumes. D\u00e9couvre le produit Aller \u00e0 la boutique en ligne<\/p>\n","protected":false},"author":3,"featured_media":3069,"parent":4860,"menu_order":0,"comment_status":"closed","ping_status":"closed","template":"","meta":{"footnotes":""},"class_list":["post-12209","page","type-page","status-publish","has-post-thumbnail","hentry"],"yoast_head":"<!-- This site is optimized with the Yoast SEO plugin v27.4 - https:\/\/yoast.com\/product\/yoast-seo-wordpress\/ -->\n<title>G\u00e2teau de courgettes au vinaigre balsamique de Mod\u00e8ne IGP | Acetaia Marchi<\/title>\n<meta name=\"description\" content=\"Ricetta e preparazione di un antipasto a base di zucchine all&#039;Aceto Balsamico di Modena IGP ideale per occasioni speciali\" \/>\n<meta name=\"robots\" content=\"index, follow, max-snippet:-1, max-image-preview:large, max-video-preview:-1\" \/>\n<link rel=\"canonical\" href=\"https:\/\/www.acetaiamarchi.com\/fr\/recettes\/gateau-de-courgettes-au-vinaigre-balsamique-de-modene-igp\/\" \/>\n<meta property=\"og:locale\" content=\"fr_FR\" \/>\n<meta property=\"og:type\" content=\"article\" \/>\n<meta property=\"og:title\" content=\"G\u00e2teau de courgettes au vinaigre balsamique de Mod\u00e8ne IGP | Acetaia Marchi\" \/>\n<meta property=\"og:description\" content=\"Ricetta e preparazione di un antipasto a base di zucchine all&#039;Aceto Balsamico di Modena IGP ideale per occasioni speciali\" \/>\n<meta property=\"og:url\" content=\"https:\/\/www.acetaiamarchi.com\/fr\/recettes\/gateau-de-courgettes-au-vinaigre-balsamique-de-modene-igp\/\" \/>\n<meta property=\"og:site_name\" content=\"Acetaia Marchi\" \/>\n<meta property=\"article:modified_time\" content=\"2025-11-21T06:25:51+00:00\" \/>\n<meta property=\"og:image\" content=\"https:\/\/www.acetaiamarchi.com\/wp-content\/uploads\/2025\/04\/tortino-zucchine-e-aceto-balsamico-di-modena-igp.jpg\" \/>\n\t<meta property=\"og:image:width\" content=\"1032\" \/>\n\t<meta property=\"og:image:height\" content=\"774\" \/>\n\t<meta property=\"og:image:type\" content=\"image\/jpeg\" \/>\n<meta name=\"twitter:card\" content=\"summary_large_image\" \/>\n<meta name=\"twitter:label1\" content=\"Dur\u00e9e de lecture estim\u00e9e\" \/>\n\t<meta name=\"twitter:data1\" content=\"2 minutes\" \/>\n<script type=\"application\/ld+json\" class=\"yoast-schema-graph\">{\"@context\":\"https:\\\/\\\/schema.org\",\"@graph\":[{\"@type\":\"WebPage\",\"@id\":\"https:\\\/\\\/www.acetaiamarchi.com\\\/fr\\\/recettes\\\/gateau-de-courgettes-au-vinaigre-balsamique-de-modene-igp\\\/\",\"url\":\"https:\\\/\\\/www.acetaiamarchi.com\\\/fr\\\/recettes\\\/gateau-de-courgettes-au-vinaigre-balsamique-de-modene-igp\\\/\",\"name\":\"G\u00e2teau de courgettes au vinaigre balsamique de Mod\u00e8ne IGP | Acetaia Marchi\",\"isPartOf\":{\"@id\":\"https:\\\/\\\/www.acetaiamarchi.com\\\/fr\\\/#website\"},\"primaryImageOfPage\":{\"@id\":\"https:\\\/\\\/www.acetaiamarchi.com\\\/fr\\\/recettes\\\/gateau-de-courgettes-au-vinaigre-balsamique-de-modene-igp\\\/#primaryimage\"},\"image\":{\"@id\":\"https:\\\/\\\/www.acetaiamarchi.com\\\/fr\\\/recettes\\\/gateau-de-courgettes-au-vinaigre-balsamique-de-modene-igp\\\/#primaryimage\"},\"thumbnailUrl\":\"https:\\\/\\\/www.acetaiamarchi.com\\\/wp-content\\\/uploads\\\/2025\\\/04\\\/tortino-zucchine-e-aceto-balsamico-di-modena-igp.jpg\",\"datePublished\":\"2025-04-02T12:02:37+00:00\",\"dateModified\":\"2025-11-21T06:25:51+00:00\",\"description\":\"Ricetta e preparazione di un antipasto a base di zucchine all'Aceto Balsamico di Modena IGP ideale per occasioni speciali\",\"breadcrumb\":{\"@id\":\"https:\\\/\\\/www.acetaiamarchi.com\\\/fr\\\/recettes\\\/gateau-de-courgettes-au-vinaigre-balsamique-de-modene-igp\\\/#breadcrumb\"},\"inLanguage\":\"fr-FR\",\"potentialAction\":[{\"@type\":\"ReadAction\",\"target\":[\"https:\\\/\\\/www.acetaiamarchi.com\\\/fr\\\/recettes\\\/gateau-de-courgettes-au-vinaigre-balsamique-de-modene-igp\\\/\"]}]},{\"@type\":\"ImageObject\",\"inLanguage\":\"fr-FR\",\"@id\":\"https:\\\/\\\/www.acetaiamarchi.com\\\/fr\\\/recettes\\\/gateau-de-courgettes-au-vinaigre-balsamique-de-modene-igp\\\/#primaryimage\",\"url\":\"https:\\\/\\\/www.acetaiamarchi.com\\\/wp-content\\\/uploads\\\/2025\\\/04\\\/tortino-zucchine-e-aceto-balsamico-di-modena-igp.jpg\",\"contentUrl\":\"https:\\\/\\\/www.acetaiamarchi.com\\\/wp-content\\\/uploads\\\/2025\\\/04\\\/tortino-zucchine-e-aceto-balsamico-di-modena-igp.jpg\",\"width\":1032,\"height\":774,\"caption\":\"Antipasto a base di Tortino di zucchine all'aceto balsamico di modena IGP\"},{\"@type\":\"BreadcrumbList\",\"@id\":\"https:\\\/\\\/www.acetaiamarchi.com\\\/fr\\\/recettes\\\/gateau-de-courgettes-au-vinaigre-balsamique-de-modene-igp\\\/#breadcrumb\",\"itemListElement\":[{\"@type\":\"ListItem\",\"position\":1,\"name\":\"Home\",\"item\":\"https:\\\/\\\/www.acetaiamarchi.com\\\/fr\\\/\"},{\"@type\":\"ListItem\",\"position\":2,\"name\":\"Recettes\",\"item\":\"https:\\\/\\\/www.acetaiamarchi.com\\\/fr\\\/recettes\\\/\"},{\"@type\":\"ListItem\",\"position\":3,\"name\":\"G\u00e2teau de courgettes au vinaigre balsamique de Mod\u00e8ne IGP\"}]},{\"@type\":\"WebSite\",\"@id\":\"https:\\\/\\\/www.acetaiamarchi.com\\\/fr\\\/#website\",\"url\":\"https:\\\/\\\/www.acetaiamarchi.com\\\/fr\\\/\",\"name\":\"Acetaia Marchi Srl\",\"description\":\"\",\"publisher\":{\"@id\":\"https:\\\/\\\/www.acetaiamarchi.com\\\/fr\\\/#organization\"},\"potentialAction\":[{\"@type\":\"SearchAction\",\"target\":{\"@type\":\"EntryPoint\",\"urlTemplate\":\"https:\\\/\\\/www.acetaiamarchi.com\\\/fr\\\/?s={search_term_string}\"},\"query-input\":{\"@type\":\"PropertyValueSpecification\",\"valueRequired\":true,\"valueName\":\"search_term_string\"}}],\"inLanguage\":\"fr-FR\"},{\"@type\":\"Organization\",\"@id\":\"https:\\\/\\\/www.acetaiamarchi.com\\\/fr\\\/#organization\",\"name\":\"Acetaia Marchi Srl\",\"url\":\"https:\\\/\\\/www.acetaiamarchi.com\\\/fr\\\/\",\"logo\":{\"@type\":\"ImageObject\",\"inLanguage\":\"fr-FR\",\"@id\":\"https:\\\/\\\/www.acetaiamarchi.com\\\/fr\\\/#\\\/schema\\\/logo\\\/image\\\/\",\"url\":\"https:\\\/\\\/acetaiamarchi.com\\\/wp-content\\\/uploads\\\/2025\\\/03\\\/Acetaia-Marchi-Srl-Logo.png\",\"contentUrl\":\"https:\\\/\\\/acetaiamarchi.com\\\/wp-content\\\/uploads\\\/2025\\\/03\\\/Acetaia-Marchi-Srl-Logo.png\",\"width\":2000,\"height\":2000,\"caption\":\"Acetaia Marchi Srl\"},\"image\":{\"@id\":\"https:\\\/\\\/www.acetaiamarchi.com\\\/fr\\\/#\\\/schema\\\/logo\\\/image\\\/\"}}]}<\/script>\n<!-- \/ Yoast SEO plugin. -->","yoast_head_json":{"title":"G\u00e2teau de courgettes au vinaigre balsamique de Mod\u00e8ne IGP | Acetaia Marchi","description":"Ricetta e preparazione di un antipasto a base di zucchine all'Aceto Balsamico di Modena IGP ideale per occasioni speciali","robots":{"index":"index","follow":"follow","max-snippet":"max-snippet:-1","max-image-preview":"max-image-preview:large","max-video-preview":"max-video-preview:-1"},"canonical":"https:\/\/www.acetaiamarchi.com\/fr\/recettes\/gateau-de-courgettes-au-vinaigre-balsamique-de-modene-igp\/","og_locale":"fr_FR","og_type":"article","og_title":"G\u00e2teau de courgettes au vinaigre balsamique de Mod\u00e8ne IGP | Acetaia Marchi","og_description":"Ricetta e preparazione di un antipasto a base di zucchine all'Aceto Balsamico di Modena IGP ideale per occasioni speciali","og_url":"https:\/\/www.acetaiamarchi.com\/fr\/recettes\/gateau-de-courgettes-au-vinaigre-balsamique-de-modene-igp\/","og_site_name":"Acetaia Marchi","article_modified_time":"2025-11-21T06:25:51+00:00","og_image":[{"width":1032,"height":774,"url":"https:\/\/www.acetaiamarchi.com\/wp-content\/uploads\/2025\/04\/tortino-zucchine-e-aceto-balsamico-di-modena-igp.jpg","type":"image\/jpeg"}],"twitter_card":"summary_large_image","twitter_misc":{"Dur\u00e9e de lecture estim\u00e9e":"2 minutes"},"schema":{"@context":"https:\/\/schema.org","@graph":[{"@type":"WebPage","@id":"https:\/\/www.acetaiamarchi.com\/fr\/recettes\/gateau-de-courgettes-au-vinaigre-balsamique-de-modene-igp\/","url":"https:\/\/www.acetaiamarchi.com\/fr\/recettes\/gateau-de-courgettes-au-vinaigre-balsamique-de-modene-igp\/","name":"G\u00e2teau de courgettes au vinaigre balsamique de Mod\u00e8ne IGP | Acetaia Marchi","isPartOf":{"@id":"https:\/\/www.acetaiamarchi.com\/fr\/#website"},"primaryImageOfPage":{"@id":"https:\/\/www.acetaiamarchi.com\/fr\/recettes\/gateau-de-courgettes-au-vinaigre-balsamique-de-modene-igp\/#primaryimage"},"image":{"@id":"https:\/\/www.acetaiamarchi.com\/fr\/recettes\/gateau-de-courgettes-au-vinaigre-balsamique-de-modene-igp\/#primaryimage"},"thumbnailUrl":"https:\/\/www.acetaiamarchi.com\/wp-content\/uploads\/2025\/04\/tortino-zucchine-e-aceto-balsamico-di-modena-igp.jpg","datePublished":"2025-04-02T12:02:37+00:00","dateModified":"2025-11-21T06:25:51+00:00","description":"Ricetta e preparazione di un antipasto a base di zucchine all'Aceto Balsamico di Modena IGP ideale per occasioni speciali","breadcrumb":{"@id":"https:\/\/www.acetaiamarchi.com\/fr\/recettes\/gateau-de-courgettes-au-vinaigre-balsamique-de-modene-igp\/#breadcrumb"},"inLanguage":"fr-FR","potentialAction":[{"@type":"ReadAction","target":["https:\/\/www.acetaiamarchi.com\/fr\/recettes\/gateau-de-courgettes-au-vinaigre-balsamique-de-modene-igp\/"]}]},{"@type":"ImageObject","inLanguage":"fr-FR","@id":"https:\/\/www.acetaiamarchi.com\/fr\/recettes\/gateau-de-courgettes-au-vinaigre-balsamique-de-modene-igp\/#primaryimage","url":"https:\/\/www.acetaiamarchi.com\/wp-content\/uploads\/2025\/04\/tortino-zucchine-e-aceto-balsamico-di-modena-igp.jpg","contentUrl":"https:\/\/www.acetaiamarchi.com\/wp-content\/uploads\/2025\/04\/tortino-zucchine-e-aceto-balsamico-di-modena-igp.jpg","width":1032,"height":774,"caption":"Antipasto a base di Tortino di zucchine all'aceto balsamico di modena IGP"},{"@type":"BreadcrumbList","@id":"https:\/\/www.acetaiamarchi.com\/fr\/recettes\/gateau-de-courgettes-au-vinaigre-balsamique-de-modene-igp\/#breadcrumb","itemListElement":[{"@type":"ListItem","position":1,"name":"Home","item":"https:\/\/www.acetaiamarchi.com\/fr\/"},{"@type":"ListItem","position":2,"name":"Recettes","item":"https:\/\/www.acetaiamarchi.com\/fr\/recettes\/"},{"@type":"ListItem","position":3,"name":"G\u00e2teau de courgettes au vinaigre balsamique de Mod\u00e8ne IGP"}]},{"@type":"WebSite","@id":"https:\/\/www.acetaiamarchi.com\/fr\/#website","url":"https:\/\/www.acetaiamarchi.com\/fr\/","name":"Acetaia Marchi Srl","description":"","publisher":{"@id":"https:\/\/www.acetaiamarchi.com\/fr\/#organization"},"potentialAction":[{"@type":"SearchAction","target":{"@type":"EntryPoint","urlTemplate":"https:\/\/www.acetaiamarchi.com\/fr\/?s={search_term_string}"},"query-input":{"@type":"PropertyValueSpecification","valueRequired":true,"valueName":"search_term_string"}}],"inLanguage":"fr-FR"},{"@type":"Organization","@id":"https:\/\/www.acetaiamarchi.com\/fr\/#organization","name":"Acetaia Marchi Srl","url":"https:\/\/www.acetaiamarchi.com\/fr\/","logo":{"@type":"ImageObject","inLanguage":"fr-FR","@id":"https:\/\/www.acetaiamarchi.com\/fr\/#\/schema\/logo\/image\/","url":"https:\/\/acetaiamarchi.com\/wp-content\/uploads\/2025\/03\/Acetaia-Marchi-Srl-Logo.png","contentUrl":"https:\/\/acetaiamarchi.com\/wp-content\/uploads\/2025\/03\/Acetaia-Marchi-Srl-Logo.png","width":2000,"height":2000,"caption":"Acetaia Marchi Srl"},"image":{"@id":"https:\/\/www.acetaiamarchi.com\/fr\/#\/schema\/logo\/image\/"}}]}},"_links":{"self":[{"href":"https:\/\/www.acetaiamarchi.com\/fr\/wp-json\/wp\/v2\/pages\/12209","targetHints":{"allow":["GET"]}}],"collection":[{"href":"https:\/\/www.acetaiamarchi.com\/fr\/wp-json\/wp\/v2\/pages"}],"about":[{"href":"https:\/\/www.acetaiamarchi.com\/fr\/wp-json\/wp\/v2\/types\/page"}],"author":[{"embeddable":true,"href":"https:\/\/www.acetaiamarchi.com\/fr\/wp-json\/wp\/v2\/users\/3"}],"replies":[{"embeddable":true,"href":"https:\/\/www.acetaiamarchi.com\/fr\/wp-json\/wp\/v2\/comments?post=12209"}],"version-history":[{"count":1,"href":"https:\/\/www.acetaiamarchi.com\/fr\/wp-json\/wp\/v2\/pages\/12209\/revisions"}],"predecessor-version":[{"id":12211,"href":"https:\/\/www.acetaiamarchi.com\/fr\/wp-json\/wp\/v2\/pages\/12209\/revisions\/12211"}],"up":[{"embeddable":true,"href":"https:\/\/www.acetaiamarchi.com\/fr\/wp-json\/wp\/v2\/pages\/4860"}],"wp:featuredmedia":[{"embeddable":true,"href":"https:\/\/www.acetaiamarchi.com\/fr\/wp-json\/wp\/v2\/media\/3069"}],"wp:attachment":[{"href":"https:\/\/www.acetaiamarchi.com\/fr\/wp-json\/wp\/v2\/media?parent=12209"}],"curies":[{"name":"wp","href":"https:\/\/api.w.org\/{rel}","templated":true}]}}