{"id":10959,"date":"2025-02-24T12:07:54","date_gmt":"2025-02-24T11:07:54","guid":{"rendered":"https:\/\/www.acetaiamarchi.com\/acetaia-marchi\/"},"modified":"2026-04-07T10:18:57","modified_gmt":"2026-04-07T08:18:57","slug":"acetaia-marchi","status":"publish","type":"page","link":"https:\/\/www.acetaiamarchi.com\/fr\/","title":{"rendered":"Home Page"},"content":{"rendered":"\t\t<div data-elementor-type=\"wp-page\" data-elementor-id=\"10959\" class=\"elementor elementor-10959 elementor-8\" data-elementor-post-type=\"page\">\n\t\t\t\t<div class=\"elementor-element elementor-element-b92f556 e-con-full e-flex wpr-particle-no wpr-jarallax-no wpr-parallax-no wpr-sticky-section-no wpr-equal-height-no e-con e-parent\" data-id=\"b92f556\" data-element_type=\"container\" data-e-type=\"container\" data-settings=\"{&quot;background_background&quot;:&quot;classic&quot;}\">\n\t\t\t\t<div class=\"elementor-element elementor-element-36bd9c5 elementor-widget elementor-widget-slider_revolution\" data-id=\"36bd9c5\" data-element_type=\"widget\" data-e-type=\"widget\" data-widget_type=\"slider_revolution.default\">\n\t\t\t\t<div class=\"elementor-widget-container\">\n\t\t\t\t\t\n\t\t<div class=\"wp-block-themepunch-revslider\">\n\t\t\t\t<p class=\"rs-p-wp-fix\"><\/p>\n\t\t\t\t<sr7-module data-alias=\"video-ho-11\" data-id=\"3\" id=\"SR7_3_1\" class=\"rs-ov-hidden\" data-version=\"6.7.29\">\n\t\t\t\t\t<sr7-adjuster><\/sr7-adjuster>\n\t\t\t\t\t<sr7-content>\n\t\t\t\t\t\t<sr7-slide id=\"SR7_3_1-5\" data-key=\"5\">\n\t\t\t\t\t\t\t<h3 id=\"SR7_3_1-5-1\" class=\"sr7-layer\">ACETAIA MARCHI<\/h3>\n\t\t\t\t\t\t\t<sr7-txt id=\"SR7_3_1-5-2\" class=\"sr7-layer\">Vinaigre Balsamique de Mod\u00e8ne :<br \/>\ndepuis 1910, notre histoire familiale.<\/sr7-txt>\n\t\t\t\t\t\t\t<a id=\"SR7_3_1-5-3\" class=\"sr7-layer\" href=\"https:\/\/www.acetaiamarchi.com\/fr\/experiences\/\" target=\"_self\">EXPERIENCE<\/a>\n\t\t\t\t\t\t\t<a id=\"SR7_3_1-5-4\" class=\"sr7-layer\" href=\"https:\/\/www.acetaiamarchi.com\/fr\/private-label\/\" target=\"_self\">PRIVATE LABEL<\/a>\n\t\t\t\t\t\t\t<a id=\"SR7_3_1-5-5\" class=\"sr7-layer\" href=\"https:\/\/www.acetaiamarchi.com\/fr\/boutique\/\" target=\"_self\">SHOP<\/a>\n\t\t\t\t\t\t\t<sr7-txt id=\"SR7_3_1-5-14\" class=\"sr7-layer\"><style>.menu-social ul{  display: flex;  justify-content: center;<br \/>\n  list-style: none!important;       list-style-type: none!important;     padding: 0;  margin: 0;}.menu-social ul li::marker{  content: none !important;}.menu-social li {  margin: 0 10px;    font-size: 24px;   }.menu-social a{color:#fff}<\/style><div class=\"menu-social\" style=\"width:200px\"><ul ><li ><a href=\"https:\/\/www.facebook.com\/AcetaiaMarchi\/\" class=\"social-menu-link cursor-init\" target=\"_blank\"><i class=\"fa-facebook-f\"><\/i><\/a><\/li><li ><a href=\"https:\/\/www.instagram.com\/acetaiamarchi\/\" target=\"_blank\"><i class=\"fa fa-instagram\"><\/i><\/a><\/li><li ><a href=\"https:\/\/www.linkedin.com\/company\/acetaiamarchi\/\" target=\"_blank\"><i class=\"fa fa-linkedin-square\"><\/i><\/a><\/li><\/ul><\/div><\/i><\/sr7-txt>\n\t\t\t\t\t\t<\/sr7-slide>\n\t\t\t\t\t\t<sr7-slide id=\"SR7_3_1-7\" data-key=\"7\">\n\t\t\t\t\t\t<\/sr7-slide>\n\t\t\t\t\t<\/sr7-content>\n\t\t\t\t<\/sr7-module>\n\t\t\t\t<script>\n\t\t\t\t\tSR7.PMH ??={}; SR7.PMH[\"SR7_3_1\"] = {cn:100,state:false,fn: function() { if (_tpt!==undefined && _tpt.prepareModuleHeight !== undefined) {  _tpt.prepareModuleHeight({id:\"SR7_3_1\",el:[1080,1080,768,960,720],type:'standard',shdw:'0',gh:[1080,1080,768,960,720],gw:[1920,1920,1024,778,480],vpt:['-100px&#039;,&#039;-100px&#039;,&#039;-100px&#039;,&#039;-100px&#039;,&#039;-100px'],size:{fullWidth:true, fullHeight:true},fho:'',mh:'0',onh:0,onw:0,bg:{color:'{\"orig\":\"transparent\",\"type\":\"solid\",\"string\":\"transparent\"}'}});   SR7.PMH[\"SR7_3_1\"].state=true;} else if(SR7.PMH[\"SR7_3_1\"].cn-->0)\tsetTimeout( SR7.PMH[\"SR7_3_1\"].fn,19);}};SR7.PMH[\"SR7_3_1\" ].fn();\n\t\t\t\t<\/script>\n<\/div>\n\n\t\t\t\t\t\t<\/div>\n\t\t\t\t<\/div>\n\t\t\t\t<\/div>\n\t\t<div class=\"elementor-element elementor-element-867f9a3 e-flex e-con-boxed wpr-particle-no wpr-jarallax-no wpr-parallax-no wpr-sticky-section-no wpr-equal-height-no e-con e-parent\" data-id=\"867f9a3\" data-element_type=\"container\" data-e-type=\"container\" id=\"visite-guidate\">\n\t\t\t\t\t<div class=\"e-con-inner\">\n\t\t<div class=\"elementor-element elementor-element-08486a0 e-con-full e-flex wpr-particle-no wpr-jarallax-no wpr-parallax-no wpr-sticky-section-no wpr-equal-height-no elementor-invisible e-con e-child\" data-id=\"08486a0\" data-element_type=\"container\" data-e-type=\"container\" data-settings=\"{&quot;animation&quot;:&quot;fadeInLeft&quot;}\">\n\t\t\t\t<div class=\"elementor-element elementor-element-aa88fd6 elementor-widget elementor-widget-heading\" data-id=\"aa88fd6\" data-element_type=\"widget\" data-e-type=\"widget\" data-widget_type=\"heading.default\">\n\t\t\t\t<div class=\"elementor-widget-container\">\n\t\t\t\t\t<h2 class=\"elementor-heading-title elementor-size-default\">Une exp\u00e9rience unique dans la cave \u00e0 vinaigre la plus renomm\u00e9e de Mod\u00e8ne<\/h2>\t\t\t\t<\/div>\n\t\t\t\t<\/div>\n\t\t\t\t<div class=\"elementor-element elementor-element-9f792d6 elementor-widget elementor-widget-text-editor\" data-id=\"9f792d6\" data-element_type=\"widget\" data-e-type=\"widget\" data-widget_type=\"text-editor.default\">\n\t\t\t\t<div class=\"elementor-widget-container\">\n\t\t\t\t\t\t\t\t\t<p>L&rsquo;un des objectifs que l&rsquo;Acetaia Marchi s&rsquo;est toujours fix\u00e9 est de diffuser la \u00ab\u00a0culture balsamique\u00a0\u00bb. C&rsquo;est donc avec grand plaisir que <strong>nous organisons des visites guid\u00e9es de<\/strong> notre Acetaia, des occasions pr\u00e9cieuses de s&rsquo;immerger dans un <strong>voyage sensoriel exclusif<\/strong> \u00e0 la d\u00e9couverte de l&rsquo;or noir de Mod\u00e8ne, de rencontrer directement nos consommateurs et d&rsquo;avoir une discussion ouverte et constructive. <\/p>\t\t\t\t\t\t\t\t<\/div>\n\t\t\t\t<\/div>\n\t\t\t\t<div class=\"elementor-element elementor-element-8245d3b elementor-widget elementor-widget-button\" data-id=\"8245d3b\" data-element_type=\"widget\" data-e-type=\"widget\" data-widget_type=\"button.default\">\n\t\t\t\t<div class=\"elementor-widget-container\">\n\t\t\t\t\t\t\t\t\t<div class=\"elementor-button-wrapper\">\n\t\t\t\t\t<a class=\"elementor-button elementor-button-link elementor-size-sm\" href=\"\/fr\/experience\/\">\n\t\t\t\t\t\t<span class=\"elementor-button-content-wrapper\">\n\t\t\t\t\t\t\t\t\t<span class=\"elementor-button-text\">En savoir plus<\/span>\n\t\t\t\t\t<\/span>\n\t\t\t\t\t<\/a>\n\t\t\t\t<\/div>\n\t\t\t\t\t\t\t\t<\/div>\n\t\t\t\t<\/div>\n\t\t\t\t<\/div>\n\t\t<div class=\"elementor-element elementor-element-4db46d8 e-con-full e-flex wpr-particle-no wpr-jarallax-no wpr-parallax-no wpr-sticky-section-no wpr-equal-height-no e-con e-child\" data-id=\"4db46d8\" data-element_type=\"container\" data-e-type=\"container\">\n\t\t<div class=\"elementor-element elementor-element-efb8a78 e-con-full e-flex wpr-particle-no wpr-jarallax-no wpr-parallax-no wpr-sticky-section-no wpr-equal-height-no e-con e-child\" data-id=\"efb8a78\" data-element_type=\"container\" data-e-type=\"container\" data-settings=\"{&quot;animation&quot;:&quot;none&quot;}\">\n\t\t\t\t<div class=\"elementor-element elementor-element-e8b1498 elementor-flip-box--effect-fade elementor-invisible elementor-widget elementor-widget-flip-box\" data-id=\"e8b1498\" data-element_type=\"widget\" data-e-type=\"widget\" data-settings=\"{&quot;_animation&quot;:&quot;fadeInRight&quot;}\" data-widget_type=\"flip-box.default\">\n\t\t\t\t<div class=\"elementor-widget-container\">\n\t\t\t\t\t\t\t<div class=\"elementor-flip-box\" tabindex=\"0\">\n\t\t\t<div class=\"elementor-flip-box__layer elementor-flip-box__front\">\n\t\t\t\t<div class=\"elementor-flip-box__layer__overlay\">\n\t\t\t\t\t<div class=\"elementor-flip-box__layer__inner\">\n\t\t\t\t\t\t\n\t\t\t\t\t\t\n\t\t\t\t\t\t\t\t\t\t\t<\/div>\n\t\t\t\t<\/div>\n\t\t\t<\/div>\n\t\t\t<a class=\"elementor-flip-box__layer elementor-flip-box__back\" href=\"https:\/\/www.acetaiamarchi.com\/visite-guidate\/la-tipica\/\">\n\t\t\t<div class=\"elementor-flip-box__layer__overlay\">\n\t\t\t\t<div class=\"elementor-flip-box__layer__inner\">\n\t\t\t\t\t\t\t\t\t\t\t<h3 class=\"elementor-flip-box__layer__title\">\n\t\t\t\t\t\t\tLE TYPIQUE\t\t\t\t\t\t<\/h3>\n\t\t\t\t\t\n\t\t\t\t\t\n\t\t\t\t\t\t\t\t<\/div>\n\t\t<\/div>\n\t\t<\/a>\n\t\t<\/div>\n\t\t\t\t\t\t<\/div>\n\t\t\t\t<\/div>\n\t\t\t\t<div class=\"elementor-element elementor-element-4b64208 elementor-flip-box--effect-fade elementor-invisible elementor-widget elementor-widget-flip-box\" data-id=\"4b64208\" data-element_type=\"widget\" data-e-type=\"widget\" data-settings=\"{&quot;_animation&quot;:&quot;fadeInRight&quot;}\" data-widget_type=\"flip-box.default\">\n\t\t\t\t<div class=\"elementor-widget-container\">\n\t\t\t\t\t\t\t<div class=\"elementor-flip-box\" tabindex=\"0\">\n\t\t\t<div class=\"elementor-flip-box__layer elementor-flip-box__front\">\n\t\t\t\t<div class=\"elementor-flip-box__layer__overlay\">\n\t\t\t\t\t<div class=\"elementor-flip-box__layer__inner\">\n\t\t\t\t\t\t\n\t\t\t\t\t\t\n\t\t\t\t\t\t\t\t\t\t\t<\/div>\n\t\t\t\t<\/div>\n\t\t\t<\/div>\n\t\t\t<a class=\"elementor-flip-box__layer elementor-flip-box__back\" href=\"https:\/\/www.acetaiamarchi.com\/visite-guidate\/personalizzata\/\">\n\t\t\t<div class=\"elementor-flip-box__layer__overlay\">\n\t\t\t\t<div class=\"elementor-flip-box__layer__inner\">\n\t\t\t\t\t\t\t\t\t\t\t<h3 class=\"elementor-flip-box__layer__title\">\n\t\t\t\t\t\t\tSUR MESURE\t\t\t\t\t\t<\/h3>\n\t\t\t\t\t\n\t\t\t\t\t\n\t\t\t\t\t\t\t\t<\/div>\n\t\t<\/div>\n\t\t<\/a>\n\t\t<\/div>\n\t\t\t\t\t\t<\/div>\n\t\t\t\t<\/div>\n\t\t\t\t<\/div>\n\t\t<div class=\"elementor-element elementor-element-350337a e-con-full e-flex wpr-particle-no wpr-jarallax-no wpr-parallax-no wpr-sticky-section-no wpr-equal-height-no elementor-invisible e-con e-child\" data-id=\"350337a\" data-element_type=\"container\" data-e-type=\"container\" data-settings=\"{&quot;animation&quot;:&quot;fadeInRight&quot;}\">\n\t\t\t\t<div class=\"elementor-element elementor-element-0384588 elementor-flip-box--effect-fade elementor-widget elementor-widget-flip-box\" data-id=\"0384588\" data-element_type=\"widget\" data-e-type=\"widget\" data-widget_type=\"flip-box.default\">\n\t\t\t\t<div class=\"elementor-widget-container\">\n\t\t\t\t\t\t\t<div class=\"elementor-flip-box\" tabindex=\"0\">\n\t\t\t<div class=\"elementor-flip-box__layer elementor-flip-box__front\">\n\t\t\t\t<div class=\"elementor-flip-box__layer__overlay\">\n\t\t\t\t\t<div class=\"elementor-flip-box__layer__inner\">\n\t\t\t\t\t\t\n\t\t\t\t\t\t\n\t\t\t\t\t\t\t\t\t\t\t<\/div>\n\t\t\t\t<\/div>\n\t\t\t<\/div>\n\t\t\t<a class=\"elementor-flip-box__layer elementor-flip-box__back\" href=\"https:\/\/www.acetaiamarchi.com\/visite-guidate\/gruppi-tour-operator-aziende\/\">\n\t\t\t<div class=\"elementor-flip-box__layer__overlay\">\n\t\t\t\t<div class=\"elementor-flip-box__layer__inner\">\n\t\t\t\t\t\t\t\t\t\t\t<h3 class=\"elementor-flip-box__layer__title\">\n\t\t\t\t\t\t\tGROUPES, VISITES ORGANIS\u00c9ES\t\t\t\t\t\t<\/h3>\n\t\t\t\t\t\n\t\t\t\t\t\n\t\t\t\t\t\t\t\t<\/div>\n\t\t<\/div>\n\t\t<\/a>\n\t\t<\/div>\n\t\t\t\t\t\t<\/div>\n\t\t\t\t<\/div>\n\t\t\t\t<\/div>\n\t\t\t\t<\/div>\n\t\t\t\t\t<\/div>\n\t\t\t\t<\/div>\n\t\t<div class=\"elementor-element elementor-element-301c255 e-con-full e-flex wpr-particle-no wpr-jarallax-no wpr-parallax-no wpr-sticky-section-no wpr-equal-height-no e-con e-parent\" data-id=\"301c255\" data-element_type=\"container\" data-e-type=\"container\" id=\"private-label\" data-settings=\"{&quot;background_background&quot;:&quot;classic&quot;}\">\n\t\t<div class=\"elementor-element elementor-element-2bbfe73 e-con-full e-flex wpr-particle-no wpr-jarallax-no wpr-parallax-no wpr-sticky-section-no wpr-equal-height-no elementor-invisible e-con e-child\" data-id=\"2bbfe73\" data-element_type=\"container\" data-e-type=\"container\" data-settings=\"{&quot;background_background&quot;:&quot;classic&quot;,&quot;animation&quot;:&quot;fadeInLeft&quot;}\">\n\t\t\t\t<div class=\"elementor-element elementor-element-e91cc7b elementor-widget elementor-widget-spacer\" data-id=\"e91cc7b\" data-element_type=\"widget\" data-e-type=\"widget\" data-widget_type=\"spacer.default\">\n\t\t\t\t<div class=\"elementor-widget-container\">\n\t\t\t\t\t\t\t<div class=\"elementor-spacer\">\n\t\t\t<div class=\"elementor-spacer-inner\"><\/div>\n\t\t<\/div>\n\t\t\t\t\t\t<\/div>\n\t\t\t\t<\/div>\n\t\t\t\t<\/div>\n\t\t<div class=\"elementor-element elementor-element-83972b3 e-con-full e-flex wpr-particle-no wpr-jarallax-no wpr-parallax-no wpr-sticky-section-no wpr-equal-height-no e-con e-child\" data-id=\"83972b3\" data-element_type=\"container\" data-e-type=\"container\">\n\t\t<div class=\"elementor-element elementor-element-7eecdb9 blocco-dx e-flex e-con-boxed wpr-particle-no wpr-jarallax-no wpr-parallax-no wpr-sticky-section-no wpr-equal-height-no elementor-invisible e-con e-child\" data-id=\"7eecdb9\" data-element_type=\"container\" data-e-type=\"container\" data-settings=\"{&quot;animation&quot;:&quot;fadeInRight&quot;}\">\n\t\t\t\t\t<div class=\"e-con-inner\">\n\t\t\t\t<div class=\"elementor-element elementor-element-0461cd9 elementor-widget elementor-widget-heading\" data-id=\"0461cd9\" data-element_type=\"widget\" data-e-type=\"widget\" data-widget_type=\"heading.default\">\n\t\t\t\t<div class=\"elementor-widget-container\">\n\t\t\t\t\t<h2 class=\"elementor-heading-title elementor-size-default\">Nos produits, votre marque<\/h2>\t\t\t\t<\/div>\n\t\t\t\t<\/div>\n\t\t\t\t<div class=\"elementor-element elementor-element-955df7e elementor-widget elementor-widget-text-editor\" data-id=\"955df7e\" data-element_type=\"widget\" data-e-type=\"widget\" data-widget_type=\"text-editor.default\">\n\t\t\t\t<div class=\"elementor-widget-container\">\n\t\t\t\t\t\t\t\t\t<p>Depuis des ann\u00e9es, notre Acetaia est synonyme de tradition, de passion et d&rsquo;artisanat, ce qui a fait de nous un symbole de qualit\u00e9 dans la production de <strong>vinaigre balsamique de Mod\u00e8ne et d&rsquo;assaisonnements personnalis\u00e9s<\/strong>.<\/p><p>Pour ceux qui souhaitent d\u00e9velopper leur propre marque, nous mettons \u00e0 leur disposition notre connaissance approfondie des mati\u00e8res premi\u00e8res et de leur fabrication.<\/p><p>Notre \u00e9quipe accompagnera le client tout au long du processus : une ligne directe avec les responsables des diff\u00e9rents d\u00e9partements sera mise \u00e0 votre disposition afin de garantir des normes de qualit\u00e9 \u00e9lev\u00e9es, des contr\u00f4les m\u00e9ticuleux \u00e0 chaque \u00e9tape de la production et un soutien total m\u00eame dans la phase d&rsquo;apr\u00e8s-vente.<\/p>\t\t\t\t\t\t\t\t<\/div>\n\t\t\t\t<\/div>\n\t\t\t\t<div class=\"elementor-element elementor-element-a9d2a0e elementor-widget elementor-widget-button\" data-id=\"a9d2a0e\" data-element_type=\"widget\" data-e-type=\"widget\" data-widget_type=\"button.default\">\n\t\t\t\t<div class=\"elementor-widget-container\">\n\t\t\t\t\t\t\t\t\t<div class=\"elementor-button-wrapper\">\n\t\t\t\t\t<a class=\"elementor-button elementor-button-link elementor-size-sm\" href=\"https:\/\/www.acetaiamarchi.com\/fr\/private-label\/\">\n\t\t\t\t\t\t<span class=\"elementor-button-content-wrapper\">\n\t\t\t\t\t\t\t\t\t<span class=\"elementor-button-text\">En savoir plus<\/span>\n\t\t\t\t\t<\/span>\n\t\t\t\t\t<\/a>\n\t\t\t\t<\/div>\n\t\t\t\t\t\t\t\t<\/div>\n\t\t\t\t<\/div>\n\t\t\t\t\t<\/div>\n\t\t\t\t<\/div>\n\t\t\t\t<\/div>\n\t\t\t\t<\/div>\n\t\t<div class=\"elementor-element elementor-element-1ffd5e2 e-con-full e-flex wpr-particle-no wpr-jarallax-no wpr-parallax-no wpr-sticky-section-no wpr-equal-height-no e-con e-parent\" data-id=\"1ffd5e2\" data-element_type=\"container\" data-e-type=\"container\" data-settings=\"{&quot;background_background&quot;:&quot;classic&quot;}\">\n\t\t<div class=\"elementor-element elementor-element-29a314a e-con-full e-flex wpr-particle-no wpr-jarallax-no wpr-parallax-no wpr-sticky-section-no wpr-equal-height-no e-con e-child\" data-id=\"29a314a\" data-element_type=\"container\" data-e-type=\"container\">\n\t\t<div class=\"elementor-element elementor-element-b6ec66c blocco-sx e-flex e-con-boxed wpr-particle-no wpr-jarallax-no wpr-parallax-no wpr-sticky-section-no wpr-equal-height-no elementor-invisible e-con e-child\" data-id=\"b6ec66c\" data-element_type=\"container\" data-e-type=\"container\" data-settings=\"{&quot;animation&quot;:&quot;fadeInLeft&quot;}\">\n\t\t\t\t\t<div class=\"e-con-inner\">\n\t\t\t\t<div class=\"elementor-element elementor-element-e991dee elementor-widget elementor-widget-heading\" data-id=\"e991dee\" data-element_type=\"widget\" data-e-type=\"widget\" data-widget_type=\"heading.default\">\n\t\t\t\t<div class=\"elementor-widget-container\">\n\t\t\t\t\t<h2 class=\"elementor-heading-title elementor-size-default\">Une histoire d'excellence<br>et de tradition<\/h2>\t\t\t\t<\/div>\n\t\t\t\t<\/div>\n\t\t\t\t<div class=\"elementor-element elementor-element-2c2df8e elementor-widget elementor-widget-text-editor\" data-id=\"2c2df8e\" data-element_type=\"widget\" data-e-type=\"widget\" data-widget_type=\"text-editor.default\">\n\t\t\t\t<div class=\"elementor-widget-container\">\n\t\t\t\t\t\t\t\t\t<p>Depuis plus d&rsquo;un si\u00e8cle, Acetaia Marchi produit du <strong>vinaigre balsamique traditionnel de Mod\u00e8ne AOP<\/strong> en suivant les r\u00e8gles de contr\u00f4le strictes avec un soin et une passion extr\u00eames. L&rsquo;exp\u00e9rience artisanale et le long vieillissement en f\u00fbts de diff\u00e9rents types de bois ont fait de nos produits l&rsquo;excellence absolue de la production italienne, un v\u00e9ritable synonyme de qualit\u00e9 et d&rsquo;unicit\u00e9. <\/p><p>C&rsquo;est pourquoi nous nous effor\u00e7ons chaque jour de r\u00e9pondre aux <strong>normes tr\u00e8s \u00e9lev\u00e9es<\/strong> auxquelles nos clients sont habitu\u00e9s, en mettant dans chaque produit que nous pr\u00e9parons le soin et l&rsquo;attention n\u00e9cessaires pour garantir \u00e0 tous les connaisseurs et amateurs de l&rsquo;<strong>or noir de Mod\u00e8ne<\/strong> que le meilleur de notre pr\u00e9cieuse terre.<\/p>\t\t\t\t\t\t\t\t<\/div>\n\t\t\t\t<\/div>\n\t\t\t\t<div class=\"elementor-element elementor-element-c6a4000 elementor-widget elementor-widget-button\" data-id=\"c6a4000\" data-element_type=\"widget\" data-e-type=\"widget\" data-widget_type=\"button.default\">\n\t\t\t\t<div class=\"elementor-widget-container\">\n\t\t\t\t\t\t\t\t\t<div class=\"elementor-button-wrapper\">\n\t\t\t\t\t<a class=\"elementor-button elementor-button-link elementor-size-sm\" href=\"https:\/\/www.acetaiamarchi.com\/fr\/private-label\/\">\n\t\t\t\t\t\t<span class=\"elementor-button-content-wrapper\">\n\t\t\t\t\t\t\t\t\t<span class=\"elementor-button-text\">En savoir plus<\/span>\n\t\t\t\t\t<\/span>\n\t\t\t\t\t<\/a>\n\t\t\t\t<\/div>\n\t\t\t\t\t\t\t\t<\/div>\n\t\t\t\t<\/div>\n\t\t\t\t\t<\/div>\n\t\t\t\t<\/div>\n\t\t\t\t<\/div>\n\t\t<div class=\"elementor-element elementor-element-861de40 e-con-full e-flex wpr-particle-no wpr-jarallax-no wpr-parallax-no wpr-sticky-section-no wpr-equal-height-no elementor-invisible e-con e-child\" data-id=\"861de40\" data-element_type=\"container\" data-e-type=\"container\" data-settings=\"{&quot;background_background&quot;:&quot;classic&quot;,&quot;animation&quot;:&quot;fadeInRight&quot;}\">\n\t\t\t\t<div class=\"elementor-element elementor-element-ff42c4c elementor-widget elementor-widget-spacer\" data-id=\"ff42c4c\" data-element_type=\"widget\" data-e-type=\"widget\" data-widget_type=\"spacer.default\">\n\t\t\t\t<div class=\"elementor-widget-container\">\n\t\t\t\t\t\t\t<div class=\"elementor-spacer\">\n\t\t\t<div class=\"elementor-spacer-inner\"><\/div>\n\t\t<\/div>\n\t\t\t\t\t\t<\/div>\n\t\t\t\t<\/div>\n\t\t\t\t<\/div>\n\t\t\t\t<\/div>\n\t\t<div class=\"elementor-element elementor-element-6c28674 animated-slow e-flex e-con-boxed wpr-particle-no wpr-jarallax-no wpr-parallax-no wpr-sticky-section-no wpr-equal-height-no elementor-invisible e-con e-parent\" data-id=\"6c28674\" data-element_type=\"container\" data-e-type=\"container\" data-settings=\"{&quot;background_background&quot;:&quot;classic&quot;,&quot;animation&quot;:&quot;fadeIn&quot;}\">\n\t\t\t\t\t<div class=\"e-con-inner\">\n\t\t\t\t<div class=\"elementor-element elementor-element-c7af856 animated-slow elementor-invisible elementor-widget elementor-widget-heading\" data-id=\"c7af856\" data-element_type=\"widget\" data-e-type=\"widget\" data-settings=\"{&quot;_animation&quot;:&quot;fadeIn&quot;}\" data-widget_type=\"heading.default\">\n\t\t\t\t<div class=\"elementor-widget-container\">\n\t\t\t\t\t<h2 class=\"elementor-heading-title elementor-size-default\">Depuis plus d'un si\u00e8cle, la passion et la tradition nous guident dans la production du vinaigre balsamique.<\/h2>\t\t\t\t<\/div>\n\t\t\t\t<\/div>\n\t\t\t\t\t<\/div>\n\t\t\t\t<\/div>\n\t\t<div class=\"elementor-element elementor-element-c5bf365 animated-slow e-flex e-con-boxed wpr-particle-no wpr-jarallax-no wpr-parallax-no wpr-sticky-section-no wpr-equal-height-no elementor-invisible e-con e-parent\" data-id=\"c5bf365\" data-element_type=\"container\" data-e-type=\"container\" data-settings=\"{&quot;animation&quot;:&quot;fadeIn&quot;}\">\n\t\t\t\t\t<div class=\"e-con-inner\">\n\t\t\t\t<div class=\"elementor-element elementor-element-941cd0a elementor-widget elementor-widget-heading\" data-id=\"941cd0a\" data-element_type=\"widget\" data-e-type=\"widget\" data-widget_type=\"heading.default\">\n\t\t\t\t<div class=\"elementor-widget-container\">\n\t\t\t\t\t<h2 class=\"elementor-heading-title elementor-size-default\">Nos lignes<\/h2>\t\t\t\t<\/div>\n\t\t\t\t<\/div>\n\t\t\t\t\t<\/div>\n\t\t\t\t<\/div>\n\t\t<div class=\"elementor-element elementor-element-e710975 animated-slow e-flex e-con-boxed wpr-particle-no wpr-jarallax-no wpr-parallax-no wpr-sticky-section-no wpr-equal-height-no elementor-invisible e-con e-parent\" data-id=\"e710975\" data-element_type=\"container\" data-e-type=\"container\" data-settings=\"{&quot;animation&quot;:&quot;fadeIn&quot;}\">\n\t\t\t\t\t<div class=\"e-con-inner\">\n\t\t\t\t<div class=\"elementor-element elementor-element-d4f554a elementor-widget__width-inherit elementor-arrows-position-inside elementor-widget elementor-widget-n-carousel\" data-id=\"d4f554a\" data-element_type=\"widget\" data-e-type=\"widget\" data-settings=\"{&quot;carousel_items&quot;:[{&quot;slide_title&quot;:&quot;I tradizionali&quot;,&quot;_id&quot;:&quot;c02f87f&quot;},{&quot;slide_title&quot;:&quot;4774&quot;,&quot;_id&quot;:&quot;9ced4c8&quot;},{&quot;slide_title&quot;:&quot;I sigilli&quot;,&quot;_id&quot;:&quot;a2987c4&quot;},{&quot;_id&quot;:&quot;71b131f&quot;,&quot;slide_title&quot;:&quot;I classici&quot;},{&quot;_id&quot;:&quot;286d91f&quot;,&quot;slide_title&quot;:&quot;Zeus&quot;},{&quot;_id&quot;:&quot;8ef36d5&quot;,&quot;slide_title&quot;:&quot;Bio&quot;},{&quot;_id&quot;:&quot;ac4bfa7&quot;,&quot;slide_title&quot;:&quot;Condimenti Balsamici&quot;},{&quot;_id&quot;:&quot;f491e24&quot;,&quot;slide_title&quot;:&quot;Creme&quot;},{&quot;_id&quot;:&quot;5cf34cb&quot;,&quot;slide_title&quot;:&quot;Le Bio Agrodolci&quot;},{&quot;_id&quot;:&quot;6b171b0&quot;,&quot;slide_title&quot;:&quot;Perle&quot;},{&quot;_id&quot;:&quot;df9dafc&quot;,&quot;slide_title&quot;:&quot;Confezioni regalo&quot;}],&quot;slides_to_show&quot;:&quot;4&quot;,&quot;image_spacing_custom&quot;:{&quot;unit&quot;:&quot;px&quot;,&quot;size&quot;:0,&quot;sizes&quot;:[]},&quot;slides_to_show_tablet&quot;:&quot;2&quot;,&quot;slides_to_show_mobile&quot;:&quot;1&quot;,&quot;infinite&quot;:&quot;yes&quot;,&quot;speed&quot;:500,&quot;offset_sides&quot;:&quot;none&quot;,&quot;arrows&quot;:&quot;yes&quot;,&quot;image_spacing_custom_tablet&quot;:{&quot;unit&quot;:&quot;px&quot;,&quot;size&quot;:&quot;&quot;,&quot;sizes&quot;:[]},&quot;image_spacing_custom_mobile&quot;:{&quot;unit&quot;:&quot;px&quot;,&quot;size&quot;:&quot;&quot;,&quot;sizes&quot;:[]}}\" data-widget_type=\"nested-carousel.default\">\n\t\t\t\t<div class=\"elementor-widget-container\">\n\t\t\t\t\t\t\t<div class=\"e-n-carousel swiper\" role=\"region\" aria-roledescription=\"carousel\" aria-label=\"Linee\" dir=\"ltr\">\n\t\t\t<div class=\"swiper-wrapper\" aria-live=\"polite\">\n\t\t\t\t\t\t\t\t\t\t<div class=\"swiper-slide\" data-slide=\"1\" role=\"group\" aria-roledescription=\"slide\" aria-label=\"1 of 11\">\n\t\t\t\t\t\t\t<div class=\"elementor-element elementor-element-1abbebe e-flex e-con-boxed wpr-particle-no wpr-jarallax-no wpr-parallax-no wpr-sticky-section-no wpr-equal-height-no e-con e-child\" data-id=\"1abbebe\" data-element_type=\"container\" data-e-type=\"container\">\n\t\t\t\t\t<div class=\"e-con-inner\">\n\t\t<div class=\"elementor-element elementor-element-8096bba e-con-full e-flex wpr-particle-no wpr-jarallax-no wpr-parallax-no wpr-sticky-section-no wpr-equal-height-no e-con e-child\" data-id=\"8096bba\" data-element_type=\"container\" data-e-type=\"container\">\n\t\t\t\t<div class=\"elementor-element elementor-element-c7dbb2f elementor-widget elementor-widget-image\" data-id=\"c7dbb2f\" data-element_type=\"widget\" data-e-type=\"widget\" data-widget_type=\"image.default\">\n\t\t\t\t<div class=\"elementor-widget-container\">\n\t\t\t\t\t\t\t\t\t\t\t\t\t\t\t\t<a href=\"https:\/\/www.acetaiamarchi.com\/fr\/les-gammes\/les-traditionnels\/\">\n\t\t\t\t\t\t\t<img fetchpriority=\"high\" decoding=\"async\" width=\"800\" height=\"800\" src=\"https:\/\/www.acetaiamarchi.com\/wp-content\/uploads\/2025\/03\/Aceto-Balsamico-Tradizionale-di-Modena-DOP-Extravecchio-Francesco-1024x1024.jpg\" class=\"attachment-large size-large wp-image-801\" alt=\"aceto balsamico tradizionale di modena dop extravecchio francesco\" srcset=\"https:\/\/www.acetaiamarchi.com\/wp-content\/uploads\/2025\/03\/Aceto-Balsamico-Tradizionale-di-Modena-DOP-Extravecchio-Francesco-1024x1024.jpg 1024w, https:\/\/www.acetaiamarchi.com\/wp-content\/uploads\/2025\/03\/Aceto-Balsamico-Tradizionale-di-Modena-DOP-Extravecchio-Francesco-300x300.jpg 300w, https:\/\/www.acetaiamarchi.com\/wp-content\/uploads\/2025\/03\/Aceto-Balsamico-Tradizionale-di-Modena-DOP-Extravecchio-Francesco-100x100.jpg 100w, https:\/\/www.acetaiamarchi.com\/wp-content\/uploads\/2025\/03\/Aceto-Balsamico-Tradizionale-di-Modena-DOP-Extravecchio-Francesco-600x600.jpg 600w, https:\/\/www.acetaiamarchi.com\/wp-content\/uploads\/2025\/03\/Aceto-Balsamico-Tradizionale-di-Modena-DOP-Extravecchio-Francesco-150x150.jpg 150w, https:\/\/www.acetaiamarchi.com\/wp-content\/uploads\/2025\/03\/Aceto-Balsamico-Tradizionale-di-Modena-DOP-Extravecchio-Francesco-768x768.jpg 768w, https:\/\/www.acetaiamarchi.com\/wp-content\/uploads\/2025\/03\/Aceto-Balsamico-Tradizionale-di-Modena-DOP-Extravecchio-Francesco-1536x1536.jpg 1536w, https:\/\/www.acetaiamarchi.com\/wp-content\/uploads\/2025\/03\/Aceto-Balsamico-Tradizionale-di-Modena-DOP-Extravecchio-Francesco.jpg 1600w\" sizes=\"(max-width: 800px) 100vw, 800px\" \/>\t\t\t\t\t\t\t\t<\/a>\n\t\t\t\t\t\t\t\t\t\t\t\t\t\t\t<\/div>\n\t\t\t\t<\/div>\n\t\t\t\t<div class=\"elementor-element elementor-element-ec19462 elementor-widget elementor-widget-heading\" data-id=\"ec19462\" data-element_type=\"widget\" data-e-type=\"widget\" data-widget_type=\"heading.default\">\n\t\t\t\t<div class=\"elementor-widget-container\">\n\t\t\t\t\t<h2 class=\"elementor-heading-title elementor-size-default\"><a href=\"https:\/\/www.acetaiamarchi.com\/fr\/les-gammes\/les-traditionnels\/\">Le traditionnel<\/a><\/h2>\t\t\t\t<\/div>\n\t\t\t\t<\/div>\n\t\t\t\t<\/div>\n\t\t\t\t\t<\/div>\n\t\t\t\t<\/div>\n\t\t\t\t\t\t\t\t<\/div>\n\t\t\t\t\t\t\t\t\t\t\t<div class=\"swiper-slide\" data-slide=\"2\" role=\"group\" aria-roledescription=\"slide\" aria-label=\"2 of 11\">\n\t\t\t\t\t\t\t<div class=\"elementor-element elementor-element-2ac03d3 e-flex e-con-boxed wpr-particle-no wpr-jarallax-no wpr-parallax-no wpr-sticky-section-no wpr-equal-height-no e-con e-child\" data-id=\"2ac03d3\" data-element_type=\"container\" data-e-type=\"container\">\n\t\t\t\t\t<div class=\"e-con-inner\">\n\t\t<div class=\"elementor-element elementor-element-fe0d1e0 e-con-full e-flex wpr-particle-no wpr-jarallax-no wpr-parallax-no wpr-sticky-section-no wpr-equal-height-no e-con e-child\" data-id=\"fe0d1e0\" data-element_type=\"container\" data-e-type=\"container\">\n\t\t\t\t<div class=\"elementor-element elementor-element-3a738e1 elementor-widget elementor-widget-image\" data-id=\"3a738e1\" data-element_type=\"widget\" data-e-type=\"widget\" data-widget_type=\"image.default\">\n\t\t\t\t<div class=\"elementor-widget-container\">\n\t\t\t\t\t\t\t\t\t\t\t\t\t\t\t\t<a href=\"https:\/\/www.acetaiamarchi.com\/fr\/les-gammes\/4774-di-padre-in-figlio-fr\/\">\n\t\t\t\t\t\t\t<img decoding=\"async\" width=\"800\" height=\"800\" src=\"https:\/\/www.acetaiamarchi.com\/wp-content\/uploads\/2025\/03\/4774-aceto-balsamico-di-modena-igp-vigneti-di-famiglia.jpg\" class=\"attachment-large size-large wp-image-2605\" alt=\"linea 4774 vigneti di famiglia - acetaia marchi - aceto balsamico di modena IGP\" srcset=\"https:\/\/www.acetaiamarchi.com\/wp-content\/uploads\/2025\/03\/4774-aceto-balsamico-di-modena-igp-vigneti-di-famiglia.jpg 1000w, https:\/\/www.acetaiamarchi.com\/wp-content\/uploads\/2025\/03\/4774-aceto-balsamico-di-modena-igp-vigneti-di-famiglia-300x300.jpg 300w, https:\/\/www.acetaiamarchi.com\/wp-content\/uploads\/2025\/03\/4774-aceto-balsamico-di-modena-igp-vigneti-di-famiglia-100x100.jpg 100w, https:\/\/www.acetaiamarchi.com\/wp-content\/uploads\/2025\/03\/4774-aceto-balsamico-di-modena-igp-vigneti-di-famiglia-600x600.jpg 600w, https:\/\/www.acetaiamarchi.com\/wp-content\/uploads\/2025\/03\/4774-aceto-balsamico-di-modena-igp-vigneti-di-famiglia-150x150.jpg 150w, https:\/\/www.acetaiamarchi.com\/wp-content\/uploads\/2025\/03\/4774-aceto-balsamico-di-modena-igp-vigneti-di-famiglia-768x768.jpg 768w\" sizes=\"(max-width: 800px) 100vw, 800px\" \/>\t\t\t\t\t\t\t\t<\/a>\n\t\t\t\t\t\t\t\t\t\t\t\t\t\t\t<\/div>\n\t\t\t\t<\/div>\n\t\t\t\t<div class=\"elementor-element elementor-element-456f23f elementor-widget elementor-widget-heading\" data-id=\"456f23f\" data-element_type=\"widget\" data-e-type=\"widget\" data-widget_type=\"heading.default\">\n\t\t\t\t<div class=\"elementor-widget-container\">\n\t\t\t\t\t<h2 class=\"elementor-heading-title elementor-size-default\"><a href=\"https:\/\/www.acetaiamarchi.com\/fr\/les-gammes\/4774-di-padre-in-figlio-fr\/\">4774 - Mo\u00fbts de nos vignobles<\/a><\/h2>\t\t\t\t<\/div>\n\t\t\t\t<\/div>\n\t\t\t\t<\/div>\n\t\t\t\t\t<\/div>\n\t\t\t\t<\/div>\n\t\t\t\t\t\t\t\t<\/div>\n\t\t\t\t\t\t\t\t\t\t\t<div class=\"swiper-slide\" data-slide=\"3\" role=\"group\" aria-roledescription=\"slide\" aria-label=\"3 of 11\">\n\t\t\t\t\t\t\t<div class=\"elementor-element elementor-element-c19e407 e-flex e-con-boxed wpr-particle-no wpr-jarallax-no wpr-parallax-no wpr-sticky-section-no wpr-equal-height-no e-con e-child\" data-id=\"c19e407\" data-element_type=\"container\" data-e-type=\"container\">\n\t\t\t\t\t<div class=\"e-con-inner\">\n\t\t<div class=\"elementor-element elementor-element-8c49182 e-con-full e-flex wpr-particle-no wpr-jarallax-no wpr-parallax-no wpr-sticky-section-no wpr-equal-height-no e-con e-child\" data-id=\"8c49182\" data-element_type=\"container\" data-e-type=\"container\">\n\t\t\t\t<div class=\"elementor-element elementor-element-d4f689b elementor-widget elementor-widget-image\" data-id=\"d4f689b\" data-element_type=\"widget\" data-e-type=\"widget\" data-widget_type=\"image.default\">\n\t\t\t\t<div class=\"elementor-widget-container\">\n\t\t\t\t\t\t\t\t\t\t\t\t\t\t\t\t<a href=\"https:\/\/www.acetaiamarchi.com\/fr\/les-gammes\/les-sceaux\/\">\n\t\t\t\t\t\t\t<img decoding=\"async\" width=\"800\" height=\"800\" src=\"https:\/\/www.acetaiamarchi.com\/wp-content\/uploads\/2025\/03\/Linea-Aceto-Balsamico-di-Modena-IGP-Acetaia-Marchi-Modena-1.jpg\" class=\"attachment-large size-large wp-image-2622\" alt=\"Linea I sigilli aceto balsmaico di modena IGP\" srcset=\"https:\/\/www.acetaiamarchi.com\/wp-content\/uploads\/2025\/03\/Linea-Aceto-Balsamico-di-Modena-IGP-Acetaia-Marchi-Modena-1.jpg 1000w, https:\/\/www.acetaiamarchi.com\/wp-content\/uploads\/2025\/03\/Linea-Aceto-Balsamico-di-Modena-IGP-Acetaia-Marchi-Modena-1-300x300.jpg 300w, https:\/\/www.acetaiamarchi.com\/wp-content\/uploads\/2025\/03\/Linea-Aceto-Balsamico-di-Modena-IGP-Acetaia-Marchi-Modena-1-100x100.jpg 100w, https:\/\/www.acetaiamarchi.com\/wp-content\/uploads\/2025\/03\/Linea-Aceto-Balsamico-di-Modena-IGP-Acetaia-Marchi-Modena-1-600x600.jpg 600w, https:\/\/www.acetaiamarchi.com\/wp-content\/uploads\/2025\/03\/Linea-Aceto-Balsamico-di-Modena-IGP-Acetaia-Marchi-Modena-1-150x150.jpg 150w, https:\/\/www.acetaiamarchi.com\/wp-content\/uploads\/2025\/03\/Linea-Aceto-Balsamico-di-Modena-IGP-Acetaia-Marchi-Modena-1-768x768.jpg 768w\" sizes=\"(max-width: 800px) 100vw, 800px\" \/>\t\t\t\t\t\t\t\t<\/a>\n\t\t\t\t\t\t\t\t\t\t\t\t\t\t\t<\/div>\n\t\t\t\t<\/div>\n\t\t\t\t<div class=\"elementor-element elementor-element-47e3868 elementor-widget elementor-widget-heading\" data-id=\"47e3868\" data-element_type=\"widget\" data-e-type=\"widget\" data-widget_type=\"heading.default\">\n\t\t\t\t<div class=\"elementor-widget-container\">\n\t\t\t\t\t<h2 class=\"elementor-heading-title elementor-size-default\"><a href=\"https:\/\/www.acetaiamarchi.com\/fr\/les-gammes\/les-sceaux\/\">Les scell\u00e9s<\/a><\/h2>\t\t\t\t<\/div>\n\t\t\t\t<\/div>\n\t\t\t\t<\/div>\n\t\t\t\t\t<\/div>\n\t\t\t\t<\/div>\n\t\t\t\t\t\t\t\t<\/div>\n\t\t\t\t\t\t\t\t\t\t\t<div class=\"swiper-slide\" data-slide=\"4\" role=\"group\" aria-roledescription=\"slide\" aria-label=\"4 of 11\">\n\t\t\t\t\t\t\t<div class=\"elementor-element elementor-element-e3eb0b6 e-flex e-con-boxed wpr-particle-no wpr-jarallax-no wpr-parallax-no wpr-sticky-section-no wpr-equal-height-no e-con e-child\" data-id=\"e3eb0b6\" data-element_type=\"container\" data-e-type=\"container\">\n\t\t\t\t\t<div class=\"e-con-inner\">\n\t\t<div class=\"elementor-element elementor-element-8afa696 e-con-full e-flex wpr-particle-no wpr-jarallax-no wpr-parallax-no wpr-sticky-section-no wpr-equal-height-no e-con e-child\" data-id=\"8afa696\" data-element_type=\"container\" data-e-type=\"container\">\n\t\t\t\t<div class=\"elementor-element elementor-element-b6d20a3 elementor-widget elementor-widget-image\" data-id=\"b6d20a3\" data-element_type=\"widget\" data-e-type=\"widget\" data-widget_type=\"image.default\">\n\t\t\t\t<div class=\"elementor-widget-container\">\n\t\t\t\t\t\t\t\t\t\t\t\t\t\t\t\t<a href=\"https:\/\/www.acetaiamarchi.com\/fr\/les-gammes\/les-classiques\/\">\n\t\t\t\t\t\t\t<img loading=\"lazy\" decoding=\"async\" width=\"800\" height=\"800\" src=\"https:\/\/www.acetaiamarchi.com\/wp-content\/uploads\/2025\/03\/I-classici.jpg\" class=\"attachment-large size-large wp-image-2613\" alt=\"aceto balsamico di modena IGP Linea I classici\" srcset=\"https:\/\/www.acetaiamarchi.com\/wp-content\/uploads\/2025\/03\/I-classici.jpg 1000w, https:\/\/www.acetaiamarchi.com\/wp-content\/uploads\/2025\/03\/I-classici-300x300.jpg 300w, https:\/\/www.acetaiamarchi.com\/wp-content\/uploads\/2025\/03\/I-classici-100x100.jpg 100w, https:\/\/www.acetaiamarchi.com\/wp-content\/uploads\/2025\/03\/I-classici-600x600.jpg 600w, https:\/\/www.acetaiamarchi.com\/wp-content\/uploads\/2025\/03\/I-classici-150x150.jpg 150w, https:\/\/www.acetaiamarchi.com\/wp-content\/uploads\/2025\/03\/I-classici-768x768.jpg 768w\" sizes=\"(max-width: 800px) 100vw, 800px\" \/>\t\t\t\t\t\t\t\t<\/a>\n\t\t\t\t\t\t\t\t\t\t\t\t\t\t\t<\/div>\n\t\t\t\t<\/div>\n\t\t\t\t<div class=\"elementor-element elementor-element-1a498c7 elementor-widget elementor-widget-heading\" data-id=\"1a498c7\" data-element_type=\"widget\" data-e-type=\"widget\" data-widget_type=\"heading.default\">\n\t\t\t\t<div class=\"elementor-widget-container\">\n\t\t\t\t\t<h2 class=\"elementor-heading-title elementor-size-default\"><a href=\"https:\/\/www.acetaiamarchi.com\/fr\/les-gammes\/les-classiques\/\">Les classiques<\/a><\/h2>\t\t\t\t<\/div>\n\t\t\t\t<\/div>\n\t\t\t\t<\/div>\n\t\t\t\t\t<\/div>\n\t\t\t\t<\/div>\n\t\t\t\t\t\t\t\t<\/div>\n\t\t\t\t\t\t\t\t\t\t\t<div class=\"swiper-slide\" data-slide=\"5\" role=\"group\" aria-roledescription=\"slide\" aria-label=\"5 of 11\">\n\t\t\t\t\t\t\t<div class=\"elementor-element elementor-element-ffdb3f1 e-flex e-con-boxed wpr-particle-no wpr-jarallax-no wpr-parallax-no wpr-sticky-section-no wpr-equal-height-no e-con e-child\" data-id=\"ffdb3f1\" data-element_type=\"container\" data-e-type=\"container\">\n\t\t\t\t\t<div class=\"e-con-inner\">\n\t\t<div class=\"elementor-element elementor-element-43a87a8 e-con-full e-flex wpr-particle-no wpr-jarallax-no wpr-parallax-no wpr-sticky-section-no wpr-equal-height-no e-con e-child\" data-id=\"43a87a8\" data-element_type=\"container\" data-e-type=\"container\">\n\t\t\t\t<div class=\"elementor-element elementor-element-fc9a3b2 elementor-widget elementor-widget-image\" data-id=\"fc9a3b2\" data-element_type=\"widget\" data-e-type=\"widget\" data-widget_type=\"image.default\">\n\t\t\t\t<div class=\"elementor-widget-container\">\n\t\t\t\t\t\t\t\t\t\t\t\t\t\t\t\t<a href=\"https:\/\/www.acetaiamarchi.com\/fr\/acetaia-marchi\/i-classici-2\/\">\n\t\t\t\t\t\t\t<img loading=\"lazy\" decoding=\"async\" width=\"800\" height=\"800\" src=\"https:\/\/www.acetaiamarchi.com\/wp-content\/uploads\/2025\/03\/linea-condimenti-balsamici-Acetaia-Marchi-Modena.jpg\" class=\"attachment-large size-large wp-image-350\" alt=\"linea condimenti balsamici Acetaia Marchi Modena\" srcset=\"https:\/\/www.acetaiamarchi.com\/wp-content\/uploads\/2025\/03\/linea-condimenti-balsamici-Acetaia-Marchi-Modena.jpg 1000w, https:\/\/www.acetaiamarchi.com\/wp-content\/uploads\/2025\/03\/linea-condimenti-balsamici-Acetaia-Marchi-Modena-300x300.jpg 300w, https:\/\/www.acetaiamarchi.com\/wp-content\/uploads\/2025\/03\/linea-condimenti-balsamici-Acetaia-Marchi-Modena-100x100.jpg 100w, https:\/\/www.acetaiamarchi.com\/wp-content\/uploads\/2025\/03\/linea-condimenti-balsamici-Acetaia-Marchi-Modena-600x600.jpg 600w, https:\/\/www.acetaiamarchi.com\/wp-content\/uploads\/2025\/03\/linea-condimenti-balsamici-Acetaia-Marchi-Modena-150x150.jpg 150w, https:\/\/www.acetaiamarchi.com\/wp-content\/uploads\/2025\/03\/linea-condimenti-balsamici-Acetaia-Marchi-Modena-768x768.jpg 768w\" sizes=\"(max-width: 800px) 100vw, 800px\" \/>\t\t\t\t\t\t\t\t<\/a>\n\t\t\t\t\t\t\t\t\t\t\t\t\t\t\t<\/div>\n\t\t\t\t<\/div>\n\t\t\t\t<div class=\"elementor-element elementor-element-d8fd496 elementor-widget elementor-widget-heading\" data-id=\"d8fd496\" data-element_type=\"widget\" data-e-type=\"widget\" data-widget_type=\"heading.default\">\n\t\t\t\t<div class=\"elementor-widget-container\">\n\t\t\t\t\t<h2 class=\"elementor-heading-title elementor-size-default\"><a href=\"https:\/\/www.acetaiamarchi.com\/fr\/les-gammes\/couleurs-dans-le-vignoble-condiments-aigres-doux\/\">Condiments aigres-doux<\/a><\/h2>\t\t\t\t<\/div>\n\t\t\t\t<\/div>\n\t\t\t\t<\/div>\n\t\t\t\t\t<\/div>\n\t\t\t\t<\/div>\n\t\t\t\t\t\t\t\t<\/div>\n\t\t\t\t\t\t\t\t\t\t\t<div class=\"swiper-slide\" data-slide=\"6\" role=\"group\" aria-roledescription=\"slide\" aria-label=\"6 of 11\">\n\t\t\t\t\t\t\t<div class=\"elementor-element elementor-element-5a18f0b e-flex e-con-boxed wpr-particle-no wpr-jarallax-no wpr-parallax-no wpr-sticky-section-no wpr-equal-height-no e-con e-child\" data-id=\"5a18f0b\" data-element_type=\"container\" data-e-type=\"container\">\n\t\t\t\t\t<div class=\"e-con-inner\">\n\t\t<div class=\"elementor-element elementor-element-c99227d e-con-full e-flex wpr-particle-no wpr-jarallax-no wpr-parallax-no wpr-sticky-section-no wpr-equal-height-no e-con e-child\" data-id=\"c99227d\" data-element_type=\"container\" data-e-type=\"container\">\n\t\t\t\t<div class=\"elementor-element elementor-element-0f157d7 elementor-widget elementor-widget-image\" data-id=\"0f157d7\" data-element_type=\"widget\" data-e-type=\"widget\" data-widget_type=\"image.default\">\n\t\t\t\t<div class=\"elementor-widget-container\">\n\t\t\t\t\t\t\t\t\t\t\t\t\t\t\t\t<a href=\"https:\/\/www.acetaiamarchi.com\/fr\/les-gammes\/bio-fr\/\">\n\t\t\t\t\t\t\t<img loading=\"lazy\" decoding=\"async\" width=\"800\" height=\"800\" src=\"https:\/\/www.acetaiamarchi.com\/wp-content\/uploads\/2025\/03\/BIO-CONDIMENTI-GRUPPO.jpg\" class=\"attachment-large size-large wp-image-2609\" alt=\"aceto balsamico di modena IGP biologico\" srcset=\"https:\/\/www.acetaiamarchi.com\/wp-content\/uploads\/2025\/03\/BIO-CONDIMENTI-GRUPPO.jpg 1000w, https:\/\/www.acetaiamarchi.com\/wp-content\/uploads\/2025\/03\/BIO-CONDIMENTI-GRUPPO-300x300.jpg 300w, https:\/\/www.acetaiamarchi.com\/wp-content\/uploads\/2025\/03\/BIO-CONDIMENTI-GRUPPO-100x100.jpg 100w, https:\/\/www.acetaiamarchi.com\/wp-content\/uploads\/2025\/03\/BIO-CONDIMENTI-GRUPPO-600x600.jpg 600w, https:\/\/www.acetaiamarchi.com\/wp-content\/uploads\/2025\/03\/BIO-CONDIMENTI-GRUPPO-150x150.jpg 150w, https:\/\/www.acetaiamarchi.com\/wp-content\/uploads\/2025\/03\/BIO-CONDIMENTI-GRUPPO-768x768.jpg 768w\" sizes=\"(max-width: 800px) 100vw, 800px\" \/>\t\t\t\t\t\t\t\t<\/a>\n\t\t\t\t\t\t\t\t\t\t\t\t\t\t\t<\/div>\n\t\t\t\t<\/div>\n\t\t\t\t<div class=\"elementor-element elementor-element-7ee06d1 elementor-widget elementor-widget-heading\" data-id=\"7ee06d1\" data-element_type=\"widget\" data-e-type=\"widget\" data-widget_type=\"heading.default\">\n\t\t\t\t<div class=\"elementor-widget-container\">\n\t\t\t\t\t<h2 class=\"elementor-heading-title elementor-size-default\"><a href=\"https:\/\/www.acetaiamarchi.com\/fr\/les-gammes\/bio-fr\/\">Bio<\/a><\/h2>\t\t\t\t<\/div>\n\t\t\t\t<\/div>\n\t\t\t\t<\/div>\n\t\t\t\t\t<\/div>\n\t\t\t\t<\/div>\n\t\t\t\t\t\t\t\t<\/div>\n\t\t\t\t\t\t\t\t\t\t\t<div class=\"swiper-slide\" data-slide=\"7\" role=\"group\" aria-roledescription=\"slide\" aria-label=\"7 of 11\">\n\t\t\t\t\t\t\t<div class=\"elementor-element elementor-element-8f8ab18 e-flex e-con-boxed wpr-particle-no wpr-jarallax-no wpr-parallax-no wpr-sticky-section-no wpr-equal-height-no e-con e-child\" data-id=\"8f8ab18\" data-element_type=\"container\" data-e-type=\"container\">\n\t\t\t\t\t<div class=\"e-con-inner\">\n\t\t<div class=\"elementor-element elementor-element-ece85bb e-con-full e-flex wpr-particle-no wpr-jarallax-no wpr-parallax-no wpr-sticky-section-no wpr-equal-height-no e-con e-child\" data-id=\"ece85bb\" data-element_type=\"container\" data-e-type=\"container\">\n\t\t\t\t<div class=\"elementor-element elementor-element-8451e60 elementor-widget elementor-widget-image\" data-id=\"8451e60\" data-element_type=\"widget\" data-e-type=\"widget\" data-widget_type=\"image.default\">\n\t\t\t\t<div class=\"elementor-widget-container\">\n\t\t\t\t\t\t\t\t\t\t\t\t\t\t\t\t<a href=\"https:\/\/www.acetaiamarchi.com\/fr\/les-gammes\/condiments-balsamiques-fr\/\">\n\t\t\t\t\t\t\t<img loading=\"lazy\" decoding=\"async\" width=\"800\" height=\"800\" src=\"https:\/\/www.acetaiamarchi.com\/wp-content\/uploads\/2025\/03\/Condimento-Balsamico-Leggendario-26-100ml-scatola-1024x1024.jpg\" class=\"attachment-large size-large wp-image-1076\" alt=\"Condimento Balsamico \u201cLeggendario 26\u201d\" srcset=\"https:\/\/www.acetaiamarchi.com\/wp-content\/uploads\/2025\/03\/Condimento-Balsamico-Leggendario-26-100ml-scatola-1024x1024.jpg 1024w, https:\/\/www.acetaiamarchi.com\/wp-content\/uploads\/2025\/03\/Condimento-Balsamico-Leggendario-26-100ml-scatola-300x300.jpg 300w, https:\/\/www.acetaiamarchi.com\/wp-content\/uploads\/2025\/03\/Condimento-Balsamico-Leggendario-26-100ml-scatola-100x100.jpg 100w, https:\/\/www.acetaiamarchi.com\/wp-content\/uploads\/2025\/03\/Condimento-Balsamico-Leggendario-26-100ml-scatola-600x600.jpg 600w, https:\/\/www.acetaiamarchi.com\/wp-content\/uploads\/2025\/03\/Condimento-Balsamico-Leggendario-26-100ml-scatola-150x150.jpg 150w, https:\/\/www.acetaiamarchi.com\/wp-content\/uploads\/2025\/03\/Condimento-Balsamico-Leggendario-26-100ml-scatola-768x768.jpg 768w, https:\/\/www.acetaiamarchi.com\/wp-content\/uploads\/2025\/03\/Condimento-Balsamico-Leggendario-26-100ml-scatola-1536x1536.jpg 1536w, https:\/\/www.acetaiamarchi.com\/wp-content\/uploads\/2025\/03\/Condimento-Balsamico-Leggendario-26-100ml-scatola.jpg 1600w\" sizes=\"(max-width: 800px) 100vw, 800px\" \/>\t\t\t\t\t\t\t\t<\/a>\n\t\t\t\t\t\t\t\t\t\t\t\t\t\t\t<\/div>\n\t\t\t\t<\/div>\n\t\t\t\t<div class=\"elementor-element elementor-element-d3503a5 elementor-widget elementor-widget-heading\" data-id=\"d3503a5\" data-element_type=\"widget\" data-e-type=\"widget\" data-widget_type=\"heading.default\">\n\t\t\t\t<div class=\"elementor-widget-container\">\n\t\t\t\t\t<h2 class=\"elementor-heading-title elementor-size-default\"><a href=\"https:\/\/www.acetaiamarchi.com\/fr\/les-gammes\/condiments-balsamiques-fr\/\">Condiments balsamiques<\/a><\/h2>\t\t\t\t<\/div>\n\t\t\t\t<\/div>\n\t\t\t\t<\/div>\n\t\t\t\t\t<\/div>\n\t\t\t\t<\/div>\n\t\t\t\t\t\t\t\t<\/div>\n\t\t\t\t\t\t\t\t\t\t\t<div class=\"swiper-slide\" data-slide=\"8\" role=\"group\" aria-roledescription=\"slide\" aria-label=\"8 of 11\">\n\t\t\t\t\t\t\t<div class=\"elementor-element elementor-element-f48795f e-flex e-con-boxed wpr-particle-no wpr-jarallax-no wpr-parallax-no wpr-sticky-section-no wpr-equal-height-no e-con e-child\" data-id=\"f48795f\" data-element_type=\"container\" data-e-type=\"container\">\n\t\t\t\t\t<div class=\"e-con-inner\">\n\t\t<div class=\"elementor-element elementor-element-71e73f8 e-con-full e-flex wpr-particle-no wpr-jarallax-no wpr-parallax-no wpr-sticky-section-no wpr-equal-height-no e-con e-child\" data-id=\"71e73f8\" data-element_type=\"container\" data-e-type=\"container\">\n\t\t\t\t<div class=\"elementor-element elementor-element-f4e6c05 elementor-widget elementor-widget-image\" data-id=\"f4e6c05\" data-element_type=\"widget\" data-e-type=\"widget\" data-widget_type=\"image.default\">\n\t\t\t\t<div class=\"elementor-widget-container\">\n\t\t\t\t\t\t\t\t\t\t\t\t\t\t\t\t<a href=\"https:\/\/www.acetaiamarchi.com\/fr\/les-gammes\/cremes\/\">\n\t\t\t\t\t\t\t<img loading=\"lazy\" decoding=\"async\" width=\"800\" height=\"800\" src=\"https:\/\/www.acetaiamarchi.com\/wp-content\/uploads\/2025\/03\/creme-aceto-balsamico-di-modena-igp.jpg\" class=\"attachment-large size-large wp-image-2626\" alt=\"Vendita creme all&#039;aceto balsamico di Modena IGP\" srcset=\"https:\/\/www.acetaiamarchi.com\/wp-content\/uploads\/2025\/03\/creme-aceto-balsamico-di-modena-igp.jpg 1000w, https:\/\/www.acetaiamarchi.com\/wp-content\/uploads\/2025\/03\/creme-aceto-balsamico-di-modena-igp-300x300.jpg 300w, https:\/\/www.acetaiamarchi.com\/wp-content\/uploads\/2025\/03\/creme-aceto-balsamico-di-modena-igp-100x100.jpg 100w, https:\/\/www.acetaiamarchi.com\/wp-content\/uploads\/2025\/03\/creme-aceto-balsamico-di-modena-igp-600x600.jpg 600w, https:\/\/www.acetaiamarchi.com\/wp-content\/uploads\/2025\/03\/creme-aceto-balsamico-di-modena-igp-150x150.jpg 150w, https:\/\/www.acetaiamarchi.com\/wp-content\/uploads\/2025\/03\/creme-aceto-balsamico-di-modena-igp-768x768.jpg 768w\" sizes=\"(max-width: 800px) 100vw, 800px\" \/>\t\t\t\t\t\t\t\t<\/a>\n\t\t\t\t\t\t\t\t\t\t\t\t\t\t\t<\/div>\n\t\t\t\t<\/div>\n\t\t\t\t<div class=\"elementor-element elementor-element-e520115 elementor-widget elementor-widget-heading\" data-id=\"e520115\" data-element_type=\"widget\" data-e-type=\"widget\" data-widget_type=\"heading.default\">\n\t\t\t\t<div class=\"elementor-widget-container\">\n\t\t\t\t\t<h2 class=\"elementor-heading-title elementor-size-default\"><a href=\"https:\/\/www.acetaiamarchi.com\/fr\/les-gammes\/cremes\/\">Cr\u00e8mes<\/a><\/h2>\t\t\t\t<\/div>\n\t\t\t\t<\/div>\n\t\t\t\t<\/div>\n\t\t\t\t\t<\/div>\n\t\t\t\t<\/div>\n\t\t\t\t\t\t\t\t<\/div>\n\t\t\t\t\t\t\t\t\t\t\t<div class=\"swiper-slide\" data-slide=\"9\" role=\"group\" aria-roledescription=\"slide\" aria-label=\"9 of 11\">\n\t\t\t\t\t\t\t<div class=\"elementor-element elementor-element-b54e483 e-flex e-con-boxed wpr-particle-no wpr-jarallax-no wpr-parallax-no wpr-sticky-section-no wpr-equal-height-no e-con e-child\" data-id=\"b54e483\" data-element_type=\"container\" data-e-type=\"container\">\n\t\t\t\t\t<div class=\"e-con-inner\">\n\t\t<div class=\"elementor-element elementor-element-ecd257e e-con-full e-flex wpr-particle-no wpr-jarallax-no wpr-parallax-no wpr-sticky-section-no wpr-equal-height-no e-con e-child\" data-id=\"ecd257e\" data-element_type=\"container\" data-e-type=\"container\">\n\t\t\t\t<div class=\"elementor-element elementor-element-009a62f elementor-widget elementor-widget-image\" data-id=\"009a62f\" data-element_type=\"widget\" data-e-type=\"widget\" data-widget_type=\"image.default\">\n\t\t\t\t<div class=\"elementor-widget-container\">\n\t\t\t\t\t\t\t\t\t\t\t\t\t\t\t\t<a href=\"https:\/\/www.acetaiamarchi.com\/fr\/les-gammes\/les-bio-agrodolci\/\">\n\t\t\t\t\t\t\t<img loading=\"lazy\" decoding=\"async\" width=\"800\" height=\"800\" src=\"https:\/\/www.acetaiamarchi.com\/wp-content\/uploads\/2025\/03\/Linea-confetture-e-salse-a-base-di-Aceto-Balsamico-di-Modena.jpg\" class=\"attachment-large size-large wp-image-354\" alt=\"linea confetture e salse a base di aceto balsamico di modena\" srcset=\"https:\/\/www.acetaiamarchi.com\/wp-content\/uploads\/2025\/03\/Linea-confetture-e-salse-a-base-di-Aceto-Balsamico-di-Modena.jpg 1000w, https:\/\/www.acetaiamarchi.com\/wp-content\/uploads\/2025\/03\/Linea-confetture-e-salse-a-base-di-Aceto-Balsamico-di-Modena-300x300.jpg 300w, https:\/\/www.acetaiamarchi.com\/wp-content\/uploads\/2025\/03\/Linea-confetture-e-salse-a-base-di-Aceto-Balsamico-di-Modena-100x100.jpg 100w, https:\/\/www.acetaiamarchi.com\/wp-content\/uploads\/2025\/03\/Linea-confetture-e-salse-a-base-di-Aceto-Balsamico-di-Modena-600x600.jpg 600w, https:\/\/www.acetaiamarchi.com\/wp-content\/uploads\/2025\/03\/Linea-confetture-e-salse-a-base-di-Aceto-Balsamico-di-Modena-150x150.jpg 150w, https:\/\/www.acetaiamarchi.com\/wp-content\/uploads\/2025\/03\/Linea-confetture-e-salse-a-base-di-Aceto-Balsamico-di-Modena-768x768.jpg 768w\" sizes=\"(max-width: 800px) 100vw, 800px\" \/>\t\t\t\t\t\t\t\t<\/a>\n\t\t\t\t\t\t\t\t\t\t\t\t\t\t\t<\/div>\n\t\t\t\t<\/div>\n\t\t\t\t<div class=\"elementor-element elementor-element-319eeaf elementor-widget elementor-widget-heading\" data-id=\"319eeaf\" data-element_type=\"widget\" data-e-type=\"widget\" data-widget_type=\"heading.default\">\n\t\t\t\t<div class=\"elementor-widget-container\">\n\t\t\t\t\t<h2 class=\"elementor-heading-title elementor-size-default\"><a href=\"https:\/\/www.acetaiamarchi.com\/fr\/les-gammes\/les-bio-agrodolci\/\">Le Bio Agrodolci<\/a><\/h2>\t\t\t\t<\/div>\n\t\t\t\t<\/div>\n\t\t\t\t<\/div>\n\t\t\t\t\t<\/div>\n\t\t\t\t<\/div>\n\t\t\t\t\t\t\t\t<\/div>\n\t\t\t\t\t\t\t\t\t\t\t<div class=\"swiper-slide\" data-slide=\"10\" role=\"group\" aria-roledescription=\"slide\" aria-label=\"10 of 11\">\n\t\t\t\t\t\t\t<div class=\"elementor-element elementor-element-57cd331 e-flex e-con-boxed wpr-particle-no wpr-jarallax-no wpr-parallax-no wpr-sticky-section-no wpr-equal-height-no e-con e-child\" data-id=\"57cd331\" data-element_type=\"container\" data-e-type=\"container\">\n\t\t\t\t\t<div class=\"e-con-inner\">\n\t\t<div class=\"elementor-element elementor-element-65987bb e-con-full e-flex wpr-particle-no wpr-jarallax-no wpr-parallax-no wpr-sticky-section-no wpr-equal-height-no e-con e-child\" data-id=\"65987bb\" data-element_type=\"container\" data-e-type=\"container\">\n\t\t\t\t<div class=\"elementor-element elementor-element-e50182f elementor-widget elementor-widget-image\" data-id=\"e50182f\" data-element_type=\"widget\" data-e-type=\"widget\" data-widget_type=\"image.default\">\n\t\t\t\t<div class=\"elementor-widget-container\">\n\t\t\t\t\t\t\t\t\t\t\t\t\t\t\t\t<a href=\"https:\/\/www.acetaiamarchi.com\/fr\/les-gammes\/perles\/\">\n\t\t\t\t\t\t\t<img loading=\"lazy\" decoding=\"async\" width=\"800\" height=\"800\" src=\"https:\/\/www.acetaiamarchi.com\/wp-content\/uploads\/2025\/03\/Perle.jpg\" class=\"attachment-large size-large wp-image-2630\" alt=\"perle acetaia marchi\" srcset=\"https:\/\/www.acetaiamarchi.com\/wp-content\/uploads\/2025\/03\/Perle.jpg 1000w, https:\/\/www.acetaiamarchi.com\/wp-content\/uploads\/2025\/03\/Perle-300x300.jpg 300w, https:\/\/www.acetaiamarchi.com\/wp-content\/uploads\/2025\/03\/Perle-100x100.jpg 100w, https:\/\/www.acetaiamarchi.com\/wp-content\/uploads\/2025\/03\/Perle-600x600.jpg 600w, https:\/\/www.acetaiamarchi.com\/wp-content\/uploads\/2025\/03\/Perle-150x150.jpg 150w, https:\/\/www.acetaiamarchi.com\/wp-content\/uploads\/2025\/03\/Perle-768x768.jpg 768w\" sizes=\"(max-width: 800px) 100vw, 800px\" \/>\t\t\t\t\t\t\t\t<\/a>\n\t\t\t\t\t\t\t\t\t\t\t\t\t\t\t<\/div>\n\t\t\t\t<\/div>\n\t\t\t\t<div class=\"elementor-element elementor-element-45468c4 elementor-widget elementor-widget-heading\" data-id=\"45468c4\" data-element_type=\"widget\" data-e-type=\"widget\" data-widget_type=\"heading.default\">\n\t\t\t\t<div class=\"elementor-widget-container\">\n\t\t\t\t\t<h2 class=\"elementor-heading-title elementor-size-default\"><a href=\"https:\/\/www.acetaiamarchi.com\/fr\/les-gammes\/perles\/\">Perles<\/a><\/h2>\t\t\t\t<\/div>\n\t\t\t\t<\/div>\n\t\t\t\t<\/div>\n\t\t\t\t\t<\/div>\n\t\t\t\t<\/div>\n\t\t\t\t\t\t\t\t<\/div>\n\t\t\t\t\t\t\t\t\t\t\t<div class=\"swiper-slide\" data-slide=\"11\" role=\"group\" aria-roledescription=\"slide\" aria-label=\"11 of 11\">\n\t\t\t\t\t\t\t<div class=\"elementor-element elementor-element-0d8ec90 e-flex e-con-boxed wpr-particle-no wpr-jarallax-no wpr-parallax-no wpr-sticky-section-no wpr-equal-height-no e-con e-child\" data-id=\"0d8ec90\" data-element_type=\"container\" data-e-type=\"container\">\n\t\t\t\t\t<div class=\"e-con-inner\">\n\t\t<div class=\"elementor-element elementor-element-e2af503 e-con-full e-flex wpr-particle-no wpr-jarallax-no wpr-parallax-no wpr-sticky-section-no wpr-equal-height-no e-con e-child\" data-id=\"e2af503\" data-element_type=\"container\" data-e-type=\"container\">\n\t\t\t\t<div class=\"elementor-element elementor-element-b9efd77 elementor-widget elementor-widget-image\" data-id=\"b9efd77\" data-element_type=\"widget\" data-e-type=\"widget\" data-widget_type=\"image.default\">\n\t\t\t\t<div class=\"elementor-widget-container\">\n\t\t\t\t\t\t\t\t\t\t\t\t\t\t\t\t<a href=\"https:\/\/www.acetaiamarchi.com\/fr\/les-gammes\/coffrets-cadeaux\/\">\n\t\t\t\t\t\t\t<img loading=\"lazy\" decoding=\"async\" width=\"800\" height=\"800\" src=\"https:\/\/www.acetaiamarchi.com\/wp-content\/uploads\/2025\/03\/Confezione-regalo-Parmigiano-Reggiano-e-Aceto-Balsamico-Tradizionale-di-Modena-DOP-1024x1024.jpg\" class=\"attachment-large size-large wp-image-2565\" alt=\"Confezione regalo Aceto Balsamico Tradizionale di Modena DOP e Parmigiano Reggiano\" srcset=\"https:\/\/www.acetaiamarchi.com\/wp-content\/uploads\/2025\/03\/Confezione-regalo-Parmigiano-Reggiano-e-Aceto-Balsamico-Tradizionale-di-Modena-DOP-1024x1024.jpg 1024w, https:\/\/www.acetaiamarchi.com\/wp-content\/uploads\/2025\/03\/Confezione-regalo-Parmigiano-Reggiano-e-Aceto-Balsamico-Tradizionale-di-Modena-DOP-300x300.jpg 300w, https:\/\/www.acetaiamarchi.com\/wp-content\/uploads\/2025\/03\/Confezione-regalo-Parmigiano-Reggiano-e-Aceto-Balsamico-Tradizionale-di-Modena-DOP-100x100.jpg 100w, https:\/\/www.acetaiamarchi.com\/wp-content\/uploads\/2025\/03\/Confezione-regalo-Parmigiano-Reggiano-e-Aceto-Balsamico-Tradizionale-di-Modena-DOP-600x600.jpg 600w, https:\/\/www.acetaiamarchi.com\/wp-content\/uploads\/2025\/03\/Confezione-regalo-Parmigiano-Reggiano-e-Aceto-Balsamico-Tradizionale-di-Modena-DOP-150x150.jpg 150w, https:\/\/www.acetaiamarchi.com\/wp-content\/uploads\/2025\/03\/Confezione-regalo-Parmigiano-Reggiano-e-Aceto-Balsamico-Tradizionale-di-Modena-DOP-768x768.jpg 768w, https:\/\/www.acetaiamarchi.com\/wp-content\/uploads\/2025\/03\/Confezione-regalo-Parmigiano-Reggiano-e-Aceto-Balsamico-Tradizionale-di-Modena-DOP-1536x1536.jpg 1536w, https:\/\/www.acetaiamarchi.com\/wp-content\/uploads\/2025\/03\/Confezione-regalo-Parmigiano-Reggiano-e-Aceto-Balsamico-Tradizionale-di-Modena-DOP.jpg 1600w\" sizes=\"(max-width: 800px) 100vw, 800px\" \/>\t\t\t\t\t\t\t\t<\/a>\n\t\t\t\t\t\t\t\t\t\t\t\t\t\t\t<\/div>\n\t\t\t\t<\/div>\n\t\t\t\t<div class=\"elementor-element elementor-element-4d17b6f elementor-widget elementor-widget-heading\" data-id=\"4d17b6f\" data-element_type=\"widget\" data-e-type=\"widget\" data-widget_type=\"heading.default\">\n\t\t\t\t<div class=\"elementor-widget-container\">\n\t\t\t\t\t<h2 class=\"elementor-heading-title elementor-size-default\"><a href=\"https:\/\/www.acetaiamarchi.com\/fr\/les-gammes\/coffrets-cadeaux\/\">Emballage cadeau<\/a><\/h2>\t\t\t\t<\/div>\n\t\t\t\t<\/div>\n\t\t\t\t<\/div>\n\t\t\t\t\t<\/div>\n\t\t\t\t<\/div>\n\t\t\t\t\t\t\t\t<\/div>\n\t\t\t\t\t\t\t\t<\/div>\n\t\t<\/div>\n\t\t\t\t\t<div class=\"elementor-swiper-button elementor-swiper-button-prev\" role=\"button\" tabindex=\"0\" aria-label=\"Previous\">\n\t\t\t\t<svg aria-hidden=\"true\" class=\"e-font-icon-svg e-eicon-chevron-left\" viewBox=\"0 0 1000 1000\" xmlns=\"http:\/\/www.w3.org\/2000\/svg\"><path d=\"M646 125C629 125 613 133 604 142L308 442C296 454 292 471 292 487 292 504 296 521 308 533L604 854C617 867 629 875 646 875 663 875 679 871 692 858 704 846 713 829 713 812 713 796 708 779 692 767L438 487 692 225C700 217 708 204 708 187 708 171 704 154 692 142 675 129 663 125 646 125Z\"><\/path><\/svg>\t\t\t<\/div>\n\t\t\t<div class=\"elementor-swiper-button elementor-swiper-button-next\" role=\"button\" tabindex=\"0\" aria-label=\"Next\">\n\t\t\t\t<svg aria-hidden=\"true\" class=\"e-font-icon-svg e-eicon-chevron-right\" viewBox=\"0 0 1000 1000\" xmlns=\"http:\/\/www.w3.org\/2000\/svg\"><path d=\"M696 533C708 521 713 504 713 487 713 471 708 454 696 446L400 146C388 133 375 125 354 125 338 125 325 129 313 142 300 154 292 171 292 187 292 204 296 221 308 233L563 492 304 771C292 783 288 800 288 817 288 833 296 850 308 863 321 871 338 875 354 875 371 875 388 867 400 854L696 533Z\"><\/path><\/svg>\t\t\t<\/div>\n\t\t\t\t\t\t<\/div>\n\t\t\t\t<\/div>\n\t\t\t\t\t<\/div>\n\t\t\t\t<\/div>\n\t\t<div class=\"elementor-element elementor-element-6cc3157 animated-slow e-flex e-con-boxed wpr-particle-no wpr-jarallax-no wpr-parallax-no wpr-sticky-section-no wpr-equal-height-no elementor-invisible e-con e-parent\" data-id=\"6cc3157\" data-element_type=\"container\" data-e-type=\"container\" data-settings=\"{&quot;background_background&quot;:&quot;classic&quot;,&quot;animation&quot;:&quot;fadeInUp&quot;}\">\n\t\t\t\t\t<div class=\"e-con-inner\">\n\t\t\t\t<div class=\"elementor-element elementor-element-509fbeb elementor-widget elementor-widget-heading\" data-id=\"509fbeb\" data-element_type=\"widget\" data-e-type=\"widget\" data-widget_type=\"heading.default\">\n\t\t\t\t<div class=\"elementor-widget-container\">\n\t\t\t\t\t<h2 class=\"elementor-heading-title elementor-size-default\">Magazine Acetaia Marchi<\/h2>\t\t\t\t<\/div>\n\t\t\t\t<\/div>\n\t\t\t\t<div class=\"elementor-element elementor-element-36ca557 elementor-grid-4 elementor-posts__hover-none elementor-grid-tablet-2 elementor-grid-mobile-1 elementor-posts--thumbnail-top elementor-card-shadow-yes elementor-widget elementor-widget-posts\" data-id=\"36ca557\" data-element_type=\"widget\" data-e-type=\"widget\" data-settings=\"{&quot;cards_columns&quot;:&quot;4&quot;,&quot;cards_row_gap&quot;:{&quot;unit&quot;:&quot;px&quot;,&quot;size&quot;:30,&quot;sizes&quot;:[]},&quot;cards_columns_tablet&quot;:&quot;2&quot;,&quot;cards_columns_mobile&quot;:&quot;1&quot;,&quot;cards_row_gap_tablet&quot;:{&quot;unit&quot;:&quot;px&quot;,&quot;size&quot;:&quot;&quot;,&quot;sizes&quot;:[]},&quot;cards_row_gap_mobile&quot;:{&quot;unit&quot;:&quot;px&quot;,&quot;size&quot;:&quot;&quot;,&quot;sizes&quot;:[]}}\" data-widget_type=\"posts.cards\">\n\t\t\t\t<div class=\"elementor-widget-container\">\n\t\t\t\t\t\t\t<div class=\"elementor-posts-container elementor-posts elementor-posts--skin-cards elementor-grid\" role=\"list\">\n\t\t\t\t<article class=\"elementor-post elementor-grid-item post-12218 post type-post status-publish format-standard has-post-thumbnail hentry category-conseils-sur-le-vinaigre-balsamique-de-modene category-tips-on-balsamic-vinegar-of-modena\" role=\"listitem\">\n\t\t\t<div class=\"elementor-post__card\">\n\t\t\t\t<a class=\"elementor-post__thumbnail__link\" href=\"https:\/\/www.acetaiamarchi.com\/fr\/comment-conserver-le-vinaigre-balsamique-de-modene-les-indications-pour-le-garder-inchange-dans-le-temps\/\" tabindex=\"-1\" ><div class=\"elementor-post__thumbnail\"><img loading=\"lazy\" decoding=\"async\" width=\"300\" height=\"205\" src=\"https:\/\/www.acetaiamarchi.com\/wp-content\/uploads\/2025\/03\/conservare-aceto-balsamico-di-modena-01-300x205.jpg\" class=\"attachment-medium size-medium wp-image-1649\" alt=\"preservazione aceto balsamico di modena\" srcset=\"https:\/\/www.acetaiamarchi.com\/wp-content\/uploads\/2025\/03\/conservare-aceto-balsamico-di-modena-01-300x205.jpg 300w, https:\/\/www.acetaiamarchi.com\/wp-content\/uploads\/2025\/03\/conservare-aceto-balsamico-di-modena-01-600x410.jpg 600w, https:\/\/www.acetaiamarchi.com\/wp-content\/uploads\/2025\/03\/conservare-aceto-balsamico-di-modena-01-1024x700.jpg 1024w, https:\/\/www.acetaiamarchi.com\/wp-content\/uploads\/2025\/03\/conservare-aceto-balsamico-di-modena-01-768x525.jpg 768w, https:\/\/www.acetaiamarchi.com\/wp-content\/uploads\/2025\/03\/conservare-aceto-balsamico-di-modena-01.jpg 1170w\" sizes=\"(max-width: 300px) 100vw, 300px\" \/><\/div><\/a>\n\t\t\t\t<div class=\"elementor-post__text\">\n\t\t\t\t<h3 class=\"elementor-post__title\">\n\t\t\t<a href=\"https:\/\/www.acetaiamarchi.com\/fr\/comment-conserver-le-vinaigre-balsamique-de-modene-les-indications-pour-le-garder-inchange-dans-le-temps\/\" >\n\t\t\t\tComment conserver le vinaigre balsamique de Mod\u00e8ne ? Les indications pour le garder inchang\u00e9 dans le temps.\t\t\t<\/a>\n\t\t<\/h3>\n\t\t\n\t\t<a class=\"elementor-post__read-more\" href=\"https:\/\/www.acetaiamarchi.com\/fr\/comment-conserver-le-vinaigre-balsamique-de-modene-les-indications-pour-le-garder-inchange-dans-le-temps\/\" aria-label=\"Read more about Comment conserver le vinaigre balsamique de Mod\u00e8ne ? Les indications pour le garder inchang\u00e9 dans le temps.\" tabindex=\"-1\" >\n\t\t\tLire l'article\t\t<\/a>\n\n\t\t\t\t<\/div>\n\t\t\t\t<div class=\"elementor-post__meta-data\">\n\t\t\t\t\t<span class=\"elementor-post-date\">\n\t\t\t21 novembre 2025\t\t<\/span>\n\t\t\t\t<\/div>\n\t\t\t\t\t<\/div>\n\t\t<\/article>\n\t\t\t\t<article class=\"elementor-post elementor-grid-item post-12214 post type-post status-publish format-standard has-post-thumbnail hentry category-tips-on-balsamic-vinegar-of-modena\" role=\"listitem\">\n\t\t\t<div class=\"elementor-post__card\">\n\t\t\t\t<a class=\"elementor-post__thumbnail__link\" href=\"https:\/\/www.acetaiamarchi.com\/fr\/comment-conserver-le-vinaigre-balsamique-de-modene-les-indications-pour-le-garder-inchange-dans-le-temps\/\" tabindex=\"-1\" ><div class=\"elementor-post__thumbnail\"><img loading=\"lazy\" decoding=\"async\" width=\"300\" height=\"205\" src=\"https:\/\/www.acetaiamarchi.com\/wp-content\/uploads\/2025\/03\/conservare-aceto-balsamico-di-modena-01-300x205.jpg\" class=\"attachment-medium size-medium wp-image-1649\" alt=\"preservazione aceto balsamico di modena\" srcset=\"https:\/\/www.acetaiamarchi.com\/wp-content\/uploads\/2025\/03\/conservare-aceto-balsamico-di-modena-01-300x205.jpg 300w, https:\/\/www.acetaiamarchi.com\/wp-content\/uploads\/2025\/03\/conservare-aceto-balsamico-di-modena-01-600x410.jpg 600w, https:\/\/www.acetaiamarchi.com\/wp-content\/uploads\/2025\/03\/conservare-aceto-balsamico-di-modena-01-1024x700.jpg 1024w, https:\/\/www.acetaiamarchi.com\/wp-content\/uploads\/2025\/03\/conservare-aceto-balsamico-di-modena-01-768x525.jpg 768w, https:\/\/www.acetaiamarchi.com\/wp-content\/uploads\/2025\/03\/conservare-aceto-balsamico-di-modena-01.jpg 1170w\" sizes=\"(max-width: 300px) 100vw, 300px\" \/><\/div><\/a>\n\t\t\t\t<div class=\"elementor-post__text\">\n\t\t\t\t<h3 class=\"elementor-post__title\">\n\t\t\t<a href=\"https:\/\/www.acetaiamarchi.com\/fr\/comment-conserver-le-vinaigre-balsamique-de-modene-les-indications-pour-le-garder-inchange-dans-le-temps\/\" >\n\t\t\t\tComment conserver le vinaigre balsamique de Mod\u00e8ne ? Les indications pour le garder inchang\u00e9 dans le temps.\t\t\t<\/a>\n\t\t<\/h3>\n\t\t\n\t\t<a class=\"elementor-post__read-more\" href=\"https:\/\/www.acetaiamarchi.com\/fr\/comment-conserver-le-vinaigre-balsamique-de-modene-les-indications-pour-le-garder-inchange-dans-le-temps\/\" aria-label=\"Read more about Comment conserver le vinaigre balsamique de Mod\u00e8ne ? Les indications pour le garder inchang\u00e9 dans le temps.\" tabindex=\"-1\" >\n\t\t\tLire l'article\t\t<\/a>\n\n\t\t\t\t<\/div>\n\t\t\t\t<div class=\"elementor-post__meta-data\">\n\t\t\t\t\t<span class=\"elementor-post-date\">\n\t\t\t21 novembre 2025\t\t<\/span>\n\t\t\t\t<\/div>\n\t\t\t\t\t<\/div>\n\t\t<\/article>\n\t\t\t\t<article class=\"elementor-post elementor-grid-item post-9985 post type-post status-publish format-standard has-post-thumbnail hentry category-evenements\" role=\"listitem\">\n\t\t\t<div class=\"elementor-post__card\">\n\t\t\t\t<a class=\"elementor-post__thumbnail__link\" href=\"https:\/\/www.acetaiamarchi.com\/fr\/visite-guidee-de-la-cave-a-vinaigre-un-voyage-dans-la-tradition-du-vinaigre-balsamique\/\" tabindex=\"-1\" ><div class=\"elementor-post__thumbnail\"><img loading=\"lazy\" decoding=\"async\" width=\"300\" height=\"205\" src=\"https:\/\/www.acetaiamarchi.com\/wp-content\/uploads\/2025\/03\/visita-guidata-in-acetaia-300x205.jpg\" class=\"attachment-medium size-medium wp-image-1639\" alt=\"\" srcset=\"https:\/\/www.acetaiamarchi.com\/wp-content\/uploads\/2025\/03\/visita-guidata-in-acetaia-300x205.jpg 300w, https:\/\/www.acetaiamarchi.com\/wp-content\/uploads\/2025\/03\/visita-guidata-in-acetaia-600x410.jpg 600w, https:\/\/www.acetaiamarchi.com\/wp-content\/uploads\/2025\/03\/visita-guidata-in-acetaia-1024x700.jpg 1024w, https:\/\/www.acetaiamarchi.com\/wp-content\/uploads\/2025\/03\/visita-guidata-in-acetaia-768x525.jpg 768w, https:\/\/www.acetaiamarchi.com\/wp-content\/uploads\/2025\/03\/visita-guidata-in-acetaia.jpg 1170w\" sizes=\"(max-width: 300px) 100vw, 300px\" \/><\/div><\/a>\n\t\t\t\t<div class=\"elementor-post__text\">\n\t\t\t\t<h3 class=\"elementor-post__title\">\n\t\t\t<a href=\"https:\/\/www.acetaiamarchi.com\/fr\/visite-guidee-de-la-cave-a-vinaigre-un-voyage-dans-la-tradition-du-vinaigre-balsamique\/\" >\n\t\t\t\tVisite guid\u00e9e de la cave \u00e0 vinaigre : un voyage dans la tradition du vinaigre balsamique\t\t\t<\/a>\n\t\t<\/h3>\n\t\t\n\t\t<a class=\"elementor-post__read-more\" href=\"https:\/\/www.acetaiamarchi.com\/fr\/visite-guidee-de-la-cave-a-vinaigre-un-voyage-dans-la-tradition-du-vinaigre-balsamique\/\" aria-label=\"Read more about Visite guid\u00e9e de la cave \u00e0 vinaigre : un voyage dans la tradition du vinaigre balsamique\" tabindex=\"-1\" >\n\t\t\tLire l'article\t\t<\/a>\n\n\t\t\t\t<\/div>\n\t\t\t\t<div class=\"elementor-post__meta-data\">\n\t\t\t\t\t<span class=\"elementor-post-date\">\n\t\t\t14 mai 2025\t\t<\/span>\n\t\t\t\t<\/div>\n\t\t\t\t\t<\/div>\n\t\t<\/article>\n\t\t\t\t<article class=\"elementor-post elementor-grid-item post-9987 post type-post status-publish format-standard has-post-thumbnail hentry category-vinaigre-balsamique-de-modene-igp\" role=\"listitem\">\n\t\t\t<div class=\"elementor-post__card\">\n\t\t\t\t<a class=\"elementor-post__thumbnail__link\" href=\"https:\/\/www.acetaiamarchi.com\/fr\/vinaigre-balsamique-de-modene-et-nouvelle-categorie-riserva\/\" tabindex=\"-1\" ><div class=\"elementor-post__thumbnail\"><img loading=\"lazy\" decoding=\"async\" width=\"300\" height=\"205\" src=\"https:\/\/www.acetaiamarchi.com\/wp-content\/uploads\/2025\/04\/L-Aceto-Balsamico-di-Modena-e-la-nuova-categoria-Riserva-300x205.jpg\" class=\"attachment-medium size-medium wp-image-14847\" alt=\"\" srcset=\"https:\/\/www.acetaiamarchi.com\/wp-content\/uploads\/2025\/04\/L-Aceto-Balsamico-di-Modena-e-la-nuova-categoria-Riserva-300x205.jpg 300w, https:\/\/www.acetaiamarchi.com\/wp-content\/uploads\/2025\/04\/L-Aceto-Balsamico-di-Modena-e-la-nuova-categoria-Riserva-1024x700.jpg 1024w, https:\/\/www.acetaiamarchi.com\/wp-content\/uploads\/2025\/04\/L-Aceto-Balsamico-di-Modena-e-la-nuova-categoria-Riserva-768x525.jpg 768w, https:\/\/www.acetaiamarchi.com\/wp-content\/uploads\/2025\/04\/L-Aceto-Balsamico-di-Modena-e-la-nuova-categoria-Riserva-600x410.jpg 600w, https:\/\/www.acetaiamarchi.com\/wp-content\/uploads\/2025\/04\/L-Aceto-Balsamico-di-Modena-e-la-nuova-categoria-Riserva.jpg 1170w\" sizes=\"(max-width: 300px) 100vw, 300px\" \/><\/div><\/a>\n\t\t\t\t<div class=\"elementor-post__text\">\n\t\t\t\t<h3 class=\"elementor-post__title\">\n\t\t\t<a href=\"https:\/\/www.acetaiamarchi.com\/fr\/vinaigre-balsamique-de-modene-et-nouvelle-categorie-riserva\/\" >\n\t\t\t\tVinaigre balsamique de Mod\u00e8ne et nouvelle cat\u00e9gorie \u00ab\u00a0Riserva\t\t\t<\/a>\n\t\t<\/h3>\n\t\t\n\t\t<a class=\"elementor-post__read-more\" href=\"https:\/\/www.acetaiamarchi.com\/fr\/vinaigre-balsamique-de-modene-et-nouvelle-categorie-riserva\/\" aria-label=\"Read more about Vinaigre balsamique de Mod\u00e8ne et nouvelle cat\u00e9gorie \u00ab\u00a0Riserva\" tabindex=\"-1\" >\n\t\t\tLire l'article\t\t<\/a>\n\n\t\t\t\t<\/div>\n\t\t\t\t<div class=\"elementor-post__meta-data\">\n\t\t\t\t\t<span class=\"elementor-post-date\">\n\t\t\t22 avril 2025\t\t<\/span>\n\t\t\t\t<\/div>\n\t\t\t\t\t<\/div>\n\t\t<\/article>\n\t\t\t\t<\/div>\n\t\t\n\t\t\t\t\t\t<\/div>\n\t\t\t\t<\/div>\n\t\t\t\t<div class=\"elementor-element elementor-element-a451489 elementor-align-center elementor-widget elementor-widget-button\" data-id=\"a451489\" data-element_type=\"widget\" data-e-type=\"widget\" data-widget_type=\"button.default\">\n\t\t\t\t<div class=\"elementor-widget-container\">\n\t\t\t\t\t\t\t\t\t<div class=\"elementor-button-wrapper\">\n\t\t\t\t\t<a class=\"elementor-button elementor-button-link elementor-size-sm\" href=\"\/fr\/blog\/\">\n\t\t\t\t\t\t<span class=\"elementor-button-content-wrapper\">\n\t\t\t\t\t\t\t\t\t<span class=\"elementor-button-text\">Aller au magazine<\/span>\n\t\t\t\t\t<\/span>\n\t\t\t\t\t<\/a>\n\t\t\t\t<\/div>\n\t\t\t\t\t\t\t\t<\/div>\n\t\t\t\t<\/div>\n\t\t\t\t\t<\/div>\n\t\t\t\t<\/div>\n\t\t\t\t<\/div>\n\t\t","protected":false},"excerpt":{"rendered":"<p>Une exp\u00e9rience unique dans la cave \u00e0 vinaigre la plus renomm\u00e9e de Mod\u00e8ne L&rsquo;un des objectifs que l&rsquo;Acetaia Marchi s&rsquo;est toujours fix\u00e9 est de diffuser la \u00ab\u00a0culture balsamique\u00a0\u00bb. C&rsquo;est donc avec grand plaisir que nous organisons des visites guid\u00e9es de notre Acetaia, des occasions pr\u00e9cieuses de s&rsquo;immerger dans un voyage sensoriel exclusif \u00e0 la d\u00e9couverte de l&rsquo;or noir de Mod\u00e8ne, de rencontrer directement nos consommateurs et d&rsquo;avoir une discussion ouverte et constructive. En savoir plus LE TYPIQUE SUR MESURE GROUPES, VISITES ORGANIS\u00c9ES Nos produits, votre marque Depuis des ann\u00e9es, notre Acetaia est synonyme de tradition, de passion et d&rsquo;artisanat, ce qui a fait de nous un symbole de qualit\u00e9 dans la production de vinaigre balsamique de Mod\u00e8ne et d&rsquo;assaisonnements personnalis\u00e9s. Pour ceux qui souhaitent d\u00e9velopper leur propre marque, nous mettons \u00e0 leur disposition notre connaissance approfondie des mati\u00e8res premi\u00e8res et de leur fabrication. Notre \u00e9quipe accompagnera le client tout au long du processus : une ligne directe avec les responsables des diff\u00e9rents d\u00e9partements sera mise \u00e0 votre disposition afin de garantir des normes de qualit\u00e9 \u00e9lev\u00e9es, des contr\u00f4les m\u00e9ticuleux \u00e0 chaque \u00e9tape de la production et un soutien total m\u00eame dans la phase d&rsquo;apr\u00e8s-vente. En savoir plus Une histoire d&rsquo;excellenceet de tradition Depuis plus d&rsquo;un si\u00e8cle, Acetaia Marchi produit du vinaigre balsamique traditionnel de Mod\u00e8ne AOP en suivant les r\u00e8gles de contr\u00f4le strictes avec un soin et une passion extr\u00eames. L&rsquo;exp\u00e9rience artisanale et le long vieillissement en f\u00fbts de diff\u00e9rents types de bois ont fait de nos produits l&rsquo;excellence absolue de la production italienne, un v\u00e9ritable synonyme de qualit\u00e9 et d&rsquo;unicit\u00e9. C&rsquo;est pourquoi nous nous effor\u00e7ons chaque jour de r\u00e9pondre aux normes tr\u00e8s \u00e9lev\u00e9es auxquelles nos clients sont habitu\u00e9s, en mettant dans chaque produit que nous pr\u00e9parons le soin et l&rsquo;attention n\u00e9cessaires pour garantir \u00e0 tous les connaisseurs et amateurs de l&rsquo;or noir de Mod\u00e8ne que le meilleur de notre pr\u00e9cieuse terre. En savoir plus Depuis plus d&rsquo;un si\u00e8cle, la passion et la tradition nous guident dans la production du vinaigre balsamique. Nos lignes Le traditionnel 4774 &#8211; Mo\u00fbts de nos vignobles Les scell\u00e9s Les classiques Condiments aigres-doux Bio Condiments balsamiques Cr\u00e8mes Le Bio Agrodolci Perles Emballage cadeau Le traditionnel 4774 &#8211; Mo\u00fbts de nos vignobles Les scell\u00e9s Les classiques Condiments aigres-doux Bio Condiments balsamiques Cr\u00e8mes Le Bio Agrodolci Perles Emballage cadeau Magazine Acetaia Marchi Aller au magazine<\/p>\n","protected":false},"author":3,"featured_media":6141,"parent":0,"menu_order":0,"comment_status":"closed","ping_status":"closed","template":"elementor_header_footer","meta":{"footnotes":""},"class_list":["post-10959","page","type-page","status-publish","has-post-thumbnail","hentry"],"yoast_head":"<!-- This site is optimized with the Yoast SEO plugin v27.4 - https:\/\/yoast.com\/product\/yoast-seo-wordpress\/ -->\n<title>Acetaia Marchi | Vinaigre balsamique traditionnel de Mod\u00e8ne D.O.P.<\/title>\n<meta name=\"description\" content=\"Depuis plus d&#039;un si\u00e8cle, Acetaia Marchi produit du vinaigre balsamique traditionnel de Mod\u00e8ne D.O.P., une excellence de la production italienne.\" \/>\n<meta name=\"robots\" content=\"index, follow, max-snippet:-1, max-image-preview:large, max-video-preview:-1\" \/>\n<link rel=\"canonical\" href=\"https:\/\/www.acetaiamarchi.com\/fr\/\" \/>\n<meta property=\"og:locale\" content=\"fr_FR\" \/>\n<meta property=\"og:type\" content=\"article\" \/>\n<meta property=\"og:title\" content=\"Acetaia Marchi | Vinaigre balsamique traditionnel de Mod\u00e8ne D.O.P.\" \/>\n<meta property=\"og:description\" content=\"Depuis plus d&#039;un si\u00e8cle, Acetaia Marchi produit du vinaigre balsamique traditionnel de Mod\u00e8ne D.O.P., une excellence de la production italienne.\" \/>\n<meta property=\"og:url\" content=\"https:\/\/www.acetaiamarchi.com\/fr\/\" \/>\n<meta property=\"og:site_name\" content=\"Acetaia Marchi\" \/>\n<meta property=\"article:modified_time\" content=\"2026-04-07T08:18:57+00:00\" \/>\n<meta property=\"og:image\" content=\"https:\/\/www.acetaiamarchi.com\/wp-content\/uploads\/2025\/02\/acetaia-marchi-la-bottega-del-balsamico-aceto-tradizionale-di-modena.jpg\" \/>\n\t<meta property=\"og:image:width\" content=\"1920\" \/>\n\t<meta property=\"og:image:height\" content=\"806\" \/>\n\t<meta property=\"og:image:type\" content=\"image\/jpeg\" \/>\n<meta name=\"twitter:card\" content=\"summary_large_image\" \/>\n<meta name=\"twitter:label1\" content=\"Dur\u00e9e de lecture estim\u00e9e\" \/>\n\t<meta name=\"twitter:data1\" content=\"8 minutes\" \/>\n<script type=\"application\/ld+json\" class=\"yoast-schema-graph\">{\"@context\":\"https:\\\/\\\/schema.org\",\"@graph\":[{\"@type\":\"WebPage\",\"@id\":\"https:\\\/\\\/www.acetaiamarchi.com\\\/fr\\\/\",\"url\":\"https:\\\/\\\/www.acetaiamarchi.com\\\/fr\\\/\",\"name\":\"Acetaia Marchi | Vinaigre balsamique traditionnel de Mod\u00e8ne D.O.P.\",\"isPartOf\":{\"@id\":\"https:\\\/\\\/www.acetaiamarchi.com\\\/fr\\\/#website\"},\"primaryImageOfPage\":{\"@id\":\"https:\\\/\\\/www.acetaiamarchi.com\\\/fr\\\/#primaryimage\"},\"image\":{\"@id\":\"https:\\\/\\\/www.acetaiamarchi.com\\\/fr\\\/#primaryimage\"},\"thumbnailUrl\":\"https:\\\/\\\/www.acetaiamarchi.com\\\/wp-content\\\/uploads\\\/2025\\\/02\\\/acetaia-marchi-la-bottega-del-balsamico-aceto-tradizionale-di-modena.jpg\",\"datePublished\":\"2025-02-24T11:07:54+00:00\",\"dateModified\":\"2026-04-07T08:18:57+00:00\",\"description\":\"Depuis plus d'un si\u00e8cle, Acetaia Marchi produit du vinaigre balsamique traditionnel de Mod\u00e8ne D.O.P., une excellence de la production italienne.\",\"breadcrumb\":{\"@id\":\"https:\\\/\\\/www.acetaiamarchi.com\\\/fr\\\/#breadcrumb\"},\"inLanguage\":\"fr-FR\",\"potentialAction\":[{\"@type\":\"ReadAction\",\"target\":[\"https:\\\/\\\/www.acetaiamarchi.com\\\/fr\\\/\"]}]},{\"@type\":\"ImageObject\",\"inLanguage\":\"fr-FR\",\"@id\":\"https:\\\/\\\/www.acetaiamarchi.com\\\/fr\\\/#primaryimage\",\"url\":\"https:\\\/\\\/www.acetaiamarchi.com\\\/wp-content\\\/uploads\\\/2025\\\/02\\\/acetaia-marchi-la-bottega-del-balsamico-aceto-tradizionale-di-modena.jpg\",\"contentUrl\":\"https:\\\/\\\/www.acetaiamarchi.com\\\/wp-content\\\/uploads\\\/2025\\\/02\\\/acetaia-marchi-la-bottega-del-balsamico-aceto-tradizionale-di-modena.jpg\",\"width\":1920,\"height\":806},{\"@type\":\"BreadcrumbList\",\"@id\":\"https:\\\/\\\/www.acetaiamarchi.com\\\/fr\\\/#breadcrumb\",\"itemListElement\":[{\"@type\":\"ListItem\",\"position\":1,\"name\":\"Home\",\"item\":\"https:\\\/\\\/www.acetaiamarchi.com\\\/fr\\\/\"},{\"@type\":\"ListItem\",\"position\":2,\"name\":\"Home Page\"}]},{\"@type\":\"WebSite\",\"@id\":\"https:\\\/\\\/www.acetaiamarchi.com\\\/fr\\\/#website\",\"url\":\"https:\\\/\\\/www.acetaiamarchi.com\\\/fr\\\/\",\"name\":\"Acetaia Marchi Srl\",\"description\":\"\",\"publisher\":{\"@id\":\"https:\\\/\\\/www.acetaiamarchi.com\\\/fr\\\/#organization\"},\"potentialAction\":[{\"@type\":\"SearchAction\",\"target\":{\"@type\":\"EntryPoint\",\"urlTemplate\":\"https:\\\/\\\/www.acetaiamarchi.com\\\/fr\\\/?s={search_term_string}\"},\"query-input\":{\"@type\":\"PropertyValueSpecification\",\"valueRequired\":true,\"valueName\":\"search_term_string\"}}],\"inLanguage\":\"fr-FR\"},{\"@type\":\"Organization\",\"@id\":\"https:\\\/\\\/www.acetaiamarchi.com\\\/fr\\\/#organization\",\"name\":\"Acetaia Marchi Srl\",\"url\":\"https:\\\/\\\/www.acetaiamarchi.com\\\/fr\\\/\",\"logo\":{\"@type\":\"ImageObject\",\"inLanguage\":\"fr-FR\",\"@id\":\"https:\\\/\\\/www.acetaiamarchi.com\\\/fr\\\/#\\\/schema\\\/logo\\\/image\\\/\",\"url\":\"https:\\\/\\\/acetaiamarchi.com\\\/wp-content\\\/uploads\\\/2025\\\/03\\\/Acetaia-Marchi-Srl-Logo.png\",\"contentUrl\":\"https:\\\/\\\/acetaiamarchi.com\\\/wp-content\\\/uploads\\\/2025\\\/03\\\/Acetaia-Marchi-Srl-Logo.png\",\"width\":2000,\"height\":2000,\"caption\":\"Acetaia Marchi Srl\"},\"image\":{\"@id\":\"https:\\\/\\\/www.acetaiamarchi.com\\\/fr\\\/#\\\/schema\\\/logo\\\/image\\\/\"}}]}<\/script>\n<!-- \/ Yoast SEO plugin. -->","yoast_head_json":{"title":"Acetaia Marchi | Vinaigre balsamique traditionnel de Mod\u00e8ne D.O.P.","description":"Depuis plus d'un si\u00e8cle, Acetaia Marchi produit du vinaigre balsamique traditionnel de Mod\u00e8ne D.O.P., une excellence de la production italienne.","robots":{"index":"index","follow":"follow","max-snippet":"max-snippet:-1","max-image-preview":"max-image-preview:large","max-video-preview":"max-video-preview:-1"},"canonical":"https:\/\/www.acetaiamarchi.com\/fr\/","og_locale":"fr_FR","og_type":"article","og_title":"Acetaia Marchi | Vinaigre balsamique traditionnel de Mod\u00e8ne D.O.P.","og_description":"Depuis plus d'un si\u00e8cle, Acetaia Marchi produit du vinaigre balsamique traditionnel de Mod\u00e8ne D.O.P., une excellence de la production italienne.","og_url":"https:\/\/www.acetaiamarchi.com\/fr\/","og_site_name":"Acetaia Marchi","article_modified_time":"2026-04-07T08:18:57+00:00","og_image":[{"width":1920,"height":806,"url":"https:\/\/www.acetaiamarchi.com\/wp-content\/uploads\/2025\/02\/acetaia-marchi-la-bottega-del-balsamico-aceto-tradizionale-di-modena.jpg","type":"image\/jpeg"}],"twitter_card":"summary_large_image","twitter_misc":{"Dur\u00e9e de lecture estim\u00e9e":"8 minutes"},"schema":{"@context":"https:\/\/schema.org","@graph":[{"@type":"WebPage","@id":"https:\/\/www.acetaiamarchi.com\/fr\/","url":"https:\/\/www.acetaiamarchi.com\/fr\/","name":"Acetaia Marchi | Vinaigre balsamique traditionnel de Mod\u00e8ne D.O.P.","isPartOf":{"@id":"https:\/\/www.acetaiamarchi.com\/fr\/#website"},"primaryImageOfPage":{"@id":"https:\/\/www.acetaiamarchi.com\/fr\/#primaryimage"},"image":{"@id":"https:\/\/www.acetaiamarchi.com\/fr\/#primaryimage"},"thumbnailUrl":"https:\/\/www.acetaiamarchi.com\/wp-content\/uploads\/2025\/02\/acetaia-marchi-la-bottega-del-balsamico-aceto-tradizionale-di-modena.jpg","datePublished":"2025-02-24T11:07:54+00:00","dateModified":"2026-04-07T08:18:57+00:00","description":"Depuis plus d'un si\u00e8cle, Acetaia Marchi produit du vinaigre balsamique traditionnel de Mod\u00e8ne D.O.P., une excellence de la production italienne.","breadcrumb":{"@id":"https:\/\/www.acetaiamarchi.com\/fr\/#breadcrumb"},"inLanguage":"fr-FR","potentialAction":[{"@type":"ReadAction","target":["https:\/\/www.acetaiamarchi.com\/fr\/"]}]},{"@type":"ImageObject","inLanguage":"fr-FR","@id":"https:\/\/www.acetaiamarchi.com\/fr\/#primaryimage","url":"https:\/\/www.acetaiamarchi.com\/wp-content\/uploads\/2025\/02\/acetaia-marchi-la-bottega-del-balsamico-aceto-tradizionale-di-modena.jpg","contentUrl":"https:\/\/www.acetaiamarchi.com\/wp-content\/uploads\/2025\/02\/acetaia-marchi-la-bottega-del-balsamico-aceto-tradizionale-di-modena.jpg","width":1920,"height":806},{"@type":"BreadcrumbList","@id":"https:\/\/www.acetaiamarchi.com\/fr\/#breadcrumb","itemListElement":[{"@type":"ListItem","position":1,"name":"Home","item":"https:\/\/www.acetaiamarchi.com\/fr\/"},{"@type":"ListItem","position":2,"name":"Home Page"}]},{"@type":"WebSite","@id":"https:\/\/www.acetaiamarchi.com\/fr\/#website","url":"https:\/\/www.acetaiamarchi.com\/fr\/","name":"Acetaia Marchi Srl","description":"","publisher":{"@id":"https:\/\/www.acetaiamarchi.com\/fr\/#organization"},"potentialAction":[{"@type":"SearchAction","target":{"@type":"EntryPoint","urlTemplate":"https:\/\/www.acetaiamarchi.com\/fr\/?s={search_term_string}"},"query-input":{"@type":"PropertyValueSpecification","valueRequired":true,"valueName":"search_term_string"}}],"inLanguage":"fr-FR"},{"@type":"Organization","@id":"https:\/\/www.acetaiamarchi.com\/fr\/#organization","name":"Acetaia Marchi Srl","url":"https:\/\/www.acetaiamarchi.com\/fr\/","logo":{"@type":"ImageObject","inLanguage":"fr-FR","@id":"https:\/\/www.acetaiamarchi.com\/fr\/#\/schema\/logo\/image\/","url":"https:\/\/acetaiamarchi.com\/wp-content\/uploads\/2025\/03\/Acetaia-Marchi-Srl-Logo.png","contentUrl":"https:\/\/acetaiamarchi.com\/wp-content\/uploads\/2025\/03\/Acetaia-Marchi-Srl-Logo.png","width":2000,"height":2000,"caption":"Acetaia Marchi Srl"},"image":{"@id":"https:\/\/www.acetaiamarchi.com\/fr\/#\/schema\/logo\/image\/"}}]}},"_links":{"self":[{"href":"https:\/\/www.acetaiamarchi.com\/fr\/wp-json\/wp\/v2\/pages\/10959","targetHints":{"allow":["GET"]}}],"collection":[{"href":"https:\/\/www.acetaiamarchi.com\/fr\/wp-json\/wp\/v2\/pages"}],"about":[{"href":"https:\/\/www.acetaiamarchi.com\/fr\/wp-json\/wp\/v2\/types\/page"}],"author":[{"embeddable":true,"href":"https:\/\/www.acetaiamarchi.com\/fr\/wp-json\/wp\/v2\/users\/3"}],"replies":[{"embeddable":true,"href":"https:\/\/www.acetaiamarchi.com\/fr\/wp-json\/wp\/v2\/comments?post=10959"}],"version-history":[{"count":48,"href":"https:\/\/www.acetaiamarchi.com\/fr\/wp-json\/wp\/v2\/pages\/10959\/revisions"}],"predecessor-version":[{"id":15091,"href":"https:\/\/www.acetaiamarchi.com\/fr\/wp-json\/wp\/v2\/pages\/10959\/revisions\/15091"}],"wp:featuredmedia":[{"embeddable":true,"href":"https:\/\/www.acetaiamarchi.com\/fr\/wp-json\/wp\/v2\/media\/6141"}],"wp:attachment":[{"href":"https:\/\/www.acetaiamarchi.com\/fr\/wp-json\/wp\/v2\/media?parent=10959"}],"curies":[{"name":"wp","href":"https:\/\/api.w.org\/{rel}","templated":true}]}}