{"id":10013,"date":"2025-04-03T14:34:36","date_gmt":"2025-04-03T12:34:36","guid":{"rendered":"https:\/\/www.acetaiamarchi.com\/lignes\/vinaigre-balsamique-de-modene-igp\/"},"modified":"2025-11-18T14:02:21","modified_gmt":"2025-11-18T13:02:21","slug":"risotto-au-vinaigre-balsamique-de-modene-i-g-p","status":"publish","type":"page","link":"https:\/\/www.acetaiamarchi.com\/fr\/recettes\/risotto-au-vinaigre-balsamique-de-modene-i-g-p\/","title":{"rendered":"Risotto au vinaigre balsamique de Mod\u00e8ne I.G.P."},"content":{"rendered":"\t\t<div data-elementor-type=\"wp-page\" data-elementor-id=\"10013\" class=\"elementor elementor-10013 elementor-3315\" data-elementor-post-type=\"page\">\n\t\t\t\t<div class=\"elementor-element elementor-element-6fc60260 e-flex e-con-boxed wpr-particle-no wpr-jarallax-no wpr-parallax-no wpr-sticky-section-no wpr-equal-height-no e-con e-parent\" data-id=\"6fc60260\" data-element_type=\"container\" data-e-type=\"container\">\n\t\t\t\t\t<div class=\"e-con-inner\">\n\t\t\t\t<div class=\"elementor-element elementor-element-34d37ee6 elementor-widget elementor-widget-spacer\" data-id=\"34d37ee6\" data-element_type=\"widget\" data-e-type=\"widget\" data-widget_type=\"spacer.default\">\n\t\t\t\t<div class=\"elementor-widget-container\">\n\t\t\t\t\t\t\t<div class=\"elementor-spacer\">\n\t\t\t<div class=\"elementor-spacer-inner\"><\/div>\n\t\t<\/div>\n\t\t\t\t\t\t<\/div>\n\t\t\t\t<\/div>\n\t\t\t\t\t<\/div>\n\t\t\t\t<\/div>\n\t\t<div class=\"elementor-element elementor-element-4c4771b6 elementor-hidden-desktop e-flex e-con-boxed wpr-particle-no wpr-jarallax-no wpr-parallax-no wpr-sticky-section-no wpr-equal-height-no e-con e-parent\" data-id=\"4c4771b6\" data-element_type=\"container\" data-e-type=\"container\">\n\t\t\t\t\t<div class=\"e-con-inner\">\n\t\t<div class=\"elementor-element elementor-element-20d943b2 e-grid e-con-full elementor-hidden-desktop wpr-particle-no wpr-jarallax-no wpr-parallax-no wpr-sticky-section-no wpr-equal-height-no e-con e-child\" data-id=\"20d943b2\" data-element_type=\"container\" data-e-type=\"container\">\n\t\t\t\t<div class=\"elementor-element elementor-element-1694bdee elementor-widget elementor-widget-breadcrumbs\" data-id=\"1694bdee\" data-element_type=\"widget\" data-e-type=\"widget\" data-widget_type=\"breadcrumbs.default\">\n\t\t\t\t<div class=\"elementor-widget-container\">\n\t\t\t\t\t<p id=\"breadcrumbs\"><span><span><a href=\"https:\/\/www.acetaiamarchi.com\/fr\/\">Home<\/a><\/span><\/span><\/p>\t\t\t\t<\/div>\n\t\t\t\t<\/div>\n\t\t\t\t<div class=\"elementor-element elementor-element-3dc2ea2a elementor-widget elementor-widget-theme-post-featured-image elementor-widget-image\" data-id=\"3dc2ea2a\" data-element_type=\"widget\" data-e-type=\"widget\" data-widget_type=\"theme-post-featured-image.default\">\n\t\t\t\t<div class=\"elementor-widget-container\">\n\t\t\t\t\t\t\t\t\t\t\t\t\t\t\t<img fetchpriority=\"high\" decoding=\"async\" width=\"750\" height=\"600\" src=\"https:\/\/www.acetaiamarchi.com\/wp-content\/uploads\/2025\/02\/carpaccio-di-ananas-e-Aceto-Balsamico-di-Modena-ricette-Acetaia-Marchi.jpg\" class=\"attachment-large size-large wp-image-6284\" alt=\"\" srcset=\"https:\/\/www.acetaiamarchi.com\/wp-content\/uploads\/2025\/02\/carpaccio-di-ananas-e-Aceto-Balsamico-di-Modena-ricette-Acetaia-Marchi.jpg 750w, https:\/\/www.acetaiamarchi.com\/wp-content\/uploads\/2025\/02\/carpaccio-di-ananas-e-Aceto-Balsamico-di-Modena-ricette-Acetaia-Marchi-300x240.jpg 300w, https:\/\/www.acetaiamarchi.com\/wp-content\/uploads\/2025\/02\/carpaccio-di-ananas-e-Aceto-Balsamico-di-Modena-ricette-Acetaia-Marchi-600x480.jpg 600w\" sizes=\"(max-width: 750px) 100vw, 750px\" \/>\t\t\t\t\t\t\t\t\t\t\t\t\t\t\t<\/div>\n\t\t\t\t<\/div>\n\t\t\t\t<div class=\"elementor-element elementor-element-2cd9410b elementor-widget elementor-widget-heading\" data-id=\"2cd9410b\" data-element_type=\"widget\" data-e-type=\"widget\" data-widget_type=\"heading.default\">\n\t\t\t\t<div class=\"elementor-widget-container\">\n\t\t\t\t\t<h4 class=\"elementor-heading-title elementor-size-default\">Ingredienti:<\/h4>\t\t\t\t<\/div>\n\t\t\t\t<\/div>\n\t\t\t\t<div class=\"elementor-element elementor-element-4cb15ba0 elementor-widget elementor-widget-text-editor\" data-id=\"4cb15ba0\" data-element_type=\"widget\" data-e-type=\"widget\" data-widget_type=\"text-editor.default\">\n\t\t\t\t<div class=\"elementor-widget-container\">\n\t\t\t\t\t\t\t\t\t<ul><li>250 g di riso Carnaroli<\/li><li>Mezza cipolla di Tropea<\/li><li>50 g di burro<\/li><li>50 g di Parmigiano Reggiano<\/li><li>Aceto Balsamico di Modena IGP<\/li><li>Brodo vegetale<\/li><li>sale q.b.<\/li><li>pepe q.b.<\/li><\/ul>\t\t\t\t\t\t\t\t<\/div>\n\t\t\t\t<\/div>\n\t\t\t\t<\/div>\n\t\t\t\t\t<\/div>\n\t\t\t\t<\/div>\n\t\t<div class=\"elementor-element elementor-element-39e2d8fb elementor-hidden-tablet elementor-hidden-mobile e-flex e-con-boxed wpr-particle-no wpr-jarallax-no wpr-parallax-no wpr-sticky-section-no wpr-equal-height-no e-con e-parent\" data-id=\"39e2d8fb\" data-element_type=\"container\" data-e-type=\"container\">\n\t\t\t\t\t<div class=\"e-con-inner\">\n\t\t<div class=\"elementor-element elementor-element-9d1d375 e-grid e-con-boxed wpr-particle-no wpr-jarallax-no wpr-parallax-no wpr-sticky-section-no wpr-equal-height-no e-con e-child\" data-id=\"9d1d375\" data-element_type=\"container\" data-e-type=\"container\">\n\t\t\t\t\t<div class=\"e-con-inner\">\n\t\t\t\t<div class=\"elementor-element elementor-element-f6ba590 elementor-widget elementor-widget-theme-post-featured-image elementor-widget-image\" data-id=\"f6ba590\" data-element_type=\"widget\" data-e-type=\"widget\" data-widget_type=\"theme-post-featured-image.default\">\n\t\t\t\t<div class=\"elementor-widget-container\">\n\t\t\t\t\t\t\t\t\t\t\t\t\t\t\t<img fetchpriority=\"high\" decoding=\"async\" width=\"750\" height=\"600\" src=\"https:\/\/www.acetaiamarchi.com\/wp-content\/uploads\/2025\/02\/carpaccio-di-ananas-e-Aceto-Balsamico-di-Modena-ricette-Acetaia-Marchi.jpg\" class=\"attachment-large size-large wp-image-6284\" alt=\"\" srcset=\"https:\/\/www.acetaiamarchi.com\/wp-content\/uploads\/2025\/02\/carpaccio-di-ananas-e-Aceto-Balsamico-di-Modena-ricette-Acetaia-Marchi.jpg 750w, https:\/\/www.acetaiamarchi.com\/wp-content\/uploads\/2025\/02\/carpaccio-di-ananas-e-Aceto-Balsamico-di-Modena-ricette-Acetaia-Marchi-300x240.jpg 300w, https:\/\/www.acetaiamarchi.com\/wp-content\/uploads\/2025\/02\/carpaccio-di-ananas-e-Aceto-Balsamico-di-Modena-ricette-Acetaia-Marchi-600x480.jpg 600w\" sizes=\"(max-width: 750px) 100vw, 750px\" \/>\t\t\t\t\t\t\t\t\t\t\t\t\t\t\t<\/div>\n\t\t\t\t<\/div>\n\t\t<div class=\"elementor-element elementor-element-268d08ec e-con-full e-flex wpr-particle-no wpr-jarallax-no wpr-parallax-no wpr-sticky-section-no wpr-equal-height-no e-con e-child\" data-id=\"268d08ec\" data-element_type=\"container\" data-e-type=\"container\">\n\t\t\t\t<div class=\"elementor-element elementor-element-15fefabc elementor-align-left elementor-widget elementor-widget-breadcrumbs\" data-id=\"15fefabc\" data-element_type=\"widget\" data-e-type=\"widget\" data-widget_type=\"breadcrumbs.default\">\n\t\t\t\t<div class=\"elementor-widget-container\">\n\t\t\t\t\t<p id=\"breadcrumbs\"><span><span><a href=\"https:\/\/www.acetaiamarchi.com\/fr\/\">Home<\/a><\/span><\/span><\/p>\t\t\t\t<\/div>\n\t\t\t\t<\/div>\n\t\t\t\t<div class=\"elementor-element elementor-element-7d07c2fc elementor-widget elementor-widget-heading\" data-id=\"7d07c2fc\" data-element_type=\"widget\" data-e-type=\"widget\" data-widget_type=\"heading.default\">\n\t\t\t\t<div class=\"elementor-widget-container\">\n\t\t\t\t\t<h4 class=\"elementor-heading-title elementor-size-default\">Ingredienti:<\/h4>\t\t\t\t<\/div>\n\t\t\t\t<\/div>\n\t\t\t\t<div class=\"elementor-element elementor-element-5d2637ce elementor-widget elementor-widget-text-editor\" data-id=\"5d2637ce\" data-element_type=\"widget\" data-e-type=\"widget\" data-widget_type=\"text-editor.default\">\n\t\t\t\t<div class=\"elementor-widget-container\">\n\t\t\t\t\t\t\t\t\t<ul><li>250 g di riso Carnaroli<\/li><li>Mezza cipolla di Tropea<\/li><li>50 g di burro<\/li><li>50 g di Parmigiano Reggiano<\/li><li>Aceto Balsamico di Modena IGP<\/li><li>Brodo vegetale<\/li><li>sale q.b.<\/li><li>pepe q.b.<\/li><\/ul>\t\t\t\t\t\t\t\t<\/div>\n\t\t\t\t<\/div>\n\t\t\t\t<\/div>\n\t\t\t\t\t<\/div>\n\t\t\t\t<\/div>\n\t\t\t\t\t<\/div>\n\t\t\t\t<\/div>\n\t\t<div class=\"elementor-element elementor-element-604a8057 e-flex e-con-boxed wpr-particle-no wpr-jarallax-no wpr-parallax-no wpr-sticky-section-no wpr-equal-height-no e-con e-parent\" data-id=\"604a8057\" data-element_type=\"container\" data-e-type=\"container\" data-settings=\"{&quot;background_background&quot;:&quot;classic&quot;}\">\n\t\t\t\t\t<div class=\"e-con-inner\">\n\t\t<div class=\"elementor-element elementor-element-23506aa e-con-full e-flex wpr-particle-no wpr-jarallax-no wpr-parallax-no wpr-sticky-section-no wpr-equal-height-no e-con e-child\" data-id=\"23506aa\" data-element_type=\"container\" data-e-type=\"container\">\n\t\t\t\t<div class=\"elementor-element elementor-element-548c6e80 elementor-widget elementor-widget-heading\" data-id=\"548c6e80\" data-element_type=\"widget\" data-e-type=\"widget\" data-widget_type=\"heading.default\">\n\t\t\t\t<div class=\"elementor-widget-container\">\n\t\t\t\t\t<h2 class=\"elementor-heading-title elementor-size-default\">Preparazione<\/h2>\t\t\t\t<\/div>\n\t\t\t\t<\/div>\n\t\t\t\t<div class=\"elementor-element elementor-element-79840130 elementor-widget elementor-widget-text-editor\" data-id=\"79840130\" data-element_type=\"widget\" data-e-type=\"widget\" data-widget_type=\"text-editor.default\">\n\t\t\t\t<div class=\"elementor-widget-container\">\n\t\t\t\t\t\t\t\t\t<p>Quella del risotto all\u2019Aceto Balsamico di Modena IGP \u00e8 una ricetta molto apprezzata nel nostro territorio. Propone un sapore delicato e al tempo stesso coinvolgente. Si prepara in breve tempo e con pochi genuini ingredienti. Quando si tratta di risotti, l\u2019Aceto Balsamico di Modena IGP pu\u00f2 fare una vera e propria differenza, garantendo quel tocco di sapore in pi\u00f9 che pochi alimenti possono donare.<\/p><p>Per preparare il risotto all\u2019Aceto Balsamico di Modena IGP devi mettete il burro e la cipolla in un pentolino e lasciateli soffriggere a fuoco lento. Unisci il riso e lascialo tostare per un paio di minuti. Aggiungi un paio di mestoli di brodo vegetale molto caldo e continua la cottura aggiungendo un nuovo mestolo di brodo quando il precedente sar\u00e0 stato assorbito.<\/p><p>Regola di sale e pepe il risotto e a fuoco spento aggiungete il Parmigiano Reggiano. Manteca il risotto per un paio di minuti e procedi con l&rsquo;impiattamento.<\/p><p>Decora il piatto con un filo di Aceto Balsamico di Modena IGP e con qualche scaglia di Parmigiano Reggiano.<\/p>\t\t\t\t\t\t\t\t<\/div>\n\t\t\t\t<\/div>\n\t\t\t\t<\/div>\n\t\t\t\t\t<\/div>\n\t\t\t\t<\/div>\n\t\t<div class=\"elementor-element elementor-element-76b9a39f e-flex e-con-boxed wpr-particle-no wpr-jarallax-no wpr-parallax-no wpr-sticky-section-no wpr-equal-height-no e-con e-parent\" data-id=\"76b9a39f\" data-element_type=\"container\" data-e-type=\"container\">\n\t\t\t\t\t<div class=\"e-con-inner\">\n\t\t\t\t<div class=\"elementor-element elementor-element-5f4b1e23 elementor-widget elementor-widget-heading\" data-id=\"5f4b1e23\" data-element_type=\"widget\" data-e-type=\"widget\" data-widget_type=\"heading.default\">\n\t\t\t\t<div class=\"elementor-widget-container\">\n\t\t\t\t\t<h2 class=\"elementor-heading-title elementor-size-default\">Abbinamento consigliato<\/h2>\t\t\t\t<\/div>\n\t\t\t\t<\/div>\n\t\t\t\t\t<\/div>\n\t\t\t\t<\/div>\n\t\t<div class=\"elementor-element elementor-element-37fb7d31 e-flex e-con-boxed wpr-particle-no wpr-jarallax-no wpr-parallax-no wpr-sticky-section-no wpr-equal-height-no e-con e-parent\" data-id=\"37fb7d31\" data-element_type=\"container\" data-e-type=\"container\">\n\t\t\t\t\t<div class=\"e-con-inner\">\n\t\t<div class=\"elementor-element elementor-element-3d5e433e e-con-full e-flex wpr-particle-no wpr-jarallax-no wpr-parallax-no wpr-sticky-section-no wpr-equal-height-no e-con e-child\" data-id=\"3d5e433e\" data-element_type=\"container\" data-e-type=\"container\">\n\t\t\t\t<div class=\"elementor-element elementor-element-59eb2263 elementor-widget__width-initial elementor-widget elementor-widget-image\" data-id=\"59eb2263\" data-element_type=\"widget\" data-e-type=\"widget\" data-widget_type=\"image.default\">\n\t\t\t\t<div class=\"elementor-widget-container\">\n\t\t\t\t\t\t\t\t\t\t\t\t\t\t\t<img decoding=\"async\" width=\"800\" height=\"800\" src=\"https:\/\/www.acetaiamarchi.com\/wp-content\/uploads\/2025\/03\/Aceto-Balsamico-di-Modena-IGP-Sigillo-Oro-1024x1024.jpg\" class=\"attachment-large size-large wp-image-951\" alt=\"Aceto Balsamico di Modena IGP Sigillo Oro\" srcset=\"https:\/\/www.acetaiamarchi.com\/wp-content\/uploads\/2025\/03\/Aceto-Balsamico-di-Modena-IGP-Sigillo-Oro-1024x1024.jpg 1024w, https:\/\/www.acetaiamarchi.com\/wp-content\/uploads\/2025\/03\/Aceto-Balsamico-di-Modena-IGP-Sigillo-Oro-300x300.jpg 300w, https:\/\/www.acetaiamarchi.com\/wp-content\/uploads\/2025\/03\/Aceto-Balsamico-di-Modena-IGP-Sigillo-Oro-100x100.jpg 100w, https:\/\/www.acetaiamarchi.com\/wp-content\/uploads\/2025\/03\/Aceto-Balsamico-di-Modena-IGP-Sigillo-Oro-600x600.jpg 600w, https:\/\/www.acetaiamarchi.com\/wp-content\/uploads\/2025\/03\/Aceto-Balsamico-di-Modena-IGP-Sigillo-Oro-150x150.jpg 150w, https:\/\/www.acetaiamarchi.com\/wp-content\/uploads\/2025\/03\/Aceto-Balsamico-di-Modena-IGP-Sigillo-Oro-768x768.jpg 768w, https:\/\/www.acetaiamarchi.com\/wp-content\/uploads\/2025\/03\/Aceto-Balsamico-di-Modena-IGP-Sigillo-Oro-1536x1536.jpg 1536w, https:\/\/www.acetaiamarchi.com\/wp-content\/uploads\/2025\/03\/Aceto-Balsamico-di-Modena-IGP-Sigillo-Oro.jpg 1600w\" sizes=\"(max-width: 800px) 100vw, 800px\" \/>\t\t\t\t\t\t\t\t\t\t\t\t\t\t\t<\/div>\n\t\t\t\t<\/div>\n\t\t\t\t<\/div>\n\t\t<div class=\"elementor-element elementor-element-7a0cc57e e-con-full e-flex wpr-particle-no wpr-jarallax-no wpr-parallax-no wpr-sticky-section-no wpr-equal-height-no e-con e-child\" data-id=\"7a0cc57e\" data-element_type=\"container\" data-e-type=\"container\">\n\t\t\t\t<div class=\"elementor-element elementor-element-43953f0d elementor-widget elementor-widget-text-editor\" data-id=\"43953f0d\" data-element_type=\"widget\" data-e-type=\"widget\" data-widget_type=\"text-editor.default\">\n\t\t\t\t<div class=\"elementor-widget-container\">\n\t\t\t\t\t\t\t\t\t<p>Per un piatto di successo dal gusto armonioso e ricco, consigliamo l&rsquo;abbinamento al nostro <strong>Aceto Balsamico di Modena IGP Sigillo Oro<\/strong>.<\/p>\t\t\t\t\t\t\t\t<\/div>\n\t\t\t\t<\/div>\n\t\t<div class=\"elementor-element elementor-element-505d514 e-con-full e-grid wpr-particle-no wpr-jarallax-no wpr-parallax-no wpr-sticky-section-no wpr-equal-height-no e-con e-child\" data-id=\"505d514\" data-element_type=\"container\" data-e-type=\"container\">\n\t\t\t\t<div class=\"elementor-element elementor-element-164ca7cd elementor-widget elementor-widget-button\" data-id=\"164ca7cd\" data-element_type=\"widget\" data-e-type=\"widget\" data-widget_type=\"button.default\">\n\t\t\t\t<div class=\"elementor-widget-container\">\n\t\t\t\t\t\t\t\t\t<div class=\"elementor-button-wrapper\">\n\t\t\t\t\t<a class=\"elementor-button elementor-button-link elementor-size-sm\" href=\"https:\/\/www.acetaiamarchi.com\/prodotto\/aceto-balsamico-di-modena-igp-sigillo-oro\/\">\n\t\t\t\t\t\t<span class=\"elementor-button-content-wrapper\">\n\t\t\t\t\t\t\t\t\t<span class=\"elementor-button-text\">Scopri il prodotto<\/span>\n\t\t\t\t\t<\/span>\n\t\t\t\t\t<\/a>\n\t\t\t\t<\/div>\n\t\t\t\t\t\t\t\t<\/div>\n\t\t\t\t<\/div>\n\t\t\t\t<div class=\"elementor-element elementor-element-360d462f elementor-hidden-desktop elementor-hidden-tablet elementor-hidden-mobile elementor-widget elementor-widget-button\" data-id=\"360d462f\" data-element_type=\"widget\" data-e-type=\"widget\" data-widget_type=\"button.default\">\n\t\t\t\t<div class=\"elementor-widget-container\">\n\t\t\t\t\t\t\t\t\t<div class=\"elementor-button-wrapper\">\n\t\t\t\t\t<a class=\"elementor-button elementor-size-sm\" role=\"button\">\n\t\t\t\t\t\t<span class=\"elementor-button-content-wrapper\">\n\t\t\t\t\t\t\t\t\t<span class=\"elementor-button-text\">Vai allo shop online<\/span>\n\t\t\t\t\t<\/span>\n\t\t\t\t\t<\/a>\n\t\t\t\t<\/div>\n\t\t\t\t\t\t\t\t<\/div>\n\t\t\t\t<\/div>\n\t\t\t\t<\/div>\n\t\t\t\t<\/div>\n\t\t\t\t\t<\/div>\n\t\t\t\t<\/div>\n\t\t\t\t<\/div>\n\t\t","protected":false},"excerpt":{"rendered":"<p>[vc_row row_height_percent=\u00a0\u00bb0&Prime; back_image=\u00a0\u00bb684&Prime; back_repeat=\u00a0\u00bbno-repeat\u00a0\u00bb back_attachment=\u00a0\u00bbfixed\u00a0\u00bb back_position=\u00a0\u00bbcenter center\u00a0\u00bb overlay_color=\u00a0\u00bbcolor-nhtu\u00a0\u00bb overlay_alpha=\u00a0\u00bb80&Prime; gutter_size=\u00a0\u00bb3&Prime; column_width_percent=\u00a0\u00bb100&Prime; shift_y=\u00a0\u00bb0&Prime; z_index=\u00a0\u00bb0&Prime;][vc_column column_width_percent=\u00a0\u00bb100&Prime; align_horizontal=\u00a0\u00bbalign_center\u00a0\u00bb gutter_size=\u00a0\u00bb3&Prime; overlay_alpha=\u00a0\u00bb80&Prime; shift_x=\u00a0\u00bb0&Prime; shift_y=\u00a0\u00bb0&Prime; shift_y_down=\u00a0\u00bb0&Prime; z_index=\u00a0\u00bb0&Prime; medium_width=\u00a0\u00bb0&Prime; mobile_width=\u00a0\u00bb0&Prime; width=\u00a0\u00bb1\/1&Prime; css=\u00a0\u00bb.vc_custom_1615557113043{padding-top: 100px !important;padding-bottom: 100px !important;}\u00a0\u00bb el_id=\u00a0\u00bbprimi-piatti\u00a0\u00bb][vc_custom_heading heading_semantic=\u00a0\u00bbh3&Prime; text_size=\u00a0\u00bbfontsize-864287&Prime; text_color=\u00a0\u00bbcolor-xsdn\u00a0\u00bb css_animation=\u00a0\u00bbbottom-t-top\u00a0\u00bb]Premiers cours[\/vc_custom_heading][\/vc_column][\/vc_row][vc_row row_height_percent=\u00a0\u00bb0&Prime; back_color=\u00a0\u00bbcolor-lxmt\u00a0\u00bb overlay_alpha=\u00a0\u00bb50&Prime; equal_height=\u00a0\u00bbyes\u00a0\u00bb gutter_size=\u00a0\u00bb3&Prime; column_width_percent=\u00a0\u00bb100&Prime; shift_y=\u00a0\u00bb0&Prime; z_index=\u00a0\u00bb0&Prime; css=\u00a0\u00bb.vc_custom_1616587207483{padding-top: 15px !important;padding-right: 15px !important;padding-bottom: 15px !important;padding-left: 15px !important;}\u00a0\u00bb][vc_column column_width_percent=\u00a0\u00bb100&Prime; position_vertical=\u00a0\u00bbmiddle\u00a0\u00bb gutter_size=\u00a0\u00bb3&Prime; overlay_alpha=\u00a0\u00bb50&Prime; shift_x=\u00a0\u00bb0&Prime; shift_y=\u00a0\u00bb0&Prime; shift_y_down=\u00a0\u00bb0&Prime; z_index=\u00a0\u00bb0&Prime; medium_width=\u00a0\u00bb0&Prime; mobile_width=\u00a0\u00bb0&Prime; width=\u00a0\u00bb1\/2&Prime;][vc_single_image media=\u00a0\u00bb684&Prime; media_width_percent=\u00a0\u00bb100&Prime; media_ratio=\u00a0\u00bbfour-three\u00a0\u00bb shadow=\u00a0\u00bbyes\u00a0\u00bb shadow_weight=\u00a0\u00bbsm\u00a0\u00bb css_animation=\u00a0\u00bbleft-t-right\u00a0\u00bb lbox_skin=\u00a0\u00bbwhite\u00a0\u00bb lbox_dir=\u00a0\u00bbvertical\u00a0\u00bb][\/vc_column][vc_column column_width_percent=\u00a0\u00bb100&Prime; position_vertical=\u00a0\u00bbmiddle\u00a0\u00bb gutter_size=\u00a0\u00bb3&Prime; overlay_alpha=\u00a0\u00bb50&Prime; shift_x=\u00a0\u00bb0&Prime; shift_y=\u00a0\u00bb0&Prime; shift_y_down=\u00a0\u00bb0&Prime; z_index=\u00a0\u00bb0&Prime; medium_width=\u00a0\u00bb0&Prime; mobile_width=\u00a0\u00bb0&Prime; css_animation=\u00a0\u00bbright-t-left\u00a0\u00bb width=\u00a0\u00bb1\/2&Prime;][vc_custom_heading heading_semantic=\u00a0\u00bbh3&Prime; text_font=\u00a0\u00bbfont-555555&Prime; text_color=\u00a0\u00bbcolor-233255&Prime;]Risotto au vinaigre balsamique de Mod\u00e8ne I.G.P.[\/vc_custom_heading][vc_column_text]Le risotto au vinaigre balsamique de Mod\u00e8ne I.G.P. est une recette tr\u00e8s populaire sur notre territoire. Il offre un go\u00fbt d\u00e9licat et en m\u00eame temps impliquant. Il peut \u00eatre pr\u00e9par\u00e9 en peu de temps et avec peu d&rsquo;ingr\u00e9dients authentiques. Lorsqu&rsquo;il s&rsquo;agit de risotto, le vinaigre balsamique de Mod\u00e8ne I.G.P. peut faire une r\u00e9elle diff\u00e9rence, en garantissant cette touche suppl\u00e9mentaire de saveur que peu d&rsquo;aliments peuvent donner.[\/vc_column_text][vc_row_inner row_inner_height_percent=\u00a0\u00bb0&Prime; overlay_alpha=\u00a0\u00bb50&Prime; gutter_size=\u00a0\u00bb3&Prime; shift_y=\u00a0\u00bb0&Prime; z_index=\u00a0\u00bb0&Prime; css=\u00a0\u00bb.vc_custom_1616587106210{margin-top: 20px !important;margin-bottom: 0px !important;border-right-width: 0px !important;border-left-width: 0px !important;}\u00a0\u00bb][vc_column_inner width=\u00a0\u00bb1\/3&Prime;][vc_column_text] INGR\u00c9DIENTS: 250 g de riz Carnaroli Un demi-oignon de Tropea 50 g de beurre 50 g de Parmigiano Reggiano Vinaigre Balsamique de Mod\u00e8ne IGP Bouillon de l\u00e9gumes sel, poivre au go\u00fbt [\/vc_column_text][\/vc_column_inner][vc_column_inner width=\u00a0\u00bb2\/3&Prime;][vc_column_text] PR\u00c9PARATION: Pour pr\u00e9parer le risotto au Vinaigre Balsamique de Mod\u00e8ne I.G.P., mettez le beurre et l&rsquo;oignon dans une casserole et faites-les revenir \u00e0 feu doux. Ajoutez le riz et laissez-le griller pendant quelques minutes. Ajoutez quelques louches de bouillon de l\u00e9gumes tr\u00e8s chaud et poursuivez la cuisson, en ajoutant une nouvelle louche de bouillon lorsque la pr\u00e9c\u00e9dente a \u00e9t\u00e9 absorb\u00e9e. Assaisonnez le risotto avec du sel et du poivre, et lorsque le feu est \u00e9teint, ajoutez le Parmigiano. Continuez \u00e0 remuer pendant quelques minutes et r\u00e9partissez dans les assiettes. D\u00e9corez l&rsquo;assiette avec un filet de Vinaigre Balsamique de Mod\u00e8ne I.G.P. et quelques copeaux de Parmigiano.[\/vc_column_text][\/vc_column_inner][\/vc_row_inner][\/vc_column][\/vc_row][vc_row row_height_percent=\u00a0\u00bb0&Prime; back_color=\u00a0\u00bbcolor-xsdn\u00a0\u00bb overlay_alpha=\u00a0\u00bb50&Prime; equal_height=\u00a0\u00bbyes\u00a0\u00bb gutter_size=\u00a0\u00bb3&Prime; column_width_percent=\u00a0\u00bb100&Prime; shift_y=\u00a0\u00bb0&Prime; z_index=\u00a0\u00bb0&Prime; css=\u00a0\u00bb.vc_custom_1614790775739{padding-top: 15px !important;padding-right: 15px !important;padding-bottom: 15px !important;padding-left: 15px !important;}\u00a0\u00bb][vc_column column_width_percent=\u00a0\u00bb100&Prime; position_vertical=\u00a0\u00bbmiddle\u00a0\u00bb gutter_size=\u00a0\u00bb3&Prime; overlay_alpha=\u00a0\u00bb50&Prime; shift_x=\u00a0\u00bb0&Prime; shift_y=\u00a0\u00bb0&Prime; shift_y_down=\u00a0\u00bb0&Prime; z_index=\u00a0\u00bb0&Prime; medium_width=\u00a0\u00bb0&Prime; mobile_width=\u00a0\u00bb0&Prime; css_animation=\u00a0\u00bbleft-t-right\u00a0\u00bb width=\u00a0\u00bb1\/2&Prime;][vc_custom_heading heading_semantic=\u00a0\u00bbh3&Prime; text_font=\u00a0\u00bbfont-555555&Prime; text_color=\u00a0\u00bbcolor-233255&Prime;]Association sugg\u00e9r\u00e9e[\/vc_custom_heading][vc_column_text]Nous vous recommandons d&rsquo;utiliser notre Vinaigre Balsamique Or de Mod\u00e8ne IGP, harmonieux et d&rsquo;excellente densit\u00e9.[\/vc_column_text][vc_button border_width=\u00a0\u00bb0&Prime; link=\u00a0\u00bburl:https%3A%2F%2Fwww.acetaiamarchi.com%2Ffr%2Fproduit%2Fvinaigre-balsamique-de-modene-sigillo-oro%2F|\u00a0\u00bb]D\u00e9couvrez le produit[\/vc_button][\/vc_column][vc_column column_width_percent=\u00a0\u00bb100&Prime; position_vertical=\u00a0\u00bbmiddle\u00a0\u00bb gutter_size=\u00a0\u00bb3&Prime; overlay_alpha=\u00a0\u00bb50&Prime; shift_x=\u00a0\u00bb0&Prime; shift_y=\u00a0\u00bb0&Prime; shift_y_down=\u00a0\u00bb0&Prime; z_index=\u00a0\u00bb0&Prime; medium_width=\u00a0\u00bb0&Prime; mobile_width=\u00a0\u00bb0&Prime; width=\u00a0\u00bb1\/2&Prime;][vc_single_image media=\u00a0\u00bb683&Prime; media_width_use_pixel=\u00a0\u00bbyes\u00a0\u00bb alignment=\u00a0\u00bbcenter\u00a0\u00bb shadow=\u00a0\u00bbyes\u00a0\u00bb css_animation=\u00a0\u00bbright-t-left\u00a0\u00bb media_width_pixel=\u00a0\u00bb500&Prime;][\/vc_column][\/vc_row]<\/p>\n","protected":false},"author":3,"featured_media":6284,"parent":4860,"menu_order":0,"comment_status":"closed","ping_status":"closed","template":"","meta":{"footnotes":""},"class_list":["post-10013","page","type-page","status-publish","has-post-thumbnail","hentry"],"yoast_head":"<!-- This site is optimized with the Yoast SEO plugin v27.4 - https:\/\/yoast.com\/product\/yoast-seo-wordpress\/ -->\n<title>Risotto au vinaigre balsamique de Mod\u00e8ne I.G.P. - Acetaia Marchi<\/title>\n<meta name=\"description\" content=\"Le risotto au vinaigre balsamique de Mod\u00e8ne I.G.P. est une recette tr\u00e8s populaire sur notre territoire.\" \/>\n<meta name=\"robots\" content=\"index, follow, max-snippet:-1, max-image-preview:large, max-video-preview:-1\" \/>\n<link rel=\"canonical\" href=\"https:\/\/www.acetaiamarchi.com\/fr\/recettes\/risotto-au-vinaigre-balsamique-de-modene-i-g-p\/\" \/>\n<meta property=\"og:locale\" content=\"fr_FR\" \/>\n<meta property=\"og:type\" content=\"article\" \/>\n<meta property=\"og:title\" content=\"Risotto au vinaigre balsamique de Mod\u00e8ne I.G.P. - Acetaia Marchi\" \/>\n<meta property=\"og:description\" content=\"Le risotto au vinaigre balsamique de Mod\u00e8ne I.G.P. est une recette tr\u00e8s populaire sur notre territoire.\" \/>\n<meta property=\"og:url\" content=\"https:\/\/www.acetaiamarchi.com\/fr\/recettes\/risotto-au-vinaigre-balsamique-de-modene-i-g-p\/\" \/>\n<meta property=\"og:site_name\" content=\"Acetaia Marchi\" \/>\n<meta property=\"article:modified_time\" content=\"2025-11-18T13:02:21+00:00\" \/>\n<meta property=\"og:image\" content=\"https:\/\/www.acetaiamarchi.com\/wp-content\/uploads\/2025\/02\/carpaccio-di-ananas-e-Aceto-Balsamico-di-Modena-ricette-Acetaia-Marchi.jpg\" \/>\n\t<meta property=\"og:image:width\" content=\"750\" \/>\n\t<meta property=\"og:image:height\" content=\"600\" \/>\n\t<meta property=\"og:image:type\" content=\"image\/jpeg\" \/>\n<meta name=\"twitter:card\" content=\"summary_large_image\" \/>\n<meta name=\"twitter:label1\" content=\"Dur\u00e9e de lecture estim\u00e9e\" \/>\n\t<meta name=\"twitter:data1\" content=\"4 minutes\" \/>\n<script type=\"application\/ld+json\" class=\"yoast-schema-graph\">{\"@context\":\"https:\\\/\\\/schema.org\",\"@graph\":[{\"@type\":\"WebPage\",\"@id\":\"https:\\\/\\\/www.acetaiamarchi.com\\\/fr\\\/recettes\\\/risotto-au-vinaigre-balsamique-de-modene-i-g-p\\\/\",\"url\":\"https:\\\/\\\/www.acetaiamarchi.com\\\/fr\\\/recettes\\\/risotto-au-vinaigre-balsamique-de-modene-i-g-p\\\/\",\"name\":\"Risotto au vinaigre balsamique de Mod\u00e8ne I.G.P. - Acetaia Marchi\",\"isPartOf\":{\"@id\":\"https:\\\/\\\/www.acetaiamarchi.com\\\/fr\\\/#website\"},\"primaryImageOfPage\":{\"@id\":\"https:\\\/\\\/www.acetaiamarchi.com\\\/fr\\\/recettes\\\/risotto-au-vinaigre-balsamique-de-modene-i-g-p\\\/#primaryimage\"},\"image\":{\"@id\":\"https:\\\/\\\/www.acetaiamarchi.com\\\/fr\\\/recettes\\\/risotto-au-vinaigre-balsamique-de-modene-i-g-p\\\/#primaryimage\"},\"thumbnailUrl\":\"https:\\\/\\\/www.acetaiamarchi.com\\\/wp-content\\\/uploads\\\/2025\\\/02\\\/carpaccio-di-ananas-e-Aceto-Balsamico-di-Modena-ricette-Acetaia-Marchi.jpg\",\"datePublished\":\"2025-04-03T12:34:36+00:00\",\"dateModified\":\"2025-11-18T13:02:21+00:00\",\"description\":\"Le risotto au vinaigre balsamique de Mod\u00e8ne I.G.P. est une recette tr\u00e8s populaire sur notre territoire.\",\"breadcrumb\":{\"@id\":\"https:\\\/\\\/www.acetaiamarchi.com\\\/fr\\\/recettes\\\/risotto-au-vinaigre-balsamique-de-modene-i-g-p\\\/#breadcrumb\"},\"inLanguage\":\"fr-FR\",\"potentialAction\":[{\"@type\":\"ReadAction\",\"target\":[\"https:\\\/\\\/www.acetaiamarchi.com\\\/fr\\\/recettes\\\/risotto-au-vinaigre-balsamique-de-modene-i-g-p\\\/\"]}]},{\"@type\":\"ImageObject\",\"inLanguage\":\"fr-FR\",\"@id\":\"https:\\\/\\\/www.acetaiamarchi.com\\\/fr\\\/recettes\\\/risotto-au-vinaigre-balsamique-de-modene-i-g-p\\\/#primaryimage\",\"url\":\"https:\\\/\\\/www.acetaiamarchi.com\\\/wp-content\\\/uploads\\\/2025\\\/02\\\/carpaccio-di-ananas-e-Aceto-Balsamico-di-Modena-ricette-Acetaia-Marchi.jpg\",\"contentUrl\":\"https:\\\/\\\/www.acetaiamarchi.com\\\/wp-content\\\/uploads\\\/2025\\\/02\\\/carpaccio-di-ananas-e-Aceto-Balsamico-di-Modena-ricette-Acetaia-Marchi.jpg\",\"width\":750,\"height\":600},{\"@type\":\"BreadcrumbList\",\"@id\":\"https:\\\/\\\/www.acetaiamarchi.com\\\/fr\\\/recettes\\\/risotto-au-vinaigre-balsamique-de-modene-i-g-p\\\/#breadcrumb\",\"itemListElement\":[{\"@type\":\"ListItem\",\"position\":1,\"name\":\"Home\",\"item\":\"https:\\\/\\\/www.acetaiamarchi.com\\\/fr\\\/\"},{\"@type\":\"ListItem\",\"position\":2,\"name\":\"Recettes\",\"item\":\"https:\\\/\\\/www.acetaiamarchi.com\\\/fr\\\/recettes\\\/\"},{\"@type\":\"ListItem\",\"position\":3,\"name\":\"Risotto au vinaigre balsamique de Mod\u00e8ne I.G.P.\"}]},{\"@type\":\"WebSite\",\"@id\":\"https:\\\/\\\/www.acetaiamarchi.com\\\/fr\\\/#website\",\"url\":\"https:\\\/\\\/www.acetaiamarchi.com\\\/fr\\\/\",\"name\":\"Acetaia Marchi Srl\",\"description\":\"\",\"publisher\":{\"@id\":\"https:\\\/\\\/www.acetaiamarchi.com\\\/fr\\\/#organization\"},\"potentialAction\":[{\"@type\":\"SearchAction\",\"target\":{\"@type\":\"EntryPoint\",\"urlTemplate\":\"https:\\\/\\\/www.acetaiamarchi.com\\\/fr\\\/?s={search_term_string}\"},\"query-input\":{\"@type\":\"PropertyValueSpecification\",\"valueRequired\":true,\"valueName\":\"search_term_string\"}}],\"inLanguage\":\"fr-FR\"},{\"@type\":\"Organization\",\"@id\":\"https:\\\/\\\/www.acetaiamarchi.com\\\/fr\\\/#organization\",\"name\":\"Acetaia Marchi Srl\",\"url\":\"https:\\\/\\\/www.acetaiamarchi.com\\\/fr\\\/\",\"logo\":{\"@type\":\"ImageObject\",\"inLanguage\":\"fr-FR\",\"@id\":\"https:\\\/\\\/www.acetaiamarchi.com\\\/fr\\\/#\\\/schema\\\/logo\\\/image\\\/\",\"url\":\"https:\\\/\\\/acetaiamarchi.com\\\/wp-content\\\/uploads\\\/2025\\\/03\\\/Acetaia-Marchi-Srl-Logo.png\",\"contentUrl\":\"https:\\\/\\\/acetaiamarchi.com\\\/wp-content\\\/uploads\\\/2025\\\/03\\\/Acetaia-Marchi-Srl-Logo.png\",\"width\":2000,\"height\":2000,\"caption\":\"Acetaia Marchi Srl\"},\"image\":{\"@id\":\"https:\\\/\\\/www.acetaiamarchi.com\\\/fr\\\/#\\\/schema\\\/logo\\\/image\\\/\"}}]}<\/script>\n<!-- \/ Yoast SEO plugin. -->","yoast_head_json":{"title":"Risotto au vinaigre balsamique de Mod\u00e8ne I.G.P. - Acetaia Marchi","description":"Le risotto au vinaigre balsamique de Mod\u00e8ne I.G.P. est une recette tr\u00e8s populaire sur notre territoire.","robots":{"index":"index","follow":"follow","max-snippet":"max-snippet:-1","max-image-preview":"max-image-preview:large","max-video-preview":"max-video-preview:-1"},"canonical":"https:\/\/www.acetaiamarchi.com\/fr\/recettes\/risotto-au-vinaigre-balsamique-de-modene-i-g-p\/","og_locale":"fr_FR","og_type":"article","og_title":"Risotto au vinaigre balsamique de Mod\u00e8ne I.G.P. - Acetaia Marchi","og_description":"Le risotto au vinaigre balsamique de Mod\u00e8ne I.G.P. est une recette tr\u00e8s populaire sur notre territoire.","og_url":"https:\/\/www.acetaiamarchi.com\/fr\/recettes\/risotto-au-vinaigre-balsamique-de-modene-i-g-p\/","og_site_name":"Acetaia Marchi","article_modified_time":"2025-11-18T13:02:21+00:00","og_image":[{"width":750,"height":600,"url":"https:\/\/www.acetaiamarchi.com\/wp-content\/uploads\/2025\/02\/carpaccio-di-ananas-e-Aceto-Balsamico-di-Modena-ricette-Acetaia-Marchi.jpg","type":"image\/jpeg"}],"twitter_card":"summary_large_image","twitter_misc":{"Dur\u00e9e de lecture estim\u00e9e":"4 minutes"},"schema":{"@context":"https:\/\/schema.org","@graph":[{"@type":"WebPage","@id":"https:\/\/www.acetaiamarchi.com\/fr\/recettes\/risotto-au-vinaigre-balsamique-de-modene-i-g-p\/","url":"https:\/\/www.acetaiamarchi.com\/fr\/recettes\/risotto-au-vinaigre-balsamique-de-modene-i-g-p\/","name":"Risotto au vinaigre balsamique de Mod\u00e8ne I.G.P. - Acetaia Marchi","isPartOf":{"@id":"https:\/\/www.acetaiamarchi.com\/fr\/#website"},"primaryImageOfPage":{"@id":"https:\/\/www.acetaiamarchi.com\/fr\/recettes\/risotto-au-vinaigre-balsamique-de-modene-i-g-p\/#primaryimage"},"image":{"@id":"https:\/\/www.acetaiamarchi.com\/fr\/recettes\/risotto-au-vinaigre-balsamique-de-modene-i-g-p\/#primaryimage"},"thumbnailUrl":"https:\/\/www.acetaiamarchi.com\/wp-content\/uploads\/2025\/02\/carpaccio-di-ananas-e-Aceto-Balsamico-di-Modena-ricette-Acetaia-Marchi.jpg","datePublished":"2025-04-03T12:34:36+00:00","dateModified":"2025-11-18T13:02:21+00:00","description":"Le risotto au vinaigre balsamique de Mod\u00e8ne I.G.P. est une recette tr\u00e8s populaire sur notre territoire.","breadcrumb":{"@id":"https:\/\/www.acetaiamarchi.com\/fr\/recettes\/risotto-au-vinaigre-balsamique-de-modene-i-g-p\/#breadcrumb"},"inLanguage":"fr-FR","potentialAction":[{"@type":"ReadAction","target":["https:\/\/www.acetaiamarchi.com\/fr\/recettes\/risotto-au-vinaigre-balsamique-de-modene-i-g-p\/"]}]},{"@type":"ImageObject","inLanguage":"fr-FR","@id":"https:\/\/www.acetaiamarchi.com\/fr\/recettes\/risotto-au-vinaigre-balsamique-de-modene-i-g-p\/#primaryimage","url":"https:\/\/www.acetaiamarchi.com\/wp-content\/uploads\/2025\/02\/carpaccio-di-ananas-e-Aceto-Balsamico-di-Modena-ricette-Acetaia-Marchi.jpg","contentUrl":"https:\/\/www.acetaiamarchi.com\/wp-content\/uploads\/2025\/02\/carpaccio-di-ananas-e-Aceto-Balsamico-di-Modena-ricette-Acetaia-Marchi.jpg","width":750,"height":600},{"@type":"BreadcrumbList","@id":"https:\/\/www.acetaiamarchi.com\/fr\/recettes\/risotto-au-vinaigre-balsamique-de-modene-i-g-p\/#breadcrumb","itemListElement":[{"@type":"ListItem","position":1,"name":"Home","item":"https:\/\/www.acetaiamarchi.com\/fr\/"},{"@type":"ListItem","position":2,"name":"Recettes","item":"https:\/\/www.acetaiamarchi.com\/fr\/recettes\/"},{"@type":"ListItem","position":3,"name":"Risotto au vinaigre balsamique de Mod\u00e8ne I.G.P."}]},{"@type":"WebSite","@id":"https:\/\/www.acetaiamarchi.com\/fr\/#website","url":"https:\/\/www.acetaiamarchi.com\/fr\/","name":"Acetaia Marchi Srl","description":"","publisher":{"@id":"https:\/\/www.acetaiamarchi.com\/fr\/#organization"},"potentialAction":[{"@type":"SearchAction","target":{"@type":"EntryPoint","urlTemplate":"https:\/\/www.acetaiamarchi.com\/fr\/?s={search_term_string}"},"query-input":{"@type":"PropertyValueSpecification","valueRequired":true,"valueName":"search_term_string"}}],"inLanguage":"fr-FR"},{"@type":"Organization","@id":"https:\/\/www.acetaiamarchi.com\/fr\/#organization","name":"Acetaia Marchi Srl","url":"https:\/\/www.acetaiamarchi.com\/fr\/","logo":{"@type":"ImageObject","inLanguage":"fr-FR","@id":"https:\/\/www.acetaiamarchi.com\/fr\/#\/schema\/logo\/image\/","url":"https:\/\/acetaiamarchi.com\/wp-content\/uploads\/2025\/03\/Acetaia-Marchi-Srl-Logo.png","contentUrl":"https:\/\/acetaiamarchi.com\/wp-content\/uploads\/2025\/03\/Acetaia-Marchi-Srl-Logo.png","width":2000,"height":2000,"caption":"Acetaia Marchi Srl"},"image":{"@id":"https:\/\/www.acetaiamarchi.com\/fr\/#\/schema\/logo\/image\/"}}]}},"_links":{"self":[{"href":"https:\/\/www.acetaiamarchi.com\/fr\/wp-json\/wp\/v2\/pages\/10013","targetHints":{"allow":["GET"]}}],"collection":[{"href":"https:\/\/www.acetaiamarchi.com\/fr\/wp-json\/wp\/v2\/pages"}],"about":[{"href":"https:\/\/www.acetaiamarchi.com\/fr\/wp-json\/wp\/v2\/types\/page"}],"author":[{"embeddable":true,"href":"https:\/\/www.acetaiamarchi.com\/fr\/wp-json\/wp\/v2\/users\/3"}],"replies":[{"embeddable":true,"href":"https:\/\/www.acetaiamarchi.com\/fr\/wp-json\/wp\/v2\/comments?post=10013"}],"version-history":[{"count":2,"href":"https:\/\/www.acetaiamarchi.com\/fr\/wp-json\/wp\/v2\/pages\/10013\/revisions"}],"predecessor-version":[{"id":11065,"href":"https:\/\/www.acetaiamarchi.com\/fr\/wp-json\/wp\/v2\/pages\/10013\/revisions\/11065"}],"up":[{"embeddable":true,"href":"https:\/\/www.acetaiamarchi.com\/fr\/wp-json\/wp\/v2\/pages\/4860"}],"wp:featuredmedia":[{"embeddable":true,"href":"https:\/\/www.acetaiamarchi.com\/fr\/wp-json\/wp\/v2\/media\/6284"}],"wp:attachment":[{"href":"https:\/\/www.acetaiamarchi.com\/fr\/wp-json\/wp\/v2\/media?parent=10013"}],"curies":[{"name":"wp","href":"https:\/\/api.w.org\/{rel}","templated":true}]}}