{"id":12204,"date":"2025-11-21T07:15:41","date_gmt":"2025-11-21T06:15:41","guid":{"rendered":"https:\/\/www.acetaiamarchi.com\/ricette\/tortino-di-zucchine-allaceto-balsamico-di-modena-igp-de\/"},"modified":"2025-11-21T07:16:21","modified_gmt":"2025-11-21T06:16:21","slug":"zucchini-toertchen-mit-balsamico-essig-aus-modena-igp","status":"publish","type":"page","link":"https:\/\/www.acetaiamarchi.com\/de\/ricette\/zucchini-toertchen-mit-balsamico-essig-aus-modena-igp\/","title":{"rendered":"Zucchini-T\u00f6rtchen mit Balsamico-Essig aus Modena IGP"},"content":{"rendered":"\t\t<div data-elementor-type=\"wp-page\" data-elementor-id=\"12204\" class=\"elementor elementor-12204\" data-elementor-post-type=\"page\">\n\t\t\t\t<div class=\"elementor-element elementor-element-2fc78a23 e-flex e-con-boxed wpr-particle-no wpr-jarallax-no wpr-parallax-no wpr-sticky-section-no wpr-equal-height-no e-con e-parent\" data-id=\"2fc78a23\" data-element_type=\"container\" data-e-type=\"container\">\n\t\t\t\t\t<div class=\"e-con-inner\">\n\t\t\t\t<div class=\"elementor-element elementor-element-2dfbda35 elementor-widget elementor-widget-spacer\" data-id=\"2dfbda35\" data-element_type=\"widget\" data-e-type=\"widget\" data-widget_type=\"spacer.default\">\n\t\t\t\t<div class=\"elementor-widget-container\">\n\t\t\t\t\t\t\t<div class=\"elementor-spacer\">\n\t\t\t<div class=\"elementor-spacer-inner\"><\/div>\n\t\t<\/div>\n\t\t\t\t\t\t<\/div>\n\t\t\t\t<\/div>\n\t\t\t\t\t<\/div>\n\t\t\t\t<\/div>\n\t\t<div class=\"elementor-element elementor-element-56712c1e elementor-hidden-desktop e-flex e-con-boxed wpr-particle-no wpr-jarallax-no wpr-parallax-no wpr-sticky-section-no wpr-equal-height-no e-con e-parent\" data-id=\"56712c1e\" data-element_type=\"container\" data-e-type=\"container\">\n\t\t\t\t\t<div class=\"e-con-inner\">\n\t\t<div class=\"elementor-element elementor-element-a8521be e-con-full e-grid elementor-hidden-desktop wpr-particle-no wpr-jarallax-no wpr-parallax-no wpr-sticky-section-no wpr-equal-height-no e-con e-child\" data-id=\"a8521be\" data-element_type=\"container\" data-e-type=\"container\">\n\t\t\t\t<div class=\"elementor-element elementor-element-5b3fafb6 elementor-widget elementor-widget-breadcrumbs\" data-id=\"5b3fafb6\" data-element_type=\"widget\" data-e-type=\"widget\" data-widget_type=\"breadcrumbs.default\">\n\t\t\t\t<div class=\"elementor-widget-container\">\n\t\t\t\t\t<p id=\"breadcrumbs\"><span><span><a href=\"https:\/\/www.acetaiamarchi.com\/de\/\">Home<\/a><\/span><\/span><\/p>\t\t\t\t<\/div>\n\t\t\t\t<\/div>\n\t\t\t\t<div class=\"elementor-element elementor-element-503562a5 elementor-widget elementor-widget-theme-post-featured-image elementor-widget-image\" data-id=\"503562a5\" data-element_type=\"widget\" data-e-type=\"widget\" data-widget_type=\"theme-post-featured-image.default\">\n\t\t\t\t<div class=\"elementor-widget-container\">\n\t\t\t\t\t\t\t\t\t\t\t\t\t\t\t<img fetchpriority=\"high\" decoding=\"async\" width=\"800\" height=\"600\" src=\"https:\/\/www.acetaiamarchi.com\/wp-content\/uploads\/2025\/04\/tortino-zucchine-e-aceto-balsamico-di-modena-igp-1024x768.jpg\" class=\"attachment-large size-large wp-image-3069\" alt=\"Antipasto a base di Tortino di zucchine all&#039;aceto balsamico di modena IGP\" srcset=\"https:\/\/www.acetaiamarchi.com\/wp-content\/uploads\/2025\/04\/tortino-zucchine-e-aceto-balsamico-di-modena-igp-1024x768.jpg 1024w, https:\/\/www.acetaiamarchi.com\/wp-content\/uploads\/2025\/04\/tortino-zucchine-e-aceto-balsamico-di-modena-igp-600x450.jpg 600w, https:\/\/www.acetaiamarchi.com\/wp-content\/uploads\/2025\/04\/tortino-zucchine-e-aceto-balsamico-di-modena-igp-300x225.jpg 300w, https:\/\/www.acetaiamarchi.com\/wp-content\/uploads\/2025\/04\/tortino-zucchine-e-aceto-balsamico-di-modena-igp-768x576.jpg 768w, https:\/\/www.acetaiamarchi.com\/wp-content\/uploads\/2025\/04\/tortino-zucchine-e-aceto-balsamico-di-modena-igp.jpg 1032w\" sizes=\"(max-width: 800px) 100vw, 800px\" \/>\t\t\t\t\t\t\t\t\t\t\t\t\t\t\t<\/div>\n\t\t\t\t<\/div>\n\t\t\t\t<div class=\"elementor-element elementor-element-375b6808 elementor-widget elementor-widget-heading\" data-id=\"375b6808\" data-element_type=\"widget\" data-e-type=\"widget\" data-widget_type=\"heading.default\">\n\t\t\t\t<div class=\"elementor-widget-container\">\n\t\t\t\t\t<h4 class=\"elementor-heading-title elementor-size-default\">Zutaten:<\/h4>\t\t\t\t<\/div>\n\t\t\t\t<\/div>\n\t\t\t\t<div class=\"elementor-element elementor-element-63dd23ba elementor-widget elementor-widget-text-editor\" data-id=\"63dd23ba\" data-element_type=\"widget\" data-e-type=\"widget\" data-widget_type=\"text-editor.default\">\n\t\t\t\t<div class=\"elementor-widget-container\">\n\t\t\t\t\t\t\t\t\t<ul><li>3 Zucchini<\/li><li>4 Eier<\/li><li>1 Essl\u00f6ffel Parmigiano Reggiano<\/li><li>1 Knoblauchzehe<\/li><li>Extra natives Oliven\u00f6l<\/li><li>Salz<\/li><li>Peterle<\/li><li>Balsamico-Essig aus Modena IGP<\/li><\/ul>\t\t\t\t\t\t\t\t<\/div>\n\t\t\t\t<\/div>\n\t\t\t\t<\/div>\n\t\t\t\t\t<\/div>\n\t\t\t\t<\/div>\n\t\t<div class=\"elementor-element elementor-element-2ffd56f5 elementor-hidden-tablet elementor-hidden-mobile e-flex e-con-boxed wpr-particle-no wpr-jarallax-no wpr-parallax-no wpr-sticky-section-no wpr-equal-height-no e-con e-parent\" data-id=\"2ffd56f5\" data-element_type=\"container\" data-e-type=\"container\">\n\t\t\t\t\t<div class=\"e-con-inner\">\n\t\t<div class=\"elementor-element elementor-element-371eb737 e-grid e-con-boxed wpr-particle-no wpr-jarallax-no wpr-parallax-no wpr-sticky-section-no wpr-equal-height-no e-con e-child\" data-id=\"371eb737\" data-element_type=\"container\" data-e-type=\"container\">\n\t\t\t\t\t<div class=\"e-con-inner\">\n\t\t\t\t<div class=\"elementor-element elementor-element-68df4ec2 elementor-widget elementor-widget-theme-post-featured-image elementor-widget-image\" data-id=\"68df4ec2\" data-element_type=\"widget\" data-e-type=\"widget\" data-widget_type=\"theme-post-featured-image.default\">\n\t\t\t\t<div class=\"elementor-widget-container\">\n\t\t\t\t\t\t\t\t\t\t\t\t\t\t\t<img fetchpriority=\"high\" decoding=\"async\" width=\"800\" height=\"600\" src=\"https:\/\/www.acetaiamarchi.com\/wp-content\/uploads\/2025\/04\/tortino-zucchine-e-aceto-balsamico-di-modena-igp-1024x768.jpg\" class=\"attachment-large size-large wp-image-3069\" alt=\"Antipasto a base di Tortino di zucchine all&#039;aceto balsamico di modena IGP\" srcset=\"https:\/\/www.acetaiamarchi.com\/wp-content\/uploads\/2025\/04\/tortino-zucchine-e-aceto-balsamico-di-modena-igp-1024x768.jpg 1024w, https:\/\/www.acetaiamarchi.com\/wp-content\/uploads\/2025\/04\/tortino-zucchine-e-aceto-balsamico-di-modena-igp-600x450.jpg 600w, https:\/\/www.acetaiamarchi.com\/wp-content\/uploads\/2025\/04\/tortino-zucchine-e-aceto-balsamico-di-modena-igp-300x225.jpg 300w, https:\/\/www.acetaiamarchi.com\/wp-content\/uploads\/2025\/04\/tortino-zucchine-e-aceto-balsamico-di-modena-igp-768x576.jpg 768w, https:\/\/www.acetaiamarchi.com\/wp-content\/uploads\/2025\/04\/tortino-zucchine-e-aceto-balsamico-di-modena-igp.jpg 1032w\" sizes=\"(max-width: 800px) 100vw, 800px\" \/>\t\t\t\t\t\t\t\t\t\t\t\t\t\t\t<\/div>\n\t\t\t\t<\/div>\n\t\t<div class=\"elementor-element elementor-element-112c89ea e-con-full e-flex wpr-particle-no wpr-jarallax-no wpr-parallax-no wpr-sticky-section-no wpr-equal-height-no e-con e-child\" data-id=\"112c89ea\" data-element_type=\"container\" data-e-type=\"container\">\n\t\t\t\t<div class=\"elementor-element elementor-element-761da59d elementor-align-left elementor-widget elementor-widget-breadcrumbs\" data-id=\"761da59d\" data-element_type=\"widget\" data-e-type=\"widget\" data-widget_type=\"breadcrumbs.default\">\n\t\t\t\t<div class=\"elementor-widget-container\">\n\t\t\t\t\t<p id=\"breadcrumbs\"><span><span><a href=\"https:\/\/www.acetaiamarchi.com\/de\/\">Home<\/a><\/span><\/span><\/p>\t\t\t\t<\/div>\n\t\t\t\t<\/div>\n\t\t\t\t<div class=\"elementor-element elementor-element-26a50199 elementor-widget elementor-widget-heading\" data-id=\"26a50199\" data-element_type=\"widget\" data-e-type=\"widget\" data-widget_type=\"heading.default\">\n\t\t\t\t<div class=\"elementor-widget-container\">\n\t\t\t\t\t<h4 class=\"elementor-heading-title elementor-size-default\">Zutaten:<\/h4>\t\t\t\t<\/div>\n\t\t\t\t<\/div>\n\t\t\t\t<div class=\"elementor-element elementor-element-6b46b3cd elementor-widget elementor-widget-text-editor\" data-id=\"6b46b3cd\" data-element_type=\"widget\" data-e-type=\"widget\" data-widget_type=\"text-editor.default\">\n\t\t\t\t<div class=\"elementor-widget-container\">\n\t\t\t\t\t\t\t\t\t<ul><li>3 Zucchini<\/li><li>4 Eier<\/li><li>1 Essl\u00f6ffel Parmigiano Reggiano<\/li><li>1 Knoblauchzehe<\/li><li>Extra natives Oliven\u00f6l<\/li><li>Salz<\/li><li>Peterli<\/li><li>Balsamico-Essig aus Modena IGP<\/li><\/ul>\t\t\t\t\t\t\t\t<\/div>\n\t\t\t\t<\/div>\n\t\t\t\t<\/div>\n\t\t\t\t\t<\/div>\n\t\t\t\t<\/div>\n\t\t\t\t\t<\/div>\n\t\t\t\t<\/div>\n\t\t<div class=\"elementor-element elementor-element-3c8d150d e-flex e-con-boxed wpr-particle-no wpr-jarallax-no wpr-parallax-no wpr-sticky-section-no wpr-equal-height-no e-con e-parent\" data-id=\"3c8d150d\" data-element_type=\"container\" data-e-type=\"container\" data-settings=\"{&quot;background_background&quot;:&quot;classic&quot;}\">\n\t\t\t\t\t<div class=\"e-con-inner\">\n\t\t<div class=\"elementor-element elementor-element-18d2889e e-con-full e-flex wpr-particle-no wpr-jarallax-no wpr-parallax-no wpr-sticky-section-no wpr-equal-height-no e-con e-child\" data-id=\"18d2889e\" data-element_type=\"container\" data-e-type=\"container\">\n\t\t\t\t<div class=\"elementor-element elementor-element-6ba753f2 elementor-widget elementor-widget-heading\" data-id=\"6ba753f2\" data-element_type=\"widget\" data-e-type=\"widget\" data-widget_type=\"heading.default\">\n\t\t\t\t<div class=\"elementor-widget-container\">\n\t\t\t\t\t<h2 class=\"elementor-heading-title elementor-size-default\">Vorbereitung<\/h2>\t\t\t\t<\/div>\n\t\t\t\t<\/div>\n\t\t\t\t<div class=\"elementor-element elementor-element-3fa18bd1 elementor-widget elementor-widget-text-editor\" data-id=\"3fa18bd1\" data-element_type=\"widget\" data-e-type=\"widget\" data-widget_type=\"text-editor.default\">\n\t\t\t\t<div class=\"elementor-widget-container\">\n\t\t\t\t\t\t\t\t\t<p>Der Zucchini-K\u00fcchlein mit Balsamico-Essig aus Modena IGP pr\u00e4sentiert sich als ein Gericht, das eine Mischung aus hervorragenden Aromen bietet. Er ist nahrhaft und s\u00e4ttigend und erweist sich als ideale Vorspeise f\u00fcr die besonderen Anl\u00e4sse. Wenn er in gr\u00f6\u00dferen Portionen zubereitet wird, kann er auch zu einem k\u00f6stlichen Hauptgericht werden. Wichtig ist, den richtigen Balsamico-Essig auszuw\u00e4hlen!<\/p><p>Um den Zucchini-K\u00fcchlein mit Balsamico-Essig aus Modena IGP zuzubereiten, beginne damit, die Zucchini zu waschen und in Scheiben zu schneiden. Koche sie in einer Pfanne zusammen mit einer Knoblauchzehe und einem Schuss \u00d6l. Wenn die Zucchini gar sind, lasse sie abk\u00fchlen und p\u00fcriere sie dann im Mixer oder in einem Standmixer, wobei du die Eier, den Parmesan, das Salz und den Pfeffer hinzuf\u00fcgst.<\/p><p>Gie\u00dfe die cremige Mischung in einige F\u00f6rmchen und backe sie bei 180\u00b0 f\u00fcr etwa 15 Minuten. Am Ende der Garzeit lege den Zucchini-K\u00fcchlein auf eine Servierplatte und glasuriere ihn mit dem Balsamico-Essig aus Modena IGP.<\/p>\t\t\t\t\t\t\t\t<\/div>\n\t\t\t\t<\/div>\n\t\t\t\t<\/div>\n\t\t\t\t\t<\/div>\n\t\t\t\t<\/div>\n\t\t<div class=\"elementor-element elementor-element-2300e3fa e-flex e-con-boxed wpr-particle-no wpr-jarallax-no wpr-parallax-no wpr-sticky-section-no wpr-equal-height-no e-con e-parent\" data-id=\"2300e3fa\" data-element_type=\"container\" data-e-type=\"container\">\n\t\t\t\t\t<div class=\"e-con-inner\">\n\t\t\t\t<div class=\"elementor-element elementor-element-281a2987 elementor-widget elementor-widget-heading\" data-id=\"281a2987\" data-element_type=\"widget\" data-e-type=\"widget\" data-widget_type=\"heading.default\">\n\t\t\t\t<div class=\"elementor-widget-container\">\n\t\t\t\t\t<h2 class=\"elementor-heading-title elementor-size-default\">Empfohlene Kombination<\/h2>\t\t\t\t<\/div>\n\t\t\t\t<\/div>\n\t\t\t\t\t<\/div>\n\t\t\t\t<\/div>\n\t\t<div class=\"elementor-element elementor-element-70f8d051 e-flex e-con-boxed wpr-particle-no wpr-jarallax-no wpr-parallax-no wpr-sticky-section-no wpr-equal-height-no e-con e-parent\" data-id=\"70f8d051\" data-element_type=\"container\" data-e-type=\"container\">\n\t\t\t\t\t<div class=\"e-con-inner\">\n\t\t<div class=\"elementor-element elementor-element-1ee6d04c e-con-full e-flex wpr-particle-no wpr-jarallax-no wpr-parallax-no wpr-sticky-section-no wpr-equal-height-no e-con e-child\" data-id=\"1ee6d04c\" data-element_type=\"container\" data-e-type=\"container\">\n\t\t\t\t<div class=\"elementor-element elementor-element-19802ada elementor-widget__width-initial elementor-widget elementor-widget-image\" data-id=\"19802ada\" data-element_type=\"widget\" data-e-type=\"widget\" data-widget_type=\"image.default\">\n\t\t\t\t<div class=\"elementor-widget-container\">\n\t\t\t\t\t\t\t\t\t\t\t\t\t\t\t<img decoding=\"async\" width=\"800\" height=\"800\" src=\"https:\/\/www.acetaiamarchi.com\/wp-content\/uploads\/2025\/03\/Aceto-Balsamico-di-Modena-IGP-Sigillo-Platino-1024x1024.jpg\" class=\"attachment-large size-large wp-image-940\" alt=\"Aceto Balsamico di Modena IGP Sigillo Platino\" srcset=\"https:\/\/www.acetaiamarchi.com\/wp-content\/uploads\/2025\/03\/Aceto-Balsamico-di-Modena-IGP-Sigillo-Platino-1024x1024.jpg 1024w, https:\/\/www.acetaiamarchi.com\/wp-content\/uploads\/2025\/03\/Aceto-Balsamico-di-Modena-IGP-Sigillo-Platino-300x300.jpg 300w, https:\/\/www.acetaiamarchi.com\/wp-content\/uploads\/2025\/03\/Aceto-Balsamico-di-Modena-IGP-Sigillo-Platino-100x100.jpg 100w, https:\/\/www.acetaiamarchi.com\/wp-content\/uploads\/2025\/03\/Aceto-Balsamico-di-Modena-IGP-Sigillo-Platino-600x600.jpg 600w, https:\/\/www.acetaiamarchi.com\/wp-content\/uploads\/2025\/03\/Aceto-Balsamico-di-Modena-IGP-Sigillo-Platino-150x150.jpg 150w, https:\/\/www.acetaiamarchi.com\/wp-content\/uploads\/2025\/03\/Aceto-Balsamico-di-Modena-IGP-Sigillo-Platino-768x768.jpg 768w, https:\/\/www.acetaiamarchi.com\/wp-content\/uploads\/2025\/03\/Aceto-Balsamico-di-Modena-IGP-Sigillo-Platino-1536x1536.jpg 1536w, https:\/\/www.acetaiamarchi.com\/wp-content\/uploads\/2025\/03\/Aceto-Balsamico-di-Modena-IGP-Sigillo-Platino.jpg 1600w\" sizes=\"(max-width: 800px) 100vw, 800px\" \/>\t\t\t\t\t\t\t\t\t\t\t\t\t\t\t<\/div>\n\t\t\t\t<\/div>\n\t\t\t\t<\/div>\n\t\t<div class=\"elementor-element elementor-element-c034055 e-con-full e-flex wpr-particle-no wpr-jarallax-no wpr-parallax-no wpr-sticky-section-no wpr-equal-height-no e-con e-child\" data-id=\"c034055\" data-element_type=\"container\" data-e-type=\"container\">\n\t\t\t\t<div class=\"elementor-element elementor-element-41b19ce4 elementor-widget elementor-widget-text-editor\" data-id=\"41b19ce4\" data-element_type=\"widget\" data-e-type=\"widget\" data-widget_type=\"text-editor.default\">\n\t\t\t\t<div class=\"elementor-widget-container\">\n\t\t\t\t\t\t\t\t\t<p>F\u00fcr diese Vorspeise empfehlen wir die Kombination mit dem <strong>Balsamico-Essig aus Modena IGP Sigillo Platino<\/strong> der Marke Acetaia Marchi, der besonders zum W\u00fcrzen von Gem\u00fcse geeignet ist.<\/p>\t\t\t\t\t\t\t\t<\/div>\n\t\t\t\t<\/div>\n\t\t<div class=\"elementor-element elementor-element-41941b22 e-con-full e-grid wpr-particle-no wpr-jarallax-no wpr-parallax-no wpr-sticky-section-no wpr-equal-height-no e-con e-child\" data-id=\"41941b22\" data-element_type=\"container\" data-e-type=\"container\">\n\t\t\t\t<div class=\"elementor-element elementor-element-51b4d457 elementor-widget elementor-widget-button\" data-id=\"51b4d457\" data-element_type=\"widget\" data-e-type=\"widget\" data-widget_type=\"button.default\">\n\t\t\t\t<div class=\"elementor-widget-container\">\n\t\t\t\t\t\t\t\t\t<div class=\"elementor-button-wrapper\">\n\t\t\t\t\t<a class=\"elementor-button elementor-button-link elementor-size-sm\" href=\"https:\/\/www.acetaiamarchi.com\/prodotto\/aceto-balsamico-di-modena-igp-sigillo-platino\/\">\n\t\t\t\t\t\t<span class=\"elementor-button-content-wrapper\">\n\t\t\t\t\t\t\t\t\t<span class=\"elementor-button-text\">Entdecke das Produkt<\/span>\n\t\t\t\t\t<\/span>\n\t\t\t\t\t<\/a>\n\t\t\t\t<\/div>\n\t\t\t\t\t\t\t\t<\/div>\n\t\t\t\t<\/div>\n\t\t\t\t<div class=\"elementor-element elementor-element-527d5982 elementor-hidden-desktop elementor-hidden-tablet elementor-hidden-mobile elementor-widget elementor-widget-button\" data-id=\"527d5982\" data-element_type=\"widget\" data-e-type=\"widget\" data-widget_type=\"button.default\">\n\t\t\t\t<div class=\"elementor-widget-container\">\n\t\t\t\t\t\t\t\t\t<div class=\"elementor-button-wrapper\">\n\t\t\t\t\t<a class=\"elementor-button elementor-size-sm\" role=\"button\">\n\t\t\t\t\t\t<span class=\"elementor-button-content-wrapper\">\n\t\t\t\t\t\t\t\t\t<span class=\"elementor-button-text\">Gehe zum Online-Shop<\/span>\n\t\t\t\t\t<\/span>\n\t\t\t\t\t<\/a>\n\t\t\t\t<\/div>\n\t\t\t\t\t\t\t\t<\/div>\n\t\t\t\t<\/div>\n\t\t\t\t<\/div>\n\t\t\t\t<\/div>\n\t\t\t\t\t<\/div>\n\t\t\t\t<\/div>\n\t\t\t\t<\/div>\n\t\t","protected":false},"excerpt":{"rendered":"<p>Zutaten: 3 Zucchini 4 Eier 1 Essl\u00f6ffel Parmigiano Reggiano 1 Knoblauchzehe Extra natives Oliven\u00f6l Salz Peterli Balsamico-Essig aus Modena IGP Zutaten: 3 Zucchini 4 Eier 1 Essl\u00f6ffel Parmigiano Reggiano 1 Knoblauchzehe Extra natives Oliven\u00f6l Salz Peterli Balsamico-Essig aus Modena IGP Zubereitung Der Zucchini-Kuchen mit Balsamico-Essig aus Modena IGP pr\u00e4sentiert sich als ein Gericht, das eine Mischung aus hervorragenden Aromen bietet. Er ist nahrhaft und s\u00e4ttigend und erweist sich als idealer Vorspeise f\u00fcr besondere Anl\u00e4sse. Wenn er in gr\u00f6\u00dferen Portionen zubereitet wird, kann er auch zu einem k\u00f6stlichen Hauptgericht werden. Wichtig ist, den richtigen Balsamico-Essig auszuw\u00e4hlen! Um den Zucchini-Kuchen mit Balsamico-Essig aus Modena IGP zuzubereiten, beginne damit, die Zucchini zu waschen und in Scheiben zu schneiden. Koche sie in einer Pfanne zusammen mit einer Knoblauchzehe und einem Schuss \u00d6l. Wenn die Zucchini gar sind, lasse sie abk\u00fchlen und p\u00fcriere sie dann im Mixer oder in einem Standmixer, w\u00e4hrend du die Eier, den Parmesan, das Salz und den Pfeffer hinzuf\u00fcgst. Gie\u00dfe die cremige Mischung in einige F\u00f6rmchen und backe sie bei 180\u00b0 f\u00fcr etwa 15 Minuten. Nach dem Backen lege den Zucchini-Kuchen auf eine Servierplatte und betr\u00e4ufle ihn mit dem Balsamico-Essig aus Modena IGP. Empfohlene Kombination F\u00fcr diese Vorspeise empfehlen wir die Kombination mit dem Balsamico-Essig aus Modena IGP Sigillo Platino von Acetaia Marchi, der besonders gut geeignet ist, um Gem\u00fcse zu w\u00fcrzen. Produkt entdecken Zum Online-Shop<\/p>\n","protected":false},"author":3,"featured_media":3069,"parent":43,"menu_order":0,"comment_status":"closed","ping_status":"closed","template":"","meta":{"footnotes":""},"class_list":["post-12204","page","type-page","status-publish","has-post-thumbnail","hentry"],"yoast_head":"<!-- This site is optimized with the Yoast SEO plugin v27.4 - https:\/\/yoast.com\/product\/yoast-seo-wordpress\/ -->\n<title>Zucchini-T\u00f6rtchen mit Balsamico-Essig aus Modena IGP | Acetaia Marchi<\/title>\n<meta name=\"description\" content=\"Ricetta e preparazione di un antipasto a base di zucchine all&#039;Aceto Balsamico di Modena IGP ideale per occasioni speciali\" \/>\n<meta name=\"robots\" content=\"index, follow, max-snippet:-1, max-image-preview:large, max-video-preview:-1\" \/>\n<link rel=\"canonical\" href=\"https:\/\/www.acetaiamarchi.com\/de\/ricette\/zucchini-toertchen-mit-balsamico-essig-aus-modena-igp\/\" \/>\n<meta property=\"og:locale\" content=\"de_DE\" \/>\n<meta property=\"og:type\" content=\"article\" \/>\n<meta property=\"og:title\" content=\"Zucchini-T\u00f6rtchen mit Balsamico-Essig aus Modena IGP | Acetaia Marchi\" \/>\n<meta property=\"og:description\" content=\"Ricetta e preparazione di un antipasto a base di zucchine all&#039;Aceto Balsamico di Modena IGP ideale per occasioni speciali\" \/>\n<meta property=\"og:url\" content=\"https:\/\/www.acetaiamarchi.com\/de\/ricette\/zucchini-toertchen-mit-balsamico-essig-aus-modena-igp\/\" \/>\n<meta property=\"og:site_name\" content=\"Acetaia Marchi\" \/>\n<meta property=\"article:modified_time\" content=\"2025-11-21T06:16:21+00:00\" \/>\n<meta property=\"og:image\" content=\"https:\/\/www.acetaiamarchi.com\/wp-content\/uploads\/2025\/04\/tortino-zucchine-e-aceto-balsamico-di-modena-igp.jpg\" \/>\n\t<meta property=\"og:image:width\" content=\"1032\" \/>\n\t<meta property=\"og:image:height\" content=\"774\" \/>\n\t<meta property=\"og:image:type\" content=\"image\/jpeg\" \/>\n<meta name=\"twitter:card\" content=\"summary_large_image\" \/>\n<meta name=\"twitter:label1\" content=\"Gesch\u00e4tzte Lesezeit\" \/>\n\t<meta name=\"twitter:data1\" content=\"2\u00a0Minuten\" \/>\n<script type=\"application\/ld+json\" class=\"yoast-schema-graph\">{\"@context\":\"https:\\\/\\\/schema.org\",\"@graph\":[{\"@type\":\"WebPage\",\"@id\":\"https:\\\/\\\/www.acetaiamarchi.com\\\/de\\\/ricette\\\/zucchini-toertchen-mit-balsamico-essig-aus-modena-igp\\\/\",\"url\":\"https:\\\/\\\/www.acetaiamarchi.com\\\/de\\\/ricette\\\/zucchini-toertchen-mit-balsamico-essig-aus-modena-igp\\\/\",\"name\":\"Zucchini-T\u00f6rtchen mit Balsamico-Essig aus Modena IGP | Acetaia Marchi\",\"isPartOf\":{\"@id\":\"https:\\\/\\\/www.acetaiamarchi.com\\\/de\\\/#website\"},\"primaryImageOfPage\":{\"@id\":\"https:\\\/\\\/www.acetaiamarchi.com\\\/de\\\/ricette\\\/zucchini-toertchen-mit-balsamico-essig-aus-modena-igp\\\/#primaryimage\"},\"image\":{\"@id\":\"https:\\\/\\\/www.acetaiamarchi.com\\\/de\\\/ricette\\\/zucchini-toertchen-mit-balsamico-essig-aus-modena-igp\\\/#primaryimage\"},\"thumbnailUrl\":\"https:\\\/\\\/www.acetaiamarchi.com\\\/wp-content\\\/uploads\\\/2025\\\/04\\\/tortino-zucchine-e-aceto-balsamico-di-modena-igp.jpg\",\"datePublished\":\"2025-11-21T06:15:41+00:00\",\"dateModified\":\"2025-11-21T06:16:21+00:00\",\"description\":\"Ricetta e preparazione di un antipasto a base di zucchine all'Aceto Balsamico di Modena IGP ideale per occasioni speciali\",\"breadcrumb\":{\"@id\":\"https:\\\/\\\/www.acetaiamarchi.com\\\/de\\\/ricette\\\/zucchini-toertchen-mit-balsamico-essig-aus-modena-igp\\\/#breadcrumb\"},\"inLanguage\":\"de\",\"potentialAction\":[{\"@type\":\"ReadAction\",\"target\":[\"https:\\\/\\\/www.acetaiamarchi.com\\\/de\\\/ricette\\\/zucchini-toertchen-mit-balsamico-essig-aus-modena-igp\\\/\"]}]},{\"@type\":\"ImageObject\",\"inLanguage\":\"de\",\"@id\":\"https:\\\/\\\/www.acetaiamarchi.com\\\/de\\\/ricette\\\/zucchini-toertchen-mit-balsamico-essig-aus-modena-igp\\\/#primaryimage\",\"url\":\"https:\\\/\\\/www.acetaiamarchi.com\\\/wp-content\\\/uploads\\\/2025\\\/04\\\/tortino-zucchine-e-aceto-balsamico-di-modena-igp.jpg\",\"contentUrl\":\"https:\\\/\\\/www.acetaiamarchi.com\\\/wp-content\\\/uploads\\\/2025\\\/04\\\/tortino-zucchine-e-aceto-balsamico-di-modena-igp.jpg\",\"width\":1032,\"height\":774,\"caption\":\"Antipasto a base di Tortino di zucchine all'aceto balsamico di modena IGP\"},{\"@type\":\"BreadcrumbList\",\"@id\":\"https:\\\/\\\/www.acetaiamarchi.com\\\/de\\\/ricette\\\/zucchini-toertchen-mit-balsamico-essig-aus-modena-igp\\\/#breadcrumb\",\"itemListElement\":[{\"@type\":\"ListItem\",\"position\":1,\"name\":\"Home\",\"item\":\"https:\\\/\\\/www.acetaiamarchi.com\\\/de\\\/\"},{\"@type\":\"ListItem\",\"position\":2,\"name\":\"Ricette\",\"item\":\"https:\\\/\\\/www.acetaiamarchi.com\\\/de\\\/ricette\\\/\"},{\"@type\":\"ListItem\",\"position\":3,\"name\":\"Zucchini-T\u00f6rtchen mit Balsamico-Essig aus Modena IGP\"}]},{\"@type\":\"WebSite\",\"@id\":\"https:\\\/\\\/www.acetaiamarchi.com\\\/de\\\/#website\",\"url\":\"https:\\\/\\\/www.acetaiamarchi.com\\\/de\\\/\",\"name\":\"Acetaia Marchi Srl\",\"description\":\"\",\"publisher\":{\"@id\":\"https:\\\/\\\/www.acetaiamarchi.com\\\/de\\\/#organization\"},\"potentialAction\":[{\"@type\":\"SearchAction\",\"target\":{\"@type\":\"EntryPoint\",\"urlTemplate\":\"https:\\\/\\\/www.acetaiamarchi.com\\\/de\\\/?s={search_term_string}\"},\"query-input\":{\"@type\":\"PropertyValueSpecification\",\"valueRequired\":true,\"valueName\":\"search_term_string\"}}],\"inLanguage\":\"de\"},{\"@type\":\"Organization\",\"@id\":\"https:\\\/\\\/www.acetaiamarchi.com\\\/de\\\/#organization\",\"name\":\"Acetaia Marchi Srl\",\"url\":\"https:\\\/\\\/www.acetaiamarchi.com\\\/de\\\/\",\"logo\":{\"@type\":\"ImageObject\",\"inLanguage\":\"de\",\"@id\":\"https:\\\/\\\/www.acetaiamarchi.com\\\/de\\\/#\\\/schema\\\/logo\\\/image\\\/\",\"url\":\"https:\\\/\\\/acetaiamarchi.com\\\/wp-content\\\/uploads\\\/2025\\\/03\\\/Acetaia-Marchi-Srl-Logo.png\",\"contentUrl\":\"https:\\\/\\\/acetaiamarchi.com\\\/wp-content\\\/uploads\\\/2025\\\/03\\\/Acetaia-Marchi-Srl-Logo.png\",\"width\":2000,\"height\":2000,\"caption\":\"Acetaia Marchi Srl\"},\"image\":{\"@id\":\"https:\\\/\\\/www.acetaiamarchi.com\\\/de\\\/#\\\/schema\\\/logo\\\/image\\\/\"}}]}<\/script>\n<!-- \/ Yoast SEO plugin. -->","yoast_head_json":{"title":"Zucchini-T\u00f6rtchen mit Balsamico-Essig aus Modena IGP | Acetaia Marchi","description":"Ricetta e preparazione di un antipasto a base di zucchine all'Aceto Balsamico di Modena IGP ideale per occasioni speciali","robots":{"index":"index","follow":"follow","max-snippet":"max-snippet:-1","max-image-preview":"max-image-preview:large","max-video-preview":"max-video-preview:-1"},"canonical":"https:\/\/www.acetaiamarchi.com\/de\/ricette\/zucchini-toertchen-mit-balsamico-essig-aus-modena-igp\/","og_locale":"de_DE","og_type":"article","og_title":"Zucchini-T\u00f6rtchen mit Balsamico-Essig aus Modena IGP | Acetaia Marchi","og_description":"Ricetta e preparazione di un antipasto a base di zucchine all'Aceto Balsamico di Modena IGP ideale per occasioni speciali","og_url":"https:\/\/www.acetaiamarchi.com\/de\/ricette\/zucchini-toertchen-mit-balsamico-essig-aus-modena-igp\/","og_site_name":"Acetaia Marchi","article_modified_time":"2025-11-21T06:16:21+00:00","og_image":[{"width":1032,"height":774,"url":"https:\/\/www.acetaiamarchi.com\/wp-content\/uploads\/2025\/04\/tortino-zucchine-e-aceto-balsamico-di-modena-igp.jpg","type":"image\/jpeg"}],"twitter_card":"summary_large_image","twitter_misc":{"Gesch\u00e4tzte Lesezeit":"2\u00a0Minuten"},"schema":{"@context":"https:\/\/schema.org","@graph":[{"@type":"WebPage","@id":"https:\/\/www.acetaiamarchi.com\/de\/ricette\/zucchini-toertchen-mit-balsamico-essig-aus-modena-igp\/","url":"https:\/\/www.acetaiamarchi.com\/de\/ricette\/zucchini-toertchen-mit-balsamico-essig-aus-modena-igp\/","name":"Zucchini-T\u00f6rtchen mit Balsamico-Essig aus Modena IGP | Acetaia Marchi","isPartOf":{"@id":"https:\/\/www.acetaiamarchi.com\/de\/#website"},"primaryImageOfPage":{"@id":"https:\/\/www.acetaiamarchi.com\/de\/ricette\/zucchini-toertchen-mit-balsamico-essig-aus-modena-igp\/#primaryimage"},"image":{"@id":"https:\/\/www.acetaiamarchi.com\/de\/ricette\/zucchini-toertchen-mit-balsamico-essig-aus-modena-igp\/#primaryimage"},"thumbnailUrl":"https:\/\/www.acetaiamarchi.com\/wp-content\/uploads\/2025\/04\/tortino-zucchine-e-aceto-balsamico-di-modena-igp.jpg","datePublished":"2025-11-21T06:15:41+00:00","dateModified":"2025-11-21T06:16:21+00:00","description":"Ricetta e preparazione di un antipasto a base di zucchine all'Aceto Balsamico di Modena IGP ideale per occasioni speciali","breadcrumb":{"@id":"https:\/\/www.acetaiamarchi.com\/de\/ricette\/zucchini-toertchen-mit-balsamico-essig-aus-modena-igp\/#breadcrumb"},"inLanguage":"de","potentialAction":[{"@type":"ReadAction","target":["https:\/\/www.acetaiamarchi.com\/de\/ricette\/zucchini-toertchen-mit-balsamico-essig-aus-modena-igp\/"]}]},{"@type":"ImageObject","inLanguage":"de","@id":"https:\/\/www.acetaiamarchi.com\/de\/ricette\/zucchini-toertchen-mit-balsamico-essig-aus-modena-igp\/#primaryimage","url":"https:\/\/www.acetaiamarchi.com\/wp-content\/uploads\/2025\/04\/tortino-zucchine-e-aceto-balsamico-di-modena-igp.jpg","contentUrl":"https:\/\/www.acetaiamarchi.com\/wp-content\/uploads\/2025\/04\/tortino-zucchine-e-aceto-balsamico-di-modena-igp.jpg","width":1032,"height":774,"caption":"Antipasto a base di Tortino di zucchine all'aceto balsamico di modena IGP"},{"@type":"BreadcrumbList","@id":"https:\/\/www.acetaiamarchi.com\/de\/ricette\/zucchini-toertchen-mit-balsamico-essig-aus-modena-igp\/#breadcrumb","itemListElement":[{"@type":"ListItem","position":1,"name":"Home","item":"https:\/\/www.acetaiamarchi.com\/de\/"},{"@type":"ListItem","position":2,"name":"Ricette","item":"https:\/\/www.acetaiamarchi.com\/de\/ricette\/"},{"@type":"ListItem","position":3,"name":"Zucchini-T\u00f6rtchen mit Balsamico-Essig aus Modena IGP"}]},{"@type":"WebSite","@id":"https:\/\/www.acetaiamarchi.com\/de\/#website","url":"https:\/\/www.acetaiamarchi.com\/de\/","name":"Acetaia Marchi Srl","description":"","publisher":{"@id":"https:\/\/www.acetaiamarchi.com\/de\/#organization"},"potentialAction":[{"@type":"SearchAction","target":{"@type":"EntryPoint","urlTemplate":"https:\/\/www.acetaiamarchi.com\/de\/?s={search_term_string}"},"query-input":{"@type":"PropertyValueSpecification","valueRequired":true,"valueName":"search_term_string"}}],"inLanguage":"de"},{"@type":"Organization","@id":"https:\/\/www.acetaiamarchi.com\/de\/#organization","name":"Acetaia Marchi Srl","url":"https:\/\/www.acetaiamarchi.com\/de\/","logo":{"@type":"ImageObject","inLanguage":"de","@id":"https:\/\/www.acetaiamarchi.com\/de\/#\/schema\/logo\/image\/","url":"https:\/\/acetaiamarchi.com\/wp-content\/uploads\/2025\/03\/Acetaia-Marchi-Srl-Logo.png","contentUrl":"https:\/\/acetaiamarchi.com\/wp-content\/uploads\/2025\/03\/Acetaia-Marchi-Srl-Logo.png","width":2000,"height":2000,"caption":"Acetaia Marchi Srl"},"image":{"@id":"https:\/\/www.acetaiamarchi.com\/de\/#\/schema\/logo\/image\/"}}]}},"_links":{"self":[{"href":"https:\/\/www.acetaiamarchi.com\/de\/wp-json\/wp\/v2\/pages\/12204","targetHints":{"allow":["GET"]}}],"collection":[{"href":"https:\/\/www.acetaiamarchi.com\/de\/wp-json\/wp\/v2\/pages"}],"about":[{"href":"https:\/\/www.acetaiamarchi.com\/de\/wp-json\/wp\/v2\/types\/page"}],"author":[{"embeddable":true,"href":"https:\/\/www.acetaiamarchi.com\/de\/wp-json\/wp\/v2\/users\/3"}],"replies":[{"embeddable":true,"href":"https:\/\/www.acetaiamarchi.com\/de\/wp-json\/wp\/v2\/comments?post=12204"}],"version-history":[{"count":1,"href":"https:\/\/www.acetaiamarchi.com\/de\/wp-json\/wp\/v2\/pages\/12204\/revisions"}],"predecessor-version":[{"id":12205,"href":"https:\/\/www.acetaiamarchi.com\/de\/wp-json\/wp\/v2\/pages\/12204\/revisions\/12205"}],"up":[{"embeddable":true,"href":"https:\/\/www.acetaiamarchi.com\/de\/wp-json\/wp\/v2\/pages\/43"}],"wp:featuredmedia":[{"embeddable":true,"href":"https:\/\/www.acetaiamarchi.com\/de\/wp-json\/wp\/v2\/media\/3069"}],"wp:attachment":[{"href":"https:\/\/www.acetaiamarchi.com\/de\/wp-json\/wp\/v2\/media?parent=12204"}],"curies":[{"name":"wp","href":"https:\/\/api.w.org\/{rel}","templated":true}]}}