{"id":11039,"date":"2025-02-24T12:07:54","date_gmt":"2025-02-24T11:07:54","guid":{"rendered":"https:\/\/www.acetaiamarchi.com\/acetaia-marchi-2\/"},"modified":"2026-01-23T19:24:54","modified_gmt":"2026-01-23T18:24:54","slug":"acetaia-marchi-2","status":"publish","type":"page","link":"https:\/\/www.acetaiamarchi.com\/de\/","title":{"rendered":"Home Page"},"content":{"rendered":"\t\t<div data-elementor-type=\"wp-page\" data-elementor-id=\"11039\" class=\"elementor elementor-11039 elementor-8\" data-elementor-post-type=\"page\">\n\t\t\t\t<div class=\"elementor-element elementor-element-b92f556 e-con-full e-flex wpr-particle-no wpr-jarallax-no wpr-parallax-no wpr-sticky-section-no wpr-equal-height-no e-con e-parent\" data-id=\"b92f556\" data-element_type=\"container\" data-e-type=\"container\" data-settings=\"{&quot;background_background&quot;:&quot;classic&quot;}\">\n\t\t\t\t<div class=\"elementor-element elementor-element-36bd9c5 elementor-widget elementor-widget-slider_revolution\" data-id=\"36bd9c5\" data-element_type=\"widget\" data-e-type=\"widget\" data-widget_type=\"slider_revolution.default\">\n\t\t\t\t<div class=\"elementor-widget-container\">\n\t\t\t\t\t\n\t\t<div class=\"wp-block-themepunch-revslider\">\n\t\t\t\t<p class=\"rs-p-wp-fix\"><\/p>\n\t\t\t\t<sr7-module data-alias=\"video-ho-french-1\" data-id=\"4\" id=\"SR7_4_1\" class=\"rs-ov-hidden\" data-version=\"6.7.29\">\n\t\t\t\t\t<sr7-adjuster><\/sr7-adjuster>\n\t\t\t\t\t<sr7-content>\n\t\t\t\t\t\t<sr7-slide id=\"SR7_4_1-6\" data-key=\"6\">\n\t\t\t\t\t\t\t<h3 id=\"SR7_4_1-6-1\" class=\"sr7-layer\">ACETAIA MARCHI<\/h3>\n\t\t\t\t\t\t\t<sr7-txt id=\"SR7_4_1-6-2\" class=\"sr7-layer\">Balsamico-Essig aus Modena:<br \/>\nseit 1910 unsere Familiengeschichte.<\/sr7-txt>\n\t\t\t\t\t\t\t<a id=\"SR7_4_1-6-3\" class=\"sr7-layer\" href=\"https:\/\/www.acetaiamarchi.com\/de\/erlebnisse\/\" target=\"_self\">EXPERIENCE<\/a>\n\t\t\t\t\t\t\t<a id=\"SR7_4_1-6-4\" class=\"sr7-layer\" href=\"https:\/\/www.acetaiamarchi.com\/de\/private-label\/\" target=\"_self\">PRIVATE LABEL<\/a>\n\t\t\t\t\t\t\t<a id=\"SR7_4_1-6-5\" class=\"sr7-layer\" href=\"\/de\/shop\" target=\"_self\">SHOP<\/a>\n\t\t\t\t\t\t\t<sr7-txt id=\"SR7_4_1-6-14\" class=\"sr7-layer\"><style>.menu-social ul{  display: flex;  justify-content: center;<br \/>\n  list-style: none!important;       list-style-type: none!important;     padding: 0;  margin: 0;}.menu-social ul li::marker{  content: none !important;}.menu-social li {  margin: 0 10px;    font-size: 24px;   }.menu-social a{color:#fff}<\/style><div class=\"menu-social\" style=\"width:200px\"><ul ><li ><a href=\"https:\/\/www.facebook.com\/AcetaiaMarchi\/\" class=\"social-menu-link cursor-init\" target=\"_blank\"><i class=\"fa-facebook-f\"><\/i><\/a><\/li><li ><a href=\"https:\/\/www.instagram.com\/acetaiamarchi\/\" target=\"_blank\"><i class=\"fa fa-instagram\"><\/i><\/a><\/li><li ><a href=\"https:\/\/www.linkedin.com\/company\/acetaiamarchi\/\" target=\"_blank\"><i class=\"fa fa-linkedin-square\"><\/i><\/a><\/li><\/ul><\/div><\/i><\/sr7-txt>\n\t\t\t\t\t\t<\/sr7-slide>\n\t\t\t\t\t\t<sr7-slide id=\"SR7_4_1-8\" data-key=\"8\">\n\t\t\t\t\t\t<\/sr7-slide>\n\t\t\t\t\t<\/sr7-content>\n\t\t\t\t<\/sr7-module>\n\t\t\t\t<script>\n\t\t\t\t\tSR7.PMH ??={}; SR7.PMH[\"SR7_4_1\"] = {cn:100,state:false,fn: function() { if (_tpt!==undefined && _tpt.prepareModuleHeight !== undefined) {  _tpt.prepareModuleHeight({id:\"SR7_4_1\",el:[1080,1080,768,960,720],type:'standard',shdw:'0',gh:[1080,1080,768,960,720],gw:[1920,1920,1024,778,480],vpt:['-100px&#039;,&#039;-100px&#039;,&#039;-100px&#039;,&#039;-100px&#039;,&#039;-100px'],size:{fullWidth:true, fullHeight:true},fho:'',mh:'0',onh:0,onw:0,bg:{color:'{\"orig\":\"transparent\",\"type\":\"solid\",\"string\":\"transparent\"}'}});   SR7.PMH[\"SR7_4_1\"].state=true;} else if(SR7.PMH[\"SR7_4_1\"].cn-->0)\tsetTimeout( SR7.PMH[\"SR7_4_1\"].fn,19);}};SR7.PMH[\"SR7_4_1\" ].fn();\n\t\t\t\t<\/script>\n<\/div>\n\n\t\t\t\t\t\t<\/div>\n\t\t\t\t<\/div>\n\t\t\t\t<\/div>\n\t\t<div class=\"elementor-element elementor-element-867f9a3 e-flex e-con-boxed wpr-particle-no wpr-jarallax-no wpr-parallax-no wpr-sticky-section-no wpr-equal-height-no e-con e-parent\" data-id=\"867f9a3\" data-element_type=\"container\" data-e-type=\"container\" id=\"visite-guidate\">\n\t\t\t\t\t<div class=\"e-con-inner\">\n\t\t<div class=\"elementor-element elementor-element-08486a0 e-con-full e-flex wpr-particle-no wpr-jarallax-no wpr-parallax-no wpr-sticky-section-no wpr-equal-height-no elementor-invisible e-con e-child\" data-id=\"08486a0\" data-element_type=\"container\" data-e-type=\"container\" data-settings=\"{&quot;animation&quot;:&quot;fadeInLeft&quot;}\">\n\t\t\t\t<div class=\"elementor-element elementor-element-aa88fd6 elementor-widget elementor-widget-heading\" data-id=\"aa88fd6\" data-element_type=\"widget\" data-e-type=\"widget\" data-widget_type=\"heading.default\">\n\t\t\t\t<div class=\"elementor-widget-container\">\n\t\t\t\t\t<h2 class=\"elementor-heading-title elementor-size-default\">Ein einzigartiges Erlebnis in der ber\u00fchmtesten Acetaia von Modena.<\/h2>\t\t\t\t<\/div>\n\t\t\t\t<\/div>\n\t\t\t\t<div class=\"elementor-element elementor-element-9f792d6 elementor-widget elementor-widget-text-editor\" data-id=\"9f792d6\" data-element_type=\"widget\" data-e-type=\"widget\" data-widget_type=\"text-editor.default\">\n\t\t\t\t<div class=\"elementor-widget-container\">\n\t\t\t\t\t\t\t\t\t<p>Eines der Ziele, das sich die Acetaia Marchi schon immer gesetzt hat, war die Verbreitung der \u201eBalsamico-Kultur\u201c. Daher organisieren wir mit gro\u00dfer Freude F\u00fchrungen in unserer Acetaia \u2013 wertvolle Gelegenheiten, in eine exklusive sensorische Reise zur Entdeckung des Schwarzen Goldes von Modena einzutauchen, unsere Verbraucher pers\u00f6nlich zu treffen und einen offenen und konstruktiven Austausch zu f\u00f6rdern.<\/p>\t\t\t\t\t\t\t\t<\/div>\n\t\t\t\t<\/div>\n\t\t\t\t<div class=\"elementor-element elementor-element-8245d3b elementor-widget elementor-widget-button\" data-id=\"8245d3b\" data-element_type=\"widget\" data-e-type=\"widget\" data-widget_type=\"button.default\">\n\t\t\t\t<div class=\"elementor-widget-container\">\n\t\t\t\t\t\t\t\t\t<div class=\"elementor-button-wrapper\">\n\t\t\t\t\t<a class=\"elementor-button elementor-button-link elementor-size-sm\" href=\"https:\/\/www.acetaiamarchi.com\/de\/erfahrung\/\">\n\t\t\t\t\t\t<span class=\"elementor-button-content-wrapper\">\n\t\t\t\t\t\t\t\t\t<span class=\"elementor-button-text\">Mehr erfahren<\/span>\n\t\t\t\t\t<\/span>\n\t\t\t\t\t<\/a>\n\t\t\t\t<\/div>\n\t\t\t\t\t\t\t\t<\/div>\n\t\t\t\t<\/div>\n\t\t\t\t<\/div>\n\t\t<div class=\"elementor-element elementor-element-4db46d8 e-con-full e-flex wpr-particle-no wpr-jarallax-no wpr-parallax-no wpr-sticky-section-no wpr-equal-height-no e-con e-child\" data-id=\"4db46d8\" data-element_type=\"container\" data-e-type=\"container\">\n\t\t<div class=\"elementor-element elementor-element-efb8a78 e-con-full e-flex wpr-particle-no wpr-jarallax-no wpr-parallax-no wpr-sticky-section-no wpr-equal-height-no e-con e-child\" data-id=\"efb8a78\" data-element_type=\"container\" data-e-type=\"container\" data-settings=\"{&quot;animation&quot;:&quot;none&quot;}\">\n\t\t\t\t<div class=\"elementor-element elementor-element-e8b1498 elementor-flip-box--effect-fade elementor-invisible elementor-widget elementor-widget-flip-box\" data-id=\"e8b1498\" data-element_type=\"widget\" data-e-type=\"widget\" data-settings=\"{&quot;_animation&quot;:&quot;fadeInRight&quot;}\" data-widget_type=\"flip-box.default\">\n\t\t\t\t<div class=\"elementor-widget-container\">\n\t\t\t\t\t\t\t<div class=\"elementor-flip-box\" tabindex=\"0\">\n\t\t\t<div class=\"elementor-flip-box__layer elementor-flip-box__front\">\n\t\t\t\t<div class=\"elementor-flip-box__layer__overlay\">\n\t\t\t\t\t<div class=\"elementor-flip-box__layer__inner\">\n\t\t\t\t\t\t\n\t\t\t\t\t\t\n\t\t\t\t\t\t\t\t\t\t\t<\/div>\n\t\t\t\t<\/div>\n\t\t\t<\/div>\n\t\t\t<a class=\"elementor-flip-box__layer elementor-flip-box__back\" href=\"https:\/\/www.acetaiamarchi.com\/visite-guidate\/la-tipica\/\">\n\t\t\t<div class=\"elementor-flip-box__layer__overlay\">\n\t\t\t\t<div class=\"elementor-flip-box__layer__inner\">\n\t\t\t\t\t\t\t\t\t\t\t<h3 class=\"elementor-flip-box__layer__title\">\n\t\t\t\t\t\t\tLA TIPICA\t\t\t\t\t\t<\/h3>\n\t\t\t\t\t\n\t\t\t\t\t\n\t\t\t\t\t\t\t\t<\/div>\n\t\t<\/div>\n\t\t<\/a>\n\t\t<\/div>\n\t\t\t\t\t\t<\/div>\n\t\t\t\t<\/div>\n\t\t\t\t<div class=\"elementor-element elementor-element-4b64208 elementor-flip-box--effect-fade elementor-invisible elementor-widget elementor-widget-flip-box\" data-id=\"4b64208\" data-element_type=\"widget\" data-e-type=\"widget\" data-settings=\"{&quot;_animation&quot;:&quot;fadeInRight&quot;}\" data-widget_type=\"flip-box.default\">\n\t\t\t\t<div class=\"elementor-widget-container\">\n\t\t\t\t\t\t\t<div class=\"elementor-flip-box\" tabindex=\"0\">\n\t\t\t<div class=\"elementor-flip-box__layer elementor-flip-box__front\">\n\t\t\t\t<div class=\"elementor-flip-box__layer__overlay\">\n\t\t\t\t\t<div class=\"elementor-flip-box__layer__inner\">\n\t\t\t\t\t\t\n\t\t\t\t\t\t\n\t\t\t\t\t\t\t\t\t\t\t<\/div>\n\t\t\t\t<\/div>\n\t\t\t<\/div>\n\t\t\t<a class=\"elementor-flip-box__layer elementor-flip-box__back\" href=\"https:\/\/www.acetaiamarchi.com\/visite-guidate\/personalizzata\/\">\n\t\t\t<div class=\"elementor-flip-box__layer__overlay\">\n\t\t\t\t<div class=\"elementor-flip-box__layer__inner\">\n\t\t\t\t\t\t\t\t\t\t\t<h3 class=\"elementor-flip-box__layer__title\">\n\t\t\t\t\t\t\tPERSONALIZZATA\t\t\t\t\t\t<\/h3>\n\t\t\t\t\t\n\t\t\t\t\t\n\t\t\t\t\t\t\t\t<\/div>\n\t\t<\/div>\n\t\t<\/a>\n\t\t<\/div>\n\t\t\t\t\t\t<\/div>\n\t\t\t\t<\/div>\n\t\t\t\t<\/div>\n\t\t<div class=\"elementor-element elementor-element-350337a e-con-full e-flex wpr-particle-no wpr-jarallax-no wpr-parallax-no wpr-sticky-section-no wpr-equal-height-no elementor-invisible e-con e-child\" data-id=\"350337a\" data-element_type=\"container\" data-e-type=\"container\" data-settings=\"{&quot;animation&quot;:&quot;fadeInRight&quot;}\">\n\t\t\t\t<div class=\"elementor-element elementor-element-0384588 elementor-flip-box--effect-fade elementor-widget elementor-widget-flip-box\" data-id=\"0384588\" data-element_type=\"widget\" data-e-type=\"widget\" data-widget_type=\"flip-box.default\">\n\t\t\t\t<div class=\"elementor-widget-container\">\n\t\t\t\t\t\t\t<div class=\"elementor-flip-box\" tabindex=\"0\">\n\t\t\t<div class=\"elementor-flip-box__layer elementor-flip-box__front\">\n\t\t\t\t<div class=\"elementor-flip-box__layer__overlay\">\n\t\t\t\t\t<div class=\"elementor-flip-box__layer__inner\">\n\t\t\t\t\t\t\n\t\t\t\t\t\t\n\t\t\t\t\t\t\t\t\t\t\t<\/div>\n\t\t\t\t<\/div>\n\t\t\t<\/div>\n\t\t\t<a class=\"elementor-flip-box__layer elementor-flip-box__back\" href=\"https:\/\/www.acetaiamarchi.com\/visite-guidate\/gruppi-tour-operator-aziende\/\">\n\t\t\t<div class=\"elementor-flip-box__layer__overlay\">\n\t\t\t\t<div class=\"elementor-flip-box__layer__inner\">\n\t\t\t\t\t\t\t\t\t\t\t<h3 class=\"elementor-flip-box__layer__title\">\n\t\t\t\t\t\t\tGRUPPI, TOUR ORGANIZZATI\t\t\t\t\t\t<\/h3>\n\t\t\t\t\t\n\t\t\t\t\t\n\t\t\t\t\t\t\t\t<\/div>\n\t\t<\/div>\n\t\t<\/a>\n\t\t<\/div>\n\t\t\t\t\t\t<\/div>\n\t\t\t\t<\/div>\n\t\t\t\t<\/div>\n\t\t\t\t<\/div>\n\t\t\t\t\t<\/div>\n\t\t\t\t<\/div>\n\t\t<div class=\"elementor-element elementor-element-301c255 e-con-full e-flex wpr-particle-no wpr-jarallax-no wpr-parallax-no wpr-sticky-section-no wpr-equal-height-no e-con e-parent\" data-id=\"301c255\" data-element_type=\"container\" data-e-type=\"container\" id=\"private-label\" data-settings=\"{&quot;background_background&quot;:&quot;classic&quot;}\">\n\t\t<div class=\"elementor-element elementor-element-2bbfe73 e-con-full e-flex wpr-particle-no wpr-jarallax-no wpr-parallax-no wpr-sticky-section-no wpr-equal-height-no elementor-invisible e-con e-child\" data-id=\"2bbfe73\" data-element_type=\"container\" data-e-type=\"container\" data-settings=\"{&quot;background_background&quot;:&quot;classic&quot;,&quot;animation&quot;:&quot;fadeInLeft&quot;}\">\n\t\t\t\t<div class=\"elementor-element elementor-element-e91cc7b elementor-widget elementor-widget-spacer\" data-id=\"e91cc7b\" data-element_type=\"widget\" data-e-type=\"widget\" data-widget_type=\"spacer.default\">\n\t\t\t\t<div class=\"elementor-widget-container\">\n\t\t\t\t\t\t\t<div class=\"elementor-spacer\">\n\t\t\t<div class=\"elementor-spacer-inner\"><\/div>\n\t\t<\/div>\n\t\t\t\t\t\t<\/div>\n\t\t\t\t<\/div>\n\t\t\t\t<\/div>\n\t\t<div class=\"elementor-element elementor-element-83972b3 e-con-full e-flex wpr-particle-no wpr-jarallax-no wpr-parallax-no wpr-sticky-section-no wpr-equal-height-no e-con e-child\" data-id=\"83972b3\" data-element_type=\"container\" data-e-type=\"container\">\n\t\t<div class=\"elementor-element elementor-element-7eecdb9 blocco-dx e-flex e-con-boxed wpr-particle-no wpr-jarallax-no wpr-parallax-no wpr-sticky-section-no wpr-equal-height-no elementor-invisible e-con e-child\" data-id=\"7eecdb9\" data-element_type=\"container\" data-e-type=\"container\" data-settings=\"{&quot;animation&quot;:&quot;fadeInRight&quot;}\">\n\t\t\t\t\t<div class=\"e-con-inner\">\n\t\t\t\t<div class=\"elementor-element elementor-element-0461cd9 elementor-widget elementor-widget-heading\" data-id=\"0461cd9\" data-element_type=\"widget\" data-e-type=\"widget\" data-widget_type=\"heading.default\">\n\t\t\t\t<div class=\"elementor-widget-container\">\n\t\t\t\t\t<h2 class=\"elementor-heading-title elementor-size-default\">Unsere Produkte, deine Marke<\/h2>\t\t\t\t<\/div>\n\t\t\t\t<\/div>\n\t\t\t\t<div class=\"elementor-element elementor-element-955df7e elementor-widget elementor-widget-text-editor\" data-id=\"955df7e\" data-element_type=\"widget\" data-e-type=\"widget\" data-widget_type=\"text-editor.default\">\n\t\t\t\t<div class=\"elementor-widget-container\">\n\t\t\t\t\t\t\t\t\t<p>Unsere Acetaia ist seit Jahren ein Synonym f\u00fcr Tradition, Leidenschaft und Handwerkskunst: Das hat uns zu einem Qualit\u00e4tssymbol in der Herstellung von <strong>Aceto Balsamico di Modena und W\u00fcrzmitteln mit personalisiertem Markenzeichen<\/strong> gemacht.<\/p><p>F\u00fcr alle, die eine eigene Marke entwickeln m\u00f6chten, stellen wir unser fundiertes Wissen \u00fcber die Rohstoffe und deren handwerkliche Verarbeitungstechnik zur Verf\u00fcgung.<\/p><p>Unser Team unterst\u00fctzt den Kunden w\u00e4hrend des gesamten Prozesses: Ein direkter Draht zu den Verantwortlichen der verschiedenen Abteilungen steht Ihnen vollumf\u00e4nglich zur Verf\u00fcgung, um Ihnen hohe Qualit\u00e4tsstandards, sorgf\u00e4ltige Kontrollen in jeder Phase der Produktion und umfassende Unterst\u00fctzung auch in der After-Sales-Phase zu garantieren.<\/p>\t\t\t\t\t\t\t\t<\/div>\n\t\t\t\t<\/div>\n\t\t\t\t<div class=\"elementor-element elementor-element-a9d2a0e elementor-widget elementor-widget-button\" data-id=\"a9d2a0e\" data-element_type=\"widget\" data-e-type=\"widget\" data-widget_type=\"button.default\">\n\t\t\t\t<div class=\"elementor-widget-container\">\n\t\t\t\t\t\t\t\t\t<div class=\"elementor-button-wrapper\">\n\t\t\t\t\t<a class=\"elementor-button elementor-button-link elementor-size-sm\" href=\"https:\/\/www.acetaiamarchi.com\/de\/private-label\/\">\n\t\t\t\t\t\t<span class=\"elementor-button-content-wrapper\">\n\t\t\t\t\t\t\t\t\t<span class=\"elementor-button-text\">Mehr erfahren<\/span>\n\t\t\t\t\t<\/span>\n\t\t\t\t\t<\/a>\n\t\t\t\t<\/div>\n\t\t\t\t\t\t\t\t<\/div>\n\t\t\t\t<\/div>\n\t\t\t\t\t<\/div>\n\t\t\t\t<\/div>\n\t\t\t\t<\/div>\n\t\t\t\t<\/div>\n\t\t<div class=\"elementor-element elementor-element-1ffd5e2 e-con-full e-flex wpr-particle-no wpr-jarallax-no wpr-parallax-no wpr-sticky-section-no wpr-equal-height-no e-con e-parent\" data-id=\"1ffd5e2\" data-element_type=\"container\" data-e-type=\"container\" data-settings=\"{&quot;background_background&quot;:&quot;classic&quot;}\">\n\t\t<div class=\"elementor-element elementor-element-29a314a e-con-full e-flex wpr-particle-no wpr-jarallax-no wpr-parallax-no wpr-sticky-section-no wpr-equal-height-no e-con e-child\" data-id=\"29a314a\" data-element_type=\"container\" data-e-type=\"container\">\n\t\t<div class=\"elementor-element elementor-element-b6ec66c blocco-sx e-flex e-con-boxed wpr-particle-no wpr-jarallax-no wpr-parallax-no wpr-sticky-section-no wpr-equal-height-no elementor-invisible e-con e-child\" data-id=\"b6ec66c\" data-element_type=\"container\" data-e-type=\"container\" data-settings=\"{&quot;animation&quot;:&quot;fadeInLeft&quot;}\">\n\t\t\t\t\t<div class=\"e-con-inner\">\n\t\t\t\t<div class=\"elementor-element elementor-element-e991dee elementor-widget elementor-widget-heading\" data-id=\"e991dee\" data-element_type=\"widget\" data-e-type=\"widget\" data-widget_type=\"heading.default\">\n\t\t\t\t<div class=\"elementor-widget-container\">\n\t\t\t\t\t<h2 class=\"elementor-heading-title elementor-size-default\">Eine Geschichte von Exzellenz<br>\nund Tradition\n<\/h2>\t\t\t\t<\/div>\n\t\t\t\t<\/div>\n\t\t\t\t<div class=\"elementor-element elementor-element-2c2df8e elementor-widget elementor-widget-text-editor\" data-id=\"2c2df8e\" data-element_type=\"widget\" data-e-type=\"widget\" data-widget_type=\"text-editor.default\">\n\t\t\t\t<div class=\"elementor-widget-container\">\n\t\t\t\t\t\t\t\t\t<p>Seit \u00fcber einem Jahrhundert produziert die Acetaia Marchi <strong>Traditionellen Balsamessig aus Modena g.U.<\/strong> und folgt dabei mit gr\u00f6\u00dfter Sorgfalt und Leidenschaft den strengen Vorgaben des Kontrollreglements. Die handwerkliche Erfahrung und die lange Reifung in F\u00e4ssern aus unterschiedlichen Holzarten haben unsere Produkte zu einer absoluten Spitzenklasse der italienischen Produktion gemacht \u2013 zu einem echten Synonym f\u00fcr Qualit\u00e4t und Einzigartigkeit.<\/p><p>Aus diesem Grund setzen wir uns jeden Tag daf\u00fcr ein, die <strong>h\u00f6chsten Standards<\/strong> zu erf\u00fcllen, an die unsere Kunden gew\u00f6hnt sind. In jedes Produkt flie\u00dfen die notwendige Sorgfalt und Aufmerksamkeit ein, um allen Kennern und Liebhabern des <strong>Schwarzen Goldes von Modena<\/strong> nur das Beste unseres wertvollen Territoriums zu bieten.<\/p>\t\t\t\t\t\t\t\t<\/div>\n\t\t\t\t<\/div>\n\t\t\t\t<div class=\"elementor-element elementor-element-c6a4000 elementor-widget elementor-widget-button\" data-id=\"c6a4000\" data-element_type=\"widget\" data-e-type=\"widget\" data-widget_type=\"button.default\">\n\t\t\t\t<div class=\"elementor-widget-container\">\n\t\t\t\t\t\t\t\t\t<div class=\"elementor-button-wrapper\">\n\t\t\t\t\t<a class=\"elementor-button elementor-button-link elementor-size-sm\" href=\"https:\/\/www.acetaiamarchi.com\/de\/private-label\/\">\n\t\t\t\t\t\t<span class=\"elementor-button-content-wrapper\">\n\t\t\t\t\t\t\t\t\t<span class=\"elementor-button-text\">Mehr erfahren<\/span>\n\t\t\t\t\t<\/span>\n\t\t\t\t\t<\/a>\n\t\t\t\t<\/div>\n\t\t\t\t\t\t\t\t<\/div>\n\t\t\t\t<\/div>\n\t\t\t\t\t<\/div>\n\t\t\t\t<\/div>\n\t\t\t\t<\/div>\n\t\t<div class=\"elementor-element elementor-element-861de40 e-con-full e-flex wpr-particle-no wpr-jarallax-no wpr-parallax-no wpr-sticky-section-no wpr-equal-height-no elementor-invisible e-con e-child\" data-id=\"861de40\" data-element_type=\"container\" data-e-type=\"container\" data-settings=\"{&quot;background_background&quot;:&quot;classic&quot;,&quot;animation&quot;:&quot;fadeInRight&quot;}\">\n\t\t\t\t<div class=\"elementor-element elementor-element-ff42c4c elementor-widget elementor-widget-spacer\" data-id=\"ff42c4c\" data-element_type=\"widget\" data-e-type=\"widget\" data-widget_type=\"spacer.default\">\n\t\t\t\t<div class=\"elementor-widget-container\">\n\t\t\t\t\t\t\t<div class=\"elementor-spacer\">\n\t\t\t<div class=\"elementor-spacer-inner\"><\/div>\n\t\t<\/div>\n\t\t\t\t\t\t<\/div>\n\t\t\t\t<\/div>\n\t\t\t\t<\/div>\n\t\t\t\t<\/div>\n\t\t<div class=\"elementor-element elementor-element-6c28674 animated-slow e-flex e-con-boxed wpr-particle-no wpr-jarallax-no wpr-parallax-no wpr-sticky-section-no wpr-equal-height-no elementor-invisible e-con e-parent\" data-id=\"6c28674\" data-element_type=\"container\" data-e-type=\"container\" data-settings=\"{&quot;background_background&quot;:&quot;classic&quot;,&quot;animation&quot;:&quot;fadeIn&quot;}\">\n\t\t\t\t\t<div class=\"e-con-inner\">\n\t\t\t\t<div class=\"elementor-element elementor-element-c7af856 animated-slow elementor-invisible elementor-widget elementor-widget-heading\" data-id=\"c7af856\" data-element_type=\"widget\" data-e-type=\"widget\" data-settings=\"{&quot;_animation&quot;:&quot;fadeIn&quot;}\" data-widget_type=\"heading.default\">\n\t\t\t\t<div class=\"elementor-widget-container\">\n\t\t\t\t\t<h2 class=\"elementor-heading-title elementor-size-default\">Seit mehr als einem Jahrhundert leiten uns Leidenschaft und Tradition bei der Herstellung von Balsamessig.\n<\/h2>\t\t\t\t<\/div>\n\t\t\t\t<\/div>\n\t\t\t\t\t<\/div>\n\t\t\t\t<\/div>\n\t\t<div class=\"elementor-element elementor-element-c5bf365 animated-slow e-flex e-con-boxed wpr-particle-no wpr-jarallax-no wpr-parallax-no wpr-sticky-section-no wpr-equal-height-no elementor-invisible e-con e-parent\" data-id=\"c5bf365\" data-element_type=\"container\" data-e-type=\"container\" data-settings=\"{&quot;animation&quot;:&quot;fadeIn&quot;}\">\n\t\t\t\t\t<div class=\"e-con-inner\">\n\t\t\t\t<div class=\"elementor-element elementor-element-941cd0a elementor-widget elementor-widget-heading\" data-id=\"941cd0a\" data-element_type=\"widget\" data-e-type=\"widget\" data-widget_type=\"heading.default\">\n\t\t\t\t<div class=\"elementor-widget-container\">\n\t\t\t\t\t<h2 class=\"elementor-heading-title elementor-size-default\">Unsere Produktlinien\n<\/h2>\t\t\t\t<\/div>\n\t\t\t\t<\/div>\n\t\t\t\t\t<\/div>\n\t\t\t\t<\/div>\n\t\t<div class=\"elementor-element elementor-element-e710975 animated-slow e-flex e-con-boxed wpr-particle-no wpr-jarallax-no wpr-parallax-no wpr-sticky-section-no wpr-equal-height-no elementor-invisible e-con e-parent\" data-id=\"e710975\" data-element_type=\"container\" data-e-type=\"container\" data-settings=\"{&quot;animation&quot;:&quot;fadeIn&quot;}\">\n\t\t\t\t\t<div class=\"e-con-inner\">\n\t\t\t\t<div class=\"elementor-element elementor-element-d4f554a elementor-widget__width-inherit elementor-arrows-position-inside elementor-widget elementor-widget-n-carousel\" data-id=\"d4f554a\" data-element_type=\"widget\" data-e-type=\"widget\" data-settings=\"{&quot;carousel_items&quot;:[{&quot;slide_title&quot;:&quot;I tradizionali&quot;,&quot;_id&quot;:&quot;c02f87f&quot;},{&quot;slide_title&quot;:&quot;4774&quot;,&quot;_id&quot;:&quot;9ced4c8&quot;},{&quot;slide_title&quot;:&quot;I sigilli&quot;,&quot;_id&quot;:&quot;a2987c4&quot;},{&quot;_id&quot;:&quot;71b131f&quot;,&quot;slide_title&quot;:&quot;I classici&quot;},{&quot;_id&quot;:&quot;286d91f&quot;,&quot;slide_title&quot;:&quot;Zeus&quot;},{&quot;_id&quot;:&quot;8ef36d5&quot;,&quot;slide_title&quot;:&quot;Bio&quot;},{&quot;_id&quot;:&quot;ac4bfa7&quot;,&quot;slide_title&quot;:&quot;Condimenti Balsamici&quot;},{&quot;_id&quot;:&quot;f491e24&quot;,&quot;slide_title&quot;:&quot;Creme&quot;},{&quot;_id&quot;:&quot;5cf34cb&quot;,&quot;slide_title&quot;:&quot;Le Bio Agrodolci&quot;},{&quot;_id&quot;:&quot;6b171b0&quot;,&quot;slide_title&quot;:&quot;Perle&quot;},{&quot;_id&quot;:&quot;df9dafc&quot;,&quot;slide_title&quot;:&quot;Confezioni regalo&quot;}],&quot;slides_to_show&quot;:&quot;4&quot;,&quot;image_spacing_custom&quot;:{&quot;unit&quot;:&quot;px&quot;,&quot;size&quot;:0,&quot;sizes&quot;:[]},&quot;slides_to_show_tablet&quot;:&quot;2&quot;,&quot;slides_to_show_mobile&quot;:&quot;1&quot;,&quot;infinite&quot;:&quot;yes&quot;,&quot;speed&quot;:500,&quot;offset_sides&quot;:&quot;none&quot;,&quot;arrows&quot;:&quot;yes&quot;,&quot;image_spacing_custom_tablet&quot;:{&quot;unit&quot;:&quot;px&quot;,&quot;size&quot;:&quot;&quot;,&quot;sizes&quot;:[]},&quot;image_spacing_custom_mobile&quot;:{&quot;unit&quot;:&quot;px&quot;,&quot;size&quot;:&quot;&quot;,&quot;sizes&quot;:[]}}\" data-widget_type=\"nested-carousel.default\">\n\t\t\t\t<div class=\"elementor-widget-container\">\n\t\t\t\t\t\t\t<div class=\"e-n-carousel swiper\" role=\"region\" aria-roledescription=\"carousel\" aria-label=\"Linee\" dir=\"ltr\">\n\t\t\t<div class=\"swiper-wrapper\" aria-live=\"polite\">\n\t\t\t\t\t\t\t\t\t\t<div class=\"swiper-slide\" data-slide=\"1\" role=\"group\" aria-roledescription=\"slide\" aria-label=\"1 of 11\">\n\t\t\t\t\t\t\t<div class=\"elementor-element elementor-element-1abbebe e-flex e-con-boxed wpr-particle-no wpr-jarallax-no wpr-parallax-no wpr-sticky-section-no wpr-equal-height-no e-con e-child\" data-id=\"1abbebe\" data-element_type=\"container\" data-e-type=\"container\">\n\t\t\t\t\t<div class=\"e-con-inner\">\n\t\t<div class=\"elementor-element elementor-element-8096bba e-con-full e-flex wpr-particle-no wpr-jarallax-no wpr-parallax-no wpr-sticky-section-no wpr-equal-height-no e-con e-child\" data-id=\"8096bba\" data-element_type=\"container\" data-e-type=\"container\">\n\t\t\t\t<div class=\"elementor-element elementor-element-c7dbb2f elementor-widget elementor-widget-image\" data-id=\"c7dbb2f\" data-element_type=\"widget\" data-e-type=\"widget\" data-widget_type=\"image.default\">\n\t\t\t\t<div class=\"elementor-widget-container\">\n\t\t\t\t\t\t\t\t\t\t\t\t\t\t\t\t<a href=\"https:\/\/www.acetaiamarchi.com\/de\/die-produktlinien\/die-traditionellen\/\">\n\t\t\t\t\t\t\t<img fetchpriority=\"high\" decoding=\"async\" width=\"800\" height=\"800\" src=\"https:\/\/www.acetaiamarchi.com\/wp-content\/uploads\/2025\/03\/Aceto-Balsamico-Tradizionale-di-Modena-DOP-Extravecchio-Francesco-1024x1024.jpg\" class=\"attachment-large size-large wp-image-802\" alt=\"aceto balsamico tradizionale di modena dop extravecchio francesco\" srcset=\"https:\/\/www.acetaiamarchi.com\/wp-content\/uploads\/2025\/03\/Aceto-Balsamico-Tradizionale-di-Modena-DOP-Extravecchio-Francesco-1024x1024.jpg 1024w, https:\/\/www.acetaiamarchi.com\/wp-content\/uploads\/2025\/03\/Aceto-Balsamico-Tradizionale-di-Modena-DOP-Extravecchio-Francesco-300x300.jpg 300w, https:\/\/www.acetaiamarchi.com\/wp-content\/uploads\/2025\/03\/Aceto-Balsamico-Tradizionale-di-Modena-DOP-Extravecchio-Francesco-100x100.jpg 100w, https:\/\/www.acetaiamarchi.com\/wp-content\/uploads\/2025\/03\/Aceto-Balsamico-Tradizionale-di-Modena-DOP-Extravecchio-Francesco-600x600.jpg 600w, https:\/\/www.acetaiamarchi.com\/wp-content\/uploads\/2025\/03\/Aceto-Balsamico-Tradizionale-di-Modena-DOP-Extravecchio-Francesco-150x150.jpg 150w, https:\/\/www.acetaiamarchi.com\/wp-content\/uploads\/2025\/03\/Aceto-Balsamico-Tradizionale-di-Modena-DOP-Extravecchio-Francesco-768x768.jpg 768w, https:\/\/www.acetaiamarchi.com\/wp-content\/uploads\/2025\/03\/Aceto-Balsamico-Tradizionale-di-Modena-DOP-Extravecchio-Francesco-1536x1536.jpg 1536w, https:\/\/www.acetaiamarchi.com\/wp-content\/uploads\/2025\/03\/Aceto-Balsamico-Tradizionale-di-Modena-DOP-Extravecchio-Francesco.jpg 1600w\" sizes=\"(max-width: 800px) 100vw, 800px\" \/>\t\t\t\t\t\t\t\t<\/a>\n\t\t\t\t\t\t\t\t\t\t\t\t\t\t\t<\/div>\n\t\t\t\t<\/div>\n\t\t\t\t<div class=\"elementor-element elementor-element-ec19462 elementor-widget elementor-widget-heading\" data-id=\"ec19462\" data-element_type=\"widget\" data-e-type=\"widget\" data-widget_type=\"heading.default\">\n\t\t\t\t<div class=\"elementor-widget-container\">\n\t\t\t\t\t<h2 class=\"elementor-heading-title elementor-size-default\"><a href=\"https:\/\/www.acetaiamarchi.com\/de\/die-produktlinien\/die-traditionellen\/\">Die Traditionellen<\/a><\/h2>\t\t\t\t<\/div>\n\t\t\t\t<\/div>\n\t\t\t\t<\/div>\n\t\t\t\t\t<\/div>\n\t\t\t\t<\/div>\n\t\t\t\t\t\t\t\t<\/div>\n\t\t\t\t\t\t\t\t\t\t\t<div class=\"swiper-slide\" data-slide=\"2\" role=\"group\" aria-roledescription=\"slide\" aria-label=\"2 of 11\">\n\t\t\t\t\t\t\t<div class=\"elementor-element elementor-element-2ac03d3 e-flex e-con-boxed wpr-particle-no wpr-jarallax-no wpr-parallax-no wpr-sticky-section-no wpr-equal-height-no e-con e-child\" data-id=\"2ac03d3\" data-element_type=\"container\" data-e-type=\"container\">\n\t\t\t\t\t<div class=\"e-con-inner\">\n\t\t<div class=\"elementor-element elementor-element-fe0d1e0 e-con-full e-flex wpr-particle-no wpr-jarallax-no wpr-parallax-no wpr-sticky-section-no wpr-equal-height-no e-con e-child\" data-id=\"fe0d1e0\" data-element_type=\"container\" data-e-type=\"container\">\n\t\t\t\t<div class=\"elementor-element elementor-element-3a738e1 elementor-widget elementor-widget-image\" data-id=\"3a738e1\" data-element_type=\"widget\" data-e-type=\"widget\" data-widget_type=\"image.default\">\n\t\t\t\t<div class=\"elementor-widget-container\">\n\t\t\t\t\t\t\t\t\t\t\t\t\t\t\t\t<a href=\"https:\/\/www.acetaiamarchi.com\/de\/die-produktlinien\/4774-di-padre-in-figlio-de\/\">\n\t\t\t\t\t\t\t<img decoding=\"async\" width=\"800\" height=\"800\" src=\"https:\/\/www.acetaiamarchi.com\/wp-content\/uploads\/2025\/03\/4774-aceto-balsamico-di-modena-igp-vigneti-di-famiglia.jpg\" class=\"attachment-large size-large wp-image-2606\" alt=\"linea 4774 vigneti di famiglia - acetaia marchi - aceto balsamico di modena IGP\" srcset=\"https:\/\/www.acetaiamarchi.com\/wp-content\/uploads\/2025\/03\/4774-aceto-balsamico-di-modena-igp-vigneti-di-famiglia.jpg 1000w, https:\/\/www.acetaiamarchi.com\/wp-content\/uploads\/2025\/03\/4774-aceto-balsamico-di-modena-igp-vigneti-di-famiglia-300x300.jpg 300w, https:\/\/www.acetaiamarchi.com\/wp-content\/uploads\/2025\/03\/4774-aceto-balsamico-di-modena-igp-vigneti-di-famiglia-100x100.jpg 100w, https:\/\/www.acetaiamarchi.com\/wp-content\/uploads\/2025\/03\/4774-aceto-balsamico-di-modena-igp-vigneti-di-famiglia-600x600.jpg 600w, https:\/\/www.acetaiamarchi.com\/wp-content\/uploads\/2025\/03\/4774-aceto-balsamico-di-modena-igp-vigneti-di-famiglia-150x150.jpg 150w, https:\/\/www.acetaiamarchi.com\/wp-content\/uploads\/2025\/03\/4774-aceto-balsamico-di-modena-igp-vigneti-di-famiglia-768x768.jpg 768w\" sizes=\"(max-width: 800px) 100vw, 800px\" \/>\t\t\t\t\t\t\t\t<\/a>\n\t\t\t\t\t\t\t\t\t\t\t\t\t\t\t<\/div>\n\t\t\t\t<\/div>\n\t\t\t\t<div class=\"elementor-element elementor-element-456f23f elementor-widget elementor-widget-heading\" data-id=\"456f23f\" data-element_type=\"widget\" data-e-type=\"widget\" data-widget_type=\"heading.default\">\n\t\t\t\t<div class=\"elementor-widget-container\">\n\t\t\t\t\t<h2 class=\"elementor-heading-title elementor-size-default\"><a href=\"https:\/\/www.acetaiamarchi.com\/de\/die-produktlinien\/4774-di-padre-in-figlio-de\/\">4774 - Moste aus unseren Weinbergen<\/a><\/h2>\t\t\t\t<\/div>\n\t\t\t\t<\/div>\n\t\t\t\t<\/div>\n\t\t\t\t\t<\/div>\n\t\t\t\t<\/div>\n\t\t\t\t\t\t\t\t<\/div>\n\t\t\t\t\t\t\t\t\t\t\t<div class=\"swiper-slide\" data-slide=\"3\" role=\"group\" aria-roledescription=\"slide\" aria-label=\"3 of 11\">\n\t\t\t\t\t\t\t<div class=\"elementor-element elementor-element-c19e407 e-flex e-con-boxed wpr-particle-no wpr-jarallax-no wpr-parallax-no wpr-sticky-section-no wpr-equal-height-no e-con e-child\" data-id=\"c19e407\" data-element_type=\"container\" data-e-type=\"container\">\n\t\t\t\t\t<div class=\"e-con-inner\">\n\t\t<div class=\"elementor-element elementor-element-8c49182 e-con-full e-flex wpr-particle-no wpr-jarallax-no wpr-parallax-no wpr-sticky-section-no wpr-equal-height-no e-con e-child\" data-id=\"8c49182\" data-element_type=\"container\" data-e-type=\"container\">\n\t\t\t\t<div class=\"elementor-element elementor-element-d4f689b elementor-widget elementor-widget-image\" data-id=\"d4f689b\" data-element_type=\"widget\" data-e-type=\"widget\" data-widget_type=\"image.default\">\n\t\t\t\t<div class=\"elementor-widget-container\">\n\t\t\t\t\t\t\t\t\t\t\t\t\t\t\t\t<a href=\"https:\/\/www.acetaiamarchi.com\/de\/die-produktlinien\/die-siegel\/\">\n\t\t\t\t\t\t\t<img decoding=\"async\" width=\"800\" height=\"800\" src=\"https:\/\/www.acetaiamarchi.com\/wp-content\/uploads\/2025\/03\/Linea-Aceto-Balsamico-di-Modena-IGP-Acetaia-Marchi-Modena-1.jpg\" class=\"attachment-large size-large wp-image-2623\" alt=\"Linea I sigilli aceto balsmaico di modena IGP\" srcset=\"https:\/\/www.acetaiamarchi.com\/wp-content\/uploads\/2025\/03\/Linea-Aceto-Balsamico-di-Modena-IGP-Acetaia-Marchi-Modena-1.jpg 1000w, https:\/\/www.acetaiamarchi.com\/wp-content\/uploads\/2025\/03\/Linea-Aceto-Balsamico-di-Modena-IGP-Acetaia-Marchi-Modena-1-300x300.jpg 300w, https:\/\/www.acetaiamarchi.com\/wp-content\/uploads\/2025\/03\/Linea-Aceto-Balsamico-di-Modena-IGP-Acetaia-Marchi-Modena-1-100x100.jpg 100w, https:\/\/www.acetaiamarchi.com\/wp-content\/uploads\/2025\/03\/Linea-Aceto-Balsamico-di-Modena-IGP-Acetaia-Marchi-Modena-1-600x600.jpg 600w, https:\/\/www.acetaiamarchi.com\/wp-content\/uploads\/2025\/03\/Linea-Aceto-Balsamico-di-Modena-IGP-Acetaia-Marchi-Modena-1-150x150.jpg 150w, https:\/\/www.acetaiamarchi.com\/wp-content\/uploads\/2025\/03\/Linea-Aceto-Balsamico-di-Modena-IGP-Acetaia-Marchi-Modena-1-768x768.jpg 768w\" sizes=\"(max-width: 800px) 100vw, 800px\" \/>\t\t\t\t\t\t\t\t<\/a>\n\t\t\t\t\t\t\t\t\t\t\t\t\t\t\t<\/div>\n\t\t\t\t<\/div>\n\t\t\t\t<div class=\"elementor-element elementor-element-47e3868 elementor-widget elementor-widget-heading\" data-id=\"47e3868\" data-element_type=\"widget\" data-e-type=\"widget\" data-widget_type=\"heading.default\">\n\t\t\t\t<div class=\"elementor-widget-container\">\n\t\t\t\t\t<h2 class=\"elementor-heading-title elementor-size-default\"><a href=\"https:\/\/www.acetaiamarchi.com\/de\/die-produktlinien\/die-siegel\/\">Die Sigilli<\/a><\/h2>\t\t\t\t<\/div>\n\t\t\t\t<\/div>\n\t\t\t\t<\/div>\n\t\t\t\t\t<\/div>\n\t\t\t\t<\/div>\n\t\t\t\t\t\t\t\t<\/div>\n\t\t\t\t\t\t\t\t\t\t\t<div class=\"swiper-slide\" data-slide=\"4\" role=\"group\" aria-roledescription=\"slide\" aria-label=\"4 of 11\">\n\t\t\t\t\t\t\t<div class=\"elementor-element elementor-element-e3eb0b6 e-flex e-con-boxed wpr-particle-no wpr-jarallax-no wpr-parallax-no wpr-sticky-section-no wpr-equal-height-no e-con e-child\" data-id=\"e3eb0b6\" data-element_type=\"container\" data-e-type=\"container\">\n\t\t\t\t\t<div class=\"e-con-inner\">\n\t\t<div class=\"elementor-element elementor-element-8afa696 e-con-full e-flex wpr-particle-no wpr-jarallax-no wpr-parallax-no wpr-sticky-section-no wpr-equal-height-no e-con e-child\" data-id=\"8afa696\" data-element_type=\"container\" data-e-type=\"container\">\n\t\t\t\t<div class=\"elementor-element elementor-element-b6d20a3 elementor-widget elementor-widget-image\" data-id=\"b6d20a3\" data-element_type=\"widget\" data-e-type=\"widget\" data-widget_type=\"image.default\">\n\t\t\t\t<div class=\"elementor-widget-container\">\n\t\t\t\t\t\t\t\t\t\t\t\t\t\t\t\t<a href=\"https:\/\/www.acetaiamarchi.com\/de\/die-produktlinien\/die-klassiker\/\">\n\t\t\t\t\t\t\t<img loading=\"lazy\" decoding=\"async\" width=\"800\" height=\"800\" src=\"https:\/\/www.acetaiamarchi.com\/wp-content\/uploads\/2025\/03\/I-classici.jpg\" class=\"attachment-large size-large wp-image-2614\" alt=\"aceto balsamico di modena IGP Linea I classici\" srcset=\"https:\/\/www.acetaiamarchi.com\/wp-content\/uploads\/2025\/03\/I-classici.jpg 1000w, https:\/\/www.acetaiamarchi.com\/wp-content\/uploads\/2025\/03\/I-classici-300x300.jpg 300w, https:\/\/www.acetaiamarchi.com\/wp-content\/uploads\/2025\/03\/I-classici-100x100.jpg 100w, https:\/\/www.acetaiamarchi.com\/wp-content\/uploads\/2025\/03\/I-classici-600x600.jpg 600w, https:\/\/www.acetaiamarchi.com\/wp-content\/uploads\/2025\/03\/I-classici-150x150.jpg 150w, https:\/\/www.acetaiamarchi.com\/wp-content\/uploads\/2025\/03\/I-classici-768x768.jpg 768w\" sizes=\"(max-width: 800px) 100vw, 800px\" \/>\t\t\t\t\t\t\t\t<\/a>\n\t\t\t\t\t\t\t\t\t\t\t\t\t\t\t<\/div>\n\t\t\t\t<\/div>\n\t\t\t\t<div class=\"elementor-element elementor-element-1a498c7 elementor-widget elementor-widget-heading\" data-id=\"1a498c7\" data-element_type=\"widget\" data-e-type=\"widget\" data-widget_type=\"heading.default\">\n\t\t\t\t<div class=\"elementor-widget-container\">\n\t\t\t\t\t<h2 class=\"elementor-heading-title elementor-size-default\"><a href=\"https:\/\/www.acetaiamarchi.com\/de\/die-produktlinien\/die-klassiker\/\">Die Klassiker<\/a><\/h2>\t\t\t\t<\/div>\n\t\t\t\t<\/div>\n\t\t\t\t<\/div>\n\t\t\t\t\t<\/div>\n\t\t\t\t<\/div>\n\t\t\t\t\t\t\t\t<\/div>\n\t\t\t\t\t\t\t\t\t\t\t<div class=\"swiper-slide\" data-slide=\"5\" role=\"group\" aria-roledescription=\"slide\" aria-label=\"5 of 11\">\n\t\t\t\t\t\t\t<div class=\"elementor-element elementor-element-ffdb3f1 e-flex e-con-boxed wpr-particle-no wpr-jarallax-no wpr-parallax-no wpr-sticky-section-no wpr-equal-height-no e-con e-child\" data-id=\"ffdb3f1\" data-element_type=\"container\" data-e-type=\"container\">\n\t\t\t\t\t<div class=\"e-con-inner\">\n\t\t<div class=\"elementor-element elementor-element-43a87a8 e-con-full e-flex wpr-particle-no wpr-jarallax-no wpr-parallax-no wpr-sticky-section-no wpr-equal-height-no e-con e-child\" data-id=\"43a87a8\" data-element_type=\"container\" data-e-type=\"container\">\n\t\t\t\t<div class=\"elementor-element elementor-element-fc9a3b2 elementor-widget elementor-widget-image\" data-id=\"fc9a3b2\" data-element_type=\"widget\" data-e-type=\"widget\" data-widget_type=\"image.default\">\n\t\t\t\t<div class=\"elementor-widget-container\">\n\t\t\t\t\t\t\t\t\t\t\t\t\t\t\t\t<a href=\"https:\/\/www.acetaiamarchi.com\/de\/die-produktlinien\/farben-im-weinberg-suess-saure-wuerzmittel\/\">\n\t\t\t\t\t\t\t<img loading=\"lazy\" decoding=\"async\" width=\"800\" height=\"800\" src=\"https:\/\/www.acetaiamarchi.com\/wp-content\/uploads\/2025\/03\/linea-condimenti-balsamici-Acetaia-Marchi-Modena.jpg\" class=\"attachment-large size-large wp-image-351\" alt=\"linea condimenti balsamici Acetaia Marchi Modena\" srcset=\"https:\/\/www.acetaiamarchi.com\/wp-content\/uploads\/2025\/03\/linea-condimenti-balsamici-Acetaia-Marchi-Modena.jpg 1000w, https:\/\/www.acetaiamarchi.com\/wp-content\/uploads\/2025\/03\/linea-condimenti-balsamici-Acetaia-Marchi-Modena-300x300.jpg 300w, https:\/\/www.acetaiamarchi.com\/wp-content\/uploads\/2025\/03\/linea-condimenti-balsamici-Acetaia-Marchi-Modena-100x100.jpg 100w, https:\/\/www.acetaiamarchi.com\/wp-content\/uploads\/2025\/03\/linea-condimenti-balsamici-Acetaia-Marchi-Modena-600x600.jpg 600w, https:\/\/www.acetaiamarchi.com\/wp-content\/uploads\/2025\/03\/linea-condimenti-balsamici-Acetaia-Marchi-Modena-150x150.jpg 150w, https:\/\/www.acetaiamarchi.com\/wp-content\/uploads\/2025\/03\/linea-condimenti-balsamici-Acetaia-Marchi-Modena-768x768.jpg 768w\" sizes=\"(max-width: 800px) 100vw, 800px\" \/>\t\t\t\t\t\t\t\t<\/a>\n\t\t\t\t\t\t\t\t\t\t\t\t\t\t\t<\/div>\n\t\t\t\t<\/div>\n\t\t\t\t<div class=\"elementor-element elementor-element-d8fd496 elementor-widget elementor-widget-heading\" data-id=\"d8fd496\" data-element_type=\"widget\" data-e-type=\"widget\" data-widget_type=\"heading.default\">\n\t\t\t\t<div class=\"elementor-widget-container\">\n\t\t\t\t\t<h2 class=\"elementor-heading-title elementor-size-default\"><a href=\"https:\/\/www.acetaiamarchi.com\/de\/die-produktlinien\/farben-im-weinberg-suess-saure-wuerzmittel\/\">Balsamico-W\u00fcrzmittel<\/a><\/h2>\t\t\t\t<\/div>\n\t\t\t\t<\/div>\n\t\t\t\t<\/div>\n\t\t\t\t\t<\/div>\n\t\t\t\t<\/div>\n\t\t\t\t\t\t\t\t<\/div>\n\t\t\t\t\t\t\t\t\t\t\t<div class=\"swiper-slide\" data-slide=\"6\" role=\"group\" aria-roledescription=\"slide\" aria-label=\"6 of 11\">\n\t\t\t\t\t\t\t<div class=\"elementor-element elementor-element-5a18f0b e-flex e-con-boxed wpr-particle-no wpr-jarallax-no wpr-parallax-no wpr-sticky-section-no wpr-equal-height-no e-con e-child\" data-id=\"5a18f0b\" data-element_type=\"container\" data-e-type=\"container\">\n\t\t\t\t\t<div class=\"e-con-inner\">\n\t\t<div class=\"elementor-element elementor-element-c99227d e-con-full e-flex wpr-particle-no wpr-jarallax-no wpr-parallax-no wpr-sticky-section-no wpr-equal-height-no e-con e-child\" data-id=\"c99227d\" data-element_type=\"container\" data-e-type=\"container\">\n\t\t\t\t<div class=\"elementor-element elementor-element-0f157d7 elementor-widget elementor-widget-image\" data-id=\"0f157d7\" data-element_type=\"widget\" data-e-type=\"widget\" data-widget_type=\"image.default\">\n\t\t\t\t<div class=\"elementor-widget-container\">\n\t\t\t\t\t\t\t\t\t\t\t\t\t\t\t\t<a href=\"https:\/\/www.acetaiamarchi.com\/de\/die-produktlinien\/bio-de\/\">\n\t\t\t\t\t\t\t<img loading=\"lazy\" decoding=\"async\" width=\"800\" height=\"800\" src=\"https:\/\/www.acetaiamarchi.com\/wp-content\/uploads\/2025\/03\/BIO-CONDIMENTI-GRUPPO.jpg\" class=\"attachment-large size-large wp-image-2610\" alt=\"aceto balsamico di modena IGP biologico\" srcset=\"https:\/\/www.acetaiamarchi.com\/wp-content\/uploads\/2025\/03\/BIO-CONDIMENTI-GRUPPO.jpg 1000w, https:\/\/www.acetaiamarchi.com\/wp-content\/uploads\/2025\/03\/BIO-CONDIMENTI-GRUPPO-300x300.jpg 300w, https:\/\/www.acetaiamarchi.com\/wp-content\/uploads\/2025\/03\/BIO-CONDIMENTI-GRUPPO-100x100.jpg 100w, https:\/\/www.acetaiamarchi.com\/wp-content\/uploads\/2025\/03\/BIO-CONDIMENTI-GRUPPO-600x600.jpg 600w, https:\/\/www.acetaiamarchi.com\/wp-content\/uploads\/2025\/03\/BIO-CONDIMENTI-GRUPPO-150x150.jpg 150w, https:\/\/www.acetaiamarchi.com\/wp-content\/uploads\/2025\/03\/BIO-CONDIMENTI-GRUPPO-768x768.jpg 768w\" sizes=\"(max-width: 800px) 100vw, 800px\" \/>\t\t\t\t\t\t\t\t<\/a>\n\t\t\t\t\t\t\t\t\t\t\t\t\t\t\t<\/div>\n\t\t\t\t<\/div>\n\t\t\t\t<div class=\"elementor-element elementor-element-7ee06d1 elementor-widget elementor-widget-heading\" data-id=\"7ee06d1\" data-element_type=\"widget\" data-e-type=\"widget\" data-widget_type=\"heading.default\">\n\t\t\t\t<div class=\"elementor-widget-container\">\n\t\t\t\t\t<h2 class=\"elementor-heading-title elementor-size-default\"><a href=\"https:\/\/www.acetaiamarchi.com\/de\/die-produktlinien\/bio-de\/\">Bio<\/a><\/h2>\t\t\t\t<\/div>\n\t\t\t\t<\/div>\n\t\t\t\t<\/div>\n\t\t\t\t\t<\/div>\n\t\t\t\t<\/div>\n\t\t\t\t\t\t\t\t<\/div>\n\t\t\t\t\t\t\t\t\t\t\t<div class=\"swiper-slide\" data-slide=\"7\" role=\"group\" aria-roledescription=\"slide\" aria-label=\"7 of 11\">\n\t\t\t\t\t\t\t<div class=\"elementor-element elementor-element-8f8ab18 e-flex e-con-boxed wpr-particle-no wpr-jarallax-no wpr-parallax-no wpr-sticky-section-no wpr-equal-height-no e-con e-child\" data-id=\"8f8ab18\" data-element_type=\"container\" data-e-type=\"container\">\n\t\t\t\t\t<div class=\"e-con-inner\">\n\t\t<div class=\"elementor-element elementor-element-ece85bb e-con-full e-flex wpr-particle-no wpr-jarallax-no wpr-parallax-no wpr-sticky-section-no wpr-equal-height-no e-con e-child\" data-id=\"ece85bb\" data-element_type=\"container\" data-e-type=\"container\">\n\t\t\t\t<div class=\"elementor-element elementor-element-8451e60 elementor-widget elementor-widget-image\" data-id=\"8451e60\" data-element_type=\"widget\" data-e-type=\"widget\" data-widget_type=\"image.default\">\n\t\t\t\t<div class=\"elementor-widget-container\">\n\t\t\t\t\t\t\t\t\t\t\t\t\t\t\t\t<a href=\"https:\/\/www.acetaiamarchi.com\/de\/die-produktlinien\/balsamico-wuerzmittel\/\">\n\t\t\t\t\t\t\t<img loading=\"lazy\" decoding=\"async\" width=\"800\" height=\"800\" src=\"https:\/\/www.acetaiamarchi.com\/wp-content\/uploads\/2025\/03\/Condimento-Balsamico-Leggendario-26-100ml-scatola-1024x1024.jpg\" class=\"attachment-large size-large wp-image-1077\" alt=\"Condimento Balsamico \u201cLeggendario 26\u201d\" srcset=\"https:\/\/www.acetaiamarchi.com\/wp-content\/uploads\/2025\/03\/Condimento-Balsamico-Leggendario-26-100ml-scatola-1024x1024.jpg 1024w, https:\/\/www.acetaiamarchi.com\/wp-content\/uploads\/2025\/03\/Condimento-Balsamico-Leggendario-26-100ml-scatola-300x300.jpg 300w, https:\/\/www.acetaiamarchi.com\/wp-content\/uploads\/2025\/03\/Condimento-Balsamico-Leggendario-26-100ml-scatola-100x100.jpg 100w, https:\/\/www.acetaiamarchi.com\/wp-content\/uploads\/2025\/03\/Condimento-Balsamico-Leggendario-26-100ml-scatola-600x600.jpg 600w, https:\/\/www.acetaiamarchi.com\/wp-content\/uploads\/2025\/03\/Condimento-Balsamico-Leggendario-26-100ml-scatola-150x150.jpg 150w, https:\/\/www.acetaiamarchi.com\/wp-content\/uploads\/2025\/03\/Condimento-Balsamico-Leggendario-26-100ml-scatola-768x768.jpg 768w, https:\/\/www.acetaiamarchi.com\/wp-content\/uploads\/2025\/03\/Condimento-Balsamico-Leggendario-26-100ml-scatola-1536x1536.jpg 1536w, https:\/\/www.acetaiamarchi.com\/wp-content\/uploads\/2025\/03\/Condimento-Balsamico-Leggendario-26-100ml-scatola.jpg 1600w\" sizes=\"(max-width: 800px) 100vw, 800px\" \/>\t\t\t\t\t\t\t\t<\/a>\n\t\t\t\t\t\t\t\t\t\t\t\t\t\t\t<\/div>\n\t\t\t\t<\/div>\n\t\t\t\t<div class=\"elementor-element elementor-element-d3503a5 elementor-widget elementor-widget-heading\" data-id=\"d3503a5\" data-element_type=\"widget\" data-e-type=\"widget\" data-widget_type=\"heading.default\">\n\t\t\t\t<div class=\"elementor-widget-container\">\n\t\t\t\t\t<h2 class=\"elementor-heading-title elementor-size-default\"><a href=\"https:\/\/www.acetaiamarchi.com\/de\/die-produktlinien\/balsamico-wuerzmittel\/\">Balsamico-W\u00fcrzmittel<\/a><\/h2>\t\t\t\t<\/div>\n\t\t\t\t<\/div>\n\t\t\t\t<\/div>\n\t\t\t\t\t<\/div>\n\t\t\t\t<\/div>\n\t\t\t\t\t\t\t\t<\/div>\n\t\t\t\t\t\t\t\t\t\t\t<div class=\"swiper-slide\" data-slide=\"8\" role=\"group\" aria-roledescription=\"slide\" aria-label=\"8 of 11\">\n\t\t\t\t\t\t\t<div class=\"elementor-element elementor-element-f48795f e-flex e-con-boxed wpr-particle-no wpr-jarallax-no wpr-parallax-no wpr-sticky-section-no wpr-equal-height-no e-con e-child\" data-id=\"f48795f\" data-element_type=\"container\" data-e-type=\"container\">\n\t\t\t\t\t<div class=\"e-con-inner\">\n\t\t<div class=\"elementor-element elementor-element-71e73f8 e-con-full e-flex wpr-particle-no wpr-jarallax-no wpr-parallax-no wpr-sticky-section-no wpr-equal-height-no e-con e-child\" data-id=\"71e73f8\" data-element_type=\"container\" data-e-type=\"container\">\n\t\t\t\t<div class=\"elementor-element elementor-element-f4e6c05 elementor-widget elementor-widget-image\" data-id=\"f4e6c05\" data-element_type=\"widget\" data-e-type=\"widget\" data-widget_type=\"image.default\">\n\t\t\t\t<div class=\"elementor-widget-container\">\n\t\t\t\t\t\t\t\t\t\t\t\t\t\t\t\t<a href=\"https:\/\/www.acetaiamarchi.com\/de\/die-produktlinien\/creme-de\/\">\n\t\t\t\t\t\t\t<img loading=\"lazy\" decoding=\"async\" width=\"800\" height=\"800\" src=\"https:\/\/www.acetaiamarchi.com\/wp-content\/uploads\/2025\/03\/creme-aceto-balsamico-di-modena-igp.jpg\" class=\"attachment-large size-large wp-image-2627\" alt=\"Vendita creme all&#039;aceto balsamico di Modena IGP\" srcset=\"https:\/\/www.acetaiamarchi.com\/wp-content\/uploads\/2025\/03\/creme-aceto-balsamico-di-modena-igp.jpg 1000w, https:\/\/www.acetaiamarchi.com\/wp-content\/uploads\/2025\/03\/creme-aceto-balsamico-di-modena-igp-300x300.jpg 300w, https:\/\/www.acetaiamarchi.com\/wp-content\/uploads\/2025\/03\/creme-aceto-balsamico-di-modena-igp-100x100.jpg 100w, https:\/\/www.acetaiamarchi.com\/wp-content\/uploads\/2025\/03\/creme-aceto-balsamico-di-modena-igp-600x600.jpg 600w, https:\/\/www.acetaiamarchi.com\/wp-content\/uploads\/2025\/03\/creme-aceto-balsamico-di-modena-igp-150x150.jpg 150w, https:\/\/www.acetaiamarchi.com\/wp-content\/uploads\/2025\/03\/creme-aceto-balsamico-di-modena-igp-768x768.jpg 768w\" sizes=\"(max-width: 800px) 100vw, 800px\" \/>\t\t\t\t\t\t\t\t<\/a>\n\t\t\t\t\t\t\t\t\t\t\t\t\t\t\t<\/div>\n\t\t\t\t<\/div>\n\t\t\t\t<div class=\"elementor-element elementor-element-e520115 elementor-widget elementor-widget-heading\" data-id=\"e520115\" data-element_type=\"widget\" data-e-type=\"widget\" data-widget_type=\"heading.default\">\n\t\t\t\t<div class=\"elementor-widget-container\">\n\t\t\t\t\t<h2 class=\"elementor-heading-title elementor-size-default\"><a href=\"https:\/\/www.acetaiamarchi.com\/de\/die-produktlinien\/creme-de\/\">Creme<\/a><\/h2>\t\t\t\t<\/div>\n\t\t\t\t<\/div>\n\t\t\t\t<\/div>\n\t\t\t\t\t<\/div>\n\t\t\t\t<\/div>\n\t\t\t\t\t\t\t\t<\/div>\n\t\t\t\t\t\t\t\t\t\t\t<div class=\"swiper-slide\" data-slide=\"9\" role=\"group\" aria-roledescription=\"slide\" aria-label=\"9 of 11\">\n\t\t\t\t\t\t\t<div class=\"elementor-element elementor-element-b54e483 e-flex e-con-boxed wpr-particle-no wpr-jarallax-no wpr-parallax-no wpr-sticky-section-no wpr-equal-height-no e-con e-child\" data-id=\"b54e483\" data-element_type=\"container\" data-e-type=\"container\">\n\t\t\t\t\t<div class=\"e-con-inner\">\n\t\t<div class=\"elementor-element elementor-element-ecd257e e-con-full e-flex wpr-particle-no wpr-jarallax-no wpr-parallax-no wpr-sticky-section-no wpr-equal-height-no e-con e-child\" data-id=\"ecd257e\" data-element_type=\"container\" data-e-type=\"container\">\n\t\t\t\t<div class=\"elementor-element elementor-element-009a62f elementor-widget elementor-widget-image\" data-id=\"009a62f\" data-element_type=\"widget\" data-e-type=\"widget\" data-widget_type=\"image.default\">\n\t\t\t\t<div class=\"elementor-widget-container\">\n\t\t\t\t\t\t\t\t\t\t\t\t\t\t\t\t<a href=\"https:\/\/www.acetaiamarchi.com\/de\/die-produktlinien\/die-bio-agrodolci\/\">\n\t\t\t\t\t\t\t<img loading=\"lazy\" decoding=\"async\" width=\"800\" height=\"800\" src=\"https:\/\/www.acetaiamarchi.com\/wp-content\/uploads\/2025\/03\/Linea-confetture-e-salse-a-base-di-Aceto-Balsamico-di-Modena.jpg\" class=\"attachment-large size-large wp-image-355\" alt=\"linea confetture e salse a base di aceto balsamico di modena\" srcset=\"https:\/\/www.acetaiamarchi.com\/wp-content\/uploads\/2025\/03\/Linea-confetture-e-salse-a-base-di-Aceto-Balsamico-di-Modena.jpg 1000w, https:\/\/www.acetaiamarchi.com\/wp-content\/uploads\/2025\/03\/Linea-confetture-e-salse-a-base-di-Aceto-Balsamico-di-Modena-300x300.jpg 300w, https:\/\/www.acetaiamarchi.com\/wp-content\/uploads\/2025\/03\/Linea-confetture-e-salse-a-base-di-Aceto-Balsamico-di-Modena-100x100.jpg 100w, https:\/\/www.acetaiamarchi.com\/wp-content\/uploads\/2025\/03\/Linea-confetture-e-salse-a-base-di-Aceto-Balsamico-di-Modena-600x600.jpg 600w, https:\/\/www.acetaiamarchi.com\/wp-content\/uploads\/2025\/03\/Linea-confetture-e-salse-a-base-di-Aceto-Balsamico-di-Modena-150x150.jpg 150w, https:\/\/www.acetaiamarchi.com\/wp-content\/uploads\/2025\/03\/Linea-confetture-e-salse-a-base-di-Aceto-Balsamico-di-Modena-768x768.jpg 768w\" sizes=\"(max-width: 800px) 100vw, 800px\" \/>\t\t\t\t\t\t\t\t<\/a>\n\t\t\t\t\t\t\t\t\t\t\t\t\t\t\t<\/div>\n\t\t\t\t<\/div>\n\t\t\t\t<div class=\"elementor-element elementor-element-319eeaf elementor-widget elementor-widget-heading\" data-id=\"319eeaf\" data-element_type=\"widget\" data-e-type=\"widget\" data-widget_type=\"heading.default\">\n\t\t\t\t<div class=\"elementor-widget-container\">\n\t\t\t\t\t<h2 class=\"elementor-heading-title elementor-size-default\"><a href=\"https:\/\/www.acetaiamarchi.com\/de\/die-produktlinien\/die-bio-agrodolci\/\">Bio-Agrodolci<\/a><\/h2>\t\t\t\t<\/div>\n\t\t\t\t<\/div>\n\t\t\t\t<\/div>\n\t\t\t\t\t<\/div>\n\t\t\t\t<\/div>\n\t\t\t\t\t\t\t\t<\/div>\n\t\t\t\t\t\t\t\t\t\t\t<div class=\"swiper-slide\" data-slide=\"10\" role=\"group\" aria-roledescription=\"slide\" aria-label=\"10 of 11\">\n\t\t\t\t\t\t\t<div class=\"elementor-element elementor-element-57cd331 e-flex e-con-boxed wpr-particle-no wpr-jarallax-no wpr-parallax-no wpr-sticky-section-no wpr-equal-height-no e-con e-child\" data-id=\"57cd331\" data-element_type=\"container\" data-e-type=\"container\">\n\t\t\t\t\t<div class=\"e-con-inner\">\n\t\t<div class=\"elementor-element elementor-element-65987bb e-con-full e-flex wpr-particle-no wpr-jarallax-no wpr-parallax-no wpr-sticky-section-no wpr-equal-height-no e-con e-child\" data-id=\"65987bb\" data-element_type=\"container\" data-e-type=\"container\">\n\t\t\t\t<div class=\"elementor-element elementor-element-e50182f elementor-widget elementor-widget-image\" data-id=\"e50182f\" data-element_type=\"widget\" data-e-type=\"widget\" data-widget_type=\"image.default\">\n\t\t\t\t<div class=\"elementor-widget-container\">\n\t\t\t\t\t\t\t\t\t\t\t\t\t\t\t\t<a href=\"https:\/\/www.acetaiamarchi.com\/de\/die-produktlinien\/perlen\/\">\n\t\t\t\t\t\t\t<img loading=\"lazy\" decoding=\"async\" width=\"800\" height=\"800\" src=\"https:\/\/www.acetaiamarchi.com\/wp-content\/uploads\/2025\/03\/Perle.jpg\" class=\"attachment-large size-large wp-image-2631\" alt=\"perle acetaia marchi\" srcset=\"https:\/\/www.acetaiamarchi.com\/wp-content\/uploads\/2025\/03\/Perle.jpg 1000w, https:\/\/www.acetaiamarchi.com\/wp-content\/uploads\/2025\/03\/Perle-300x300.jpg 300w, https:\/\/www.acetaiamarchi.com\/wp-content\/uploads\/2025\/03\/Perle-100x100.jpg 100w, https:\/\/www.acetaiamarchi.com\/wp-content\/uploads\/2025\/03\/Perle-600x600.jpg 600w, https:\/\/www.acetaiamarchi.com\/wp-content\/uploads\/2025\/03\/Perle-150x150.jpg 150w, https:\/\/www.acetaiamarchi.com\/wp-content\/uploads\/2025\/03\/Perle-768x768.jpg 768w\" sizes=\"(max-width: 800px) 100vw, 800px\" \/>\t\t\t\t\t\t\t\t<\/a>\n\t\t\t\t\t\t\t\t\t\t\t\t\t\t\t<\/div>\n\t\t\t\t<\/div>\n\t\t\t\t<div class=\"elementor-element elementor-element-45468c4 elementor-widget elementor-widget-heading\" data-id=\"45468c4\" data-element_type=\"widget\" data-e-type=\"widget\" data-widget_type=\"heading.default\">\n\t\t\t\t<div class=\"elementor-widget-container\">\n\t\t\t\t\t<h2 class=\"elementor-heading-title elementor-size-default\"><a href=\"https:\/\/www.acetaiamarchi.com\/de\/die-produktlinien\/perlen\/\">Perlen<\/a><\/h2>\t\t\t\t<\/div>\n\t\t\t\t<\/div>\n\t\t\t\t<\/div>\n\t\t\t\t\t<\/div>\n\t\t\t\t<\/div>\n\t\t\t\t\t\t\t\t<\/div>\n\t\t\t\t\t\t\t\t\t\t\t<div class=\"swiper-slide\" data-slide=\"11\" role=\"group\" aria-roledescription=\"slide\" aria-label=\"11 of 11\">\n\t\t\t\t\t\t\t<div class=\"elementor-element elementor-element-0d8ec90 e-flex e-con-boxed wpr-particle-no wpr-jarallax-no wpr-parallax-no wpr-sticky-section-no wpr-equal-height-no e-con e-child\" data-id=\"0d8ec90\" data-element_type=\"container\" data-e-type=\"container\">\n\t\t\t\t\t<div class=\"e-con-inner\">\n\t\t<div class=\"elementor-element elementor-element-e2af503 e-con-full e-flex wpr-particle-no wpr-jarallax-no wpr-parallax-no wpr-sticky-section-no wpr-equal-height-no e-con e-child\" data-id=\"e2af503\" data-element_type=\"container\" data-e-type=\"container\">\n\t\t\t\t<div class=\"elementor-element elementor-element-b9efd77 elementor-widget elementor-widget-image\" data-id=\"b9efd77\" data-element_type=\"widget\" data-e-type=\"widget\" data-widget_type=\"image.default\">\n\t\t\t\t<div class=\"elementor-widget-container\">\n\t\t\t\t\t\t\t\t\t\t\t\t\t\t\t\t<a href=\"https:\/\/www.acetaiamarchi.com\/de\/die-produktlinien\/geschenkpackungen\/\">\n\t\t\t\t\t\t\t<img loading=\"lazy\" decoding=\"async\" width=\"800\" height=\"800\" src=\"https:\/\/www.acetaiamarchi.com\/wp-content\/uploads\/2025\/03\/Confezione-regalo-Parmigiano-Reggiano-e-Aceto-Balsamico-Tradizionale-di-Modena-DOP-1024x1024.jpg\" class=\"attachment-large size-large wp-image-2566\" alt=\"Confezione regalo Aceto Balsamico Tradizionale di Modena DOP e Parmigiano Reggiano\" srcset=\"https:\/\/www.acetaiamarchi.com\/wp-content\/uploads\/2025\/03\/Confezione-regalo-Parmigiano-Reggiano-e-Aceto-Balsamico-Tradizionale-di-Modena-DOP-1024x1024.jpg 1024w, https:\/\/www.acetaiamarchi.com\/wp-content\/uploads\/2025\/03\/Confezione-regalo-Parmigiano-Reggiano-e-Aceto-Balsamico-Tradizionale-di-Modena-DOP-300x300.jpg 300w, https:\/\/www.acetaiamarchi.com\/wp-content\/uploads\/2025\/03\/Confezione-regalo-Parmigiano-Reggiano-e-Aceto-Balsamico-Tradizionale-di-Modena-DOP-100x100.jpg 100w, https:\/\/www.acetaiamarchi.com\/wp-content\/uploads\/2025\/03\/Confezione-regalo-Parmigiano-Reggiano-e-Aceto-Balsamico-Tradizionale-di-Modena-DOP-600x600.jpg 600w, https:\/\/www.acetaiamarchi.com\/wp-content\/uploads\/2025\/03\/Confezione-regalo-Parmigiano-Reggiano-e-Aceto-Balsamico-Tradizionale-di-Modena-DOP-150x150.jpg 150w, https:\/\/www.acetaiamarchi.com\/wp-content\/uploads\/2025\/03\/Confezione-regalo-Parmigiano-Reggiano-e-Aceto-Balsamico-Tradizionale-di-Modena-DOP-768x768.jpg 768w, https:\/\/www.acetaiamarchi.com\/wp-content\/uploads\/2025\/03\/Confezione-regalo-Parmigiano-Reggiano-e-Aceto-Balsamico-Tradizionale-di-Modena-DOP-1536x1536.jpg 1536w, https:\/\/www.acetaiamarchi.com\/wp-content\/uploads\/2025\/03\/Confezione-regalo-Parmigiano-Reggiano-e-Aceto-Balsamico-Tradizionale-di-Modena-DOP.jpg 1600w\" sizes=\"(max-width: 800px) 100vw, 800px\" \/>\t\t\t\t\t\t\t\t<\/a>\n\t\t\t\t\t\t\t\t\t\t\t\t\t\t\t<\/div>\n\t\t\t\t<\/div>\n\t\t\t\t<div class=\"elementor-element elementor-element-4d17b6f elementor-widget elementor-widget-heading\" data-id=\"4d17b6f\" data-element_type=\"widget\" data-e-type=\"widget\" data-widget_type=\"heading.default\">\n\t\t\t\t<div class=\"elementor-widget-container\">\n\t\t\t\t\t<h2 class=\"elementor-heading-title elementor-size-default\"><a href=\"https:\/\/www.acetaiamarchi.com\/de\/die-produktlinien\/geschenkpackungen\/\">Geschenkboxen<\/a><\/h2>\t\t\t\t<\/div>\n\t\t\t\t<\/div>\n\t\t\t\t<\/div>\n\t\t\t\t\t<\/div>\n\t\t\t\t<\/div>\n\t\t\t\t\t\t\t\t<\/div>\n\t\t\t\t\t\t\t\t<\/div>\n\t\t<\/div>\n\t\t\t\t\t<div class=\"elementor-swiper-button elementor-swiper-button-prev\" role=\"button\" tabindex=\"0\" aria-label=\"Previous\">\n\t\t\t\t<svg aria-hidden=\"true\" class=\"e-font-icon-svg e-eicon-chevron-left\" viewBox=\"0 0 1000 1000\" xmlns=\"http:\/\/www.w3.org\/2000\/svg\"><path d=\"M646 125C629 125 613 133 604 142L308 442C296 454 292 471 292 487 292 504 296 521 308 533L604 854C617 867 629 875 646 875 663 875 679 871 692 858 704 846 713 829 713 812 713 796 708 779 692 767L438 487 692 225C700 217 708 204 708 187 708 171 704 154 692 142 675 129 663 125 646 125Z\"><\/path><\/svg>\t\t\t<\/div>\n\t\t\t<div class=\"elementor-swiper-button elementor-swiper-button-next\" role=\"button\" tabindex=\"0\" aria-label=\"Next\">\n\t\t\t\t<svg aria-hidden=\"true\" class=\"e-font-icon-svg e-eicon-chevron-right\" viewBox=\"0 0 1000 1000\" xmlns=\"http:\/\/www.w3.org\/2000\/svg\"><path d=\"M696 533C708 521 713 504 713 487 713 471 708 454 696 446L400 146C388 133 375 125 354 125 338 125 325 129 313 142 300 154 292 171 292 187 292 204 296 221 308 233L563 492 304 771C292 783 288 800 288 817 288 833 296 850 308 863 321 871 338 875 354 875 371 875 388 867 400 854L696 533Z\"><\/path><\/svg>\t\t\t<\/div>\n\t\t\t\t\t\t<\/div>\n\t\t\t\t<\/div>\n\t\t\t\t\t<\/div>\n\t\t\t\t<\/div>\n\t\t<div class=\"elementor-element elementor-element-6cc3157 animated-slow e-flex e-con-boxed wpr-particle-no wpr-jarallax-no wpr-parallax-no wpr-sticky-section-no wpr-equal-height-no elementor-invisible e-con e-parent\" data-id=\"6cc3157\" data-element_type=\"container\" data-e-type=\"container\" data-settings=\"{&quot;background_background&quot;:&quot;classic&quot;,&quot;animation&quot;:&quot;fadeInUp&quot;}\">\n\t\t\t\t\t<div class=\"e-con-inner\">\n\t\t\t\t<div class=\"elementor-element elementor-element-509fbeb elementor-widget elementor-widget-heading\" data-id=\"509fbeb\" data-element_type=\"widget\" data-e-type=\"widget\" data-widget_type=\"heading.default\">\n\t\t\t\t<div class=\"elementor-widget-container\">\n\t\t\t\t\t<h2 class=\"elementor-heading-title elementor-size-default\">Acetaia Marchi Magazin\n<\/h2>\t\t\t\t<\/div>\n\t\t\t\t<\/div>\n\t\t\t\t<div class=\"elementor-element elementor-element-a451489 elementor-align-center elementor-widget elementor-widget-button\" data-id=\"a451489\" data-element_type=\"widget\" data-e-type=\"widget\" data-widget_type=\"button.default\">\n\t\t\t\t<div class=\"elementor-widget-container\">\n\t\t\t\t\t\t\t\t\t<div class=\"elementor-button-wrapper\">\n\t\t\t\t\t<a class=\"elementor-button elementor-button-link elementor-size-sm\" href=\"https:\/\/www.acetaiamarchi.com\/de\/blog\/\">\n\t\t\t\t\t\t<span class=\"elementor-button-content-wrapper\">\n\t\t\t\t\t\t\t\t\t<span class=\"elementor-button-text\">Zum Magazin<\/span>\n\t\t\t\t\t<\/span>\n\t\t\t\t\t<\/a>\n\t\t\t\t<\/div>\n\t\t\t\t\t\t\t\t<\/div>\n\t\t\t\t<\/div>\n\t\t\t\t\t<\/div>\n\t\t\t\t<\/div>\n\t\t\t\t<\/div>\n\t\t","protected":false},"excerpt":{"rendered":"<p>Ein einzigartiges Erlebnis in der ber\u00fchmtesten Acetaia von Modena. Eines der Ziele, das sich die Acetaia Marchi schon immer gesetzt hat, war die Verbreitung der \u201eBalsamico-Kultur\u201c. Daher organisieren wir mit gro\u00dfer Freude F\u00fchrungen in unserer Acetaia \u2013 wertvolle Gelegenheiten, in eine exklusive sensorische Reise zur Entdeckung des Schwarzen Goldes von Modena einzutauchen, unsere Verbraucher pers\u00f6nlich zu treffen und einen offenen und konstruktiven Austausch zu f\u00f6rdern. Mehr erfahren LA TIPICA PERSONALIZZATA GRUPPI, TOUR ORGANIZZATI Unsere Produkte, deine Marke Unsere Acetaia ist seit Jahren ein Synonym f\u00fcr Tradition, Leidenschaft und Handwerkskunst: Das hat uns zu einem Qualit\u00e4tssymbol in der Herstellung von Aceto Balsamico di Modena und W\u00fcrzmitteln mit personalisiertem Markenzeichen gemacht. F\u00fcr alle, die eine eigene Marke entwickeln m\u00f6chten, stellen wir unser fundiertes Wissen \u00fcber die Rohstoffe und deren handwerkliche Verarbeitungstechnik zur Verf\u00fcgung. Unser Team unterst\u00fctzt den Kunden w\u00e4hrend des gesamten Prozesses: Ein direkter Draht zu den Verantwortlichen der verschiedenen Abteilungen steht Ihnen vollumf\u00e4nglich zur Verf\u00fcgung, um Ihnen hohe Qualit\u00e4tsstandards, sorgf\u00e4ltige Kontrollen in jeder Phase der Produktion und umfassende Unterst\u00fctzung auch in der After-Sales-Phase zu garantieren. Mehr erfahren Eine Geschichte von Exzellenz und Tradition Seit \u00fcber einem Jahrhundert produziert die Acetaia Marchi Traditionellen Balsamessig aus Modena g.U. und folgt dabei mit gr\u00f6\u00dfter Sorgfalt und Leidenschaft den strengen Vorgaben des Kontrollreglements. Die handwerkliche Erfahrung und die lange Reifung in F\u00e4ssern aus unterschiedlichen Holzarten haben unsere Produkte zu einer absoluten Spitzenklasse der italienischen Produktion gemacht \u2013 zu einem echten Synonym f\u00fcr Qualit\u00e4t und Einzigartigkeit. Aus diesem Grund setzen wir uns jeden Tag daf\u00fcr ein, die h\u00f6chsten Standards zu erf\u00fcllen, an die unsere Kunden gew\u00f6hnt sind. In jedes Produkt flie\u00dfen die notwendige Sorgfalt und Aufmerksamkeit ein, um allen Kennern und Liebhabern des Schwarzen Goldes von Modena nur das Beste unseres wertvollen Territoriums zu bieten. Mehr erfahren Seit mehr als einem Jahrhundert leiten uns Leidenschaft und Tradition bei der Herstellung von Balsamessig. Unsere Produktlinien Die Traditionellen 4774 &#8211; Moste aus unseren Weinbergen Die Sigilli Die Klassiker Balsamico-W\u00fcrzmittel Bio Balsamico-W\u00fcrzmittel Creme Bio-Agrodolci Perlen Geschenkboxen Die Traditionellen 4774 &#8211; Moste aus unseren Weinbergen Die Sigilli Die Klassiker Balsamico-W\u00fcrzmittel Bio Balsamico-W\u00fcrzmittel Creme Bio-Agrodolci Perlen Geschenkboxen Acetaia Marchi Magazin Zum Magazin<\/p>\n","protected":false},"author":3,"featured_media":6142,"parent":0,"menu_order":0,"comment_status":"closed","ping_status":"closed","template":"elementor_header_footer","meta":{"footnotes":""},"class_list":["post-11039","page","type-page","status-publish","has-post-thumbnail","hentry"],"yoast_head":"<!-- This site is optimized with the Yoast SEO plugin v27.4 - https:\/\/yoast.com\/product\/yoast-seo-wordpress\/ -->\n<title>Acetaia Marchi | Traditioneller Balsamico-Essig aus Modena D.O.P.<\/title>\n<meta name=\"description\" content=\"Traditioneller Balsamico-Essig aus Modena D.O.P.\" \/>\n<meta name=\"robots\" content=\"index, follow, max-snippet:-1, max-image-preview:large, max-video-preview:-1\" \/>\n<link rel=\"canonical\" href=\"https:\/\/www.acetaiamarchi.com\/de\/\" \/>\n<meta property=\"og:locale\" content=\"de_DE\" \/>\n<meta property=\"og:type\" content=\"article\" \/>\n<meta property=\"og:title\" content=\"Acetaia Marchi | Traditioneller Balsamico-Essig aus Modena D.O.P.\" \/>\n<meta property=\"og:description\" content=\"Traditioneller Balsamico-Essig aus Modena D.O.P.\" \/>\n<meta property=\"og:url\" content=\"https:\/\/www.acetaiamarchi.com\/de\/\" \/>\n<meta property=\"og:site_name\" content=\"Acetaia Marchi\" \/>\n<meta property=\"article:modified_time\" content=\"2026-01-23T18:24:54+00:00\" \/>\n<meta property=\"og:image\" content=\"https:\/\/www.acetaiamarchi.com\/wp-content\/uploads\/2025\/02\/acetaia-marchi-la-bottega-del-balsamico-aceto-tradizionale-di-modena.jpg\" \/>\n\t<meta property=\"og:image:width\" content=\"1920\" \/>\n\t<meta property=\"og:image:height\" content=\"806\" \/>\n\t<meta property=\"og:image:type\" content=\"image\/jpeg\" \/>\n<meta name=\"twitter:card\" content=\"summary_large_image\" \/>\n<meta name=\"twitter:label1\" content=\"Gesch\u00e4tzte Lesezeit\" \/>\n\t<meta name=\"twitter:data1\" content=\"7\u00a0Minuten\" \/>\n<script type=\"application\/ld+json\" class=\"yoast-schema-graph\">{\"@context\":\"https:\\\/\\\/schema.org\",\"@graph\":[{\"@type\":\"WebPage\",\"@id\":\"https:\\\/\\\/www.acetaiamarchi.com\\\/de\\\/\",\"url\":\"https:\\\/\\\/www.acetaiamarchi.com\\\/de\\\/\",\"name\":\"Acetaia Marchi | Traditioneller Balsamico-Essig aus Modena D.O.P.\",\"isPartOf\":{\"@id\":\"https:\\\/\\\/www.acetaiamarchi.com\\\/de\\\/#website\"},\"primaryImageOfPage\":{\"@id\":\"https:\\\/\\\/www.acetaiamarchi.com\\\/de\\\/#primaryimage\"},\"image\":{\"@id\":\"https:\\\/\\\/www.acetaiamarchi.com\\\/de\\\/#primaryimage\"},\"thumbnailUrl\":\"https:\\\/\\\/www.acetaiamarchi.com\\\/wp-content\\\/uploads\\\/2025\\\/02\\\/acetaia-marchi-la-bottega-del-balsamico-aceto-tradizionale-di-modena.jpg\",\"datePublished\":\"2025-02-24T11:07:54+00:00\",\"dateModified\":\"2026-01-23T18:24:54+00:00\",\"description\":\"Traditioneller Balsamico-Essig aus Modena D.O.P.\",\"breadcrumb\":{\"@id\":\"https:\\\/\\\/www.acetaiamarchi.com\\\/de\\\/#breadcrumb\"},\"inLanguage\":\"de\",\"potentialAction\":[{\"@type\":\"ReadAction\",\"target\":[\"https:\\\/\\\/www.acetaiamarchi.com\\\/de\\\/\"]}]},{\"@type\":\"ImageObject\",\"inLanguage\":\"de\",\"@id\":\"https:\\\/\\\/www.acetaiamarchi.com\\\/de\\\/#primaryimage\",\"url\":\"https:\\\/\\\/www.acetaiamarchi.com\\\/wp-content\\\/uploads\\\/2025\\\/02\\\/acetaia-marchi-la-bottega-del-balsamico-aceto-tradizionale-di-modena.jpg\",\"contentUrl\":\"https:\\\/\\\/www.acetaiamarchi.com\\\/wp-content\\\/uploads\\\/2025\\\/02\\\/acetaia-marchi-la-bottega-del-balsamico-aceto-tradizionale-di-modena.jpg\",\"width\":1920,\"height\":806},{\"@type\":\"BreadcrumbList\",\"@id\":\"https:\\\/\\\/www.acetaiamarchi.com\\\/de\\\/#breadcrumb\",\"itemListElement\":[{\"@type\":\"ListItem\",\"position\":1,\"name\":\"Home\",\"item\":\"https:\\\/\\\/www.acetaiamarchi.com\\\/de\\\/\"},{\"@type\":\"ListItem\",\"position\":2,\"name\":\"Home Page\"}]},{\"@type\":\"WebSite\",\"@id\":\"https:\\\/\\\/www.acetaiamarchi.com\\\/de\\\/#website\",\"url\":\"https:\\\/\\\/www.acetaiamarchi.com\\\/de\\\/\",\"name\":\"Acetaia Marchi Srl\",\"description\":\"\",\"publisher\":{\"@id\":\"https:\\\/\\\/www.acetaiamarchi.com\\\/de\\\/#organization\"},\"potentialAction\":[{\"@type\":\"SearchAction\",\"target\":{\"@type\":\"EntryPoint\",\"urlTemplate\":\"https:\\\/\\\/www.acetaiamarchi.com\\\/de\\\/?s={search_term_string}\"},\"query-input\":{\"@type\":\"PropertyValueSpecification\",\"valueRequired\":true,\"valueName\":\"search_term_string\"}}],\"inLanguage\":\"de\"},{\"@type\":\"Organization\",\"@id\":\"https:\\\/\\\/www.acetaiamarchi.com\\\/de\\\/#organization\",\"name\":\"Acetaia Marchi Srl\",\"url\":\"https:\\\/\\\/www.acetaiamarchi.com\\\/de\\\/\",\"logo\":{\"@type\":\"ImageObject\",\"inLanguage\":\"de\",\"@id\":\"https:\\\/\\\/www.acetaiamarchi.com\\\/de\\\/#\\\/schema\\\/logo\\\/image\\\/\",\"url\":\"https:\\\/\\\/acetaiamarchi.com\\\/wp-content\\\/uploads\\\/2025\\\/03\\\/Acetaia-Marchi-Srl-Logo.png\",\"contentUrl\":\"https:\\\/\\\/acetaiamarchi.com\\\/wp-content\\\/uploads\\\/2025\\\/03\\\/Acetaia-Marchi-Srl-Logo.png\",\"width\":2000,\"height\":2000,\"caption\":\"Acetaia Marchi Srl\"},\"image\":{\"@id\":\"https:\\\/\\\/www.acetaiamarchi.com\\\/de\\\/#\\\/schema\\\/logo\\\/image\\\/\"}}]}<\/script>\n<!-- \/ Yoast SEO plugin. -->","yoast_head_json":{"title":"Acetaia Marchi | Traditioneller Balsamico-Essig aus Modena D.O.P.","description":"Traditioneller Balsamico-Essig aus Modena D.O.P.","robots":{"index":"index","follow":"follow","max-snippet":"max-snippet:-1","max-image-preview":"max-image-preview:large","max-video-preview":"max-video-preview:-1"},"canonical":"https:\/\/www.acetaiamarchi.com\/de\/","og_locale":"de_DE","og_type":"article","og_title":"Acetaia Marchi | Traditioneller Balsamico-Essig aus Modena D.O.P.","og_description":"Traditioneller Balsamico-Essig aus Modena D.O.P.","og_url":"https:\/\/www.acetaiamarchi.com\/de\/","og_site_name":"Acetaia Marchi","article_modified_time":"2026-01-23T18:24:54+00:00","og_image":[{"width":1920,"height":806,"url":"https:\/\/www.acetaiamarchi.com\/wp-content\/uploads\/2025\/02\/acetaia-marchi-la-bottega-del-balsamico-aceto-tradizionale-di-modena.jpg","type":"image\/jpeg"}],"twitter_card":"summary_large_image","twitter_misc":{"Gesch\u00e4tzte Lesezeit":"7\u00a0Minuten"},"schema":{"@context":"https:\/\/schema.org","@graph":[{"@type":"WebPage","@id":"https:\/\/www.acetaiamarchi.com\/de\/","url":"https:\/\/www.acetaiamarchi.com\/de\/","name":"Acetaia Marchi | Traditioneller Balsamico-Essig aus Modena D.O.P.","isPartOf":{"@id":"https:\/\/www.acetaiamarchi.com\/de\/#website"},"primaryImageOfPage":{"@id":"https:\/\/www.acetaiamarchi.com\/de\/#primaryimage"},"image":{"@id":"https:\/\/www.acetaiamarchi.com\/de\/#primaryimage"},"thumbnailUrl":"https:\/\/www.acetaiamarchi.com\/wp-content\/uploads\/2025\/02\/acetaia-marchi-la-bottega-del-balsamico-aceto-tradizionale-di-modena.jpg","datePublished":"2025-02-24T11:07:54+00:00","dateModified":"2026-01-23T18:24:54+00:00","description":"Traditioneller Balsamico-Essig aus Modena D.O.P.","breadcrumb":{"@id":"https:\/\/www.acetaiamarchi.com\/de\/#breadcrumb"},"inLanguage":"de","potentialAction":[{"@type":"ReadAction","target":["https:\/\/www.acetaiamarchi.com\/de\/"]}]},{"@type":"ImageObject","inLanguage":"de","@id":"https:\/\/www.acetaiamarchi.com\/de\/#primaryimage","url":"https:\/\/www.acetaiamarchi.com\/wp-content\/uploads\/2025\/02\/acetaia-marchi-la-bottega-del-balsamico-aceto-tradizionale-di-modena.jpg","contentUrl":"https:\/\/www.acetaiamarchi.com\/wp-content\/uploads\/2025\/02\/acetaia-marchi-la-bottega-del-balsamico-aceto-tradizionale-di-modena.jpg","width":1920,"height":806},{"@type":"BreadcrumbList","@id":"https:\/\/www.acetaiamarchi.com\/de\/#breadcrumb","itemListElement":[{"@type":"ListItem","position":1,"name":"Home","item":"https:\/\/www.acetaiamarchi.com\/de\/"},{"@type":"ListItem","position":2,"name":"Home Page"}]},{"@type":"WebSite","@id":"https:\/\/www.acetaiamarchi.com\/de\/#website","url":"https:\/\/www.acetaiamarchi.com\/de\/","name":"Acetaia Marchi Srl","description":"","publisher":{"@id":"https:\/\/www.acetaiamarchi.com\/de\/#organization"},"potentialAction":[{"@type":"SearchAction","target":{"@type":"EntryPoint","urlTemplate":"https:\/\/www.acetaiamarchi.com\/de\/?s={search_term_string}"},"query-input":{"@type":"PropertyValueSpecification","valueRequired":true,"valueName":"search_term_string"}}],"inLanguage":"de"},{"@type":"Organization","@id":"https:\/\/www.acetaiamarchi.com\/de\/#organization","name":"Acetaia Marchi Srl","url":"https:\/\/www.acetaiamarchi.com\/de\/","logo":{"@type":"ImageObject","inLanguage":"de","@id":"https:\/\/www.acetaiamarchi.com\/de\/#\/schema\/logo\/image\/","url":"https:\/\/acetaiamarchi.com\/wp-content\/uploads\/2025\/03\/Acetaia-Marchi-Srl-Logo.png","contentUrl":"https:\/\/acetaiamarchi.com\/wp-content\/uploads\/2025\/03\/Acetaia-Marchi-Srl-Logo.png","width":2000,"height":2000,"caption":"Acetaia Marchi Srl"},"image":{"@id":"https:\/\/www.acetaiamarchi.com\/de\/#\/schema\/logo\/image\/"}}]}},"_links":{"self":[{"href":"https:\/\/www.acetaiamarchi.com\/de\/wp-json\/wp\/v2\/pages\/11039","targetHints":{"allow":["GET"]}}],"collection":[{"href":"https:\/\/www.acetaiamarchi.com\/de\/wp-json\/wp\/v2\/pages"}],"about":[{"href":"https:\/\/www.acetaiamarchi.com\/de\/wp-json\/wp\/v2\/types\/page"}],"author":[{"embeddable":true,"href":"https:\/\/www.acetaiamarchi.com\/de\/wp-json\/wp\/v2\/users\/3"}],"replies":[{"embeddable":true,"href":"https:\/\/www.acetaiamarchi.com\/de\/wp-json\/wp\/v2\/comments?post=11039"}],"version-history":[{"count":30,"href":"https:\/\/www.acetaiamarchi.com\/de\/wp-json\/wp\/v2\/pages\/11039\/revisions"}],"predecessor-version":[{"id":14584,"href":"https:\/\/www.acetaiamarchi.com\/de\/wp-json\/wp\/v2\/pages\/11039\/revisions\/14584"}],"wp:featuredmedia":[{"embeddable":true,"href":"https:\/\/www.acetaiamarchi.com\/de\/wp-json\/wp\/v2\/media\/6142"}],"wp:attachment":[{"href":"https:\/\/www.acetaiamarchi.com\/de\/wp-json\/wp\/v2\/media?parent=11039"}],"curies":[{"name":"wp","href":"https:\/\/api.w.org\/{rel}","templated":true}]}}